{"id":63729,"date":"2026-04-24T11:11:44","date_gmt":"2026-04-24T10:11:44","guid":{"rendered":"https:\/\/www.istegroup.com\/?post_type=product&#038;p=63729"},"modified":"2026-04-27T11:51:24","modified_gmt":"2026-04-27T10:51:24","slug":"denomination-sens-et-reference-a-lepreuve-du-nom-propre","status":"publish","type":"product","link":"https:\/\/www.istegroup.com\/fr\/produit\/denomination-sens-et-reference-a-lepreuve-du-nom-propre\/","title":{"rendered":"D\u00e9nomination, sens et r\u00e9f\u00e9rence \u00e0 l\u2019\u00e9preuve du nom propre"},"content":{"rendered":"<p>En prenant pour fil directeur la question du nom propre, cet ouvrage met \u00e0 l\u2019\u00e9preuve les relations entre d\u00e9nomination, signification et r\u00e9f\u00e9rence. <em>D\u00e9nomination, sens et r\u00e9f\u00e9rence \u00e0 l\u2019\u00e9preuve du nom propre<\/em> montre, en effet, comment la notion de r\u00e9f\u00e9rence individuelle permet d\u2019\u00e9tablir un lien entre d\u00e9nomination et signification, de l\u2019Antiquit\u00e9 grecque \u00e0 la p\u00e9riode contemporaine.<\/p>\n<p>En explorant diff\u00e9rents domaines d\u2019usage, l\u2019ouvrage r\u00e9v\u00e8le \u00e9galement que des disciplines plus r\u00e9centes, telles que les neurosciences ou le traitement automatique des langues, se sont empar\u00e9es de la question du nom propre pour en proposer des approches originales.<\/p>\n","protected":false},"excerpt":{"rendered":"<p>En prenant pour fil directeur la question du nom propre, cet ouvrage met \u00e0 l\u2019\u00e9preuve les relations entre d\u00e9nomination, signification et r\u00e9f\u00e9rence. D\u00e9nomination, sens et r\u00e9f\u00e9rence \u00e0 l\u2019\u00e9preuve du nom propre montre, en effet, comment la notion de r\u00e9f\u00e9rence individuelle permet d\u2019\u00e9tablir un lien entre d\u00e9nomination et signification, de l\u2019Antiquit\u00e9 grecque \u00e0 la p\u00e9riode contemporaine. [&hellip;]<\/p>\n","protected":false},"featured_media":63742,"template":"","meta":{"_acf_changed":false,"_links_to":"","_links_to_target":""},"product_brand":[],"product_cat":[3262],"product_tag":[],"class_list":{"0":"post-63729","1":"product","2":"type-product","3":"status-publish","4":"has-post-thumbnail","6":"product_cat-non-classe","8":"first","9":"instock","10":"shipping-taxable","11":"purchasable","12":"product-type-variable"},"acf":[],"yoast_head":"<!-- This site is optimized with the Yoast SEO plugin v27.2 - https:\/\/yoast.com\/product\/yoast-seo-wordpress\/ -->\n<title>D\u00e9nomination, sens et r\u00e9f\u00e9rence \u00e0 l\u2019\u00e9preuve du nom propre - ISTE Group<\/title>\n<meta name=\"description\" content=\"D\u00e9nomination, sens et r\u00e9f\u00e9rence \u00e0 l\u2019\u00e9preuve du nom propre montre comment la notion de r\u00e9f\u00e9rence individuelle permet d\u2019\u00e9tablir un lien entre d\u00e9nomination et signification, de l\u2019Antiquit\u00e9 grecque \u00e0 la p\u00e9riode contemporaine.\" \/>\n<meta name=\"robots\" content=\"index, follow, max-snippet:-1, max-image-preview:large, max-video-preview:-1\" \/>\n<link rel=\"canonical\" href=\"https:\/\/www.istegroup.com\/produit\/denomination-sens-et-reference-a-lepreuve-du-nom-propre\/\" \/>\n<meta property=\"og:locale\" content=\"fr_FR\" \/>\n<meta property=\"og:type\" content=\"article\" \/>\n<meta property=\"og:title\" content=\"D\u00e9nomination, sens et r\u00e9f\u00e9rence \u00e0 l\u2019\u00e9preuve du nom propre - ISTE Group\" \/>\n<meta property=\"og:description\" content=\"D\u00e9nomination, sens et r\u00e9f\u00e9rence \u00e0 l\u2019\u00e9preuve du nom propre montre comment la notion de r\u00e9f\u00e9rence individuelle permet d\u2019\u00e9tablir un lien entre d\u00e9nomination et signification, de l\u2019Antiquit\u00e9 grecque \u00e0 la p\u00e9riode contemporaine.\" \/>\n<meta property=\"og:url\" content=\"https:\/\/www.istegroup.com\/produit\/denomination-sens-et-reference-a-lepreuve-du-nom-propre\/\" \/>\n<meta property=\"og:site_name\" content=\"ISTE Group\" \/>\n<meta property=\"article:modified_time\" content=\"2026-04-27T10:51:24+00:00\" \/>\n<meta property=\"og:image\" content=\"https:\/\/www.istegroup.com\/wp-content\/uploads\/2026\/04\/Denomination-sens-et-reference-a-lepreuve-du-nom-propre_front.jpg\" \/>\n\t<meta property=\"og:image:width\" content=\"661\" \/>\n\t<meta property=\"og:image:height\" content=\"997\" \/>\n\t<meta property=\"og:image:type\" content=\"image\/jpeg\" \/>\n<meta name=\"twitter:card\" content=\"summary_large_image\" \/>\n<meta name=\"twitter:label1\" content=\"Est. reading time\" \/>\n\t<meta name=\"twitter:data1\" content=\"1 minute\" \/>\n<script type=\"application\/ld+json\" class=\"yoast-schema-graph\">{\"@context\":\"https:\/\/schema.org\",\"@graph\":[{\"@type\":\"WebPage\",\"@id\":\"https:\/\/www.istegroup.com\/produit\/denomination-sens-et-reference-a-lepreuve-du-nom-propre\/\",\"url\":\"https:\/\/www.istegroup.com\/produit\/denomination-sens-et-reference-a-lepreuve-du-nom-propre\/\",\"name\":\"D\u00e9nomination, sens et r\u00e9f\u00e9rence \u00e0 l\u2019\u00e9preuve du nom propre - ISTE Group\",\"isPartOf\":{\"@id\":\"https:\/\/www.istegroup.com\/#website\"},\"primaryImageOfPage\":{\"@id\":\"https:\/\/www.istegroup.com\/produit\/denomination-sens-et-reference-a-lepreuve-du-nom-propre\/#primaryimage\"},\"image\":{\"@id\":\"https:\/\/www.istegroup.com\/produit\/denomination-sens-et-reference-a-lepreuve-du-nom-propre\/#primaryimage\"},\"thumbnailUrl\":\"https:\/\/www.istegroup.com\/wp-content\/uploads\/2026\/04\/Denomination-sens-et-reference-a-lepreuve-du-nom-propre_front.jpg\",\"datePublished\":\"2026-04-24T10:11:44+00:00\",\"dateModified\":\"2026-04-27T10:51:24+00:00\",\"description\":\"D\u00e9nomination, sens et r\u00e9f\u00e9rence \u00e0 l\u2019\u00e9preuve du nom propre montre comment la notion de r\u00e9f\u00e9rence individuelle permet d\u2019\u00e9tablir un lien entre d\u00e9nomination et signification, de l\u2019Antiquit\u00e9 grecque \u00e0 la p\u00e9riode contemporaine.\",\"breadcrumb\":{\"@id\":\"https:\/\/www.istegroup.com\/produit\/denomination-sens-et-reference-a-lepreuve-du-nom-propre\/#breadcrumb\"},\"inLanguage\":\"fr-FR\",\"potentialAction\":[{\"@type\":\"ReadAction\",\"target\":[\"https:\/\/www.istegroup.com\/produit\/denomination-sens-et-reference-a-lepreuve-du-nom-propre\/\"]}]},{\"@type\":\"ImageObject\",\"inLanguage\":\"fr-FR\",\"@id\":\"https:\/\/www.istegroup.com\/produit\/denomination-sens-et-reference-a-lepreuve-du-nom-propre\/#primaryimage\",\"url\":\"https:\/\/www.istegroup.com\/wp-content\/uploads\/2026\/04\/Denomination-sens-et-reference-a-lepreuve-du-nom-propre_front.jpg\",\"contentUrl\":\"https:\/\/www.istegroup.com\/wp-content\/uploads\/2026\/04\/Denomination-sens-et-reference-a-lepreuve-du-nom-propre_front.jpg\",\"width\":661,\"height\":997},{\"@type\":\"BreadcrumbList\",\"@id\":\"https:\/\/www.istegroup.com\/produit\/denomination-sens-et-reference-a-lepreuve-du-nom-propre\/#breadcrumb\",\"itemListElement\":[{\"@type\":\"ListItem\",\"position\":1,\"name\":\"Home\",\"item\":\"https:\/\/www.istegroup.com\/\"},{\"@type\":\"ListItem\",\"position\":2,\"name\":\"Shop\",\"item\":\"https:\/\/www.istegroup.com\/fr\/nouveautes\/\"},{\"@type\":\"ListItem\",\"position\":3,\"name\":\"D\u00e9nomination, sens et r\u00e9f\u00e9rence \u00e0 l\u2019\u00e9preuve du nom propre\"}]},{\"@type\":\"WebSite\",\"@id\":\"https:\/\/www.istegroup.com\/#website\",\"url\":\"https:\/\/www.istegroup.com\/\",\"name\":\"ISTE Group\",\"description\":\"\u00c9diteur des Sciences\",\"potentialAction\":[{\"@type\":\"SearchAction\",\"target\":{\"@type\":\"EntryPoint\",\"urlTemplate\":\"https:\/\/www.istegroup.com\/?s={search_term_string}\"},\"query-input\":{\"@type\":\"PropertyValueSpecification\",\"valueRequired\":true,\"valueName\":\"search_term_string\"}}],\"inLanguage\":\"fr-FR\"}]}<\/script>\n<!-- \/ Yoast SEO plugin. -->","yoast_head_json":{"title":"D\u00e9nomination, sens et r\u00e9f\u00e9rence \u00e0 l\u2019\u00e9preuve du nom propre - ISTE Group","description":"D\u00e9nomination, sens et r\u00e9f\u00e9rence \u00e0 l\u2019\u00e9preuve du nom propre montre comment la notion de r\u00e9f\u00e9rence individuelle permet d\u2019\u00e9tablir un lien entre d\u00e9nomination et signification, de l\u2019Antiquit\u00e9 grecque \u00e0 la p\u00e9riode contemporaine.","robots":{"index":"index","follow":"follow","max-snippet":"max-snippet:-1","max-image-preview":"max-image-preview:large","max-video-preview":"max-video-preview:-1"},"canonical":"https:\/\/www.istegroup.com\/produit\/denomination-sens-et-reference-a-lepreuve-du-nom-propre\/","og_locale":"fr_FR","og_type":"article","og_title":"D\u00e9nomination, sens et r\u00e9f\u00e9rence \u00e0 l\u2019\u00e9preuve du nom propre - ISTE Group","og_description":"D\u00e9nomination, sens et r\u00e9f\u00e9rence \u00e0 l\u2019\u00e9preuve du nom propre montre comment la notion de r\u00e9f\u00e9rence individuelle permet d\u2019\u00e9tablir un lien entre d\u00e9nomination et signification, de l\u2019Antiquit\u00e9 grecque \u00e0 la p\u00e9riode contemporaine.","og_url":"https:\/\/www.istegroup.com\/produit\/denomination-sens-et-reference-a-lepreuve-du-nom-propre\/","og_site_name":"ISTE Group","article_modified_time":"2026-04-27T10:51:24+00:00","og_image":[{"width":661,"height":997,"url":"https:\/\/www.istegroup.com\/wp-content\/uploads\/2026\/04\/Denomination-sens-et-reference-a-lepreuve-du-nom-propre_front.jpg","type":"image\/jpeg"}],"twitter_card":"summary_large_image","twitter_misc":{"Est. reading time":"1 minute"},"schema":{"@context":"https:\/\/schema.org","@graph":[{"@type":"WebPage","@id":"https:\/\/www.istegroup.com\/produit\/denomination-sens-et-reference-a-lepreuve-du-nom-propre\/","url":"https:\/\/www.istegroup.com\/produit\/denomination-sens-et-reference-a-lepreuve-du-nom-propre\/","name":"D\u00e9nomination, sens et r\u00e9f\u00e9rence \u00e0 l\u2019\u00e9preuve du nom propre - ISTE Group","isPartOf":{"@id":"https:\/\/www.istegroup.com\/#website"},"primaryImageOfPage":{"@id":"https:\/\/www.istegroup.com\/produit\/denomination-sens-et-reference-a-lepreuve-du-nom-propre\/#primaryimage"},"image":{"@id":"https:\/\/www.istegroup.com\/produit\/denomination-sens-et-reference-a-lepreuve-du-nom-propre\/#primaryimage"},"thumbnailUrl":"https:\/\/www.istegroup.com\/wp-content\/uploads\/2026\/04\/Denomination-sens-et-reference-a-lepreuve-du-nom-propre_front.jpg","datePublished":"2026-04-24T10:11:44+00:00","dateModified":"2026-04-27T10:51:24+00:00","description":"D\u00e9nomination, sens et r\u00e9f\u00e9rence \u00e0 l\u2019\u00e9preuve du nom propre montre comment la notion de r\u00e9f\u00e9rence individuelle permet d\u2019\u00e9tablir un lien entre d\u00e9nomination et signification, de l\u2019Antiquit\u00e9 grecque \u00e0 la p\u00e9riode contemporaine.","breadcrumb":{"@id":"https:\/\/www.istegroup.com\/produit\/denomination-sens-et-reference-a-lepreuve-du-nom-propre\/#breadcrumb"},"inLanguage":"fr-FR","potentialAction":[{"@type":"ReadAction","target":["https:\/\/www.istegroup.com\/produit\/denomination-sens-et-reference-a-lepreuve-du-nom-propre\/"]}]},{"@type":"ImageObject","inLanguage":"fr-FR","@id":"https:\/\/www.istegroup.com\/produit\/denomination-sens-et-reference-a-lepreuve-du-nom-propre\/#primaryimage","url":"https:\/\/www.istegroup.com\/wp-content\/uploads\/2026\/04\/Denomination-sens-et-reference-a-lepreuve-du-nom-propre_front.jpg","contentUrl":"https:\/\/www.istegroup.com\/wp-content\/uploads\/2026\/04\/Denomination-sens-et-reference-a-lepreuve-du-nom-propre_front.jpg","width":661,"height":997},{"@type":"BreadcrumbList","@id":"https:\/\/www.istegroup.com\/produit\/denomination-sens-et-reference-a-lepreuve-du-nom-propre\/#breadcrumb","itemListElement":[{"@type":"ListItem","position":1,"name":"Home","item":"https:\/\/www.istegroup.com\/"},{"@type":"ListItem","position":2,"name":"Shop","item":"https:\/\/www.istegroup.com\/fr\/nouveautes\/"},{"@type":"ListItem","position":3,"name":"D\u00e9nomination, sens et r\u00e9f\u00e9rence \u00e0 l\u2019\u00e9preuve du nom propre"}]},{"@type":"WebSite","@id":"https:\/\/www.istegroup.com\/#website","url":"https:\/\/www.istegroup.com\/","name":"ISTE Group","description":"\u00c9diteur des Sciences","potentialAction":[{"@type":"SearchAction","target":{"@type":"EntryPoint","urlTemplate":"https:\/\/www.istegroup.com\/?s={search_term_string}"},"query-input":{"@type":"PropertyValueSpecification","valueRequired":true,"valueName":"search_term_string"}}],"inLanguage":"fr-FR"}]}},"_links":{"self":[{"href":"https:\/\/www.istegroup.com\/fr\/wp-json\/wp\/v2\/product\/63729","targetHints":{"allow":["GET"]}}],"collection":[{"href":"https:\/\/www.istegroup.com\/fr\/wp-json\/wp\/v2\/product"}],"about":[{"href":"https:\/\/www.istegroup.com\/fr\/wp-json\/wp\/v2\/types\/product"}],"wp:featuredmedia":[{"embeddable":true,"href":"https:\/\/www.istegroup.com\/fr\/wp-json\/wp\/v2\/media\/63742"}],"wp:attachment":[{"href":"https:\/\/www.istegroup.com\/fr\/wp-json\/wp\/v2\/media?parent=63729"}],"wp:term":[{"taxonomy":"product_brand","embeddable":true,"href":"https:\/\/www.istegroup.com\/fr\/wp-json\/wp\/v2\/product_brand?post=63729"},{"taxonomy":"product_cat","embeddable":true,"href":"https:\/\/www.istegroup.com\/fr\/wp-json\/wp\/v2\/product_cat?post=63729"},{"taxonomy":"product_tag","embeddable":true,"href":"https:\/\/www.istegroup.com\/fr\/wp-json\/wp\/v2\/product_tag?post=63729"}],"curies":[{"name":"wp","href":"https:\/\/api.w.org\/{rel}","templated":true}]}}