{"id":57549,"date":"2024-08-09T12:19:44","date_gmt":"2024-08-09T11:19:44","guid":{"rendered":"https:\/\/www.istegroup.com\/?post_type=product&#038;p=57549"},"modified":"2025-09-22T10:28:55","modified_gmt":"2025-09-22T09:28:55","slug":"democratie-deliberative-et-transition-ecologique","status":"publish","type":"product","link":"https:\/\/www.istegroup.com\/fr\/produit\/democratie-deliberative-et-transition-ecologique\/","title":{"rendered":"D\u00e9mocratie d\u00e9lib\u00e9rative et transition \u00e9cologique"},"content":{"rendered":"<p>Les d\u00e9mocraties peinent \u00e0 r\u00e9pondre \u00e0 la crise climatique. Une approche prometteuse pour la transition \u00e9cologique repose sur des innovations impliquant des panels de citoyens tir\u00e9s au sort. De nombreux pays ont exp\u00e9riment\u00e9 cette forme de d\u00e9mocratie d\u00e9lib\u00e9rative au niveau national et local. Ces assembl\u00e9es de citoyens formulent des propositions de politiques publiques. La Convention citoyenne pour le climat en France constitue le dispositif le plus important en termes de taille, de dur\u00e9e et de mandat.<\/p>\n<p>Gr\u00e2ce \u00e0 une enqu\u00eate de terrain multidisciplinaire impliquant une vingtaine de chercheurs, cet ouvrage permet de comprendre la complexit\u00e9 de cette exp\u00e9rience sous plusieurs angles : les proc\u00e9dures et le processus, l\u2019identit\u00e9 et les r\u00f4les de ses membres, les rapports \u00e0 l\u2019expertise et aux repr\u00e9sentants, l\u2019\u00e9valuation et la comparaison avec d\u2019autres cas.<\/p>\n<p><em>D\u00e9mocratie d\u00e9lib\u00e9rative et transition \u00e9cologique<\/em> offre une contribution majeure \u00e0 la r\u00e9flexion sur une pratique originale d\u2019innovation d\u00e9mocratique et sur son potentiel pour une gouvernance juste des politiques climatiques.<\/p>","protected":false},"excerpt":{"rendered":"<p>Les d\u00e9mocraties peinent \u00e0 r\u00e9pondre \u00e0 la crise climatique. Une approche prometteuse pour la transition \u00e9cologique repose sur des innovations impliquant des panels de citoyens tir\u00e9s au sort. De nombreux pays ont exp\u00e9riment\u00e9 cette forme de d\u00e9mocratie d\u00e9lib\u00e9rative au niveau national et local. Ces assembl\u00e9es de citoyens formulent des propositions de politiques publiques. La Convention [&hellip;]<\/p>\n","protected":false},"featured_media":57563,"template":"","meta":{"_acf_changed":false,"_links_to":"","_links_to_target":""},"product_brand":[],"product_cat":[658],"product_tag":[],"class_list":{"0":"post-57549","1":"product","2":"type-product","3":"status-publish","4":"has-post-thumbnail","6":"product_cat-ecologie-14419669","8":"first","9":"instock","10":"shipping-taxable","11":"purchasable","12":"product-type-variable"},"acf":[],"yoast_head":"<!-- This site is optimized with the Yoast SEO plugin v27.2 - https:\/\/yoast.com\/product\/yoast-seo-wordpress\/ -->\n<title>D\u00e9mocratie d\u00e9lib\u00e9rative et transition \u00e9cologique - ISTE Group<\/title>\n<meta name=\"description\" content=\"D\u00e9mocratie d\u00e9lib\u00e9rative et transition \u00e9cologique offre une contribution majeure \u00e0 la r\u00e9flexion sur une pratique originale d\u2019innovation d\u00e9mocratique et sur son potentiel pour une gouvernance juste des politiques climatiques.\" \/>\n<meta name=\"robots\" content=\"index, follow, max-snippet:-1, max-image-preview:large, max-video-preview:-1\" \/>\n<link rel=\"canonical\" href=\"https:\/\/www.istegroup.com\/produit\/democratie-deliberative-et-transition-ecologique\/\" \/>\n<meta property=\"og:locale\" content=\"fr_FR\" \/>\n<meta property=\"og:type\" content=\"article\" \/>\n<meta property=\"og:title\" content=\"D\u00e9mocratie d\u00e9lib\u00e9rative et transition \u00e9cologique - ISTE Group\" \/>\n<meta property=\"og:description\" content=\"D\u00e9mocratie d\u00e9lib\u00e9rative et transition \u00e9cologique offre une contribution majeure \u00e0 la r\u00e9flexion sur une pratique originale d\u2019innovation d\u00e9mocratique et sur son potentiel pour une gouvernance juste des politiques climatiques.\" \/>\n<meta property=\"og:url\" content=\"https:\/\/www.istegroup.com\/produit\/democratie-deliberative-et-transition-ecologique\/\" \/>\n<meta property=\"og:site_name\" content=\"ISTE Group\" \/>\n<meta property=\"article:modified_time\" content=\"2025-09-22T09:28:55+00:00\" \/>\n<meta property=\"og:image\" content=\"https:\/\/www.istegroup.com\/wp-content\/uploads\/2024\/08\/Democratie-deliberative-et-transition-ecologique.png\" \/>\n\t<meta property=\"og:image:width\" content=\"598\" \/>\n\t<meta property=\"og:image:height\" content=\"902\" \/>\n\t<meta property=\"og:image:type\" content=\"image\/png\" \/>\n<meta name=\"twitter:card\" content=\"summary_large_image\" \/>\n<meta name=\"twitter:label1\" content=\"Est. reading time\" \/>\n\t<meta name=\"twitter:data1\" content=\"1 minute\" \/>\n<script type=\"application\/ld+json\" class=\"yoast-schema-graph\">{\"@context\":\"https:\/\/schema.org\",\"@graph\":[{\"@type\":\"WebPage\",\"@id\":\"https:\/\/www.istegroup.com\/produit\/democratie-deliberative-et-transition-ecologique\/\",\"url\":\"https:\/\/www.istegroup.com\/produit\/democratie-deliberative-et-transition-ecologique\/\",\"name\":\"D\u00e9mocratie d\u00e9lib\u00e9rative et transition \u00e9cologique - ISTE Group\",\"isPartOf\":{\"@id\":\"https:\/\/www.istegroup.com\/#website\"},\"primaryImageOfPage\":{\"@id\":\"https:\/\/www.istegroup.com\/produit\/democratie-deliberative-et-transition-ecologique\/#primaryimage\"},\"image\":{\"@id\":\"https:\/\/www.istegroup.com\/produit\/democratie-deliberative-et-transition-ecologique\/#primaryimage\"},\"thumbnailUrl\":\"https:\/\/www.istegroup.com\/wp-content\/uploads\/2024\/08\/Democratie-deliberative-et-transition-ecologique.png\",\"datePublished\":\"2024-08-09T11:19:44+00:00\",\"dateModified\":\"2025-09-22T09:28:55+00:00\",\"description\":\"D\u00e9mocratie d\u00e9lib\u00e9rative et transition \u00e9cologique offre une contribution majeure \u00e0 la r\u00e9flexion sur une pratique originale d\u2019innovation d\u00e9mocratique et sur son potentiel pour une gouvernance juste des politiques climatiques.\",\"breadcrumb\":{\"@id\":\"https:\/\/www.istegroup.com\/produit\/democratie-deliberative-et-transition-ecologique\/#breadcrumb\"},\"inLanguage\":\"fr-FR\",\"potentialAction\":[{\"@type\":\"ReadAction\",\"target\":[\"https:\/\/www.istegroup.com\/produit\/democratie-deliberative-et-transition-ecologique\/\"]}]},{\"@type\":\"ImageObject\",\"inLanguage\":\"fr-FR\",\"@id\":\"https:\/\/www.istegroup.com\/produit\/democratie-deliberative-et-transition-ecologique\/#primaryimage\",\"url\":\"https:\/\/www.istegroup.com\/wp-content\/uploads\/2024\/08\/Democratie-deliberative-et-transition-ecologique.png\",\"contentUrl\":\"https:\/\/www.istegroup.com\/wp-content\/uploads\/2024\/08\/Democratie-deliberative-et-transition-ecologique.png\",\"width\":598,\"height\":902,\"caption\":\"Livre scientifique - D\u00e9mocratie d\u00e9lib\u00e9rative et transition \u00e9cologique\"},{\"@type\":\"BreadcrumbList\",\"@id\":\"https:\/\/www.istegroup.com\/produit\/democratie-deliberative-et-transition-ecologique\/#breadcrumb\",\"itemListElement\":[{\"@type\":\"ListItem\",\"position\":1,\"name\":\"Home\",\"item\":\"https:\/\/www.istegroup.com\/\"},{\"@type\":\"ListItem\",\"position\":2,\"name\":\"Shop\",\"item\":\"https:\/\/www.istegroup.com\/fr\/nouveautes\/\"},{\"@type\":\"ListItem\",\"position\":3,\"name\":\"D\u00e9mocratie d\u00e9lib\u00e9rative et transition \u00e9cologique\"}]},{\"@type\":\"WebSite\",\"@id\":\"https:\/\/www.istegroup.com\/#website\",\"url\":\"https:\/\/www.istegroup.com\/\",\"name\":\"ISTE Group\",\"description\":\"\u00c9diteur des Sciences\",\"potentialAction\":[{\"@type\":\"SearchAction\",\"target\":{\"@type\":\"EntryPoint\",\"urlTemplate\":\"https:\/\/www.istegroup.com\/?s={search_term_string}\"},\"query-input\":{\"@type\":\"PropertyValueSpecification\",\"valueRequired\":true,\"valueName\":\"search_term_string\"}}],\"inLanguage\":\"fr-FR\"}]}<\/script>\n<!-- \/ Yoast SEO plugin. -->","yoast_head_json":{"title":"D\u00e9mocratie d\u00e9lib\u00e9rative et transition \u00e9cologique - ISTE Group","description":"D\u00e9mocratie d\u00e9lib\u00e9rative et transition \u00e9cologique offre une contribution majeure \u00e0 la r\u00e9flexion sur une pratique originale d\u2019innovation d\u00e9mocratique et sur son potentiel pour une gouvernance juste des politiques climatiques.","robots":{"index":"index","follow":"follow","max-snippet":"max-snippet:-1","max-image-preview":"max-image-preview:large","max-video-preview":"max-video-preview:-1"},"canonical":"https:\/\/www.istegroup.com\/produit\/democratie-deliberative-et-transition-ecologique\/","og_locale":"fr_FR","og_type":"article","og_title":"D\u00e9mocratie d\u00e9lib\u00e9rative et transition \u00e9cologique - ISTE Group","og_description":"D\u00e9mocratie d\u00e9lib\u00e9rative et transition \u00e9cologique offre une contribution majeure \u00e0 la r\u00e9flexion sur une pratique originale d\u2019innovation d\u00e9mocratique et sur son potentiel pour une gouvernance juste des politiques climatiques.","og_url":"https:\/\/www.istegroup.com\/produit\/democratie-deliberative-et-transition-ecologique\/","og_site_name":"ISTE Group","article_modified_time":"2025-09-22T09:28:55+00:00","og_image":[{"width":598,"height":902,"url":"https:\/\/www.istegroup.com\/wp-content\/uploads\/2024\/08\/Democratie-deliberative-et-transition-ecologique.png","type":"image\/png"}],"twitter_card":"summary_large_image","twitter_misc":{"Est. reading time":"1 minute"},"schema":{"@context":"https:\/\/schema.org","@graph":[{"@type":"WebPage","@id":"https:\/\/www.istegroup.com\/produit\/democratie-deliberative-et-transition-ecologique\/","url":"https:\/\/www.istegroup.com\/produit\/democratie-deliberative-et-transition-ecologique\/","name":"D\u00e9mocratie d\u00e9lib\u00e9rative et transition \u00e9cologique - ISTE Group","isPartOf":{"@id":"https:\/\/www.istegroup.com\/#website"},"primaryImageOfPage":{"@id":"https:\/\/www.istegroup.com\/produit\/democratie-deliberative-et-transition-ecologique\/#primaryimage"},"image":{"@id":"https:\/\/www.istegroup.com\/produit\/democratie-deliberative-et-transition-ecologique\/#primaryimage"},"thumbnailUrl":"https:\/\/www.istegroup.com\/wp-content\/uploads\/2024\/08\/Democratie-deliberative-et-transition-ecologique.png","datePublished":"2024-08-09T11:19:44+00:00","dateModified":"2025-09-22T09:28:55+00:00","description":"D\u00e9mocratie d\u00e9lib\u00e9rative et transition \u00e9cologique offre une contribution majeure \u00e0 la r\u00e9flexion sur une pratique originale d\u2019innovation d\u00e9mocratique et sur son potentiel pour une gouvernance juste des politiques climatiques.","breadcrumb":{"@id":"https:\/\/www.istegroup.com\/produit\/democratie-deliberative-et-transition-ecologique\/#breadcrumb"},"inLanguage":"fr-FR","potentialAction":[{"@type":"ReadAction","target":["https:\/\/www.istegroup.com\/produit\/democratie-deliberative-et-transition-ecologique\/"]}]},{"@type":"ImageObject","inLanguage":"fr-FR","@id":"https:\/\/www.istegroup.com\/produit\/democratie-deliberative-et-transition-ecologique\/#primaryimage","url":"https:\/\/www.istegroup.com\/wp-content\/uploads\/2024\/08\/Democratie-deliberative-et-transition-ecologique.png","contentUrl":"https:\/\/www.istegroup.com\/wp-content\/uploads\/2024\/08\/Democratie-deliberative-et-transition-ecologique.png","width":598,"height":902,"caption":"Livre scientifique - D\u00e9mocratie d\u00e9lib\u00e9rative et transition \u00e9cologique"},{"@type":"BreadcrumbList","@id":"https:\/\/www.istegroup.com\/produit\/democratie-deliberative-et-transition-ecologique\/#breadcrumb","itemListElement":[{"@type":"ListItem","position":1,"name":"Home","item":"https:\/\/www.istegroup.com\/"},{"@type":"ListItem","position":2,"name":"Shop","item":"https:\/\/www.istegroup.com\/fr\/nouveautes\/"},{"@type":"ListItem","position":3,"name":"D\u00e9mocratie d\u00e9lib\u00e9rative et transition \u00e9cologique"}]},{"@type":"WebSite","@id":"https:\/\/www.istegroup.com\/#website","url":"https:\/\/www.istegroup.com\/","name":"ISTE Group","description":"\u00c9diteur des Sciences","potentialAction":[{"@type":"SearchAction","target":{"@type":"EntryPoint","urlTemplate":"https:\/\/www.istegroup.com\/?s={search_term_string}"},"query-input":{"@type":"PropertyValueSpecification","valueRequired":true,"valueName":"search_term_string"}}],"inLanguage":"fr-FR"}]}},"_links":{"self":[{"href":"https:\/\/www.istegroup.com\/fr\/wp-json\/wp\/v2\/product\/57549","targetHints":{"allow":["GET"]}}],"collection":[{"href":"https:\/\/www.istegroup.com\/fr\/wp-json\/wp\/v2\/product"}],"about":[{"href":"https:\/\/www.istegroup.com\/fr\/wp-json\/wp\/v2\/types\/product"}],"wp:featuredmedia":[{"embeddable":true,"href":"https:\/\/www.istegroup.com\/fr\/wp-json\/wp\/v2\/media\/57563"}],"wp:attachment":[{"href":"https:\/\/www.istegroup.com\/fr\/wp-json\/wp\/v2\/media?parent=57549"}],"wp:term":[{"taxonomy":"product_brand","embeddable":true,"href":"https:\/\/www.istegroup.com\/fr\/wp-json\/wp\/v2\/product_brand?post=57549"},{"taxonomy":"product_cat","embeddable":true,"href":"https:\/\/www.istegroup.com\/fr\/wp-json\/wp\/v2\/product_cat?post=57549"},{"taxonomy":"product_tag","embeddable":true,"href":"https:\/\/www.istegroup.com\/fr\/wp-json\/wp\/v2\/product_tag?post=57549"}],"curies":[{"name":"wp","href":"https:\/\/api.w.org\/{rel}","templated":true}]}}