{"id":57350,"date":"2024-07-10T09:11:03","date_gmt":"2024-07-10T08:11:03","guid":{"rendered":"https:\/\/www.istegroup.com\/?post_type=product&#038;p=57350"},"modified":"2024-07-15T14:50:10","modified_gmt":"2024-07-15T13:50:10","slug":"lexpertise-dans-les-medias-pendant-la-pandemie","status":"publish","type":"product","link":"https:\/\/www.istegroup.com\/fr\/produit\/lexpertise-dans-les-medias-pendant-la-pandemie\/","title":{"rendered":"L\u2019expertise dans les m\u00e9dias pendant la pand\u00e9mie"},"content":{"rendered":"<p>La crise sanitaire et sociale issue de la pand\u00e9mie de la Covid-19 a engendr\u00e9 un fort moment de communication dans les m\u00e9dias. Les journaux ont trait\u00e9 au jour le jour un ph\u00e9nom\u00e8ne en constante mutation, inconnu, \u00e0 l\u2019\u00e9volution difficilement pr\u00e9dictible, mais aux cons\u00e9quences imm\u00e9diates.<\/p>\n<p>Entre d\u00e9sinformation et surinformation, dont Internet a \u00e9t\u00e9 moteur dans les deux cas, les m\u00e9dias ont mobilis\u00e9 une parole qui leur semblait experte, provenant des m\u00e9decins et des scientifiques, m\u00eame si d\u2019autres acteurs, notamment politiques, ont pu s\u2019exprimer.<\/p>\n<p><em>L\u2019expertise dans les m\u00e9dias pendant la pand\u00e9mie<\/em> d\u00e9crypte, en France et \u00e0 l\u2019international, la mani\u00e8re dont les journalistes ont v\u00e9hicul\u00e9 les informations. Les auteurs analysent la fa\u00e7on dont ces derniers ont communiqu\u00e9 et le choix des experts qu\u2019ils ont sollicit\u00e9s. Ils ont \u00e9galement \u00e9tudi\u00e9 le positionnement m\u00e9diatique de ces experts au travers des figures m\u00e9diatiques de l\u2019expert sant\u00e9 qu\u2019ils ont construites. Ils ont ainsi cherch\u00e9 \u00e0 expliquer le sentiment parfois existant de prises de parole contradictoires alimentant une cacophonie.<\/p>","protected":false},"excerpt":{"rendered":"<p>La crise sanitaire et sociale issue de la pand\u00e9mie de la Covid-19 a engendr\u00e9 un fort moment de communication dans les m\u00e9dias. Les journaux ont trait\u00e9 au jour le jour un ph\u00e9nom\u00e8ne en constante mutation, inconnu, \u00e0 l\u2019\u00e9volution difficilement pr\u00e9dictible, mais aux cons\u00e9quences imm\u00e9diates. Entre d\u00e9sinformation et surinformation, dont Internet a \u00e9t\u00e9 moteur dans les [&hellip;]<\/p>\n","protected":false},"featured_media":57356,"template":"","meta":{"_acf_changed":false,"_links_to":"","_links_to_target":""},"product_brand":[],"product_cat":[668],"product_tag":[],"class_list":{"0":"post-57350","1":"product","2":"type-product","3":"status-publish","4":"has-post-thumbnail","6":"product_cat-ingnierie-de-la-sant-et-socit-188418884","8":"first","9":"instock","10":"shipping-taxable","11":"purchasable","12":"product-type-variable"},"acf":[],"yoast_head":"<!-- This site is optimized with the Yoast SEO plugin v27.2 - https:\/\/yoast.com\/product\/yoast-seo-wordpress\/ -->\n<title>L\u2019expertise dans les m\u00e9dias pendant la pand\u00e9mie - ISTE Group<\/title>\n<meta name=\"robots\" content=\"index, follow, max-snippet:-1, max-image-preview:large, max-video-preview:-1\" \/>\n<link rel=\"canonical\" href=\"https:\/\/www.istegroup.com\/produit\/lexpertise-dans-les-medias-pendant-la-pandemie\/\" \/>\n<meta property=\"og:locale\" content=\"fr_FR\" \/>\n<meta property=\"og:type\" content=\"article\" \/>\n<meta property=\"og:title\" content=\"L\u2019expertise dans les m\u00e9dias pendant la pand\u00e9mie - ISTE Group\" \/>\n<meta property=\"og:description\" content=\"La crise sanitaire et sociale issue de la pand\u00e9mie de la Covid-19 a engendr\u00e9 un fort moment de communication dans les m\u00e9dias. Les journaux ont trait\u00e9 au jour le jour un ph\u00e9nom\u00e8ne en constante mutation, inconnu, \u00e0 l\u2019\u00e9volution difficilement pr\u00e9dictible, mais aux cons\u00e9quences imm\u00e9diates. Entre d\u00e9sinformation et surinformation, dont Internet a \u00e9t\u00e9 moteur dans les [&hellip;]\" \/>\n<meta property=\"og:url\" content=\"https:\/\/www.istegroup.com\/produit\/lexpertise-dans-les-medias-pendant-la-pandemie\/\" \/>\n<meta property=\"og:site_name\" content=\"ISTE Group\" \/>\n<meta property=\"article:modified_time\" content=\"2024-07-15T13:50:10+00:00\" \/>\n<meta property=\"og:image\" content=\"https:\/\/www.istegroup.com\/wp-content\/uploads\/2024\/07\/Lexpertise-dans-les-medias-pendant-la-pandemie.png\" \/>\n\t<meta property=\"og:image:width\" content=\"597\" \/>\n\t<meta property=\"og:image:height\" content=\"899\" \/>\n\t<meta property=\"og:image:type\" content=\"image\/png\" \/>\n<meta name=\"twitter:card\" content=\"summary_large_image\" \/>\n<meta name=\"twitter:label1\" content=\"Est. reading time\" \/>\n\t<meta name=\"twitter:data1\" content=\"1 minute\" \/>\n<script type=\"application\/ld+json\" class=\"yoast-schema-graph\">{\"@context\":\"https:\/\/schema.org\",\"@graph\":[{\"@type\":\"WebPage\",\"@id\":\"https:\/\/www.istegroup.com\/produit\/lexpertise-dans-les-medias-pendant-la-pandemie\/\",\"url\":\"https:\/\/www.istegroup.com\/produit\/lexpertise-dans-les-medias-pendant-la-pandemie\/\",\"name\":\"L\u2019expertise dans les m\u00e9dias pendant la pand\u00e9mie - ISTE Group\",\"isPartOf\":{\"@id\":\"https:\/\/www.istegroup.com\/#website\"},\"primaryImageOfPage\":{\"@id\":\"https:\/\/www.istegroup.com\/produit\/lexpertise-dans-les-medias-pendant-la-pandemie\/#primaryimage\"},\"image\":{\"@id\":\"https:\/\/www.istegroup.com\/produit\/lexpertise-dans-les-medias-pendant-la-pandemie\/#primaryimage\"},\"thumbnailUrl\":\"https:\/\/www.istegroup.com\/wp-content\/uploads\/2024\/07\/Lexpertise-dans-les-medias-pendant-la-pandemie.png\",\"datePublished\":\"2024-07-10T08:11:03+00:00\",\"dateModified\":\"2024-07-15T13:50:10+00:00\",\"breadcrumb\":{\"@id\":\"https:\/\/www.istegroup.com\/produit\/lexpertise-dans-les-medias-pendant-la-pandemie\/#breadcrumb\"},\"inLanguage\":\"fr-FR\",\"potentialAction\":[{\"@type\":\"ReadAction\",\"target\":[\"https:\/\/www.istegroup.com\/produit\/lexpertise-dans-les-medias-pendant-la-pandemie\/\"]}]},{\"@type\":\"ImageObject\",\"inLanguage\":\"fr-FR\",\"@id\":\"https:\/\/www.istegroup.com\/produit\/lexpertise-dans-les-medias-pendant-la-pandemie\/#primaryimage\",\"url\":\"https:\/\/www.istegroup.com\/wp-content\/uploads\/2024\/07\/Lexpertise-dans-les-medias-pendant-la-pandemie.png\",\"contentUrl\":\"https:\/\/www.istegroup.com\/wp-content\/uploads\/2024\/07\/Lexpertise-dans-les-medias-pendant-la-pandemie.png\",\"width\":597,\"height\":899,\"caption\":\"Livre scientifique - L'expertise dans les m\u00e9dias pendant la pand\u00e9mie\"},{\"@type\":\"BreadcrumbList\",\"@id\":\"https:\/\/www.istegroup.com\/produit\/lexpertise-dans-les-medias-pendant-la-pandemie\/#breadcrumb\",\"itemListElement\":[{\"@type\":\"ListItem\",\"position\":1,\"name\":\"Home\",\"item\":\"https:\/\/www.istegroup.com\/\"},{\"@type\":\"ListItem\",\"position\":2,\"name\":\"Shop\",\"item\":\"https:\/\/www.istegroup.com\/fr\/nouveautes\/\"},{\"@type\":\"ListItem\",\"position\":3,\"name\":\"L\u2019expertise dans les m\u00e9dias pendant la pand\u00e9mie\"}]},{\"@type\":\"WebSite\",\"@id\":\"https:\/\/www.istegroup.com\/#website\",\"url\":\"https:\/\/www.istegroup.com\/\",\"name\":\"ISTE Group\",\"description\":\"\u00c9diteur des Sciences\",\"potentialAction\":[{\"@type\":\"SearchAction\",\"target\":{\"@type\":\"EntryPoint\",\"urlTemplate\":\"https:\/\/www.istegroup.com\/?s={search_term_string}\"},\"query-input\":{\"@type\":\"PropertyValueSpecification\",\"valueRequired\":true,\"valueName\":\"search_term_string\"}}],\"inLanguage\":\"fr-FR\"}]}<\/script>\n<!-- \/ Yoast SEO plugin. -->","yoast_head_json":{"title":"L\u2019expertise dans les m\u00e9dias pendant la pand\u00e9mie - ISTE Group","robots":{"index":"index","follow":"follow","max-snippet":"max-snippet:-1","max-image-preview":"max-image-preview:large","max-video-preview":"max-video-preview:-1"},"canonical":"https:\/\/www.istegroup.com\/produit\/lexpertise-dans-les-medias-pendant-la-pandemie\/","og_locale":"fr_FR","og_type":"article","og_title":"L\u2019expertise dans les m\u00e9dias pendant la pand\u00e9mie - ISTE Group","og_description":"La crise sanitaire et sociale issue de la pand\u00e9mie de la Covid-19 a engendr\u00e9 un fort moment de communication dans les m\u00e9dias. Les journaux ont trait\u00e9 au jour le jour un ph\u00e9nom\u00e8ne en constante mutation, inconnu, \u00e0 l\u2019\u00e9volution difficilement pr\u00e9dictible, mais aux cons\u00e9quences imm\u00e9diates. Entre d\u00e9sinformation et surinformation, dont Internet a \u00e9t\u00e9 moteur dans les [&hellip;]","og_url":"https:\/\/www.istegroup.com\/produit\/lexpertise-dans-les-medias-pendant-la-pandemie\/","og_site_name":"ISTE Group","article_modified_time":"2024-07-15T13:50:10+00:00","og_image":[{"width":597,"height":899,"url":"https:\/\/www.istegroup.com\/wp-content\/uploads\/2024\/07\/Lexpertise-dans-les-medias-pendant-la-pandemie.png","type":"image\/png"}],"twitter_card":"summary_large_image","twitter_misc":{"Est. reading time":"1 minute"},"schema":{"@context":"https:\/\/schema.org","@graph":[{"@type":"WebPage","@id":"https:\/\/www.istegroup.com\/produit\/lexpertise-dans-les-medias-pendant-la-pandemie\/","url":"https:\/\/www.istegroup.com\/produit\/lexpertise-dans-les-medias-pendant-la-pandemie\/","name":"L\u2019expertise dans les m\u00e9dias pendant la pand\u00e9mie - ISTE Group","isPartOf":{"@id":"https:\/\/www.istegroup.com\/#website"},"primaryImageOfPage":{"@id":"https:\/\/www.istegroup.com\/produit\/lexpertise-dans-les-medias-pendant-la-pandemie\/#primaryimage"},"image":{"@id":"https:\/\/www.istegroup.com\/produit\/lexpertise-dans-les-medias-pendant-la-pandemie\/#primaryimage"},"thumbnailUrl":"https:\/\/www.istegroup.com\/wp-content\/uploads\/2024\/07\/Lexpertise-dans-les-medias-pendant-la-pandemie.png","datePublished":"2024-07-10T08:11:03+00:00","dateModified":"2024-07-15T13:50:10+00:00","breadcrumb":{"@id":"https:\/\/www.istegroup.com\/produit\/lexpertise-dans-les-medias-pendant-la-pandemie\/#breadcrumb"},"inLanguage":"fr-FR","potentialAction":[{"@type":"ReadAction","target":["https:\/\/www.istegroup.com\/produit\/lexpertise-dans-les-medias-pendant-la-pandemie\/"]}]},{"@type":"ImageObject","inLanguage":"fr-FR","@id":"https:\/\/www.istegroup.com\/produit\/lexpertise-dans-les-medias-pendant-la-pandemie\/#primaryimage","url":"https:\/\/www.istegroup.com\/wp-content\/uploads\/2024\/07\/Lexpertise-dans-les-medias-pendant-la-pandemie.png","contentUrl":"https:\/\/www.istegroup.com\/wp-content\/uploads\/2024\/07\/Lexpertise-dans-les-medias-pendant-la-pandemie.png","width":597,"height":899,"caption":"Livre scientifique - L'expertise dans les m\u00e9dias pendant la pand\u00e9mie"},{"@type":"BreadcrumbList","@id":"https:\/\/www.istegroup.com\/produit\/lexpertise-dans-les-medias-pendant-la-pandemie\/#breadcrumb","itemListElement":[{"@type":"ListItem","position":1,"name":"Home","item":"https:\/\/www.istegroup.com\/"},{"@type":"ListItem","position":2,"name":"Shop","item":"https:\/\/www.istegroup.com\/fr\/nouveautes\/"},{"@type":"ListItem","position":3,"name":"L\u2019expertise dans les m\u00e9dias pendant la pand\u00e9mie"}]},{"@type":"WebSite","@id":"https:\/\/www.istegroup.com\/#website","url":"https:\/\/www.istegroup.com\/","name":"ISTE Group","description":"\u00c9diteur des Sciences","potentialAction":[{"@type":"SearchAction","target":{"@type":"EntryPoint","urlTemplate":"https:\/\/www.istegroup.com\/?s={search_term_string}"},"query-input":{"@type":"PropertyValueSpecification","valueRequired":true,"valueName":"search_term_string"}}],"inLanguage":"fr-FR"}]}},"_links":{"self":[{"href":"https:\/\/www.istegroup.com\/fr\/wp-json\/wp\/v2\/product\/57350","targetHints":{"allow":["GET"]}}],"collection":[{"href":"https:\/\/www.istegroup.com\/fr\/wp-json\/wp\/v2\/product"}],"about":[{"href":"https:\/\/www.istegroup.com\/fr\/wp-json\/wp\/v2\/types\/product"}],"wp:featuredmedia":[{"embeddable":true,"href":"https:\/\/www.istegroup.com\/fr\/wp-json\/wp\/v2\/media\/57356"}],"wp:attachment":[{"href":"https:\/\/www.istegroup.com\/fr\/wp-json\/wp\/v2\/media?parent=57350"}],"wp:term":[{"taxonomy":"product_brand","embeddable":true,"href":"https:\/\/www.istegroup.com\/fr\/wp-json\/wp\/v2\/product_brand?post=57350"},{"taxonomy":"product_cat","embeddable":true,"href":"https:\/\/www.istegroup.com\/fr\/wp-json\/wp\/v2\/product_cat?post=57350"},{"taxonomy":"product_tag","embeddable":true,"href":"https:\/\/www.istegroup.com\/fr\/wp-json\/wp\/v2\/product_tag?post=57350"}],"curies":[{"name":"wp","href":"https:\/\/api.w.org\/{rel}","templated":true}]}}