{"id":54748,"date":"2023-11-29T13:09:05","date_gmt":"2023-11-29T13:09:05","guid":{"rendered":"https:\/\/www.istegroup.com\/?post_type=product&#038;p=54748"},"modified":"2024-06-21T10:41:58","modified_gmt":"2024-06-21T09:41:58","slug":"dynamiques-collectives-et-territoires","status":"publish","type":"product","link":"https:\/\/www.istegroup.com\/fr\/produit\/dynamiques-collectives-et-territoires\/","title":{"rendered":"Dynamiques collectives et territoires"},"content":{"rendered":"<p>Face aux d\u00e9fis \u00e9conomiques, sociaux et environnementaux globaux qui imposent de d\u00e9passer les actions isol\u00e9es, le d\u00e9veloppement de dynamiques collectives constitue une r\u00e9ponse privil\u00e9gi\u00e9e. Dans cette perspective, les territoires, longtemps n\u00e9glig\u00e9s, s\u2019affirment d\u00e9sormais comme des creusets \u00e0 partir desquels des formes d\u2019actions organis\u00e9es, \u00e0 la fois innovantes et pertinentes, peuvent s\u2019\u00e9laborer face \u00e0 des situations exp\u00e9riment\u00e9es collectivement.<\/p>\n<p>R\u00e9unissant plus d\u2019une vingtaine de chercheurs en management strat\u00e9gique, en gestion des ressources humaines et en marketing, <em>Dynamiques collectives et territoires<\/em> propose, \u00e0 travers 9 d\u00e9fis territoriaux (innover et r\u00e9g\u00e9n\u00e9rer les territoires, construire une action environnementale, attirer et fid\u00e9liser les talents, etc.), des cl\u00e9s permettant de comprendre les conditions et les modalit\u00e9s de d\u00e9veloppement de dynamiques collectives au sein des territoires.<\/p>\n<p>La r\u00e9ussite de dynamiques collectives territoriales n\u00e9cessite d\u2019accompagner les acteurs depuis l\u2019analyse de la situation jusqu\u2019\u00e0 la d\u00e9finition du probl\u00e8me, en passant par la g\u00e9n\u00e9ration d\u2019id\u00e9es, leur s\u00e9lection, leur impl\u00e9mentation et leur \u00e9valuation. Cet ouvrage propose une vision synth\u00e9tique, syst\u00e9mique et op\u00e9rationnelle permettant d\u2019analyser les dynamiques collectives territoriales et d\u2019agir sur et \u00e0 partir de celles-ci.<\/p>","protected":false},"excerpt":{"rendered":"<p>Face aux d\u00e9fis \u00e9conomiques, sociaux et environnementaux globaux qui imposent de d\u00e9passer les actions isol\u00e9es, le d\u00e9veloppement de dynamiques collectives constitue une r\u00e9ponse privil\u00e9gi\u00e9e. Dans cette perspective, les territoires, longtemps n\u00e9glig\u00e9s, s\u2019affirment d\u00e9sormais comme des creusets \u00e0 partir desquels des formes d\u2019actions organis\u00e9es, \u00e0 la fois innovantes et pertinentes, peuvent s\u2019\u00e9laborer face \u00e0 des situations [&hellip;]<\/p>\n","protected":false},"featured_media":56101,"template":"","meta":{"_acf_changed":false,"_links_to":"","_links_to_target":""},"product_brand":[],"product_cat":[670],"product_tag":[],"class_list":{"0":"post-54748","1":"product","2":"type-product","3":"status-publish","4":"has-post-thumbnail","6":"product_cat-innovation-entrepreneuriat-et-gestion-11041751","8":"first","9":"instock","10":"shipping-taxable","11":"purchasable","12":"product-type-variable"},"acf":[],"yoast_head":"<!-- This site is optimized with the Yoast SEO plugin v27.2 - https:\/\/yoast.com\/product\/yoast-seo-wordpress\/ -->\n<title>Dynamiques collectives et territoires - ISTE Group<\/title>\n<meta name=\"description\" content=\"Dynamiques collectives et territoires propose, \u00e0 travers 9 d\u00e9fis territoriaux, des cl\u00e9s permettant de comprendre les conditions et les modalit\u00e9s de d\u00e9veloppement de dynamiques collectives au sein des territoires.\" \/>\n<meta name=\"robots\" content=\"index, follow, max-snippet:-1, max-image-preview:large, max-video-preview:-1\" \/>\n<link rel=\"canonical\" href=\"https:\/\/www.istegroup.com\/fr\/produit\/dynamiques-collectives-et-territoires\/\" \/>\n<meta property=\"og:locale\" content=\"fr_FR\" \/>\n<meta property=\"og:type\" content=\"article\" \/>\n<meta property=\"og:title\" content=\"Dynamiques collectives et territoires - ISTE Group\" \/>\n<meta property=\"og:description\" content=\"Dynamiques collectives et territoires propose, \u00e0 travers 9 d\u00e9fis territoriaux, des cl\u00e9s permettant de comprendre les conditions et les modalit\u00e9s de d\u00e9veloppement de dynamiques collectives au sein des territoires.\" \/>\n<meta property=\"og:url\" content=\"https:\/\/www.istegroup.com\/fr\/produit\/dynamiques-collectives-et-territoires\/\" \/>\n<meta property=\"og:site_name\" content=\"ISTE Group\" \/>\n<meta property=\"article:modified_time\" content=\"2024-06-21T09:41:58+00:00\" \/>\n<meta property=\"og:image\" content=\"https:\/\/www.istegroup.com\/wp-content\/uploads\/2023\/11\/Dynamiques-collectives-et-territoires_FNEGE.png\" \/>\n\t<meta property=\"og:image:width\" content=\"601\" \/>\n\t<meta property=\"og:image:height\" content=\"901\" \/>\n\t<meta property=\"og:image:type\" content=\"image\/png\" \/>\n<meta name=\"twitter:card\" content=\"summary_large_image\" \/>\n<meta name=\"twitter:label1\" content=\"Est. reading time\" \/>\n\t<meta name=\"twitter:data1\" content=\"1 minute\" \/>\n<script type=\"application\/ld+json\" class=\"yoast-schema-graph\">{\"@context\":\"https:\/\/schema.org\",\"@graph\":[{\"@type\":\"WebPage\",\"@id\":\"https:\/\/www.istegroup.com\/fr\/produit\/dynamiques-collectives-et-territoires\/\",\"url\":\"https:\/\/www.istegroup.com\/fr\/produit\/dynamiques-collectives-et-territoires\/\",\"name\":\"Dynamiques collectives et territoires - ISTE Group\",\"isPartOf\":{\"@id\":\"https:\/\/www.istegroup.com\/#website\"},\"primaryImageOfPage\":{\"@id\":\"https:\/\/www.istegroup.com\/fr\/produit\/dynamiques-collectives-et-territoires\/#primaryimage\"},\"image\":{\"@id\":\"https:\/\/www.istegroup.com\/fr\/produit\/dynamiques-collectives-et-territoires\/#primaryimage\"},\"thumbnailUrl\":\"https:\/\/www.istegroup.com\/wp-content\/uploads\/2023\/11\/Dynamiques-collectives-et-territoires_FNEGE.png\",\"datePublished\":\"2023-11-29T13:09:05+00:00\",\"dateModified\":\"2024-06-21T09:41:58+00:00\",\"description\":\"Dynamiques collectives et territoires propose, \u00e0 travers 9 d\u00e9fis territoriaux, des cl\u00e9s permettant de comprendre les conditions et les modalit\u00e9s de d\u00e9veloppement de dynamiques collectives au sein des territoires.\",\"breadcrumb\":{\"@id\":\"https:\/\/www.istegroup.com\/fr\/produit\/dynamiques-collectives-et-territoires\/#breadcrumb\"},\"inLanguage\":\"fr-FR\",\"potentialAction\":[{\"@type\":\"ReadAction\",\"target\":[\"https:\/\/www.istegroup.com\/fr\/produit\/dynamiques-collectives-et-territoires\/\"]}]},{\"@type\":\"ImageObject\",\"inLanguage\":\"fr-FR\",\"@id\":\"https:\/\/www.istegroup.com\/fr\/produit\/dynamiques-collectives-et-territoires\/#primaryimage\",\"url\":\"https:\/\/www.istegroup.com\/wp-content\/uploads\/2023\/11\/Dynamiques-collectives-et-territoires_FNEGE.png\",\"contentUrl\":\"https:\/\/www.istegroup.com\/wp-content\/uploads\/2023\/11\/Dynamiques-collectives-et-territoires_FNEGE.png\",\"width\":601,\"height\":901,\"caption\":\"Livre scientifique - Dynamiques collectives et territoires_FNEGE\"},{\"@type\":\"BreadcrumbList\",\"@id\":\"https:\/\/www.istegroup.com\/fr\/produit\/dynamiques-collectives-et-territoires\/#breadcrumb\",\"itemListElement\":[{\"@type\":\"ListItem\",\"position\":1,\"name\":\"Home\",\"item\":\"https:\/\/www.istegroup.com\/\"},{\"@type\":\"ListItem\",\"position\":2,\"name\":\"Shop\",\"item\":\"https:\/\/www.istegroup.com\/fr\/nouveautes\/\"},{\"@type\":\"ListItem\",\"position\":3,\"name\":\"Dynamiques collectives et territoires\"}]},{\"@type\":\"WebSite\",\"@id\":\"https:\/\/www.istegroup.com\/#website\",\"url\":\"https:\/\/www.istegroup.com\/\",\"name\":\"ISTE Group\",\"description\":\"\u00c9diteur des Sciences\",\"potentialAction\":[{\"@type\":\"SearchAction\",\"target\":{\"@type\":\"EntryPoint\",\"urlTemplate\":\"https:\/\/www.istegroup.com\/?s={search_term_string}\"},\"query-input\":{\"@type\":\"PropertyValueSpecification\",\"valueRequired\":true,\"valueName\":\"search_term_string\"}}],\"inLanguage\":\"fr-FR\"}]}<\/script>\n<!-- \/ Yoast SEO plugin. -->","yoast_head_json":{"title":"Dynamiques collectives et territoires - ISTE Group","description":"Dynamiques collectives et territoires propose, \u00e0 travers 9 d\u00e9fis territoriaux, des cl\u00e9s permettant de comprendre les conditions et les modalit\u00e9s de d\u00e9veloppement de dynamiques collectives au sein des territoires.","robots":{"index":"index","follow":"follow","max-snippet":"max-snippet:-1","max-image-preview":"max-image-preview:large","max-video-preview":"max-video-preview:-1"},"canonical":"https:\/\/www.istegroup.com\/fr\/produit\/dynamiques-collectives-et-territoires\/","og_locale":"fr_FR","og_type":"article","og_title":"Dynamiques collectives et territoires - ISTE Group","og_description":"Dynamiques collectives et territoires propose, \u00e0 travers 9 d\u00e9fis territoriaux, des cl\u00e9s permettant de comprendre les conditions et les modalit\u00e9s de d\u00e9veloppement de dynamiques collectives au sein des territoires.","og_url":"https:\/\/www.istegroup.com\/fr\/produit\/dynamiques-collectives-et-territoires\/","og_site_name":"ISTE Group","article_modified_time":"2024-06-21T09:41:58+00:00","og_image":[{"width":601,"height":901,"url":"https:\/\/www.istegroup.com\/wp-content\/uploads\/2023\/11\/Dynamiques-collectives-et-territoires_FNEGE.png","type":"image\/png"}],"twitter_card":"summary_large_image","twitter_misc":{"Est. reading time":"1 minute"},"schema":{"@context":"https:\/\/schema.org","@graph":[{"@type":"WebPage","@id":"https:\/\/www.istegroup.com\/fr\/produit\/dynamiques-collectives-et-territoires\/","url":"https:\/\/www.istegroup.com\/fr\/produit\/dynamiques-collectives-et-territoires\/","name":"Dynamiques collectives et territoires - ISTE Group","isPartOf":{"@id":"https:\/\/www.istegroup.com\/#website"},"primaryImageOfPage":{"@id":"https:\/\/www.istegroup.com\/fr\/produit\/dynamiques-collectives-et-territoires\/#primaryimage"},"image":{"@id":"https:\/\/www.istegroup.com\/fr\/produit\/dynamiques-collectives-et-territoires\/#primaryimage"},"thumbnailUrl":"https:\/\/www.istegroup.com\/wp-content\/uploads\/2023\/11\/Dynamiques-collectives-et-territoires_FNEGE.png","datePublished":"2023-11-29T13:09:05+00:00","dateModified":"2024-06-21T09:41:58+00:00","description":"Dynamiques collectives et territoires propose, \u00e0 travers 9 d\u00e9fis territoriaux, des cl\u00e9s permettant de comprendre les conditions et les modalit\u00e9s de d\u00e9veloppement de dynamiques collectives au sein des territoires.","breadcrumb":{"@id":"https:\/\/www.istegroup.com\/fr\/produit\/dynamiques-collectives-et-territoires\/#breadcrumb"},"inLanguage":"fr-FR","potentialAction":[{"@type":"ReadAction","target":["https:\/\/www.istegroup.com\/fr\/produit\/dynamiques-collectives-et-territoires\/"]}]},{"@type":"ImageObject","inLanguage":"fr-FR","@id":"https:\/\/www.istegroup.com\/fr\/produit\/dynamiques-collectives-et-territoires\/#primaryimage","url":"https:\/\/www.istegroup.com\/wp-content\/uploads\/2023\/11\/Dynamiques-collectives-et-territoires_FNEGE.png","contentUrl":"https:\/\/www.istegroup.com\/wp-content\/uploads\/2023\/11\/Dynamiques-collectives-et-territoires_FNEGE.png","width":601,"height":901,"caption":"Livre scientifique - Dynamiques collectives et territoires_FNEGE"},{"@type":"BreadcrumbList","@id":"https:\/\/www.istegroup.com\/fr\/produit\/dynamiques-collectives-et-territoires\/#breadcrumb","itemListElement":[{"@type":"ListItem","position":1,"name":"Home","item":"https:\/\/www.istegroup.com\/"},{"@type":"ListItem","position":2,"name":"Shop","item":"https:\/\/www.istegroup.com\/fr\/nouveautes\/"},{"@type":"ListItem","position":3,"name":"Dynamiques collectives et territoires"}]},{"@type":"WebSite","@id":"https:\/\/www.istegroup.com\/#website","url":"https:\/\/www.istegroup.com\/","name":"ISTE Group","description":"\u00c9diteur des Sciences","potentialAction":[{"@type":"SearchAction","target":{"@type":"EntryPoint","urlTemplate":"https:\/\/www.istegroup.com\/?s={search_term_string}"},"query-input":{"@type":"PropertyValueSpecification","valueRequired":true,"valueName":"search_term_string"}}],"inLanguage":"fr-FR"}]}},"_links":{"self":[{"href":"https:\/\/www.istegroup.com\/fr\/wp-json\/wp\/v2\/product\/54748","targetHints":{"allow":["GET"]}}],"collection":[{"href":"https:\/\/www.istegroup.com\/fr\/wp-json\/wp\/v2\/product"}],"about":[{"href":"https:\/\/www.istegroup.com\/fr\/wp-json\/wp\/v2\/types\/product"}],"wp:featuredmedia":[{"embeddable":true,"href":"https:\/\/www.istegroup.com\/fr\/wp-json\/wp\/v2\/media\/56101"}],"wp:attachment":[{"href":"https:\/\/www.istegroup.com\/fr\/wp-json\/wp\/v2\/media?parent=54748"}],"wp:term":[{"taxonomy":"product_brand","embeddable":true,"href":"https:\/\/www.istegroup.com\/fr\/wp-json\/wp\/v2\/product_brand?post=54748"},{"taxonomy":"product_cat","embeddable":true,"href":"https:\/\/www.istegroup.com\/fr\/wp-json\/wp\/v2\/product_cat?post=54748"},{"taxonomy":"product_tag","embeddable":true,"href":"https:\/\/www.istegroup.com\/fr\/wp-json\/wp\/v2\/product_tag?post=54748"}],"curies":[{"name":"wp","href":"https:\/\/api.w.org\/{rel}","templated":true}]}}