{"id":51774,"date":"2023-05-25T10:47:09","date_gmt":"2023-05-25T09:47:09","guid":{"rendered":"https:\/\/www.istegroup.com\/?post_type=product&#038;p=51774"},"modified":"2024-01-03T13:47:42","modified_gmt":"2024-01-03T13:47:42","slug":"le-travail-demain","status":"publish","type":"product","link":"https:\/\/www.istegroup.com\/fr\/produit\/le-travail-demain\/","title":{"rendered":"Le travail demain"},"content":{"rendered":"<p>La notion de travail a fait l\u2019objet de significations diff\u00e9rentes au fil des \u00e9poques. Si son sens est souvent questionn\u00e9, le travail est consid\u00e9r\u00e9 comme une activit\u00e9 essentielle et une source de lien social, il reste une valeur centrale. Aujourd\u2019hui, il \u00e9voque une activit\u00e9 cr\u00e9atrice de richesses. C\u2019est aussi un moyen d\u2019acqu\u00e9rir un statut, de d\u00e9fendre des valeurs, de produire de la solidarit\u00e9 ou d\u2019exprimer sa cr\u00e9ativit\u00e9.<\/p>\n<p>\u00c0 l\u2019aune des transitions en cours, quelles sont les \u00e9volutions et les bifurcations possibles ? En quoi impactent-elles la notion de travail ? <em>Le travail demain<\/em> restitue les r\u00e9cits futuristes de jeunes qui mettent en sc\u00e8ne leur regard sur l\u2019avenir du travail. L\u2019ouvrage comporte \u00e9galement des analyses sur le sens du travail et ses \u00e9volutions. Le travail de demain ne peut \u00eatre appr\u00e9hend\u00e9 sans une r\u00e9flexion sur le mod\u00e8le de soci\u00e9t\u00e9 que l\u2019on souhaite faire advenir. Cette notion est ins\u00e9parable des notions d\u2019utilit\u00e9 sociale, de coh\u00e9rence \u00e9thique et de d\u00e9veloppement des individus.<\/p>","protected":false},"excerpt":{"rendered":"<p style=\"text-align: center;\"><strong>Cet ouvrage est uniquement disponible en version \u00e9lectronique.<\/strong><\/p>\n<hr \/>\n","protected":false},"featured_media":51783,"template":"","meta":{"_acf_changed":false,"_links_to":"","_links_to_target":""},"product_brand":[],"product_cat":[3262],"product_tag":[],"class_list":{"0":"post-51774","1":"product","2":"type-product","3":"status-publish","4":"has-post-thumbnail","6":"product_cat-non-classe","8":"first","9":"instock","10":"shipping-taxable","11":"purchasable","12":"product-type-variable"},"acf":[],"yoast_head":"<!-- This site is optimized with the Yoast SEO plugin v27.2 - https:\/\/yoast.com\/product\/yoast-seo-wordpress\/ -->\n<title>Le travail demain - ISTE Group<\/title>\n<meta name=\"description\" content=\"Le travail demain restitue les r\u00e9cits futuristes de jeunes qui mettent en sc\u00e8ne leur regard sur l\u2019avenir du travail.\" \/>\n<meta name=\"robots\" content=\"index, follow, max-snippet:-1, max-image-preview:large, max-video-preview:-1\" \/>\n<link rel=\"canonical\" href=\"https:\/\/www.istegroup.com\/fr\/produit\/le-travail-demain\/\" \/>\n<meta property=\"og:locale\" content=\"fr_FR\" \/>\n<meta property=\"og:type\" content=\"article\" \/>\n<meta property=\"og:title\" content=\"Le travail demain - ISTE Group\" \/>\n<meta property=\"og:description\" content=\"Le travail demain restitue les r\u00e9cits futuristes de jeunes qui mettent en sc\u00e8ne leur regard sur l\u2019avenir du travail.\" \/>\n<meta property=\"og:url\" content=\"https:\/\/www.istegroup.com\/fr\/produit\/le-travail-demain\/\" \/>\n<meta property=\"og:site_name\" content=\"ISTE Group\" \/>\n<meta property=\"article:modified_time\" content=\"2024-01-03T13:47:42+00:00\" \/>\n<meta property=\"og:image\" content=\"https:\/\/www.istegroup.com\/wp-content\/uploads\/2023\/05\/Le-travail-demain.png\" \/>\n\t<meta property=\"og:image:width\" content=\"553\" \/>\n\t<meta property=\"og:image:height\" content=\"839\" \/>\n\t<meta property=\"og:image:type\" content=\"image\/png\" \/>\n<meta name=\"twitter:card\" content=\"summary_large_image\" \/>\n<meta name=\"twitter:label1\" content=\"Est. reading time\" \/>\n\t<meta name=\"twitter:data1\" content=\"1 minute\" \/>\n<script type=\"application\/ld+json\" class=\"yoast-schema-graph\">{\"@context\":\"https:\/\/schema.org\",\"@graph\":[{\"@type\":\"WebPage\",\"@id\":\"https:\/\/www.istegroup.com\/fr\/produit\/le-travail-demain\/\",\"url\":\"https:\/\/www.istegroup.com\/fr\/produit\/le-travail-demain\/\",\"name\":\"Le travail demain - ISTE Group\",\"isPartOf\":{\"@id\":\"https:\/\/www.istegroup.com\/#website\"},\"primaryImageOfPage\":{\"@id\":\"https:\/\/www.istegroup.com\/fr\/produit\/le-travail-demain\/#primaryimage\"},\"image\":{\"@id\":\"https:\/\/www.istegroup.com\/fr\/produit\/le-travail-demain\/#primaryimage\"},\"thumbnailUrl\":\"https:\/\/www.istegroup.com\/wp-content\/uploads\/2023\/05\/Le-travail-demain.png\",\"datePublished\":\"2023-05-25T09:47:09+00:00\",\"dateModified\":\"2024-01-03T13:47:42+00:00\",\"description\":\"Le travail demain restitue les r\u00e9cits futuristes de jeunes qui mettent en sc\u00e8ne leur regard sur l\u2019avenir du travail.\",\"breadcrumb\":{\"@id\":\"https:\/\/www.istegroup.com\/fr\/produit\/le-travail-demain\/#breadcrumb\"},\"inLanguage\":\"fr-FR\",\"potentialAction\":[{\"@type\":\"ReadAction\",\"target\":[\"https:\/\/www.istegroup.com\/fr\/produit\/le-travail-demain\/\"]}]},{\"@type\":\"ImageObject\",\"inLanguage\":\"fr-FR\",\"@id\":\"https:\/\/www.istegroup.com\/fr\/produit\/le-travail-demain\/#primaryimage\",\"url\":\"https:\/\/www.istegroup.com\/wp-content\/uploads\/2023\/05\/Le-travail-demain.png\",\"contentUrl\":\"https:\/\/www.istegroup.com\/wp-content\/uploads\/2023\/05\/Le-travail-demain.png\",\"width\":553,\"height\":839,\"caption\":\"Livre scientifique - Le travail demain\"},{\"@type\":\"BreadcrumbList\",\"@id\":\"https:\/\/www.istegroup.com\/fr\/produit\/le-travail-demain\/#breadcrumb\",\"itemListElement\":[{\"@type\":\"ListItem\",\"position\":1,\"name\":\"Home\",\"item\":\"https:\/\/www.istegroup.com\/\"},{\"@type\":\"ListItem\",\"position\":2,\"name\":\"Shop\",\"item\":\"https:\/\/www.istegroup.com\/fr\/nouveautes\/\"},{\"@type\":\"ListItem\",\"position\":3,\"name\":\"Le travail demain\"}]},{\"@type\":\"WebSite\",\"@id\":\"https:\/\/www.istegroup.com\/#website\",\"url\":\"https:\/\/www.istegroup.com\/\",\"name\":\"ISTE Group\",\"description\":\"\u00c9diteur des Sciences\",\"potentialAction\":[{\"@type\":\"SearchAction\",\"target\":{\"@type\":\"EntryPoint\",\"urlTemplate\":\"https:\/\/www.istegroup.com\/?s={search_term_string}\"},\"query-input\":{\"@type\":\"PropertyValueSpecification\",\"valueRequired\":true,\"valueName\":\"search_term_string\"}}],\"inLanguage\":\"fr-FR\"}]}<\/script>\n<!-- \/ Yoast SEO plugin. -->","yoast_head_json":{"title":"Le travail demain - ISTE Group","description":"Le travail demain restitue les r\u00e9cits futuristes de jeunes qui mettent en sc\u00e8ne leur regard sur l\u2019avenir du travail.","robots":{"index":"index","follow":"follow","max-snippet":"max-snippet:-1","max-image-preview":"max-image-preview:large","max-video-preview":"max-video-preview:-1"},"canonical":"https:\/\/www.istegroup.com\/fr\/produit\/le-travail-demain\/","og_locale":"fr_FR","og_type":"article","og_title":"Le travail demain - ISTE Group","og_description":"Le travail demain restitue les r\u00e9cits futuristes de jeunes qui mettent en sc\u00e8ne leur regard sur l\u2019avenir du travail.","og_url":"https:\/\/www.istegroup.com\/fr\/produit\/le-travail-demain\/","og_site_name":"ISTE Group","article_modified_time":"2024-01-03T13:47:42+00:00","og_image":[{"width":553,"height":839,"url":"https:\/\/www.istegroup.com\/wp-content\/uploads\/2023\/05\/Le-travail-demain.png","type":"image\/png"}],"twitter_card":"summary_large_image","twitter_misc":{"Est. reading time":"1 minute"},"schema":{"@context":"https:\/\/schema.org","@graph":[{"@type":"WebPage","@id":"https:\/\/www.istegroup.com\/fr\/produit\/le-travail-demain\/","url":"https:\/\/www.istegroup.com\/fr\/produit\/le-travail-demain\/","name":"Le travail demain - ISTE Group","isPartOf":{"@id":"https:\/\/www.istegroup.com\/#website"},"primaryImageOfPage":{"@id":"https:\/\/www.istegroup.com\/fr\/produit\/le-travail-demain\/#primaryimage"},"image":{"@id":"https:\/\/www.istegroup.com\/fr\/produit\/le-travail-demain\/#primaryimage"},"thumbnailUrl":"https:\/\/www.istegroup.com\/wp-content\/uploads\/2023\/05\/Le-travail-demain.png","datePublished":"2023-05-25T09:47:09+00:00","dateModified":"2024-01-03T13:47:42+00:00","description":"Le travail demain restitue les r\u00e9cits futuristes de jeunes qui mettent en sc\u00e8ne leur regard sur l\u2019avenir du travail.","breadcrumb":{"@id":"https:\/\/www.istegroup.com\/fr\/produit\/le-travail-demain\/#breadcrumb"},"inLanguage":"fr-FR","potentialAction":[{"@type":"ReadAction","target":["https:\/\/www.istegroup.com\/fr\/produit\/le-travail-demain\/"]}]},{"@type":"ImageObject","inLanguage":"fr-FR","@id":"https:\/\/www.istegroup.com\/fr\/produit\/le-travail-demain\/#primaryimage","url":"https:\/\/www.istegroup.com\/wp-content\/uploads\/2023\/05\/Le-travail-demain.png","contentUrl":"https:\/\/www.istegroup.com\/wp-content\/uploads\/2023\/05\/Le-travail-demain.png","width":553,"height":839,"caption":"Livre scientifique - Le travail demain"},{"@type":"BreadcrumbList","@id":"https:\/\/www.istegroup.com\/fr\/produit\/le-travail-demain\/#breadcrumb","itemListElement":[{"@type":"ListItem","position":1,"name":"Home","item":"https:\/\/www.istegroup.com\/"},{"@type":"ListItem","position":2,"name":"Shop","item":"https:\/\/www.istegroup.com\/fr\/nouveautes\/"},{"@type":"ListItem","position":3,"name":"Le travail demain"}]},{"@type":"WebSite","@id":"https:\/\/www.istegroup.com\/#website","url":"https:\/\/www.istegroup.com\/","name":"ISTE Group","description":"\u00c9diteur des Sciences","potentialAction":[{"@type":"SearchAction","target":{"@type":"EntryPoint","urlTemplate":"https:\/\/www.istegroup.com\/?s={search_term_string}"},"query-input":{"@type":"PropertyValueSpecification","valueRequired":true,"valueName":"search_term_string"}}],"inLanguage":"fr-FR"}]}},"_links":{"self":[{"href":"https:\/\/www.istegroup.com\/fr\/wp-json\/wp\/v2\/product\/51774","targetHints":{"allow":["GET"]}}],"collection":[{"href":"https:\/\/www.istegroup.com\/fr\/wp-json\/wp\/v2\/product"}],"about":[{"href":"https:\/\/www.istegroup.com\/fr\/wp-json\/wp\/v2\/types\/product"}],"wp:featuredmedia":[{"embeddable":true,"href":"https:\/\/www.istegroup.com\/fr\/wp-json\/wp\/v2\/media\/51783"}],"wp:attachment":[{"href":"https:\/\/www.istegroup.com\/fr\/wp-json\/wp\/v2\/media?parent=51774"}],"wp:term":[{"taxonomy":"product_brand","embeddable":true,"href":"https:\/\/www.istegroup.com\/fr\/wp-json\/wp\/v2\/product_brand?post=51774"},{"taxonomy":"product_cat","embeddable":true,"href":"https:\/\/www.istegroup.com\/fr\/wp-json\/wp\/v2\/product_cat?post=51774"},{"taxonomy":"product_tag","embeddable":true,"href":"https:\/\/www.istegroup.com\/fr\/wp-json\/wp\/v2\/product_tag?post=51774"}],"curies":[{"name":"wp","href":"https:\/\/api.w.org\/{rel}","templated":true}]}}