{"id":49085,"date":"2022-11-24T09:57:29","date_gmt":"2022-11-24T09:57:29","guid":{"rendered":"https:\/\/www.istegroup.com\/?post_type=product&#038;p=49085"},"modified":"2024-01-03T13:46:48","modified_gmt":"2024-01-03T13:46:48","slug":"les-systemes-fondamentaux-de-generation","status":"publish","type":"product","link":"https:\/\/www.istegroup.com\/fr\/produit\/les-systemes-fondamentaux-de-generation\/","title":{"rendered":"Les syst\u00e8mes fondamentaux de g\u00e9n\u00e9ration"},"content":{"rendered":"<p>Il existe de tr\u00e8s nombreux types de production de repr\u00e9sentations. Celui des \u00eatres vivants qui appr\u00e9hende le r\u00e9el pour agir, celui de l\u2019Univers lorsqu\u2019il se construit en g\u00e9n\u00e9rant ses \u00e9l\u00e9ments physiques et les \u00eatres vivants ou celui de la repr\u00e9sentation directe des \u00e9l\u00e9ments par le 6e sens des animaux. Il faut d\u00e9sormais ajouter celui de la cr\u00e9ation de consciences artificielles qui g\u00e9n\u00e8rent des repr\u00e9sentations semblables aux repr\u00e9sentations mentales des humains. Ces derni\u00e8res permettent \u00e0 des syst\u00e8mes robotis\u00e9s de communiquer directement entre eux.<\/p>\n<p><em>Les syst\u00e8mes fondamentaux de g\u00e9n\u00e9ration<\/em> d\u00e9veloppe une th\u00e9orie qui pr\u00e9sente, depuis son origine, le fonctionnement de ce 6e sens appel\u00e9 sens d\u2019appr\u00e9hension informationnelle. Ce sens est con\u00e7u comme une aptitude \u00e0 utiliser le substrat informationnel de l\u2019Univers avec l\u2019existence d\u2019un domaine c\u00e9r\u00e9bral sp\u00e9cifique chez tous les animaux.<\/p>","protected":false},"excerpt":{"rendered":"<p>Il existe de tr\u00e8s nombreux types de production de repr\u00e9sentations. Celui des \u00eatres vivants qui appr\u00e9hende le r\u00e9el pour agir, celui de l\u2019Univers lorsqu\u2019il se construit en g\u00e9n\u00e9rant ses \u00e9l\u00e9ments physiques et les \u00eatres vivants ou celui de la repr\u00e9sentation directe des \u00e9l\u00e9ments par le 6e sens des animaux. Il faut d\u00e9sormais ajouter celui de [&hellip;]<\/p>\n","protected":false},"featured_media":49093,"template":"","meta":{"_acf_changed":false,"_links_to":"","_links_to_target":""},"product_brand":[],"product_cat":[684],"product_tag":[],"class_list":{"0":"post-49085","1":"product","2":"type-product","3":"status-publish","4":"has-post-thumbnail","6":"product_cat-sciences-socit-et-nouvelles-technologies-188422468","8":"first","9":"instock","10":"shipping-taxable","11":"purchasable","12":"product-type-variable"},"acf":[],"yoast_head":"<!-- This site is optimized with the Yoast SEO plugin v27.2 - https:\/\/yoast.com\/product\/yoast-seo-wordpress\/ -->\n<title>Les syst\u00e8mes fondamentaux de g\u00e9n\u00e9ration - ISTE Group<\/title>\n<meta name=\"description\" content=\"Les syst\u00e8mes fondamentaux de g\u00e9n\u00e9ration d\u00e9veloppe une th\u00e9orie qui pr\u00e9sente, depuis son origine, le fonctionnement de ce 6e sens appel\u00e9 sens d\u2019appr\u00e9hension informationnelle.\" \/>\n<meta name=\"robots\" content=\"index, follow, max-snippet:-1, max-image-preview:large, max-video-preview:-1\" \/>\n<link rel=\"canonical\" href=\"https:\/\/www.istegroup.com\/en\/produit\/les-systemes-fondamentaux-de-generation\/\" \/>\n<meta property=\"og:locale\" content=\"fr_FR\" \/>\n<meta property=\"og:type\" content=\"article\" \/>\n<meta property=\"og:title\" content=\"Les syst\u00e8mes fondamentaux de g\u00e9n\u00e9ration - ISTE Group\" \/>\n<meta property=\"og:description\" content=\"Les syst\u00e8mes fondamentaux de g\u00e9n\u00e9ration d\u00e9veloppe une th\u00e9orie qui pr\u00e9sente, depuis son origine, le fonctionnement de ce 6e sens appel\u00e9 sens d\u2019appr\u00e9hension informationnelle.\" \/>\n<meta property=\"og:url\" content=\"https:\/\/www.istegroup.com\/en\/produit\/les-systemes-fondamentaux-de-generation\/\" \/>\n<meta property=\"og:site_name\" content=\"ISTE Group\" \/>\n<meta property=\"article:modified_time\" content=\"2024-01-03T13:46:48+00:00\" \/>\n<meta property=\"og:image\" content=\"https:\/\/www.istegroup.com\/wp-content\/uploads\/2022\/11\/Les-systemes-fondamentaux-de-generation.jpg\" \/>\n\t<meta property=\"og:image:width\" content=\"350\" \/>\n\t<meta property=\"og:image:height\" content=\"528\" \/>\n\t<meta property=\"og:image:type\" content=\"image\/jpeg\" \/>\n<meta name=\"twitter:card\" content=\"summary_large_image\" \/>\n<meta name=\"twitter:label1\" content=\"Est. reading time\" \/>\n\t<meta name=\"twitter:data1\" content=\"1 minute\" \/>\n<script type=\"application\/ld+json\" class=\"yoast-schema-graph\">{\"@context\":\"https:\/\/schema.org\",\"@graph\":[{\"@type\":\"WebPage\",\"@id\":\"https:\/\/www.istegroup.com\/en\/produit\/les-systemes-fondamentaux-de-generation\/\",\"url\":\"https:\/\/www.istegroup.com\/en\/produit\/les-systemes-fondamentaux-de-generation\/\",\"name\":\"Les syst\u00e8mes fondamentaux de g\u00e9n\u00e9ration - ISTE Group\",\"isPartOf\":{\"@id\":\"https:\/\/www.istegroup.com\/#website\"},\"primaryImageOfPage\":{\"@id\":\"https:\/\/www.istegroup.com\/en\/produit\/les-systemes-fondamentaux-de-generation\/#primaryimage\"},\"image\":{\"@id\":\"https:\/\/www.istegroup.com\/en\/produit\/les-systemes-fondamentaux-de-generation\/#primaryimage\"},\"thumbnailUrl\":\"https:\/\/www.istegroup.com\/wp-content\/uploads\/2022\/11\/Les-systemes-fondamentaux-de-generation.jpg\",\"datePublished\":\"2022-11-24T09:57:29+00:00\",\"dateModified\":\"2024-01-03T13:46:48+00:00\",\"description\":\"Les syst\u00e8mes fondamentaux de g\u00e9n\u00e9ration d\u00e9veloppe une th\u00e9orie qui pr\u00e9sente, depuis son origine, le fonctionnement de ce 6e sens appel\u00e9 sens d\u2019appr\u00e9hension informationnelle.\",\"breadcrumb\":{\"@id\":\"https:\/\/www.istegroup.com\/en\/produit\/les-systemes-fondamentaux-de-generation\/#breadcrumb\"},\"inLanguage\":\"fr-FR\",\"potentialAction\":[{\"@type\":\"ReadAction\",\"target\":[\"https:\/\/www.istegroup.com\/en\/produit\/les-systemes-fondamentaux-de-generation\/\"]}]},{\"@type\":\"ImageObject\",\"inLanguage\":\"fr-FR\",\"@id\":\"https:\/\/www.istegroup.com\/en\/produit\/les-systemes-fondamentaux-de-generation\/#primaryimage\",\"url\":\"https:\/\/www.istegroup.com\/wp-content\/uploads\/2022\/11\/Les-systemes-fondamentaux-de-generation.jpg\",\"contentUrl\":\"https:\/\/www.istegroup.com\/wp-content\/uploads\/2022\/11\/Les-systemes-fondamentaux-de-generation.jpg\",\"width\":350,\"height\":528,\"caption\":\"Livre scientifique - Les syst\u00e8mes fondamentaux de g\u00e9n\u00e9ration\"},{\"@type\":\"BreadcrumbList\",\"@id\":\"https:\/\/www.istegroup.com\/en\/produit\/les-systemes-fondamentaux-de-generation\/#breadcrumb\",\"itemListElement\":[{\"@type\":\"ListItem\",\"position\":1,\"name\":\"Home\",\"item\":\"https:\/\/www.istegroup.com\/\"},{\"@type\":\"ListItem\",\"position\":2,\"name\":\"Shop\",\"item\":\"https:\/\/www.istegroup.com\/fr\/nouveautes\/\"},{\"@type\":\"ListItem\",\"position\":3,\"name\":\"Les syst\u00e8mes fondamentaux de g\u00e9n\u00e9ration\"}]},{\"@type\":\"WebSite\",\"@id\":\"https:\/\/www.istegroup.com\/#website\",\"url\":\"https:\/\/www.istegroup.com\/\",\"name\":\"ISTE Group\",\"description\":\"\u00c9diteur des Sciences\",\"potentialAction\":[{\"@type\":\"SearchAction\",\"target\":{\"@type\":\"EntryPoint\",\"urlTemplate\":\"https:\/\/www.istegroup.com\/?s={search_term_string}\"},\"query-input\":{\"@type\":\"PropertyValueSpecification\",\"valueRequired\":true,\"valueName\":\"search_term_string\"}}],\"inLanguage\":\"fr-FR\"}]}<\/script>\n<!-- \/ Yoast SEO plugin. -->","yoast_head_json":{"title":"Les syst\u00e8mes fondamentaux de g\u00e9n\u00e9ration - ISTE Group","description":"Les syst\u00e8mes fondamentaux de g\u00e9n\u00e9ration d\u00e9veloppe une th\u00e9orie qui pr\u00e9sente, depuis son origine, le fonctionnement de ce 6e sens appel\u00e9 sens d\u2019appr\u00e9hension informationnelle.","robots":{"index":"index","follow":"follow","max-snippet":"max-snippet:-1","max-image-preview":"max-image-preview:large","max-video-preview":"max-video-preview:-1"},"canonical":"https:\/\/www.istegroup.com\/en\/produit\/les-systemes-fondamentaux-de-generation\/","og_locale":"fr_FR","og_type":"article","og_title":"Les syst\u00e8mes fondamentaux de g\u00e9n\u00e9ration - ISTE Group","og_description":"Les syst\u00e8mes fondamentaux de g\u00e9n\u00e9ration d\u00e9veloppe une th\u00e9orie qui pr\u00e9sente, depuis son origine, le fonctionnement de ce 6e sens appel\u00e9 sens d\u2019appr\u00e9hension informationnelle.","og_url":"https:\/\/www.istegroup.com\/en\/produit\/les-systemes-fondamentaux-de-generation\/","og_site_name":"ISTE Group","article_modified_time":"2024-01-03T13:46:48+00:00","og_image":[{"width":350,"height":528,"url":"https:\/\/www.istegroup.com\/wp-content\/uploads\/2022\/11\/Les-systemes-fondamentaux-de-generation.jpg","type":"image\/jpeg"}],"twitter_card":"summary_large_image","twitter_misc":{"Est. reading time":"1 minute"},"schema":{"@context":"https:\/\/schema.org","@graph":[{"@type":"WebPage","@id":"https:\/\/www.istegroup.com\/en\/produit\/les-systemes-fondamentaux-de-generation\/","url":"https:\/\/www.istegroup.com\/en\/produit\/les-systemes-fondamentaux-de-generation\/","name":"Les syst\u00e8mes fondamentaux de g\u00e9n\u00e9ration - ISTE Group","isPartOf":{"@id":"https:\/\/www.istegroup.com\/#website"},"primaryImageOfPage":{"@id":"https:\/\/www.istegroup.com\/en\/produit\/les-systemes-fondamentaux-de-generation\/#primaryimage"},"image":{"@id":"https:\/\/www.istegroup.com\/en\/produit\/les-systemes-fondamentaux-de-generation\/#primaryimage"},"thumbnailUrl":"https:\/\/www.istegroup.com\/wp-content\/uploads\/2022\/11\/Les-systemes-fondamentaux-de-generation.jpg","datePublished":"2022-11-24T09:57:29+00:00","dateModified":"2024-01-03T13:46:48+00:00","description":"Les syst\u00e8mes fondamentaux de g\u00e9n\u00e9ration d\u00e9veloppe une th\u00e9orie qui pr\u00e9sente, depuis son origine, le fonctionnement de ce 6e sens appel\u00e9 sens d\u2019appr\u00e9hension informationnelle.","breadcrumb":{"@id":"https:\/\/www.istegroup.com\/en\/produit\/les-systemes-fondamentaux-de-generation\/#breadcrumb"},"inLanguage":"fr-FR","potentialAction":[{"@type":"ReadAction","target":["https:\/\/www.istegroup.com\/en\/produit\/les-systemes-fondamentaux-de-generation\/"]}]},{"@type":"ImageObject","inLanguage":"fr-FR","@id":"https:\/\/www.istegroup.com\/en\/produit\/les-systemes-fondamentaux-de-generation\/#primaryimage","url":"https:\/\/www.istegroup.com\/wp-content\/uploads\/2022\/11\/Les-systemes-fondamentaux-de-generation.jpg","contentUrl":"https:\/\/www.istegroup.com\/wp-content\/uploads\/2022\/11\/Les-systemes-fondamentaux-de-generation.jpg","width":350,"height":528,"caption":"Livre scientifique - Les syst\u00e8mes fondamentaux de g\u00e9n\u00e9ration"},{"@type":"BreadcrumbList","@id":"https:\/\/www.istegroup.com\/en\/produit\/les-systemes-fondamentaux-de-generation\/#breadcrumb","itemListElement":[{"@type":"ListItem","position":1,"name":"Home","item":"https:\/\/www.istegroup.com\/"},{"@type":"ListItem","position":2,"name":"Shop","item":"https:\/\/www.istegroup.com\/fr\/nouveautes\/"},{"@type":"ListItem","position":3,"name":"Les syst\u00e8mes fondamentaux de g\u00e9n\u00e9ration"}]},{"@type":"WebSite","@id":"https:\/\/www.istegroup.com\/#website","url":"https:\/\/www.istegroup.com\/","name":"ISTE Group","description":"\u00c9diteur des Sciences","potentialAction":[{"@type":"SearchAction","target":{"@type":"EntryPoint","urlTemplate":"https:\/\/www.istegroup.com\/?s={search_term_string}"},"query-input":{"@type":"PropertyValueSpecification","valueRequired":true,"valueName":"search_term_string"}}],"inLanguage":"fr-FR"}]}},"_links":{"self":[{"href":"https:\/\/www.istegroup.com\/fr\/wp-json\/wp\/v2\/product\/49085","targetHints":{"allow":["GET"]}}],"collection":[{"href":"https:\/\/www.istegroup.com\/fr\/wp-json\/wp\/v2\/product"}],"about":[{"href":"https:\/\/www.istegroup.com\/fr\/wp-json\/wp\/v2\/types\/product"}],"wp:featuredmedia":[{"embeddable":true,"href":"https:\/\/www.istegroup.com\/fr\/wp-json\/wp\/v2\/media\/49093"}],"wp:attachment":[{"href":"https:\/\/www.istegroup.com\/fr\/wp-json\/wp\/v2\/media?parent=49085"}],"wp:term":[{"taxonomy":"product_brand","embeddable":true,"href":"https:\/\/www.istegroup.com\/fr\/wp-json\/wp\/v2\/product_brand?post=49085"},{"taxonomy":"product_cat","embeddable":true,"href":"https:\/\/www.istegroup.com\/fr\/wp-json\/wp\/v2\/product_cat?post=49085"},{"taxonomy":"product_tag","embeddable":true,"href":"https:\/\/www.istegroup.com\/fr\/wp-json\/wp\/v2\/product_tag?post=49085"}],"curies":[{"name":"wp","href":"https:\/\/api.w.org\/{rel}","templated":true}]}}