{"id":48720,"date":"2022-10-31T15:43:56","date_gmt":"2022-10-31T15:43:56","guid":{"rendered":"https:\/\/www.istegroup.com\/?post_type=product&#038;p=48720"},"modified":"2024-01-03T13:46:43","modified_gmt":"2024-01-03T13:46:43","slug":"transformation-digitale-et-politiques-publiques","status":"publish","type":"product","link":"https:\/\/www.istegroup.com\/fr\/produit\/transformation-digitale-et-politiques-publiques\/","title":{"rendered":"Transformation digitale et politiques publiques"},"content":{"rendered":"<p>L\u2019ampleur de la digitalisation et de l\u2019usage des outils num\u00e9riques n\u2019est plus \u00e0 d\u00e9montrer. Alors que les entreprises ont int\u00e9gr\u00e9 les enjeux d\u2019une telle transformation depuis plus de vingt ans, le secteur public accumule du retard.<\/p>\n<p><em>Transformation digitale et politiques<\/em> publiques \u00e9tudie les m\u00e9canismes de transformation digitale des organisations publiques. Il vise \u00e0 comprendre comment cette nouvelle donne, port\u00e9e principalement par les plateformes, entre en r\u00e9sonnance avec les nouvelles politiques publiques et comment le num\u00e9rique redessine les rapports entre gouvernants et gouvern\u00e9s.<\/p>\n<p>Cet ouvrage, fruit d\u2019une collaboration transdisciplinaire entre chercheurs, a pour objectif de r\u00e9pondre \u00e0 ces questionnements en se focalisant sur plusieurs cas : les politiques publiques d\u2019innovation, les donn\u00e9es en sant\u00e9 et les politiques sociales avec les dispositifs de microsimulation fiscale.<\/p>\n<p><strong>La presse en parle<\/strong><\/p>\n<p><a style=\"color: #1e9691;\" href=\"https:\/\/theconversation.com\/bonnes-feuilles-transformation-digitale-et-politiques-publiques-199830\"><em>The Conversation, f\u00e9vrier 2023<\/em><\/a><\/p>","protected":false},"excerpt":{"rendered":"<p>L\u2019ampleur de la digitalisation et de l\u2019usage des outils num\u00e9riques n\u2019est plus \u00e0 d\u00e9montrer. Alors que les entreprises ont int\u00e9gr\u00e9 les enjeux d\u2019une telle transformation depuis plus de vingt ans, le secteur public accumule du retard. Transformation digitale et politiques publiques \u00e9tudie les m\u00e9canismes de transformation digitale des organisations publiques. Il vise \u00e0 comprendre comment [&hellip;]<\/p>\n","protected":false},"featured_media":48729,"template":"","meta":{"_acf_changed":false,"_links_to":"","_links_to_target":""},"product_brand":[],"product_cat":[707],"product_tag":[],"class_list":{"0":"post-48720","1":"product","2":"type-product","3":"status-publish","4":"has-post-thumbnail","6":"product_cat-systmes-dinformation-web-et-socit-12506570","8":"first","9":"instock","10":"shipping-taxable","11":"purchasable","12":"product-type-variable"},"acf":[],"yoast_head":"<!-- This site is optimized with the Yoast SEO plugin v27.2 - https:\/\/yoast.com\/product\/yoast-seo-wordpress\/ -->\n<title>Transformation digitale et politiques publiques - ISTE Group<\/title>\n<meta name=\"description\" content=\"Transformation digitale et politiques publiques \u00e9tudie les m\u00e9canismes de transformation digitale des organisations publiques.\" \/>\n<meta name=\"robots\" content=\"index, follow, max-snippet:-1, max-image-preview:large, max-video-preview:-1\" \/>\n<link rel=\"canonical\" href=\"https:\/\/www.istegroup.com\/fr\/produit\/transformation-digitale-et-politiques-publiques\/\" \/>\n<meta property=\"og:locale\" content=\"fr_FR\" \/>\n<meta property=\"og:type\" content=\"article\" \/>\n<meta property=\"og:title\" content=\"Transformation digitale et politiques publiques - ISTE Group\" \/>\n<meta property=\"og:description\" content=\"Transformation digitale et politiques publiques \u00e9tudie les m\u00e9canismes de transformation digitale des organisations publiques.\" \/>\n<meta property=\"og:url\" content=\"https:\/\/www.istegroup.com\/fr\/produit\/transformation-digitale-et-politiques-publiques\/\" \/>\n<meta property=\"og:site_name\" content=\"ISTE Group\" \/>\n<meta property=\"article:modified_time\" content=\"2024-01-03T13:46:43+00:00\" \/>\n<meta property=\"og:image\" content=\"https:\/\/www.istegroup.com\/wp-content\/uploads\/2022\/10\/Transformation-digitale-et-politiques-publiques.jpg\" \/>\n\t<meta property=\"og:image:width\" content=\"300\" \/>\n\t<meta property=\"og:image:height\" content=\"451\" \/>\n\t<meta property=\"og:image:type\" content=\"image\/jpeg\" \/>\n<meta name=\"twitter:card\" content=\"summary_large_image\" \/>\n<meta name=\"twitter:label1\" content=\"Est. reading time\" \/>\n\t<meta name=\"twitter:data1\" content=\"1 minute\" \/>\n<script type=\"application\/ld+json\" class=\"yoast-schema-graph\">{\"@context\":\"https:\/\/schema.org\",\"@graph\":[{\"@type\":\"WebPage\",\"@id\":\"https:\/\/www.istegroup.com\/fr\/produit\/transformation-digitale-et-politiques-publiques\/\",\"url\":\"https:\/\/www.istegroup.com\/fr\/produit\/transformation-digitale-et-politiques-publiques\/\",\"name\":\"Transformation digitale et politiques publiques - ISTE Group\",\"isPartOf\":{\"@id\":\"https:\/\/www.istegroup.com\/#website\"},\"primaryImageOfPage\":{\"@id\":\"https:\/\/www.istegroup.com\/fr\/produit\/transformation-digitale-et-politiques-publiques\/#primaryimage\"},\"image\":{\"@id\":\"https:\/\/www.istegroup.com\/fr\/produit\/transformation-digitale-et-politiques-publiques\/#primaryimage\"},\"thumbnailUrl\":\"https:\/\/www.istegroup.com\/wp-content\/uploads\/2022\/10\/Transformation-digitale-et-politiques-publiques.jpg\",\"datePublished\":\"2022-10-31T15:43:56+00:00\",\"dateModified\":\"2024-01-03T13:46:43+00:00\",\"description\":\"Transformation digitale et politiques publiques \u00e9tudie les m\u00e9canismes de transformation digitale des organisations publiques.\",\"breadcrumb\":{\"@id\":\"https:\/\/www.istegroup.com\/fr\/produit\/transformation-digitale-et-politiques-publiques\/#breadcrumb\"},\"inLanguage\":\"fr-FR\",\"potentialAction\":[{\"@type\":\"ReadAction\",\"target\":[\"https:\/\/www.istegroup.com\/fr\/produit\/transformation-digitale-et-politiques-publiques\/\"]}]},{\"@type\":\"ImageObject\",\"inLanguage\":\"fr-FR\",\"@id\":\"https:\/\/www.istegroup.com\/fr\/produit\/transformation-digitale-et-politiques-publiques\/#primaryimage\",\"url\":\"https:\/\/www.istegroup.com\/wp-content\/uploads\/2022\/10\/Transformation-digitale-et-politiques-publiques.jpg\",\"contentUrl\":\"https:\/\/www.istegroup.com\/wp-content\/uploads\/2022\/10\/Transformation-digitale-et-politiques-publiques.jpg\",\"width\":300,\"height\":451,\"caption\":\"Livre scientifique - Transformation digitale et politiques publiques\"},{\"@type\":\"BreadcrumbList\",\"@id\":\"https:\/\/www.istegroup.com\/fr\/produit\/transformation-digitale-et-politiques-publiques\/#breadcrumb\",\"itemListElement\":[{\"@type\":\"ListItem\",\"position\":1,\"name\":\"Home\",\"item\":\"https:\/\/www.istegroup.com\/\"},{\"@type\":\"ListItem\",\"position\":2,\"name\":\"Shop\",\"item\":\"https:\/\/www.istegroup.com\/fr\/nouveautes\/\"},{\"@type\":\"ListItem\",\"position\":3,\"name\":\"Transformation digitale et politiques publiques\"}]},{\"@type\":\"WebSite\",\"@id\":\"https:\/\/www.istegroup.com\/#website\",\"url\":\"https:\/\/www.istegroup.com\/\",\"name\":\"ISTE Group\",\"description\":\"\u00c9diteur des Sciences\",\"potentialAction\":[{\"@type\":\"SearchAction\",\"target\":{\"@type\":\"EntryPoint\",\"urlTemplate\":\"https:\/\/www.istegroup.com\/?s={search_term_string}\"},\"query-input\":{\"@type\":\"PropertyValueSpecification\",\"valueRequired\":true,\"valueName\":\"search_term_string\"}}],\"inLanguage\":\"fr-FR\"}]}<\/script>\n<!-- \/ Yoast SEO plugin. -->","yoast_head_json":{"title":"Transformation digitale et politiques publiques - ISTE Group","description":"Transformation digitale et politiques publiques \u00e9tudie les m\u00e9canismes de transformation digitale des organisations publiques.","robots":{"index":"index","follow":"follow","max-snippet":"max-snippet:-1","max-image-preview":"max-image-preview:large","max-video-preview":"max-video-preview:-1"},"canonical":"https:\/\/www.istegroup.com\/fr\/produit\/transformation-digitale-et-politiques-publiques\/","og_locale":"fr_FR","og_type":"article","og_title":"Transformation digitale et politiques publiques - ISTE Group","og_description":"Transformation digitale et politiques publiques \u00e9tudie les m\u00e9canismes de transformation digitale des organisations publiques.","og_url":"https:\/\/www.istegroup.com\/fr\/produit\/transformation-digitale-et-politiques-publiques\/","og_site_name":"ISTE Group","article_modified_time":"2024-01-03T13:46:43+00:00","og_image":[{"width":300,"height":451,"url":"https:\/\/www.istegroup.com\/wp-content\/uploads\/2022\/10\/Transformation-digitale-et-politiques-publiques.jpg","type":"image\/jpeg"}],"twitter_card":"summary_large_image","twitter_misc":{"Est. reading time":"1 minute"},"schema":{"@context":"https:\/\/schema.org","@graph":[{"@type":"WebPage","@id":"https:\/\/www.istegroup.com\/fr\/produit\/transformation-digitale-et-politiques-publiques\/","url":"https:\/\/www.istegroup.com\/fr\/produit\/transformation-digitale-et-politiques-publiques\/","name":"Transformation digitale et politiques publiques - ISTE Group","isPartOf":{"@id":"https:\/\/www.istegroup.com\/#website"},"primaryImageOfPage":{"@id":"https:\/\/www.istegroup.com\/fr\/produit\/transformation-digitale-et-politiques-publiques\/#primaryimage"},"image":{"@id":"https:\/\/www.istegroup.com\/fr\/produit\/transformation-digitale-et-politiques-publiques\/#primaryimage"},"thumbnailUrl":"https:\/\/www.istegroup.com\/wp-content\/uploads\/2022\/10\/Transformation-digitale-et-politiques-publiques.jpg","datePublished":"2022-10-31T15:43:56+00:00","dateModified":"2024-01-03T13:46:43+00:00","description":"Transformation digitale et politiques publiques \u00e9tudie les m\u00e9canismes de transformation digitale des organisations publiques.","breadcrumb":{"@id":"https:\/\/www.istegroup.com\/fr\/produit\/transformation-digitale-et-politiques-publiques\/#breadcrumb"},"inLanguage":"fr-FR","potentialAction":[{"@type":"ReadAction","target":["https:\/\/www.istegroup.com\/fr\/produit\/transformation-digitale-et-politiques-publiques\/"]}]},{"@type":"ImageObject","inLanguage":"fr-FR","@id":"https:\/\/www.istegroup.com\/fr\/produit\/transformation-digitale-et-politiques-publiques\/#primaryimage","url":"https:\/\/www.istegroup.com\/wp-content\/uploads\/2022\/10\/Transformation-digitale-et-politiques-publiques.jpg","contentUrl":"https:\/\/www.istegroup.com\/wp-content\/uploads\/2022\/10\/Transformation-digitale-et-politiques-publiques.jpg","width":300,"height":451,"caption":"Livre scientifique - Transformation digitale et politiques publiques"},{"@type":"BreadcrumbList","@id":"https:\/\/www.istegroup.com\/fr\/produit\/transformation-digitale-et-politiques-publiques\/#breadcrumb","itemListElement":[{"@type":"ListItem","position":1,"name":"Home","item":"https:\/\/www.istegroup.com\/"},{"@type":"ListItem","position":2,"name":"Shop","item":"https:\/\/www.istegroup.com\/fr\/nouveautes\/"},{"@type":"ListItem","position":3,"name":"Transformation digitale et politiques publiques"}]},{"@type":"WebSite","@id":"https:\/\/www.istegroup.com\/#website","url":"https:\/\/www.istegroup.com\/","name":"ISTE Group","description":"\u00c9diteur des Sciences","potentialAction":[{"@type":"SearchAction","target":{"@type":"EntryPoint","urlTemplate":"https:\/\/www.istegroup.com\/?s={search_term_string}"},"query-input":{"@type":"PropertyValueSpecification","valueRequired":true,"valueName":"search_term_string"}}],"inLanguage":"fr-FR"}]}},"_links":{"self":[{"href":"https:\/\/www.istegroup.com\/fr\/wp-json\/wp\/v2\/product\/48720","targetHints":{"allow":["GET"]}}],"collection":[{"href":"https:\/\/www.istegroup.com\/fr\/wp-json\/wp\/v2\/product"}],"about":[{"href":"https:\/\/www.istegroup.com\/fr\/wp-json\/wp\/v2\/types\/product"}],"wp:featuredmedia":[{"embeddable":true,"href":"https:\/\/www.istegroup.com\/fr\/wp-json\/wp\/v2\/media\/48729"}],"wp:attachment":[{"href":"https:\/\/www.istegroup.com\/fr\/wp-json\/wp\/v2\/media?parent=48720"}],"wp:term":[{"taxonomy":"product_brand","embeddable":true,"href":"https:\/\/www.istegroup.com\/fr\/wp-json\/wp\/v2\/product_brand?post=48720"},{"taxonomy":"product_cat","embeddable":true,"href":"https:\/\/www.istegroup.com\/fr\/wp-json\/wp\/v2\/product_cat?post=48720"},{"taxonomy":"product_tag","embeddable":true,"href":"https:\/\/www.istegroup.com\/fr\/wp-json\/wp\/v2\/product_tag?post=48720"}],"curies":[{"name":"wp","href":"https:\/\/api.w.org\/{rel}","templated":true}]}}