{"id":48441,"date":"2022-10-19T14:30:55","date_gmt":"2022-10-19T13:30:55","guid":{"rendered":"https:\/\/www.istegroup.com\/?post_type=product&#038;p=48441"},"modified":"2024-02-13T09:53:51","modified_gmt":"2024-02-13T09:53:51","slug":"la-fonction-sociale-des-musees","status":"publish","type":"product","link":"https:\/\/www.istegroup.com\/fr\/produit\/la-fonction-sociale-des-musees\/","title":{"rendered":"La fonction sociale des mus\u00e9es"},"content":{"rendered":"<p>La question de la participation des habitants et des publics aux activit\u00e9s du mus\u00e9e et celle de la reconnaissance du r\u00f4le politique des institutions sont au coeur des d\u00e9bats actuels sur la fonction sociale des mus\u00e9es. Les repr\u00e9sentations sous-tendues par les protagonistes de ces deux approches sont largement d\u00e9pendantes, non seulement des contextes historiques et sociopolitiques des divers pays concern\u00e9s, mais aussi d\u2019une posture g\u00e9n\u00e9rationnelle.<\/p>\n<p>Au coeur de l\u2019actualit\u00e9 et des questions internationales, <em>La fonction sociale des mus\u00e9es<\/em> \u00e9tudie donc les actions et les discours pr\u00f4n\u00e9s dans les processus participatifs de collecte, de s\u00e9lection et d\u2019interpr\u00e9tation des \u00e9l\u00e9ments du patrimoine li\u00e9s aux territoires, ressources, savoirs et savoir-faire des communaut\u00e9s. L\u2019analyse des tensions et des asym\u00e9tries de pouvoir entre les groupes d\u2019acteurs (politiques, gestionnaires, scientifiques, visiteurs, repr\u00e9sentants des populations locales ou diasporiques, etc.) qui prennent corps, notamment dans le cadre des politiques de d\u00e9colonisation des mus\u00e9es, constitue \u00e9galement un enjeu majeur de cet ouvrage collectif.<\/p>\n<p>&nbsp;<\/p>\n<p><strong>La presse en parle<\/strong><\/p>\n<p>\u00ab (&#8230;) L\u2019ouvrage, qui para\u00eet apr\u00e8s plusieurs ann\u00e9es de d\u00e9bats autour de ces enjeux, permet de saisir la complexit\u00e9 du r\u00f4le social du mus\u00e9e, mais surtout de sa grande disparit\u00e9 \u00e0 travers le monde. \u00bb<br \/>\n<a style=\"color: #1e9691;\" href=\"https:\/\/www.istegroup.com\/wp-content\/uploads\/2024\/02\/compte-rendu-Rabaska.pdf\"><em>Revue Rabaska<\/em><\/a><\/p>","protected":false},"excerpt":{"rendered":"<p>La question de la participation des habitants et des publics aux activit\u00e9s du mus\u00e9e et celle de la reconnaissance du r\u00f4le politique des institutions sont au coeur des d\u00e9bats actuels sur la fonction sociale des mus\u00e9es. Les repr\u00e9sentations sous-tendues par les protagonistes de ces deux approches sont largement d\u00e9pendantes, non seulement des contextes historiques et [&hellip;]<\/p>\n","protected":false},"featured_media":48449,"template":"","meta":{"_acf_changed":false,"_links_to":"","_links_to_target":""},"product_brand":[],"product_cat":[655],"product_tag":[],"class_list":{"0":"post-48441","1":"product","2":"type-product","3":"status-publish","4":"has-post-thumbnail","6":"product_cat-arts-et-sciences-430356305","8":"first","9":"instock","10":"shipping-taxable","11":"purchasable","12":"product-type-variable"},"acf":[],"yoast_head":"<!-- This site is optimized with the Yoast SEO plugin v27.2 - https:\/\/yoast.com\/product\/yoast-seo-wordpress\/ -->\n<title>La fonction sociale des mus\u00e9es - ISTE Group<\/title>\n<meta name=\"description\" content=\"La fonction sociale des mus\u00e9es \u00e9tudie donc les actions et les discours pr\u00f4n\u00e9s dans les processus participatifs de collecte, de s\u00e9lection et d\u2019interpr\u00e9tation des \u00e9l\u00e9ments du patrimoine li\u00e9s aux territoires, ressources, savoirs et savoir-faire des communaut\u00e9s.\" \/>\n<meta name=\"robots\" content=\"index, follow, max-snippet:-1, max-image-preview:large, max-video-preview:-1\" \/>\n<link rel=\"canonical\" href=\"https:\/\/www.istegroup.com\/fr\/produit\/la-fonction-sociale-des-musees\/\" \/>\n<meta property=\"og:locale\" content=\"fr_FR\" \/>\n<meta property=\"og:type\" content=\"article\" \/>\n<meta property=\"og:title\" content=\"La fonction sociale des mus\u00e9es - ISTE Group\" \/>\n<meta property=\"og:description\" content=\"La fonction sociale des mus\u00e9es \u00e9tudie donc les actions et les discours pr\u00f4n\u00e9s dans les processus participatifs de collecte, de s\u00e9lection et d\u2019interpr\u00e9tation des \u00e9l\u00e9ments du patrimoine li\u00e9s aux territoires, ressources, savoirs et savoir-faire des communaut\u00e9s.\" \/>\n<meta property=\"og:url\" content=\"https:\/\/www.istegroup.com\/fr\/produit\/la-fonction-sociale-des-musees\/\" \/>\n<meta property=\"og:site_name\" content=\"ISTE Group\" \/>\n<meta property=\"article:modified_time\" content=\"2024-02-13T09:53:51+00:00\" \/>\n<meta property=\"og:image\" content=\"https:\/\/www.istegroup.com\/wp-content\/uploads\/2022\/10\/La-fonction-sociale-des-musees.jpg\" \/>\n\t<meta property=\"og:image:width\" content=\"300\" \/>\n\t<meta property=\"og:image:height\" content=\"451\" \/>\n\t<meta property=\"og:image:type\" content=\"image\/jpeg\" \/>\n<meta name=\"twitter:card\" content=\"summary_large_image\" \/>\n<meta name=\"twitter:label1\" content=\"Est. reading time\" \/>\n\t<meta name=\"twitter:data1\" content=\"1 minute\" \/>\n<script type=\"application\/ld+json\" class=\"yoast-schema-graph\">{\"@context\":\"https:\/\/schema.org\",\"@graph\":[{\"@type\":\"WebPage\",\"@id\":\"https:\/\/www.istegroup.com\/fr\/produit\/la-fonction-sociale-des-musees\/\",\"url\":\"https:\/\/www.istegroup.com\/fr\/produit\/la-fonction-sociale-des-musees\/\",\"name\":\"La fonction sociale des mus\u00e9es - ISTE Group\",\"isPartOf\":{\"@id\":\"https:\/\/www.istegroup.com\/#website\"},\"primaryImageOfPage\":{\"@id\":\"https:\/\/www.istegroup.com\/fr\/produit\/la-fonction-sociale-des-musees\/#primaryimage\"},\"image\":{\"@id\":\"https:\/\/www.istegroup.com\/fr\/produit\/la-fonction-sociale-des-musees\/#primaryimage\"},\"thumbnailUrl\":\"https:\/\/www.istegroup.com\/wp-content\/uploads\/2022\/10\/La-fonction-sociale-des-musees.jpg\",\"datePublished\":\"2022-10-19T13:30:55+00:00\",\"dateModified\":\"2024-02-13T09:53:51+00:00\",\"description\":\"La fonction sociale des mus\u00e9es \u00e9tudie donc les actions et les discours pr\u00f4n\u00e9s dans les processus participatifs de collecte, de s\u00e9lection et d\u2019interpr\u00e9tation des \u00e9l\u00e9ments du patrimoine li\u00e9s aux territoires, ressources, savoirs et savoir-faire des communaut\u00e9s.\",\"breadcrumb\":{\"@id\":\"https:\/\/www.istegroup.com\/fr\/produit\/la-fonction-sociale-des-musees\/#breadcrumb\"},\"inLanguage\":\"fr-FR\",\"potentialAction\":[{\"@type\":\"ReadAction\",\"target\":[\"https:\/\/www.istegroup.com\/fr\/produit\/la-fonction-sociale-des-musees\/\"]}]},{\"@type\":\"ImageObject\",\"inLanguage\":\"fr-FR\",\"@id\":\"https:\/\/www.istegroup.com\/fr\/produit\/la-fonction-sociale-des-musees\/#primaryimage\",\"url\":\"https:\/\/www.istegroup.com\/wp-content\/uploads\/2022\/10\/La-fonction-sociale-des-musees.jpg\",\"contentUrl\":\"https:\/\/www.istegroup.com\/wp-content\/uploads\/2022\/10\/La-fonction-sociale-des-musees.jpg\",\"width\":300,\"height\":451,\"caption\":\"Livre scientifique - La fonction sociale des mus\u00e9es - Yves Girault\"},{\"@type\":\"BreadcrumbList\",\"@id\":\"https:\/\/www.istegroup.com\/fr\/produit\/la-fonction-sociale-des-musees\/#breadcrumb\",\"itemListElement\":[{\"@type\":\"ListItem\",\"position\":1,\"name\":\"Home\",\"item\":\"https:\/\/www.istegroup.com\/\"},{\"@type\":\"ListItem\",\"position\":2,\"name\":\"Shop\",\"item\":\"https:\/\/www.istegroup.com\/fr\/nouveautes\/\"},{\"@type\":\"ListItem\",\"position\":3,\"name\":\"La fonction sociale des mus\u00e9es\"}]},{\"@type\":\"WebSite\",\"@id\":\"https:\/\/www.istegroup.com\/#website\",\"url\":\"https:\/\/www.istegroup.com\/\",\"name\":\"ISTE Group\",\"description\":\"\u00c9diteur des Sciences\",\"potentialAction\":[{\"@type\":\"SearchAction\",\"target\":{\"@type\":\"EntryPoint\",\"urlTemplate\":\"https:\/\/www.istegroup.com\/?s={search_term_string}\"},\"query-input\":{\"@type\":\"PropertyValueSpecification\",\"valueRequired\":true,\"valueName\":\"search_term_string\"}}],\"inLanguage\":\"fr-FR\"}]}<\/script>\n<!-- \/ Yoast SEO plugin. -->","yoast_head_json":{"title":"La fonction sociale des mus\u00e9es - ISTE Group","description":"La fonction sociale des mus\u00e9es \u00e9tudie donc les actions et les discours pr\u00f4n\u00e9s dans les processus participatifs de collecte, de s\u00e9lection et d\u2019interpr\u00e9tation des \u00e9l\u00e9ments du patrimoine li\u00e9s aux territoires, ressources, savoirs et savoir-faire des communaut\u00e9s.","robots":{"index":"index","follow":"follow","max-snippet":"max-snippet:-1","max-image-preview":"max-image-preview:large","max-video-preview":"max-video-preview:-1"},"canonical":"https:\/\/www.istegroup.com\/fr\/produit\/la-fonction-sociale-des-musees\/","og_locale":"fr_FR","og_type":"article","og_title":"La fonction sociale des mus\u00e9es - ISTE Group","og_description":"La fonction sociale des mus\u00e9es \u00e9tudie donc les actions et les discours pr\u00f4n\u00e9s dans les processus participatifs de collecte, de s\u00e9lection et d\u2019interpr\u00e9tation des \u00e9l\u00e9ments du patrimoine li\u00e9s aux territoires, ressources, savoirs et savoir-faire des communaut\u00e9s.","og_url":"https:\/\/www.istegroup.com\/fr\/produit\/la-fonction-sociale-des-musees\/","og_site_name":"ISTE Group","article_modified_time":"2024-02-13T09:53:51+00:00","og_image":[{"width":300,"height":451,"url":"https:\/\/www.istegroup.com\/wp-content\/uploads\/2022\/10\/La-fonction-sociale-des-musees.jpg","type":"image\/jpeg"}],"twitter_card":"summary_large_image","twitter_misc":{"Est. reading time":"1 minute"},"schema":{"@context":"https:\/\/schema.org","@graph":[{"@type":"WebPage","@id":"https:\/\/www.istegroup.com\/fr\/produit\/la-fonction-sociale-des-musees\/","url":"https:\/\/www.istegroup.com\/fr\/produit\/la-fonction-sociale-des-musees\/","name":"La fonction sociale des mus\u00e9es - ISTE Group","isPartOf":{"@id":"https:\/\/www.istegroup.com\/#website"},"primaryImageOfPage":{"@id":"https:\/\/www.istegroup.com\/fr\/produit\/la-fonction-sociale-des-musees\/#primaryimage"},"image":{"@id":"https:\/\/www.istegroup.com\/fr\/produit\/la-fonction-sociale-des-musees\/#primaryimage"},"thumbnailUrl":"https:\/\/www.istegroup.com\/wp-content\/uploads\/2022\/10\/La-fonction-sociale-des-musees.jpg","datePublished":"2022-10-19T13:30:55+00:00","dateModified":"2024-02-13T09:53:51+00:00","description":"La fonction sociale des mus\u00e9es \u00e9tudie donc les actions et les discours pr\u00f4n\u00e9s dans les processus participatifs de collecte, de s\u00e9lection et d\u2019interpr\u00e9tation des \u00e9l\u00e9ments du patrimoine li\u00e9s aux territoires, ressources, savoirs et savoir-faire des communaut\u00e9s.","breadcrumb":{"@id":"https:\/\/www.istegroup.com\/fr\/produit\/la-fonction-sociale-des-musees\/#breadcrumb"},"inLanguage":"fr-FR","potentialAction":[{"@type":"ReadAction","target":["https:\/\/www.istegroup.com\/fr\/produit\/la-fonction-sociale-des-musees\/"]}]},{"@type":"ImageObject","inLanguage":"fr-FR","@id":"https:\/\/www.istegroup.com\/fr\/produit\/la-fonction-sociale-des-musees\/#primaryimage","url":"https:\/\/www.istegroup.com\/wp-content\/uploads\/2022\/10\/La-fonction-sociale-des-musees.jpg","contentUrl":"https:\/\/www.istegroup.com\/wp-content\/uploads\/2022\/10\/La-fonction-sociale-des-musees.jpg","width":300,"height":451,"caption":"Livre scientifique - La fonction sociale des mus\u00e9es - Yves Girault"},{"@type":"BreadcrumbList","@id":"https:\/\/www.istegroup.com\/fr\/produit\/la-fonction-sociale-des-musees\/#breadcrumb","itemListElement":[{"@type":"ListItem","position":1,"name":"Home","item":"https:\/\/www.istegroup.com\/"},{"@type":"ListItem","position":2,"name":"Shop","item":"https:\/\/www.istegroup.com\/fr\/nouveautes\/"},{"@type":"ListItem","position":3,"name":"La fonction sociale des mus\u00e9es"}]},{"@type":"WebSite","@id":"https:\/\/www.istegroup.com\/#website","url":"https:\/\/www.istegroup.com\/","name":"ISTE Group","description":"\u00c9diteur des Sciences","potentialAction":[{"@type":"SearchAction","target":{"@type":"EntryPoint","urlTemplate":"https:\/\/www.istegroup.com\/?s={search_term_string}"},"query-input":{"@type":"PropertyValueSpecification","valueRequired":true,"valueName":"search_term_string"}}],"inLanguage":"fr-FR"}]}},"_links":{"self":[{"href":"https:\/\/www.istegroup.com\/fr\/wp-json\/wp\/v2\/product\/48441","targetHints":{"allow":["GET"]}}],"collection":[{"href":"https:\/\/www.istegroup.com\/fr\/wp-json\/wp\/v2\/product"}],"about":[{"href":"https:\/\/www.istegroup.com\/fr\/wp-json\/wp\/v2\/types\/product"}],"wp:featuredmedia":[{"embeddable":true,"href":"https:\/\/www.istegroup.com\/fr\/wp-json\/wp\/v2\/media\/48449"}],"wp:attachment":[{"href":"https:\/\/www.istegroup.com\/fr\/wp-json\/wp\/v2\/media?parent=48441"}],"wp:term":[{"taxonomy":"product_brand","embeddable":true,"href":"https:\/\/www.istegroup.com\/fr\/wp-json\/wp\/v2\/product_brand?post=48441"},{"taxonomy":"product_cat","embeddable":true,"href":"https:\/\/www.istegroup.com\/fr\/wp-json\/wp\/v2\/product_cat?post=48441"},{"taxonomy":"product_tag","embeddable":true,"href":"https:\/\/www.istegroup.com\/fr\/wp-json\/wp\/v2\/product_tag?post=48441"}],"curies":[{"name":"wp","href":"https:\/\/api.w.org\/{rel}","templated":true}]}}