{"id":47770,"date":"2022-08-31T09:31:11","date_gmt":"2022-08-31T08:31:11","guid":{"rendered":"https:\/\/www.istegroup.com\/?post_type=product&#038;p=47770"},"modified":"2024-01-03T13:46:28","modified_gmt":"2024-01-03T13:46:28","slug":"geopolitique-et-transition-energetique-2","status":"publish","type":"product","link":"https:\/\/www.istegroup.com\/fr\/produit\/geopolitique-et-transition-energetique-2\/","title":{"rendered":"G\u00e9opolitique et transition \u00e9nerg\u00e9tique 2"},"content":{"rendered":"<p>Le secteur de l\u2019\u00e9nergie connait des transformations sans pr\u00e9c\u00e9dent. Alors qu\u2019il y a 20 ans, la pr\u00e9occupation majeure \u00e9tait de disposer de suffisamment de p\u00e9trole et de gaz, aujourd\u2019hui les responsables politiques sont confront\u00e9s \u00e0 la n\u00e9cessit\u00e9 de r\u00e9duire les \u00e9missions de CO<sub>2<\/sub> produites par les \u00e9nergies fossiles toujours dominantes, sans pouvoir se reposer totalement sur les \u00e9nergies renouvelables qui sont intermittentes et dont la part dans la production \u00e9nerg\u00e9tique reste faible.<\/p>\n<p><em>G\u00e9opolitique et transition \u00e9nerg\u00e9tique 2<\/em> examine le secteur de l\u2019\u00e9nergie et l\u2019\u00e9tat de la transition \u00e9nerg\u00e9tique continent par continent. L\u2019Am\u00e9rique du Nord est riche de ses ressources alors que la situation est contrast\u00e9e en Am\u00e9rique du Sud. L\u2019Europe pr\u00f4ne la transition, mais reste d\u00e9pendante de ses importations d\u2019\u00e9nergies fossiles. La CEI dispose d\u2019\u00e9normes ressources et en fait une arme politique. L\u2019acc\u00e8s \u00e0 l\u2019\u00e9nergie est une priorit\u00e9 pour l\u2019Afrique. L\u2019Asie doit faire face \u00e0 des besoins en \u00e9nergie croissants et \u00e0 une pollution qui devrait acc\u00e9l\u00e9rer la transition \u00e9nerg\u00e9tique. Le Moyen-Orient, champion des hydrocarbures, se lance quant \u00e0 lui dans l\u2019\u00e9nergie solaire.<\/p>","protected":false},"excerpt":{"rendered":"<p>Le secteur de l\u2019\u00e9nergie connait des transformations sans pr\u00e9c\u00e9dent. Alors qu\u2019il y a 20 ans, la pr\u00e9occupation majeure \u00e9tait de disposer de suffisamment de p\u00e9trole et de gaz, aujourd\u2019hui les responsables politiques sont confront\u00e9s \u00e0 la n\u00e9cessit\u00e9 de r\u00e9duire les \u00e9missions de CO2 produites par les \u00e9nergies fossiles toujours dominantes, sans pouvoir se reposer totalement [&hellip;]<\/p>\n","protected":false},"featured_media":47773,"template":"","meta":{"_acf_changed":false,"_links_to":"","_links_to_target":""},"product_brand":[],"product_cat":[3262],"product_tag":[],"class_list":{"0":"post-47770","1":"product","2":"type-product","3":"status-publish","4":"has-post-thumbnail","6":"product_cat-non-classe","8":"first","9":"instock","10":"shipping-taxable","11":"purchasable","12":"product-type-variable"},"acf":[],"yoast_head":"<!-- This site is optimized with the Yoast SEO plugin v27.2 - https:\/\/yoast.com\/product\/yoast-seo-wordpress\/ -->\n<title>G\u00e9opolitique et transition \u00e9nerg\u00e9tique 2 - ISTE Group<\/title>\n<meta name=\"description\" content=\"G\u00e9opolitique et transition \u00e9nerg\u00e9tique 2 examine le secteur de l\u2019\u00e9nergie et l\u2019\u00e9tat de la transition \u00e9nerg\u00e9tique continent par continent.\" \/>\n<meta name=\"robots\" content=\"index, follow, max-snippet:-1, max-image-preview:large, max-video-preview:-1\" \/>\n<link rel=\"canonical\" href=\"https:\/\/www.istegroup.com\/en\/produit\/geopolitique-et-transition-energetique-2\/\" \/>\n<meta property=\"og:locale\" content=\"fr_FR\" \/>\n<meta property=\"og:type\" content=\"article\" \/>\n<meta property=\"og:title\" content=\"G\u00e9opolitique et transition \u00e9nerg\u00e9tique 2 - ISTE Group\" \/>\n<meta property=\"og:description\" content=\"G\u00e9opolitique et transition \u00e9nerg\u00e9tique 2 examine le secteur de l\u2019\u00e9nergie et l\u2019\u00e9tat de la transition \u00e9nerg\u00e9tique continent par continent.\" \/>\n<meta property=\"og:url\" content=\"https:\/\/www.istegroup.com\/en\/produit\/geopolitique-et-transition-energetique-2\/\" \/>\n<meta property=\"og:site_name\" content=\"ISTE Group\" \/>\n<meta property=\"article:modified_time\" content=\"2024-01-03T13:46:28+00:00\" \/>\n<meta property=\"og:image\" content=\"https:\/\/www.istegroup.com\/wp-content\/uploads\/2022\/08\/Geopolitique-et-transition-energetique-2.jpg\" \/>\n\t<meta property=\"og:image:width\" content=\"350\" \/>\n\t<meta property=\"og:image:height\" content=\"527\" \/>\n\t<meta property=\"og:image:type\" content=\"image\/jpeg\" \/>\n<meta name=\"twitter:card\" content=\"summary_large_image\" \/>\n<meta name=\"twitter:label1\" content=\"Est. reading time\" \/>\n\t<meta name=\"twitter:data1\" content=\"1 minute\" \/>\n<script type=\"application\/ld+json\" class=\"yoast-schema-graph\">{\"@context\":\"https:\/\/schema.org\",\"@graph\":[{\"@type\":\"WebPage\",\"@id\":\"https:\/\/www.istegroup.com\/en\/produit\/geopolitique-et-transition-energetique-2\/\",\"url\":\"https:\/\/www.istegroup.com\/en\/produit\/geopolitique-et-transition-energetique-2\/\",\"name\":\"G\u00e9opolitique et transition \u00e9nerg\u00e9tique 2 - ISTE Group\",\"isPartOf\":{\"@id\":\"https:\/\/www.istegroup.com\/#website\"},\"primaryImageOfPage\":{\"@id\":\"https:\/\/www.istegroup.com\/en\/produit\/geopolitique-et-transition-energetique-2\/#primaryimage\"},\"image\":{\"@id\":\"https:\/\/www.istegroup.com\/en\/produit\/geopolitique-et-transition-energetique-2\/#primaryimage\"},\"thumbnailUrl\":\"https:\/\/www.istegroup.com\/wp-content\/uploads\/2022\/08\/Geopolitique-et-transition-energetique-2.jpg\",\"datePublished\":\"2022-08-31T08:31:11+00:00\",\"dateModified\":\"2024-01-03T13:46:28+00:00\",\"description\":\"G\u00e9opolitique et transition \u00e9nerg\u00e9tique 2 examine le secteur de l\u2019\u00e9nergie et l\u2019\u00e9tat de la transition \u00e9nerg\u00e9tique continent par continent.\",\"breadcrumb\":{\"@id\":\"https:\/\/www.istegroup.com\/en\/produit\/geopolitique-et-transition-energetique-2\/#breadcrumb\"},\"inLanguage\":\"fr-FR\",\"potentialAction\":[{\"@type\":\"ReadAction\",\"target\":[\"https:\/\/www.istegroup.com\/en\/produit\/geopolitique-et-transition-energetique-2\/\"]}]},{\"@type\":\"ImageObject\",\"inLanguage\":\"fr-FR\",\"@id\":\"https:\/\/www.istegroup.com\/en\/produit\/geopolitique-et-transition-energetique-2\/#primaryimage\",\"url\":\"https:\/\/www.istegroup.com\/wp-content\/uploads\/2022\/08\/Geopolitique-et-transition-energetique-2.jpg\",\"contentUrl\":\"https:\/\/www.istegroup.com\/wp-content\/uploads\/2022\/08\/Geopolitique-et-transition-energetique-2.jpg\",\"width\":350,\"height\":527,\"caption\":\"Livre scientifique - G\u00e9opolitique et transition \u00e9nerg\u00e9tique 2 - Jean-Pierre Favennec\"},{\"@type\":\"BreadcrumbList\",\"@id\":\"https:\/\/www.istegroup.com\/en\/produit\/geopolitique-et-transition-energetique-2\/#breadcrumb\",\"itemListElement\":[{\"@type\":\"ListItem\",\"position\":1,\"name\":\"Home\",\"item\":\"https:\/\/www.istegroup.com\/\"},{\"@type\":\"ListItem\",\"position\":2,\"name\":\"Shop\",\"item\":\"https:\/\/www.istegroup.com\/fr\/nouveautes\/\"},{\"@type\":\"ListItem\",\"position\":3,\"name\":\"G\u00e9opolitique et transition \u00e9nerg\u00e9tique 2\"}]},{\"@type\":\"WebSite\",\"@id\":\"https:\/\/www.istegroup.com\/#website\",\"url\":\"https:\/\/www.istegroup.com\/\",\"name\":\"ISTE Group\",\"description\":\"\u00c9diteur des Sciences\",\"potentialAction\":[{\"@type\":\"SearchAction\",\"target\":{\"@type\":\"EntryPoint\",\"urlTemplate\":\"https:\/\/www.istegroup.com\/?s={search_term_string}\"},\"query-input\":{\"@type\":\"PropertyValueSpecification\",\"valueRequired\":true,\"valueName\":\"search_term_string\"}}],\"inLanguage\":\"fr-FR\"}]}<\/script>\n<!-- \/ Yoast SEO plugin. -->","yoast_head_json":{"title":"G\u00e9opolitique et transition \u00e9nerg\u00e9tique 2 - ISTE Group","description":"G\u00e9opolitique et transition \u00e9nerg\u00e9tique 2 examine le secteur de l\u2019\u00e9nergie et l\u2019\u00e9tat de la transition \u00e9nerg\u00e9tique continent par continent.","robots":{"index":"index","follow":"follow","max-snippet":"max-snippet:-1","max-image-preview":"max-image-preview:large","max-video-preview":"max-video-preview:-1"},"canonical":"https:\/\/www.istegroup.com\/en\/produit\/geopolitique-et-transition-energetique-2\/","og_locale":"fr_FR","og_type":"article","og_title":"G\u00e9opolitique et transition \u00e9nerg\u00e9tique 2 - ISTE Group","og_description":"G\u00e9opolitique et transition \u00e9nerg\u00e9tique 2 examine le secteur de l\u2019\u00e9nergie et l\u2019\u00e9tat de la transition \u00e9nerg\u00e9tique continent par continent.","og_url":"https:\/\/www.istegroup.com\/en\/produit\/geopolitique-et-transition-energetique-2\/","og_site_name":"ISTE Group","article_modified_time":"2024-01-03T13:46:28+00:00","og_image":[{"width":350,"height":527,"url":"https:\/\/www.istegroup.com\/wp-content\/uploads\/2022\/08\/Geopolitique-et-transition-energetique-2.jpg","type":"image\/jpeg"}],"twitter_card":"summary_large_image","twitter_misc":{"Est. reading time":"1 minute"},"schema":{"@context":"https:\/\/schema.org","@graph":[{"@type":"WebPage","@id":"https:\/\/www.istegroup.com\/en\/produit\/geopolitique-et-transition-energetique-2\/","url":"https:\/\/www.istegroup.com\/en\/produit\/geopolitique-et-transition-energetique-2\/","name":"G\u00e9opolitique et transition \u00e9nerg\u00e9tique 2 - ISTE Group","isPartOf":{"@id":"https:\/\/www.istegroup.com\/#website"},"primaryImageOfPage":{"@id":"https:\/\/www.istegroup.com\/en\/produit\/geopolitique-et-transition-energetique-2\/#primaryimage"},"image":{"@id":"https:\/\/www.istegroup.com\/en\/produit\/geopolitique-et-transition-energetique-2\/#primaryimage"},"thumbnailUrl":"https:\/\/www.istegroup.com\/wp-content\/uploads\/2022\/08\/Geopolitique-et-transition-energetique-2.jpg","datePublished":"2022-08-31T08:31:11+00:00","dateModified":"2024-01-03T13:46:28+00:00","description":"G\u00e9opolitique et transition \u00e9nerg\u00e9tique 2 examine le secteur de l\u2019\u00e9nergie et l\u2019\u00e9tat de la transition \u00e9nerg\u00e9tique continent par continent.","breadcrumb":{"@id":"https:\/\/www.istegroup.com\/en\/produit\/geopolitique-et-transition-energetique-2\/#breadcrumb"},"inLanguage":"fr-FR","potentialAction":[{"@type":"ReadAction","target":["https:\/\/www.istegroup.com\/en\/produit\/geopolitique-et-transition-energetique-2\/"]}]},{"@type":"ImageObject","inLanguage":"fr-FR","@id":"https:\/\/www.istegroup.com\/en\/produit\/geopolitique-et-transition-energetique-2\/#primaryimage","url":"https:\/\/www.istegroup.com\/wp-content\/uploads\/2022\/08\/Geopolitique-et-transition-energetique-2.jpg","contentUrl":"https:\/\/www.istegroup.com\/wp-content\/uploads\/2022\/08\/Geopolitique-et-transition-energetique-2.jpg","width":350,"height":527,"caption":"Livre scientifique - G\u00e9opolitique et transition \u00e9nerg\u00e9tique 2 - Jean-Pierre Favennec"},{"@type":"BreadcrumbList","@id":"https:\/\/www.istegroup.com\/en\/produit\/geopolitique-et-transition-energetique-2\/#breadcrumb","itemListElement":[{"@type":"ListItem","position":1,"name":"Home","item":"https:\/\/www.istegroup.com\/"},{"@type":"ListItem","position":2,"name":"Shop","item":"https:\/\/www.istegroup.com\/fr\/nouveautes\/"},{"@type":"ListItem","position":3,"name":"G\u00e9opolitique et transition \u00e9nerg\u00e9tique 2"}]},{"@type":"WebSite","@id":"https:\/\/www.istegroup.com\/#website","url":"https:\/\/www.istegroup.com\/","name":"ISTE Group","description":"\u00c9diteur des Sciences","potentialAction":[{"@type":"SearchAction","target":{"@type":"EntryPoint","urlTemplate":"https:\/\/www.istegroup.com\/?s={search_term_string}"},"query-input":{"@type":"PropertyValueSpecification","valueRequired":true,"valueName":"search_term_string"}}],"inLanguage":"fr-FR"}]}},"_links":{"self":[{"href":"https:\/\/www.istegroup.com\/fr\/wp-json\/wp\/v2\/product\/47770","targetHints":{"allow":["GET"]}}],"collection":[{"href":"https:\/\/www.istegroup.com\/fr\/wp-json\/wp\/v2\/product"}],"about":[{"href":"https:\/\/www.istegroup.com\/fr\/wp-json\/wp\/v2\/types\/product"}],"wp:featuredmedia":[{"embeddable":true,"href":"https:\/\/www.istegroup.com\/fr\/wp-json\/wp\/v2\/media\/47773"}],"wp:attachment":[{"href":"https:\/\/www.istegroup.com\/fr\/wp-json\/wp\/v2\/media?parent=47770"}],"wp:term":[{"taxonomy":"product_brand","embeddable":true,"href":"https:\/\/www.istegroup.com\/fr\/wp-json\/wp\/v2\/product_brand?post=47770"},{"taxonomy":"product_cat","embeddable":true,"href":"https:\/\/www.istegroup.com\/fr\/wp-json\/wp\/v2\/product_cat?post=47770"},{"taxonomy":"product_tag","embeddable":true,"href":"https:\/\/www.istegroup.com\/fr\/wp-json\/wp\/v2\/product_tag?post=47770"}],"curies":[{"name":"wp","href":"https:\/\/api.w.org\/{rel}","templated":true}]}}