{"id":46889,"date":"2022-07-05T09:38:41","date_gmt":"2022-07-05T08:38:41","guid":{"rendered":"https:\/\/www.istegroup.com\/?post_type=product&#038;p=46889"},"modified":"2024-01-03T13:45:51","modified_gmt":"2024-01-03T13:45:51","slug":"de-lintelligence-artificielle-au-vehicule-autonome-et-connecte","status":"publish","type":"product","link":"https:\/\/www.istegroup.com\/fr\/produit\/de-lintelligence-artificielle-au-vehicule-autonome-et-connecte\/","title":{"rendered":"De l\u2019intelligence artificielle au v\u00e9hicule autonome et connect\u00e9"},"content":{"rendered":"<p><em>De l\u2019intelligence artificielle au v\u00e9hicule autonome et connect\u00e9<\/em> pr\u00e9sente les d\u00e9veloppements r\u00e9cents des syst\u00e8mes embarqu\u00e9s d\u2019aide \u00e0 la conduite automobile (ADAS), contribuant \u00e0 terme \u00e0 \u00e9quiper les v\u00e9hicules autonomes et connect\u00e9s de demain.<\/p>\n<p>Avec le d\u00e9veloppement de la mobilit\u00e9 automatis\u00e9e, il devient n\u00e9cessaire de concevoir un certain nombre de modules (perception, d\u00e9cision, action) qui, \u00e0 partir des donn\u00e9es produites par des sources d\u2019information embarqu\u00e9es ou distantes, vont permettre de construire un syst\u00e8me complet de conduite automatis\u00e9e.<\/p>\n<p>Apr\u00e8s avoir pr\u00e9sent\u00e9 un \u00e9tat de l\u2019art des techniques de l\u2019IA et leurs applications potentielles dans le domaine du v\u00e9hicule autonome, l\u2019ouvrage examine les syst\u00e8mes de perception privil\u00e9giant les capteurs visuels, le module de d\u00e9cision ainsi que le prototypage, le test et l\u2019\u00e9valuation des syst\u00e8mes ADAS pour une impl\u00e9mentation effective sur le v\u00e9hicule autonome et connect\u00e9. Les syst\u00e8mes coop\u00e9ratifs, un cas d\u2019usage de d\u00e9tection du pi\u00e9ton ainsi que les enjeux juridiques de l\u2019utilisation en milieux ouverts des v\u00e9hicules autonomes sont \u00e9galement \u00e9tudi\u00e9s.<\/p>","protected":false},"excerpt":{"rendered":"<p>De l\u2019intelligence artificielle au v\u00e9hicule autonome et connect\u00e9 pr\u00e9sente les d\u00e9veloppements r\u00e9cents des syst\u00e8mes embarqu\u00e9s d\u2019aide \u00e0 la conduite automobile (ADAS), contribuant \u00e0 terme \u00e0 \u00e9quiper les v\u00e9hicules autonomes et connect\u00e9s de demain. Avec le d\u00e9veloppement de la mobilit\u00e9 automatis\u00e9e, il devient n\u00e9cessaire de concevoir un certain nombre de modules (perception, d\u00e9cision, action) qui, \u00e0 [&hellip;]<\/p>\n","protected":false},"featured_media":46948,"template":"","meta":{"_acf_changed":false,"_links_to":"","_links_to_target":""},"product_brand":[],"product_cat":[684],"product_tag":[],"class_list":{"0":"post-46889","1":"product","2":"type-product","3":"status-publish","4":"has-post-thumbnail","6":"product_cat-sciences-socit-et-nouvelles-technologies-188422468","8":"first","9":"instock","10":"shipping-taxable","11":"purchasable","12":"product-type-variable"},"acf":[],"yoast_head":"<!-- This site is optimized with the Yoast SEO plugin v27.2 - https:\/\/yoast.com\/product\/yoast-seo-wordpress\/ -->\n<title>De l\u2019intelligence artificielle au v\u00e9hicule autonome et connect\u00e9 - ISTE Group<\/title>\n<meta name=\"robots\" content=\"index, follow, max-snippet:-1, max-image-preview:large, max-video-preview:-1\" \/>\n<link rel=\"canonical\" href=\"https:\/\/www.istegroup.com\/fr\/produit\/de-lintelligence-artificielle-au-vehicule-autonome-et-connecte\/\" \/>\n<meta property=\"og:locale\" content=\"fr_FR\" \/>\n<meta property=\"og:type\" content=\"article\" \/>\n<meta property=\"og:title\" content=\"De l\u2019intelligence artificielle au v\u00e9hicule autonome et connect\u00e9 - ISTE Group\" \/>\n<meta property=\"og:description\" content=\"De l\u2019intelligence artificielle au v\u00e9hicule autonome et connect\u00e9 pr\u00e9sente les d\u00e9veloppements r\u00e9cents des syst\u00e8mes embarqu\u00e9s d\u2019aide \u00e0 la conduite automobile (ADAS), contribuant \u00e0 terme \u00e0 \u00e9quiper les v\u00e9hicules autonomes et connect\u00e9s de demain. Avec le d\u00e9veloppement de la mobilit\u00e9 automatis\u00e9e, il devient n\u00e9cessaire de concevoir un certain nombre de modules (perception, d\u00e9cision, action) qui, \u00e0 [&hellip;]\" \/>\n<meta property=\"og:url\" content=\"https:\/\/www.istegroup.com\/fr\/produit\/de-lintelligence-artificielle-au-vehicule-autonome-et-connecte\/\" \/>\n<meta property=\"og:site_name\" content=\"ISTE Group\" \/>\n<meta property=\"article:modified_time\" content=\"2024-01-03T13:45:51+00:00\" \/>\n<meta property=\"og:image\" content=\"https:\/\/www.istegroup.com\/wp-content\/uploads\/2022\/06\/De-lintelligence-artificielle-au-vehicule-autonome.jpg\" \/>\n\t<meta property=\"og:image:width\" content=\"350\" \/>\n\t<meta property=\"og:image:height\" content=\"527\" \/>\n\t<meta property=\"og:image:type\" content=\"image\/jpeg\" \/>\n<meta name=\"twitter:card\" content=\"summary_large_image\" \/>\n<meta name=\"twitter:label1\" content=\"Est. reading time\" \/>\n\t<meta name=\"twitter:data1\" content=\"1 minute\" \/>\n<script type=\"application\/ld+json\" class=\"yoast-schema-graph\">{\"@context\":\"https:\/\/schema.org\",\"@graph\":[{\"@type\":\"WebPage\",\"@id\":\"https:\/\/www.istegroup.com\/fr\/produit\/de-lintelligence-artificielle-au-vehicule-autonome-et-connecte\/\",\"url\":\"https:\/\/www.istegroup.com\/fr\/produit\/de-lintelligence-artificielle-au-vehicule-autonome-et-connecte\/\",\"name\":\"De l\u2019intelligence artificielle au v\u00e9hicule autonome et connect\u00e9 - ISTE Group\",\"isPartOf\":{\"@id\":\"https:\/\/www.istegroup.com\/#website\"},\"primaryImageOfPage\":{\"@id\":\"https:\/\/www.istegroup.com\/fr\/produit\/de-lintelligence-artificielle-au-vehicule-autonome-et-connecte\/#primaryimage\"},\"image\":{\"@id\":\"https:\/\/www.istegroup.com\/fr\/produit\/de-lintelligence-artificielle-au-vehicule-autonome-et-connecte\/#primaryimage\"},\"thumbnailUrl\":\"https:\/\/www.istegroup.com\/wp-content\/uploads\/2022\/06\/De-lintelligence-artificielle-au-vehicule-autonome.jpg\",\"datePublished\":\"2022-07-05T08:38:41+00:00\",\"dateModified\":\"2024-01-03T13:45:51+00:00\",\"breadcrumb\":{\"@id\":\"https:\/\/www.istegroup.com\/fr\/produit\/de-lintelligence-artificielle-au-vehicule-autonome-et-connecte\/#breadcrumb\"},\"inLanguage\":\"fr-FR\",\"potentialAction\":[{\"@type\":\"ReadAction\",\"target\":[\"https:\/\/www.istegroup.com\/fr\/produit\/de-lintelligence-artificielle-au-vehicule-autonome-et-connecte\/\"]}]},{\"@type\":\"ImageObject\",\"inLanguage\":\"fr-FR\",\"@id\":\"https:\/\/www.istegroup.com\/fr\/produit\/de-lintelligence-artificielle-au-vehicule-autonome-et-connecte\/#primaryimage\",\"url\":\"https:\/\/www.istegroup.com\/wp-content\/uploads\/2022\/06\/De-lintelligence-artificielle-au-vehicule-autonome.jpg\",\"contentUrl\":\"https:\/\/www.istegroup.com\/wp-content\/uploads\/2022\/06\/De-lintelligence-artificielle-au-vehicule-autonome.jpg\",\"width\":350,\"height\":527,\"caption\":\"Livre scientifique - De l\u2019intelligence artificielle au v\u00e9hicule autonome et connect\u00e9\"},{\"@type\":\"BreadcrumbList\",\"@id\":\"https:\/\/www.istegroup.com\/fr\/produit\/de-lintelligence-artificielle-au-vehicule-autonome-et-connecte\/#breadcrumb\",\"itemListElement\":[{\"@type\":\"ListItem\",\"position\":1,\"name\":\"Home\",\"item\":\"https:\/\/www.istegroup.com\/\"},{\"@type\":\"ListItem\",\"position\":2,\"name\":\"Shop\",\"item\":\"https:\/\/www.istegroup.com\/fr\/nouveautes\/\"},{\"@type\":\"ListItem\",\"position\":3,\"name\":\"De l\u2019intelligence artificielle au v\u00e9hicule autonome et connect\u00e9\"}]},{\"@type\":\"WebSite\",\"@id\":\"https:\/\/www.istegroup.com\/#website\",\"url\":\"https:\/\/www.istegroup.com\/\",\"name\":\"ISTE Group\",\"description\":\"\u00c9diteur des Sciences\",\"potentialAction\":[{\"@type\":\"SearchAction\",\"target\":{\"@type\":\"EntryPoint\",\"urlTemplate\":\"https:\/\/www.istegroup.com\/?s={search_term_string}\"},\"query-input\":{\"@type\":\"PropertyValueSpecification\",\"valueRequired\":true,\"valueName\":\"search_term_string\"}}],\"inLanguage\":\"fr-FR\"}]}<\/script>\n<!-- \/ Yoast SEO plugin. -->","yoast_head_json":{"title":"De l\u2019intelligence artificielle au v\u00e9hicule autonome et connect\u00e9 - ISTE Group","robots":{"index":"index","follow":"follow","max-snippet":"max-snippet:-1","max-image-preview":"max-image-preview:large","max-video-preview":"max-video-preview:-1"},"canonical":"https:\/\/www.istegroup.com\/fr\/produit\/de-lintelligence-artificielle-au-vehicule-autonome-et-connecte\/","og_locale":"fr_FR","og_type":"article","og_title":"De l\u2019intelligence artificielle au v\u00e9hicule autonome et connect\u00e9 - ISTE Group","og_description":"De l\u2019intelligence artificielle au v\u00e9hicule autonome et connect\u00e9 pr\u00e9sente les d\u00e9veloppements r\u00e9cents des syst\u00e8mes embarqu\u00e9s d\u2019aide \u00e0 la conduite automobile (ADAS), contribuant \u00e0 terme \u00e0 \u00e9quiper les v\u00e9hicules autonomes et connect\u00e9s de demain. Avec le d\u00e9veloppement de la mobilit\u00e9 automatis\u00e9e, il devient n\u00e9cessaire de concevoir un certain nombre de modules (perception, d\u00e9cision, action) qui, \u00e0 [&hellip;]","og_url":"https:\/\/www.istegroup.com\/fr\/produit\/de-lintelligence-artificielle-au-vehicule-autonome-et-connecte\/","og_site_name":"ISTE Group","article_modified_time":"2024-01-03T13:45:51+00:00","og_image":[{"width":350,"height":527,"url":"https:\/\/www.istegroup.com\/wp-content\/uploads\/2022\/06\/De-lintelligence-artificielle-au-vehicule-autonome.jpg","type":"image\/jpeg"}],"twitter_card":"summary_large_image","twitter_misc":{"Est. reading time":"1 minute"},"schema":{"@context":"https:\/\/schema.org","@graph":[{"@type":"WebPage","@id":"https:\/\/www.istegroup.com\/fr\/produit\/de-lintelligence-artificielle-au-vehicule-autonome-et-connecte\/","url":"https:\/\/www.istegroup.com\/fr\/produit\/de-lintelligence-artificielle-au-vehicule-autonome-et-connecte\/","name":"De l\u2019intelligence artificielle au v\u00e9hicule autonome et connect\u00e9 - ISTE Group","isPartOf":{"@id":"https:\/\/www.istegroup.com\/#website"},"primaryImageOfPage":{"@id":"https:\/\/www.istegroup.com\/fr\/produit\/de-lintelligence-artificielle-au-vehicule-autonome-et-connecte\/#primaryimage"},"image":{"@id":"https:\/\/www.istegroup.com\/fr\/produit\/de-lintelligence-artificielle-au-vehicule-autonome-et-connecte\/#primaryimage"},"thumbnailUrl":"https:\/\/www.istegroup.com\/wp-content\/uploads\/2022\/06\/De-lintelligence-artificielle-au-vehicule-autonome.jpg","datePublished":"2022-07-05T08:38:41+00:00","dateModified":"2024-01-03T13:45:51+00:00","breadcrumb":{"@id":"https:\/\/www.istegroup.com\/fr\/produit\/de-lintelligence-artificielle-au-vehicule-autonome-et-connecte\/#breadcrumb"},"inLanguage":"fr-FR","potentialAction":[{"@type":"ReadAction","target":["https:\/\/www.istegroup.com\/fr\/produit\/de-lintelligence-artificielle-au-vehicule-autonome-et-connecte\/"]}]},{"@type":"ImageObject","inLanguage":"fr-FR","@id":"https:\/\/www.istegroup.com\/fr\/produit\/de-lintelligence-artificielle-au-vehicule-autonome-et-connecte\/#primaryimage","url":"https:\/\/www.istegroup.com\/wp-content\/uploads\/2022\/06\/De-lintelligence-artificielle-au-vehicule-autonome.jpg","contentUrl":"https:\/\/www.istegroup.com\/wp-content\/uploads\/2022\/06\/De-lintelligence-artificielle-au-vehicule-autonome.jpg","width":350,"height":527,"caption":"Livre scientifique - De l\u2019intelligence artificielle au v\u00e9hicule autonome et connect\u00e9"},{"@type":"BreadcrumbList","@id":"https:\/\/www.istegroup.com\/fr\/produit\/de-lintelligence-artificielle-au-vehicule-autonome-et-connecte\/#breadcrumb","itemListElement":[{"@type":"ListItem","position":1,"name":"Home","item":"https:\/\/www.istegroup.com\/"},{"@type":"ListItem","position":2,"name":"Shop","item":"https:\/\/www.istegroup.com\/fr\/nouveautes\/"},{"@type":"ListItem","position":3,"name":"De l\u2019intelligence artificielle au v\u00e9hicule autonome et connect\u00e9"}]},{"@type":"WebSite","@id":"https:\/\/www.istegroup.com\/#website","url":"https:\/\/www.istegroup.com\/","name":"ISTE Group","description":"\u00c9diteur des Sciences","potentialAction":[{"@type":"SearchAction","target":{"@type":"EntryPoint","urlTemplate":"https:\/\/www.istegroup.com\/?s={search_term_string}"},"query-input":{"@type":"PropertyValueSpecification","valueRequired":true,"valueName":"search_term_string"}}],"inLanguage":"fr-FR"}]}},"_links":{"self":[{"href":"https:\/\/www.istegroup.com\/fr\/wp-json\/wp\/v2\/product\/46889","targetHints":{"allow":["GET"]}}],"collection":[{"href":"https:\/\/www.istegroup.com\/fr\/wp-json\/wp\/v2\/product"}],"about":[{"href":"https:\/\/www.istegroup.com\/fr\/wp-json\/wp\/v2\/types\/product"}],"wp:featuredmedia":[{"embeddable":true,"href":"https:\/\/www.istegroup.com\/fr\/wp-json\/wp\/v2\/media\/46948"}],"wp:attachment":[{"href":"https:\/\/www.istegroup.com\/fr\/wp-json\/wp\/v2\/media?parent=46889"}],"wp:term":[{"taxonomy":"product_brand","embeddable":true,"href":"https:\/\/www.istegroup.com\/fr\/wp-json\/wp\/v2\/product_brand?post=46889"},{"taxonomy":"product_cat","embeddable":true,"href":"https:\/\/www.istegroup.com\/fr\/wp-json\/wp\/v2\/product_cat?post=46889"},{"taxonomy":"product_tag","embeddable":true,"href":"https:\/\/www.istegroup.com\/fr\/wp-json\/wp\/v2\/product_tag?post=46889"}],"curies":[{"name":"wp","href":"https:\/\/api.w.org\/{rel}","templated":true}]}}