{"id":45149,"date":"2022-02-15T15:21:21","date_gmt":"2022-02-15T15:21:21","guid":{"rendered":"https:\/\/www.istegroup.com\/?post_type=product&#038;p=45149"},"modified":"2024-01-03T13:45:27","modified_gmt":"2024-01-03T13:45:27","slug":"le-programme-educatif-mber","status":"publish","type":"product","link":"https:\/\/www.istegroup.com\/fr\/produit\/le-programme-educatif-mber\/","title":{"rendered":"Le programme \u00e9ducatif MBER"},"content":{"rendered":"<p>Une solution \u00e9thique des probl\u00e8mes sanitaires, \u00e9cologiques et financiers actuels mobilise notre responsabilit\u00e9 par un d\u00e9passement de notre dualit\u00e9 avec l\u2019environnement. Elle appelle des changements d\u2019attitudes et de comportements qui ne vont pas de soi et seraient facilit\u00e9s par un apprentissage sp\u00e9cifique. Les interventions bas\u00e9es sur la pleine conscience (IBPC) sont de plus en plus utilis\u00e9es dans les milieux professionnels, notamment th\u00e9rapeutiques, car leur efficacit\u00e9 en termes de changements est de plus en plus \u00e9tay\u00e9e scientifiquement.<\/p>\n<p>Apportant de nouveaux \u00e9l\u00e9ments de r\u00e9flexion et de pratiques, cet ouvrage pr\u00e9sente de mani\u00e8re d\u00e9taill\u00e9e un programme visant le d\u00e9veloppement d\u2019une \u00e9thique de la responsabilit\u00e9 (<em>Mindfulness\/ Meditation-Based Ethics of Responsibility<\/em>, MBER). Il allie des explications th\u00e9oriques et des exercices, qui, loin d\u2019imposer des normes \u00e9thiques, en proposent certaines, tout en accompagnant les participants pour identifier leurs propres valeurs \u00e9thiques et agir en coh\u00e9rence avec elles.<\/p>","protected":false},"excerpt":{"rendered":"<p>Une solution \u00e9thique des probl\u00e8mes sanitaires, \u00e9cologiques et financiers actuels mobilise notre responsabilit\u00e9 par un d\u00e9passement de notre dualit\u00e9 avec l\u2019environnement. Elle appelle des changements d\u2019attitudes et de comportements qui ne vont pas de soi et seraient facilit\u00e9s par un apprentissage sp\u00e9cifique. Les interventions bas\u00e9es sur la pleine conscience (IBPC) sont de plus en plus [&hellip;]<\/p>\n","protected":false},"featured_media":45153,"template":"","meta":{"_acf_changed":false,"_links_to":"","_links_to_target":""},"product_brand":[],"product_cat":[669],"product_tag":[],"class_list":{"0":"post-45149","1":"product","2":"type-product","3":"status-publish","4":"has-post-thumbnail","6":"product_cat-innovation-en-sciences-de-lducation-433942033","8":"first","9":"instock","10":"shipping-taxable","11":"purchasable","12":"product-type-variable"},"acf":[],"yoast_head":"<!-- This site is optimized with the Yoast SEO plugin v27.2 - https:\/\/yoast.com\/product\/yoast-seo-wordpress\/ -->\n<title>Le programme \u00e9ducatif MBER - ISTE Group<\/title>\n<meta name=\"description\" content=\"Cet ouvrage pr\u00e9sente de mani\u00e8re d\u00e9taill\u00e9e un programme visant le d\u00e9veloppement d\u2019une \u00e9thique de la responsabilit\u00e9 (Mindfulness\/ Meditation-Based Ethics of Responsibility, MBER).\" \/>\n<meta name=\"robots\" content=\"index, follow, max-snippet:-1, max-image-preview:large, max-video-preview:-1\" \/>\n<link rel=\"canonical\" href=\"https:\/\/www.istegroup.com\/fr\/produit\/le-programme-educatif-mber\/\" \/>\n<meta property=\"og:locale\" content=\"fr_FR\" \/>\n<meta property=\"og:type\" content=\"article\" \/>\n<meta property=\"og:title\" content=\"Le programme \u00e9ducatif MBER - ISTE Group\" \/>\n<meta property=\"og:description\" content=\"Cet ouvrage pr\u00e9sente de mani\u00e8re d\u00e9taill\u00e9e un programme visant le d\u00e9veloppement d\u2019une \u00e9thique de la responsabilit\u00e9 (Mindfulness\/ Meditation-Based Ethics of Responsibility, MBER).\" \/>\n<meta property=\"og:url\" content=\"https:\/\/www.istegroup.com\/fr\/produit\/le-programme-educatif-mber\/\" \/>\n<meta property=\"og:site_name\" content=\"ISTE Group\" \/>\n<meta property=\"article:modified_time\" content=\"2024-01-03T13:45:27+00:00\" \/>\n<meta property=\"og:image\" content=\"https:\/\/www.istegroup.com\/wp-content\/uploads\/2022\/01\/Le-programme-educatif-MBER.jpg\" \/>\n\t<meta property=\"og:image:width\" content=\"350\" \/>\n\t<meta property=\"og:image:height\" content=\"524\" \/>\n\t<meta property=\"og:image:type\" content=\"image\/jpeg\" \/>\n<meta name=\"twitter:card\" content=\"summary_large_image\" \/>\n<meta name=\"twitter:label1\" content=\"Est. reading time\" \/>\n\t<meta name=\"twitter:data1\" content=\"1 minute\" \/>\n<script type=\"application\/ld+json\" class=\"yoast-schema-graph\">{\"@context\":\"https:\/\/schema.org\",\"@graph\":[{\"@type\":\"WebPage\",\"@id\":\"https:\/\/www.istegroup.com\/fr\/produit\/le-programme-educatif-mber\/\",\"url\":\"https:\/\/www.istegroup.com\/fr\/produit\/le-programme-educatif-mber\/\",\"name\":\"Le programme \u00e9ducatif MBER - ISTE Group\",\"isPartOf\":{\"@id\":\"https:\/\/www.istegroup.com\/#website\"},\"primaryImageOfPage\":{\"@id\":\"https:\/\/www.istegroup.com\/fr\/produit\/le-programme-educatif-mber\/#primaryimage\"},\"image\":{\"@id\":\"https:\/\/www.istegroup.com\/fr\/produit\/le-programme-educatif-mber\/#primaryimage\"},\"thumbnailUrl\":\"https:\/\/www.istegroup.com\/wp-content\/uploads\/2022\/01\/Le-programme-educatif-MBER.jpg\",\"datePublished\":\"2022-02-15T15:21:21+00:00\",\"dateModified\":\"2024-01-03T13:45:27+00:00\",\"description\":\"Cet ouvrage pr\u00e9sente de mani\u00e8re d\u00e9taill\u00e9e un programme visant le d\u00e9veloppement d\u2019une \u00e9thique de la responsabilit\u00e9 (Mindfulness\/ Meditation-Based Ethics of Responsibility, MBER).\",\"breadcrumb\":{\"@id\":\"https:\/\/www.istegroup.com\/fr\/produit\/le-programme-educatif-mber\/#breadcrumb\"},\"inLanguage\":\"fr-FR\",\"potentialAction\":[{\"@type\":\"ReadAction\",\"target\":[\"https:\/\/www.istegroup.com\/fr\/produit\/le-programme-educatif-mber\/\"]}]},{\"@type\":\"ImageObject\",\"inLanguage\":\"fr-FR\",\"@id\":\"https:\/\/www.istegroup.com\/fr\/produit\/le-programme-educatif-mber\/#primaryimage\",\"url\":\"https:\/\/www.istegroup.com\/wp-content\/uploads\/2022\/01\/Le-programme-educatif-MBER.jpg\",\"contentUrl\":\"https:\/\/www.istegroup.com\/wp-content\/uploads\/2022\/01\/Le-programme-educatif-MBER.jpg\",\"width\":350,\"height\":524,\"caption\":\"Livre scientifique - Le programme \u00e9ducatif MBER - H\u00e9l\u00e8ne Hag\u00e8ge\"},{\"@type\":\"BreadcrumbList\",\"@id\":\"https:\/\/www.istegroup.com\/fr\/produit\/le-programme-educatif-mber\/#breadcrumb\",\"itemListElement\":[{\"@type\":\"ListItem\",\"position\":1,\"name\":\"Home\",\"item\":\"https:\/\/www.istegroup.com\/\"},{\"@type\":\"ListItem\",\"position\":2,\"name\":\"Shop\",\"item\":\"https:\/\/www.istegroup.com\/fr\/nouveautes\/\"},{\"@type\":\"ListItem\",\"position\":3,\"name\":\"Le programme \u00e9ducatif MBER\"}]},{\"@type\":\"WebSite\",\"@id\":\"https:\/\/www.istegroup.com\/#website\",\"url\":\"https:\/\/www.istegroup.com\/\",\"name\":\"ISTE Group\",\"description\":\"\u00c9diteur des Sciences\",\"potentialAction\":[{\"@type\":\"SearchAction\",\"target\":{\"@type\":\"EntryPoint\",\"urlTemplate\":\"https:\/\/www.istegroup.com\/?s={search_term_string}\"},\"query-input\":{\"@type\":\"PropertyValueSpecification\",\"valueRequired\":true,\"valueName\":\"search_term_string\"}}],\"inLanguage\":\"fr-FR\"}]}<\/script>\n<!-- \/ Yoast SEO plugin. -->","yoast_head_json":{"title":"Le programme \u00e9ducatif MBER - ISTE Group","description":"Cet ouvrage pr\u00e9sente de mani\u00e8re d\u00e9taill\u00e9e un programme visant le d\u00e9veloppement d\u2019une \u00e9thique de la responsabilit\u00e9 (Mindfulness\/ Meditation-Based Ethics of Responsibility, MBER).","robots":{"index":"index","follow":"follow","max-snippet":"max-snippet:-1","max-image-preview":"max-image-preview:large","max-video-preview":"max-video-preview:-1"},"canonical":"https:\/\/www.istegroup.com\/fr\/produit\/le-programme-educatif-mber\/","og_locale":"fr_FR","og_type":"article","og_title":"Le programme \u00e9ducatif MBER - ISTE Group","og_description":"Cet ouvrage pr\u00e9sente de mani\u00e8re d\u00e9taill\u00e9e un programme visant le d\u00e9veloppement d\u2019une \u00e9thique de la responsabilit\u00e9 (Mindfulness\/ Meditation-Based Ethics of Responsibility, MBER).","og_url":"https:\/\/www.istegroup.com\/fr\/produit\/le-programme-educatif-mber\/","og_site_name":"ISTE Group","article_modified_time":"2024-01-03T13:45:27+00:00","og_image":[{"width":350,"height":524,"url":"https:\/\/www.istegroup.com\/wp-content\/uploads\/2022\/01\/Le-programme-educatif-MBER.jpg","type":"image\/jpeg"}],"twitter_card":"summary_large_image","twitter_misc":{"Est. reading time":"1 minute"},"schema":{"@context":"https:\/\/schema.org","@graph":[{"@type":"WebPage","@id":"https:\/\/www.istegroup.com\/fr\/produit\/le-programme-educatif-mber\/","url":"https:\/\/www.istegroup.com\/fr\/produit\/le-programme-educatif-mber\/","name":"Le programme \u00e9ducatif MBER - ISTE Group","isPartOf":{"@id":"https:\/\/www.istegroup.com\/#website"},"primaryImageOfPage":{"@id":"https:\/\/www.istegroup.com\/fr\/produit\/le-programme-educatif-mber\/#primaryimage"},"image":{"@id":"https:\/\/www.istegroup.com\/fr\/produit\/le-programme-educatif-mber\/#primaryimage"},"thumbnailUrl":"https:\/\/www.istegroup.com\/wp-content\/uploads\/2022\/01\/Le-programme-educatif-MBER.jpg","datePublished":"2022-02-15T15:21:21+00:00","dateModified":"2024-01-03T13:45:27+00:00","description":"Cet ouvrage pr\u00e9sente de mani\u00e8re d\u00e9taill\u00e9e un programme visant le d\u00e9veloppement d\u2019une \u00e9thique de la responsabilit\u00e9 (Mindfulness\/ Meditation-Based Ethics of Responsibility, MBER).","breadcrumb":{"@id":"https:\/\/www.istegroup.com\/fr\/produit\/le-programme-educatif-mber\/#breadcrumb"},"inLanguage":"fr-FR","potentialAction":[{"@type":"ReadAction","target":["https:\/\/www.istegroup.com\/fr\/produit\/le-programme-educatif-mber\/"]}]},{"@type":"ImageObject","inLanguage":"fr-FR","@id":"https:\/\/www.istegroup.com\/fr\/produit\/le-programme-educatif-mber\/#primaryimage","url":"https:\/\/www.istegroup.com\/wp-content\/uploads\/2022\/01\/Le-programme-educatif-MBER.jpg","contentUrl":"https:\/\/www.istegroup.com\/wp-content\/uploads\/2022\/01\/Le-programme-educatif-MBER.jpg","width":350,"height":524,"caption":"Livre scientifique - Le programme \u00e9ducatif MBER - H\u00e9l\u00e8ne Hag\u00e8ge"},{"@type":"BreadcrumbList","@id":"https:\/\/www.istegroup.com\/fr\/produit\/le-programme-educatif-mber\/#breadcrumb","itemListElement":[{"@type":"ListItem","position":1,"name":"Home","item":"https:\/\/www.istegroup.com\/"},{"@type":"ListItem","position":2,"name":"Shop","item":"https:\/\/www.istegroup.com\/fr\/nouveautes\/"},{"@type":"ListItem","position":3,"name":"Le programme \u00e9ducatif MBER"}]},{"@type":"WebSite","@id":"https:\/\/www.istegroup.com\/#website","url":"https:\/\/www.istegroup.com\/","name":"ISTE Group","description":"\u00c9diteur des Sciences","potentialAction":[{"@type":"SearchAction","target":{"@type":"EntryPoint","urlTemplate":"https:\/\/www.istegroup.com\/?s={search_term_string}"},"query-input":{"@type":"PropertyValueSpecification","valueRequired":true,"valueName":"search_term_string"}}],"inLanguage":"fr-FR"}]}},"_links":{"self":[{"href":"https:\/\/www.istegroup.com\/fr\/wp-json\/wp\/v2\/product\/45149","targetHints":{"allow":["GET"]}}],"collection":[{"href":"https:\/\/www.istegroup.com\/fr\/wp-json\/wp\/v2\/product"}],"about":[{"href":"https:\/\/www.istegroup.com\/fr\/wp-json\/wp\/v2\/types\/product"}],"wp:featuredmedia":[{"embeddable":true,"href":"https:\/\/www.istegroup.com\/fr\/wp-json\/wp\/v2\/media\/45153"}],"wp:attachment":[{"href":"https:\/\/www.istegroup.com\/fr\/wp-json\/wp\/v2\/media?parent=45149"}],"wp:term":[{"taxonomy":"product_brand","embeddable":true,"href":"https:\/\/www.istegroup.com\/fr\/wp-json\/wp\/v2\/product_brand?post=45149"},{"taxonomy":"product_cat","embeddable":true,"href":"https:\/\/www.istegroup.com\/fr\/wp-json\/wp\/v2\/product_cat?post=45149"},{"taxonomy":"product_tag","embeddable":true,"href":"https:\/\/www.istegroup.com\/fr\/wp-json\/wp\/v2\/product_tag?post=45149"}],"curies":[{"name":"wp","href":"https:\/\/api.w.org\/{rel}","templated":true}]}}