{"id":44066,"date":"2021-10-21T10:38:20","date_gmt":"2021-10-21T09:38:20","guid":{"rendered":"https:\/\/www.istegroup.com\/?post_type=product&#038;p=44066"},"modified":"2024-01-03T13:45:22","modified_gmt":"2024-01-03T13:45:22","slug":"ecologie-territoriale-et-transition-socio-ecologique","status":"publish","type":"product","link":"https:\/\/www.istegroup.com\/fr\/produit\/ecologie-territoriale-et-transition-socio-ecologique\/","title":{"rendered":"\u00c9cologie territoriale et transition socio-\u00e9cologique"},"content":{"rendered":"<p>Face au d\u00e9r\u00e8glement climatique, \u00e0 la disparition massive de la biodiversit\u00e9, \u00e0 la p\u00e9nurie d\u2019un nombre croissant de ressources strat\u00e9giques, l\u2019\u00e9volution de la soci\u00e9t\u00e9 doit \u00eatre pens\u00e9e de fa\u00e7on syst\u00e9mique. C\u2019est ce que propose l\u2019\u00e9cologie territoriale fond\u00e9e sur l\u2019analyse du m\u00e9tabolisme des soci\u00e9t\u00e9s humaines et de la mesure de la circulation des flux repr\u00e9sentant la mat\u00e9rialit\u00e9 de ces soci\u00e9t\u00e9s.<\/p>\n<p><em>\u00c9cologie territoriale et transition socio-\u00e9cologique<\/em> pr\u00e9sente cette approche interdisciplinaire fond\u00e9e sur l\u2019optimisation des flux (eau, \u00e9nergie, d\u00e9chets, etc.), tout en apportant des nouveaut\u00e9s m\u00e9thodologiques. Il s\u2019int\u00e9resse notamment aux questions fondamentales suivantes : qui est \u00e0 l\u2019origine de la circulation des flux ? Avec quelles motivations ? Qui dispose du pouvoir de d\u00e9cision de cette circulation ? Une place particuli\u00e8re est ainsi accord\u00e9e \u00e0 l\u2019analyse des interactions entre les acteurs \u00e0 l\u2019origine de la circulation des flux, ou influant sur elle. L\u2019ouvrage insiste \u00e9galement sur la fa\u00e7on de relier les m\u00e9thodes d\u00e9velopp\u00e9es avec des principes politiques aptes \u00e0 favoriser la transition socio-\u00e9cologique.<\/p>\n<p>Cette d\u00e9marche, entre description mat\u00e9rielle du fonctionnement des soci\u00e9t\u00e9s humaines et analyse des processus d\u00e9cisionnels, constitue une aide \u00e0 l\u2019\u00e9laboration de diagnostics et de strat\u00e9gies \u00e0 l\u2019\u00e9chelle territoriale.<\/p>\n<p>&nbsp;<\/p>\n<p><strong>La presse en parle<\/strong><\/p>\n<p>\u00ab (&#8230;) N. Buclet propose dans ce nouveau livre non seulement de revenir sur l\u2019histoire et la trajectoire conceptuelle de l\u2019\u00e9cologie territoriale, mais aussi de contribuer \u00e0 son d\u00e9veloppement th\u00e9orique et op\u00e9rationnel pour donner aux territoires toute leur place face \u00e0 la crise socio\u00e9cologique. \u00bb<br \/>\n<a style=\"color: #1e9691;\" href=\"https:\/\/www.istegroup.com\/wp-content\/uploads\/2023\/12\/nss230042.pdf\"><em>Revue Natures Sciences Soci\u00e9t\u00e9s<\/em><\/a><\/p>","protected":false},"excerpt":{"rendered":"<p>Face au d\u00e9r\u00e8glement climatique, \u00e0 la disparition massive de la biodiversit\u00e9, \u00e0 la p\u00e9nurie d\u2019un nombre croissant de ressources strat\u00e9giques, l\u2019\u00e9volution de la soci\u00e9t\u00e9 doit \u00eatre pens\u00e9e de fa\u00e7on syst\u00e9mique. C\u2019est ce que propose l\u2019\u00e9cologie territoriale fond\u00e9e sur l\u2019analyse du m\u00e9tabolisme des soci\u00e9t\u00e9s humaines et de la mesure de la circulation des flux repr\u00e9sentant la [&hellip;]<\/p>\n","protected":false},"featured_media":44074,"template":"","meta":{"_acf_changed":false,"_links_to":"","_links_to_target":""},"product_brand":[],"product_cat":[3262],"product_tag":[],"class_list":{"0":"post-44066","1":"product","2":"type-product","3":"status-publish","4":"has-post-thumbnail","6":"product_cat-non-classe","8":"first","9":"instock","10":"shipping-taxable","11":"purchasable","12":"product-type-variable"},"acf":[],"yoast_head":"<!-- This site is optimized with the Yoast SEO plugin v27.2 - https:\/\/yoast.com\/product\/yoast-seo-wordpress\/ -->\n<title>\u00c9cologie territoriale et transition socio-\u00e9cologique - ISTE Group<\/title>\n<meta name=\"description\" content=\"\u00c9cologie territoriale et transition socio-\u00e9cologique pr\u00e9sente cette approche interdisciplinaire fond\u00e9e sur l\u2019optimisation des flux (eau, \u00e9nergie, d\u00e9chets, etc.), tout en apportant des nouveaut\u00e9s m\u00e9thodologiques.\" \/>\n<meta name=\"robots\" content=\"index, follow, max-snippet:-1, max-image-preview:large, max-video-preview:-1\" \/>\n<link rel=\"canonical\" href=\"https:\/\/www.istegroup.com\/produit\/ecologie-territoriale-et-transition-socio-ecologique\/\" \/>\n<meta property=\"og:locale\" content=\"fr_FR\" \/>\n<meta property=\"og:type\" content=\"article\" \/>\n<meta property=\"og:title\" content=\"\u00c9cologie territoriale et transition socio-\u00e9cologique - ISTE Group\" \/>\n<meta property=\"og:description\" content=\"\u00c9cologie territoriale et transition socio-\u00e9cologique pr\u00e9sente cette approche interdisciplinaire fond\u00e9e sur l\u2019optimisation des flux (eau, \u00e9nergie, d\u00e9chets, etc.), tout en apportant des nouveaut\u00e9s m\u00e9thodologiques.\" \/>\n<meta property=\"og:url\" content=\"https:\/\/www.istegroup.com\/produit\/ecologie-territoriale-et-transition-socio-ecologique\/\" \/>\n<meta property=\"og:site_name\" content=\"ISTE Group\" \/>\n<meta property=\"article:modified_time\" content=\"2024-01-03T13:45:22+00:00\" \/>\n<meta property=\"og:image\" content=\"https:\/\/www.istegroup.com\/wp-content\/uploads\/2021\/10\/Ecologie-territoriale-et-transition-socio-ecologique.jpg\" \/>\n\t<meta property=\"og:image:width\" content=\"300\" \/>\n\t<meta property=\"og:image:height\" content=\"450\" \/>\n\t<meta property=\"og:image:type\" content=\"image\/jpeg\" \/>\n<meta name=\"twitter:card\" content=\"summary_large_image\" \/>\n<meta name=\"twitter:label1\" content=\"Est. reading time\" \/>\n\t<meta name=\"twitter:data1\" content=\"3 minutes\" \/>\n<script type=\"application\/ld+json\" class=\"yoast-schema-graph\">{\"@context\":\"https:\/\/schema.org\",\"@graph\":[{\"@type\":\"WebPage\",\"@id\":\"https:\/\/www.istegroup.com\/produit\/ecologie-territoriale-et-transition-socio-ecologique\/\",\"url\":\"https:\/\/www.istegroup.com\/produit\/ecologie-territoriale-et-transition-socio-ecologique\/\",\"name\":\"\u00c9cologie territoriale et transition socio-\u00e9cologique - ISTE Group\",\"isPartOf\":{\"@id\":\"https:\/\/www.istegroup.com\/#website\"},\"primaryImageOfPage\":{\"@id\":\"https:\/\/www.istegroup.com\/produit\/ecologie-territoriale-et-transition-socio-ecologique\/#primaryimage\"},\"image\":{\"@id\":\"https:\/\/www.istegroup.com\/produit\/ecologie-territoriale-et-transition-socio-ecologique\/#primaryimage\"},\"thumbnailUrl\":\"https:\/\/www.istegroup.com\/wp-content\/uploads\/2021\/10\/Ecologie-territoriale-et-transition-socio-ecologique.jpg\",\"datePublished\":\"2021-10-21T09:38:20+00:00\",\"dateModified\":\"2024-01-03T13:45:22+00:00\",\"description\":\"\u00c9cologie territoriale et transition socio-\u00e9cologique pr\u00e9sente cette approche interdisciplinaire fond\u00e9e sur l\u2019optimisation des flux (eau, \u00e9nergie, d\u00e9chets, etc.), tout en apportant des nouveaut\u00e9s m\u00e9thodologiques.\",\"breadcrumb\":{\"@id\":\"https:\/\/www.istegroup.com\/produit\/ecologie-territoriale-et-transition-socio-ecologique\/#breadcrumb\"},\"inLanguage\":\"fr-FR\",\"potentialAction\":[{\"@type\":\"ReadAction\",\"target\":[\"https:\/\/www.istegroup.com\/produit\/ecologie-territoriale-et-transition-socio-ecologique\/\"]}]},{\"@type\":\"ImageObject\",\"inLanguage\":\"fr-FR\",\"@id\":\"https:\/\/www.istegroup.com\/produit\/ecologie-territoriale-et-transition-socio-ecologique\/#primaryimage\",\"url\":\"https:\/\/www.istegroup.com\/wp-content\/uploads\/2021\/10\/Ecologie-territoriale-et-transition-socio-ecologique.jpg\",\"contentUrl\":\"https:\/\/www.istegroup.com\/wp-content\/uploads\/2021\/10\/Ecologie-territoriale-et-transition-socio-ecologique.jpg\",\"width\":300,\"height\":450,\"caption\":\"Livre scientifique - \u00c9cologie territoriale et transition socio-\u00e9cologique - Nicolas Buclet\"},{\"@type\":\"BreadcrumbList\",\"@id\":\"https:\/\/www.istegroup.com\/produit\/ecologie-territoriale-et-transition-socio-ecologique\/#breadcrumb\",\"itemListElement\":[{\"@type\":\"ListItem\",\"position\":1,\"name\":\"Home\",\"item\":\"https:\/\/www.istegroup.com\/\"},{\"@type\":\"ListItem\",\"position\":2,\"name\":\"Shop\",\"item\":\"https:\/\/www.istegroup.com\/fr\/nouveautes\/\"},{\"@type\":\"ListItem\",\"position\":3,\"name\":\"\u00c9cologie territoriale et transition socio-\u00e9cologique\"}]},{\"@type\":\"WebSite\",\"@id\":\"https:\/\/www.istegroup.com\/#website\",\"url\":\"https:\/\/www.istegroup.com\/\",\"name\":\"ISTE Group\",\"description\":\"\u00c9diteur des Sciences\",\"potentialAction\":[{\"@type\":\"SearchAction\",\"target\":{\"@type\":\"EntryPoint\",\"urlTemplate\":\"https:\/\/www.istegroup.com\/?s={search_term_string}\"},\"query-input\":{\"@type\":\"PropertyValueSpecification\",\"valueRequired\":true,\"valueName\":\"search_term_string\"}}],\"inLanguage\":\"fr-FR\"}]}<\/script>\n<!-- \/ Yoast SEO plugin. -->","yoast_head_json":{"title":"\u00c9cologie territoriale et transition socio-\u00e9cologique - ISTE Group","description":"\u00c9cologie territoriale et transition socio-\u00e9cologique pr\u00e9sente cette approche interdisciplinaire fond\u00e9e sur l\u2019optimisation des flux (eau, \u00e9nergie, d\u00e9chets, etc.), tout en apportant des nouveaut\u00e9s m\u00e9thodologiques.","robots":{"index":"index","follow":"follow","max-snippet":"max-snippet:-1","max-image-preview":"max-image-preview:large","max-video-preview":"max-video-preview:-1"},"canonical":"https:\/\/www.istegroup.com\/produit\/ecologie-territoriale-et-transition-socio-ecologique\/","og_locale":"fr_FR","og_type":"article","og_title":"\u00c9cologie territoriale et transition socio-\u00e9cologique - ISTE Group","og_description":"\u00c9cologie territoriale et transition socio-\u00e9cologique pr\u00e9sente cette approche interdisciplinaire fond\u00e9e sur l\u2019optimisation des flux (eau, \u00e9nergie, d\u00e9chets, etc.), tout en apportant des nouveaut\u00e9s m\u00e9thodologiques.","og_url":"https:\/\/www.istegroup.com\/produit\/ecologie-territoriale-et-transition-socio-ecologique\/","og_site_name":"ISTE Group","article_modified_time":"2024-01-03T13:45:22+00:00","og_image":[{"width":300,"height":450,"url":"https:\/\/www.istegroup.com\/wp-content\/uploads\/2021\/10\/Ecologie-territoriale-et-transition-socio-ecologique.jpg","type":"image\/jpeg"}],"twitter_card":"summary_large_image","twitter_misc":{"Est. reading time":"3 minutes"},"schema":{"@context":"https:\/\/schema.org","@graph":[{"@type":"WebPage","@id":"https:\/\/www.istegroup.com\/produit\/ecologie-territoriale-et-transition-socio-ecologique\/","url":"https:\/\/www.istegroup.com\/produit\/ecologie-territoriale-et-transition-socio-ecologique\/","name":"\u00c9cologie territoriale et transition socio-\u00e9cologique - ISTE Group","isPartOf":{"@id":"https:\/\/www.istegroup.com\/#website"},"primaryImageOfPage":{"@id":"https:\/\/www.istegroup.com\/produit\/ecologie-territoriale-et-transition-socio-ecologique\/#primaryimage"},"image":{"@id":"https:\/\/www.istegroup.com\/produit\/ecologie-territoriale-et-transition-socio-ecologique\/#primaryimage"},"thumbnailUrl":"https:\/\/www.istegroup.com\/wp-content\/uploads\/2021\/10\/Ecologie-territoriale-et-transition-socio-ecologique.jpg","datePublished":"2021-10-21T09:38:20+00:00","dateModified":"2024-01-03T13:45:22+00:00","description":"\u00c9cologie territoriale et transition socio-\u00e9cologique pr\u00e9sente cette approche interdisciplinaire fond\u00e9e sur l\u2019optimisation des flux (eau, \u00e9nergie, d\u00e9chets, etc.), tout en apportant des nouveaut\u00e9s m\u00e9thodologiques.","breadcrumb":{"@id":"https:\/\/www.istegroup.com\/produit\/ecologie-territoriale-et-transition-socio-ecologique\/#breadcrumb"},"inLanguage":"fr-FR","potentialAction":[{"@type":"ReadAction","target":["https:\/\/www.istegroup.com\/produit\/ecologie-territoriale-et-transition-socio-ecologique\/"]}]},{"@type":"ImageObject","inLanguage":"fr-FR","@id":"https:\/\/www.istegroup.com\/produit\/ecologie-territoriale-et-transition-socio-ecologique\/#primaryimage","url":"https:\/\/www.istegroup.com\/wp-content\/uploads\/2021\/10\/Ecologie-territoriale-et-transition-socio-ecologique.jpg","contentUrl":"https:\/\/www.istegroup.com\/wp-content\/uploads\/2021\/10\/Ecologie-territoriale-et-transition-socio-ecologique.jpg","width":300,"height":450,"caption":"Livre scientifique - \u00c9cologie territoriale et transition socio-\u00e9cologique - Nicolas Buclet"},{"@type":"BreadcrumbList","@id":"https:\/\/www.istegroup.com\/produit\/ecologie-territoriale-et-transition-socio-ecologique\/#breadcrumb","itemListElement":[{"@type":"ListItem","position":1,"name":"Home","item":"https:\/\/www.istegroup.com\/"},{"@type":"ListItem","position":2,"name":"Shop","item":"https:\/\/www.istegroup.com\/fr\/nouveautes\/"},{"@type":"ListItem","position":3,"name":"\u00c9cologie territoriale et transition socio-\u00e9cologique"}]},{"@type":"WebSite","@id":"https:\/\/www.istegroup.com\/#website","url":"https:\/\/www.istegroup.com\/","name":"ISTE Group","description":"\u00c9diteur des Sciences","potentialAction":[{"@type":"SearchAction","target":{"@type":"EntryPoint","urlTemplate":"https:\/\/www.istegroup.com\/?s={search_term_string}"},"query-input":{"@type":"PropertyValueSpecification","valueRequired":true,"valueName":"search_term_string"}}],"inLanguage":"fr-FR"}]}},"_links":{"self":[{"href":"https:\/\/www.istegroup.com\/fr\/wp-json\/wp\/v2\/product\/44066","targetHints":{"allow":["GET"]}}],"collection":[{"href":"https:\/\/www.istegroup.com\/fr\/wp-json\/wp\/v2\/product"}],"about":[{"href":"https:\/\/www.istegroup.com\/fr\/wp-json\/wp\/v2\/types\/product"}],"wp:featuredmedia":[{"embeddable":true,"href":"https:\/\/www.istegroup.com\/fr\/wp-json\/wp\/v2\/media\/44074"}],"wp:attachment":[{"href":"https:\/\/www.istegroup.com\/fr\/wp-json\/wp\/v2\/media?parent=44066"}],"wp:term":[{"taxonomy":"product_brand","embeddable":true,"href":"https:\/\/www.istegroup.com\/fr\/wp-json\/wp\/v2\/product_brand?post=44066"},{"taxonomy":"product_cat","embeddable":true,"href":"https:\/\/www.istegroup.com\/fr\/wp-json\/wp\/v2\/product_cat?post=44066"},{"taxonomy":"product_tag","embeddable":true,"href":"https:\/\/www.istegroup.com\/fr\/wp-json\/wp\/v2\/product_tag?post=44066"}],"curies":[{"name":"wp","href":"https:\/\/api.w.org\/{rel}","templated":true}]}}