{"id":41615,"date":"2021-06-18T09:50:47","date_gmt":"2021-06-18T08:50:47","guid":{"rendered":"https:\/\/www.istegroup.com\/?post_type=product&#038;p=41615"},"modified":"2024-01-03T13:44:49","modified_gmt":"2024-01-03T13:44:49","slug":"ondes-elastiques-dans-les-solides-1","status":"publish","type":"product","link":"https:\/\/www.istegroup.com\/fr\/produit\/ondes-elastiques-dans-les-solides-1\/","title":{"rendered":"Ondes \u00e9lastiques dans les solides 1"},"content":{"rendered":"<p>L\u2019utilisation des ondes \u00e9lastiques touche des domaines aussi vari\u00e9s que l\u2019\u00e9valuation non destructive des mat\u00e9riaux, la m\u00e9decine, la sismologie ou les t\u00e9l\u00e9communications.<\/p>\n<p><em>Ondes \u00e9lastiques dans les solides 1<\/em> pr\u00e9sente les diff\u00e9rents modes de propagation des ondes \u00e9lastiques dans des milieux et des structures de plus en plus complexes. Il \u00e9tudie en premier lieu la propagation dans un solide illimit\u00e9 o\u00f9 seules les propri\u00e9t\u00e9s du mat\u00e9riau sont \u00e0 prendre en compte. Il analyse ensuite des ph\u00e9nom\u00e8nes de r\u00e9flexion et de transmission \u00e0 une interface avec un fluide ou un second solide. Il expose la recherche des modes de propagation sur une surface libre ou \u00e0 l\u2019interface entre deux milieux. Enfin, il propose une \u00e9tude de la propagation dispersive des ondes \u00e9lastiques guid\u00e9es par une plaque ou un cylindre.<\/p>\n<p>Cet ouvrage s\u2019adresse aux \u00e9tudiants des masters d\u2019acoustique, de m\u00e9canique, de g\u00e9ophysique, aux \u00e9l\u00e8ves ing\u00e9nieurs ainsi qu\u2019aux enseignants-chercheurs de ces disciplines.<\/p>\n<p><a class=\"button\" style=\"margin-right: 10%\" href=\"https:\/\/www.istegroup.com\/wp-content\/uploads\/2021\/06\/766_Ondes-elastiques-dans-les-solides-1_TDM.pdf\" target=\"_blank\" rel=\"noopener noreferrer\">Table des mati\u00e8res<\/a><a class=\"button\" style=\"margin-left: 10%\" href=\"https:\/\/www.istegroup.com\/wp-content\/uploads\/2021\/06\/766_Ondes-elastiques-dans-les-solides-1_premiere_partie.pdf\" target=\"_blank\" rel=\"noopener noreferrer\">Avant-propos<\/a><\/p>","protected":false},"excerpt":{"rendered":"<p>L\u2019utilisation des ondes \u00e9lastiques touche des domaines aussi vari\u00e9s que l\u2019\u00e9valuation non destructive des mat\u00e9riaux, la m\u00e9decine, la sismologie ou les t\u00e9l\u00e9communications. Ondes \u00e9lastiques dans les solides 1 pr\u00e9sente les diff\u00e9rents modes de propagation des ondes \u00e9lastiques dans des milieux et des structures de plus en plus complexes. Il \u00e9tudie en premier lieu la propagation [&hellip;]<\/p>\n","protected":false},"featured_media":41622,"template":"","meta":{"_acf_changed":false,"_links_to":"","_links_to_target":""},"product_brand":[],"product_cat":[3262],"product_tag":[],"class_list":{"0":"post-41615","1":"product","2":"type-product","3":"status-publish","4":"has-post-thumbnail","6":"product_cat-non-classe","8":"first","9":"instock","10":"shipping-taxable","11":"purchasable","12":"product-type-variable"},"acf":[],"yoast_head":"<!-- This site is optimized with the Yoast SEO plugin v27.2 - https:\/\/yoast.com\/product\/yoast-seo-wordpress\/ -->\n<title>Ondes \u00e9lastiques dans les solides 1 - ISTE Group<\/title>\n<meta name=\"robots\" content=\"index, follow, max-snippet:-1, max-image-preview:large, max-video-preview:-1\" \/>\n<link rel=\"canonical\" href=\"https:\/\/www.istegroup.com\/en\/produit\/ondes-elastiques-dans-les-solides-1\/\" \/>\n<meta property=\"og:locale\" content=\"fr_FR\" \/>\n<meta property=\"og:type\" content=\"article\" \/>\n<meta property=\"og:title\" content=\"Ondes \u00e9lastiques dans les solides 1 - ISTE Group\" \/>\n<meta property=\"og:description\" content=\"L\u2019utilisation des ondes \u00e9lastiques touche des domaines aussi vari\u00e9s que l\u2019\u00e9valuation non destructive des mat\u00e9riaux, la m\u00e9decine, la sismologie ou les t\u00e9l\u00e9communications. Ondes \u00e9lastiques dans les solides 1 pr\u00e9sente les diff\u00e9rents modes de propagation des ondes \u00e9lastiques dans des milieux et des structures de plus en plus complexes. Il \u00e9tudie en premier lieu la propagation [&hellip;]\" \/>\n<meta property=\"og:url\" content=\"https:\/\/www.istegroup.com\/en\/produit\/ondes-elastiques-dans-les-solides-1\/\" \/>\n<meta property=\"og:site_name\" content=\"ISTE Group\" \/>\n<meta property=\"article:modified_time\" content=\"2024-01-03T13:44:49+00:00\" \/>\n<meta property=\"og:image\" content=\"https:\/\/www.istegroup.com\/wp-content\/uploads\/2021\/06\/Ondes-elastiques-dans-les-solides-1.jpg\" \/>\n\t<meta property=\"og:image:width\" content=\"595\" \/>\n\t<meta property=\"og:image:height\" content=\"897\" \/>\n\t<meta property=\"og:image:type\" content=\"image\/jpeg\" \/>\n<meta name=\"twitter:card\" content=\"summary_large_image\" \/>\n<meta name=\"twitter:label1\" content=\"Est. reading time\" \/>\n\t<meta name=\"twitter:data1\" content=\"1 minute\" \/>\n<script type=\"application\/ld+json\" class=\"yoast-schema-graph\">{\"@context\":\"https:\/\/schema.org\",\"@graph\":[{\"@type\":\"WebPage\",\"@id\":\"https:\/\/www.istegroup.com\/en\/produit\/ondes-elastiques-dans-les-solides-1\/\",\"url\":\"https:\/\/www.istegroup.com\/en\/produit\/ondes-elastiques-dans-les-solides-1\/\",\"name\":\"Ondes \u00e9lastiques dans les solides 1 - ISTE Group\",\"isPartOf\":{\"@id\":\"https:\/\/www.istegroup.com\/#website\"},\"primaryImageOfPage\":{\"@id\":\"https:\/\/www.istegroup.com\/en\/produit\/ondes-elastiques-dans-les-solides-1\/#primaryimage\"},\"image\":{\"@id\":\"https:\/\/www.istegroup.com\/en\/produit\/ondes-elastiques-dans-les-solides-1\/#primaryimage\"},\"thumbnailUrl\":\"https:\/\/www.istegroup.com\/wp-content\/uploads\/2021\/06\/Ondes-elastiques-dans-les-solides-1.jpg\",\"datePublished\":\"2021-06-18T08:50:47+00:00\",\"dateModified\":\"2024-01-03T13:44:49+00:00\",\"breadcrumb\":{\"@id\":\"https:\/\/www.istegroup.com\/en\/produit\/ondes-elastiques-dans-les-solides-1\/#breadcrumb\"},\"inLanguage\":\"fr-FR\",\"potentialAction\":[{\"@type\":\"ReadAction\",\"target\":[\"https:\/\/www.istegroup.com\/en\/produit\/ondes-elastiques-dans-les-solides-1\/\"]}]},{\"@type\":\"ImageObject\",\"inLanguage\":\"fr-FR\",\"@id\":\"https:\/\/www.istegroup.com\/en\/produit\/ondes-elastiques-dans-les-solides-1\/#primaryimage\",\"url\":\"https:\/\/www.istegroup.com\/wp-content\/uploads\/2021\/06\/Ondes-elastiques-dans-les-solides-1.jpg\",\"contentUrl\":\"https:\/\/www.istegroup.com\/wp-content\/uploads\/2021\/06\/Ondes-elastiques-dans-les-solides-1.jpg\",\"width\":595,\"height\":897,\"caption\":\"Livre scientifique - Ondes \u00e9lastiques dans les solides 1 - Daniel Royer, Tony Valier-Brasier\"},{\"@type\":\"BreadcrumbList\",\"@id\":\"https:\/\/www.istegroup.com\/en\/produit\/ondes-elastiques-dans-les-solides-1\/#breadcrumb\",\"itemListElement\":[{\"@type\":\"ListItem\",\"position\":1,\"name\":\"Home\",\"item\":\"https:\/\/www.istegroup.com\/\"},{\"@type\":\"ListItem\",\"position\":2,\"name\":\"Shop\",\"item\":\"https:\/\/www.istegroup.com\/fr\/nouveautes\/\"},{\"@type\":\"ListItem\",\"position\":3,\"name\":\"Ondes \u00e9lastiques dans les solides 1\"}]},{\"@type\":\"WebSite\",\"@id\":\"https:\/\/www.istegroup.com\/#website\",\"url\":\"https:\/\/www.istegroup.com\/\",\"name\":\"ISTE Group\",\"description\":\"\u00c9diteur des Sciences\",\"potentialAction\":[{\"@type\":\"SearchAction\",\"target\":{\"@type\":\"EntryPoint\",\"urlTemplate\":\"https:\/\/www.istegroup.com\/?s={search_term_string}\"},\"query-input\":{\"@type\":\"PropertyValueSpecification\",\"valueRequired\":true,\"valueName\":\"search_term_string\"}}],\"inLanguage\":\"fr-FR\"}]}<\/script>\n<!-- \/ Yoast SEO plugin. -->","yoast_head_json":{"title":"Ondes \u00e9lastiques dans les solides 1 - ISTE Group","robots":{"index":"index","follow":"follow","max-snippet":"max-snippet:-1","max-image-preview":"max-image-preview:large","max-video-preview":"max-video-preview:-1"},"canonical":"https:\/\/www.istegroup.com\/en\/produit\/ondes-elastiques-dans-les-solides-1\/","og_locale":"fr_FR","og_type":"article","og_title":"Ondes \u00e9lastiques dans les solides 1 - ISTE Group","og_description":"L\u2019utilisation des ondes \u00e9lastiques touche des domaines aussi vari\u00e9s que l\u2019\u00e9valuation non destructive des mat\u00e9riaux, la m\u00e9decine, la sismologie ou les t\u00e9l\u00e9communications. Ondes \u00e9lastiques dans les solides 1 pr\u00e9sente les diff\u00e9rents modes de propagation des ondes \u00e9lastiques dans des milieux et des structures de plus en plus complexes. Il \u00e9tudie en premier lieu la propagation [&hellip;]","og_url":"https:\/\/www.istegroup.com\/en\/produit\/ondes-elastiques-dans-les-solides-1\/","og_site_name":"ISTE Group","article_modified_time":"2024-01-03T13:44:49+00:00","og_image":[{"width":595,"height":897,"url":"https:\/\/www.istegroup.com\/wp-content\/uploads\/2021\/06\/Ondes-elastiques-dans-les-solides-1.jpg","type":"image\/jpeg"}],"twitter_card":"summary_large_image","twitter_misc":{"Est. reading time":"1 minute"},"schema":{"@context":"https:\/\/schema.org","@graph":[{"@type":"WebPage","@id":"https:\/\/www.istegroup.com\/en\/produit\/ondes-elastiques-dans-les-solides-1\/","url":"https:\/\/www.istegroup.com\/en\/produit\/ondes-elastiques-dans-les-solides-1\/","name":"Ondes \u00e9lastiques dans les solides 1 - ISTE Group","isPartOf":{"@id":"https:\/\/www.istegroup.com\/#website"},"primaryImageOfPage":{"@id":"https:\/\/www.istegroup.com\/en\/produit\/ondes-elastiques-dans-les-solides-1\/#primaryimage"},"image":{"@id":"https:\/\/www.istegroup.com\/en\/produit\/ondes-elastiques-dans-les-solides-1\/#primaryimage"},"thumbnailUrl":"https:\/\/www.istegroup.com\/wp-content\/uploads\/2021\/06\/Ondes-elastiques-dans-les-solides-1.jpg","datePublished":"2021-06-18T08:50:47+00:00","dateModified":"2024-01-03T13:44:49+00:00","breadcrumb":{"@id":"https:\/\/www.istegroup.com\/en\/produit\/ondes-elastiques-dans-les-solides-1\/#breadcrumb"},"inLanguage":"fr-FR","potentialAction":[{"@type":"ReadAction","target":["https:\/\/www.istegroup.com\/en\/produit\/ondes-elastiques-dans-les-solides-1\/"]}]},{"@type":"ImageObject","inLanguage":"fr-FR","@id":"https:\/\/www.istegroup.com\/en\/produit\/ondes-elastiques-dans-les-solides-1\/#primaryimage","url":"https:\/\/www.istegroup.com\/wp-content\/uploads\/2021\/06\/Ondes-elastiques-dans-les-solides-1.jpg","contentUrl":"https:\/\/www.istegroup.com\/wp-content\/uploads\/2021\/06\/Ondes-elastiques-dans-les-solides-1.jpg","width":595,"height":897,"caption":"Livre scientifique - Ondes \u00e9lastiques dans les solides 1 - Daniel Royer, Tony Valier-Brasier"},{"@type":"BreadcrumbList","@id":"https:\/\/www.istegroup.com\/en\/produit\/ondes-elastiques-dans-les-solides-1\/#breadcrumb","itemListElement":[{"@type":"ListItem","position":1,"name":"Home","item":"https:\/\/www.istegroup.com\/"},{"@type":"ListItem","position":2,"name":"Shop","item":"https:\/\/www.istegroup.com\/fr\/nouveautes\/"},{"@type":"ListItem","position":3,"name":"Ondes \u00e9lastiques dans les solides 1"}]},{"@type":"WebSite","@id":"https:\/\/www.istegroup.com\/#website","url":"https:\/\/www.istegroup.com\/","name":"ISTE Group","description":"\u00c9diteur des Sciences","potentialAction":[{"@type":"SearchAction","target":{"@type":"EntryPoint","urlTemplate":"https:\/\/www.istegroup.com\/?s={search_term_string}"},"query-input":{"@type":"PropertyValueSpecification","valueRequired":true,"valueName":"search_term_string"}}],"inLanguage":"fr-FR"}]}},"_links":{"self":[{"href":"https:\/\/www.istegroup.com\/fr\/wp-json\/wp\/v2\/product\/41615","targetHints":{"allow":["GET"]}}],"collection":[{"href":"https:\/\/www.istegroup.com\/fr\/wp-json\/wp\/v2\/product"}],"about":[{"href":"https:\/\/www.istegroup.com\/fr\/wp-json\/wp\/v2\/types\/product"}],"wp:featuredmedia":[{"embeddable":true,"href":"https:\/\/www.istegroup.com\/fr\/wp-json\/wp\/v2\/media\/41622"}],"wp:attachment":[{"href":"https:\/\/www.istegroup.com\/fr\/wp-json\/wp\/v2\/media?parent=41615"}],"wp:term":[{"taxonomy":"product_brand","embeddable":true,"href":"https:\/\/www.istegroup.com\/fr\/wp-json\/wp\/v2\/product_brand?post=41615"},{"taxonomy":"product_cat","embeddable":true,"href":"https:\/\/www.istegroup.com\/fr\/wp-json\/wp\/v2\/product_cat?post=41615"},{"taxonomy":"product_tag","embeddable":true,"href":"https:\/\/www.istegroup.com\/fr\/wp-json\/wp\/v2\/product_tag?post=41615"}],"curies":[{"name":"wp","href":"https:\/\/api.w.org\/{rel}","templated":true}]}}