{"id":399,"date":"2017-07-28T12:37:01","date_gmt":"2017-07-28T10:37:01","guid":{"rendered":"https:\/\/iste.yhello.co\/product\/les-dynamiques-des-specialisations-internationales\/"},"modified":"2024-01-03T13:39:52","modified_gmt":"2024-01-03T13:39:52","slug":"les-dynamiques-des-specialisations-internationales","status":"publish","type":"product","link":"https:\/\/www.istegroup.com\/fr\/produit\/les-dynamiques-des-specialisations-internationales\/","title":{"rendered":"Les dynamiques des sp\u00e9cialisations internationales"},"content":{"rendered":"<p>La s\u00e9rie\u00a0<em>Smart innovation<\/em>\u00a0pr\u00e9sente les th\u00e8mes li\u00e9s \u00e0 la dynamique technologique, entrepreneuriale, territoriale et \u00e9conomique de l&rsquo;innovation. Elle privil\u00e9gie les approches novatrices des acteurs qui, par leurs comportements, strat\u00e9gies et politiques d&rsquo;innovation intelligente, modifient les mod\u00e8les \u00e9conomiques dans une perspective de croissance durable.<\/p>\n<p>Cet ouvrage traite de la dynamique des sp\u00e9cialisations industrielles et technologiques des nations au cours des quarante derni\u00e8res ann\u00e9es. A cette fin, les principaux outils de l&rsquo;analyse structurale sont utilis\u00e9s, \u00e0 savoir l\u2019analyse des r\u00e9seaux sociaux et la th\u00e9orie de la dominance \u00e9conomique.<\/p>\n<p>Apr\u00e8s avoir pr\u00e9sent\u00e9 un panorama de la mondialisation des \u00e9changes de biens industriels \u00e0 la fin du XXe si\u00e8cle,<em>\u00a0Les dynamiques des sp\u00e9cialisations internationales<\/em>\u00a0introduit de nouveaux indicateurs offrant plusieurs possibilit\u00e9s et avantages.<\/p>\n<p>Ceux-ci permettent notamment de visualiser les transformations productives qu\u2019ont connues les pays \u00e9mergents et certains pays d\u2019Europe centrale et orientale dans leur processus d\u2019int\u00e9gration \u00e0 l\u2019Union europ\u00e9enne. Ils permettent \u00e9galement d\u2019analyser les formes et les dynamiques des ph\u00e9nom\u00e8nes de domination commerciale, de mesurer la r\u00e9silience technologique des territoires sur une longue p\u00e9riode et d\u2019\u00e9tudier la mani\u00e8re dont les grands groupes industriels organisent leurs processus de R&amp;D au niveau mondial.<\/p>\n","protected":false},"excerpt":{"rendered":"<p>La s\u00e9rie\u00a0Smart innovation\u00a0pr\u00e9sente les th\u00e8mes li\u00e9s \u00e0 la dynamique technologique, entrepreneuriale, territoriale et \u00e9conomique de l&rsquo;innovation. Elle privil\u00e9gie les approches novatrices des acteurs qui, par leurs comportements, strat\u00e9gies et politiques d&rsquo;innovation intelligente, modifient les mod\u00e8les \u00e9conomiques dans une perspective de croissance durable. Cet ouvrage traite de la dynamique des sp\u00e9cialisations industrielles et technologiques des nations [&hellip;]<\/p>\n","protected":false},"featured_media":400,"template":"","meta":{"_acf_changed":false,"_links_to":"","_links_to_target":""},"product_brand":[],"product_cat":[670,675,720],"product_tag":[43,18,19,20,44,21,22,45,25,26,27,28],"class_list":{"0":"post-399","1":"product","2":"type-product","3":"status-publish","4":"has-post-thumbnail","6":"product_cat-innovation-entrepreneuriat-et-gestion-11041751","7":"product_cat-nouveauts-12519446","8":"product_cat-srie-smart-innovation-58568196","9":"product_tag-didier-lebert","10":"product_tag-edition-scientifique","11":"product_tag-editions-francaise","12":"product_tag-editions-technique","13":"product_tag-hafida-el-younsi","14":"product_tag-iste-group","15":"product_tag-istegroup","16":"product_tag-les-dynamiques-des-specialisations-internationales","17":"product_tag-livre-numerique","18":"product_tag-livre-scientifique-francais","19":"product_tag-livre-technique-francais","20":"product_tag-ouvrage-scientifique-francais","22":"first","23":"instock","24":"shipping-taxable","25":"purchasable","26":"product-type-variable"},"acf":[],"yoast_head":"<!-- This site is optimized with the Yoast SEO plugin v27.2 - https:\/\/yoast.com\/product\/yoast-seo-wordpress\/ -->\n<title>Les dynamiques des sp\u00e9cialisations internationales - ISTE Group<\/title>\n<meta name=\"description\" content=\"Cet ouvrage traite de la dynamique des sp\u00e9cialisations industrielles et technologiques des nations au cours des quarante derni\u00e8res ann\u00e9es.\" \/>\n<meta name=\"robots\" content=\"index, follow, max-snippet:-1, max-image-preview:large, max-video-preview:-1\" \/>\n<link rel=\"canonical\" href=\"https:\/\/www.istegroup.com\/fr\/produit\/les-dynamiques-des-specialisations-internationales\/\" \/>\n<meta property=\"og:locale\" content=\"fr_FR\" \/>\n<meta property=\"og:type\" content=\"article\" \/>\n<meta property=\"og:title\" content=\"Les dynamiques des sp\u00e9cialisations internationales - ISTE Group\" \/>\n<meta property=\"og:description\" content=\"Cet ouvrage traite de la dynamique des sp\u00e9cialisations industrielles et technologiques des nations au cours des quarante derni\u00e8res ann\u00e9es.\" \/>\n<meta property=\"og:url\" content=\"https:\/\/www.istegroup.com\/fr\/produit\/les-dynamiques-des-specialisations-internationales\/\" \/>\n<meta property=\"og:site_name\" content=\"ISTE Group\" \/>\n<meta property=\"article:modified_time\" content=\"2024-01-03T13:39:52+00:00\" \/>\n<meta property=\"og:image\" content=\"https:\/\/www.istegroup.com\/wp-content\/uploads\/2017\/07\/21839702673_9738341457-1.jpg\" \/>\n\t<meta property=\"og:image:width\" content=\"300\" \/>\n\t<meta property=\"og:image:height\" content=\"452\" \/>\n\t<meta property=\"og:image:type\" content=\"image\/jpeg\" \/>\n<meta name=\"twitter:card\" content=\"summary_large_image\" \/>\n<meta name=\"twitter:label1\" content=\"Est. reading time\" \/>\n\t<meta name=\"twitter:data1\" content=\"1 minute\" \/>\n<script type=\"application\/ld+json\" class=\"yoast-schema-graph\">{\"@context\":\"https:\/\/schema.org\",\"@graph\":[{\"@type\":\"WebPage\",\"@id\":\"https:\/\/www.istegroup.com\/fr\/produit\/les-dynamiques-des-specialisations-internationales\/\",\"url\":\"https:\/\/www.istegroup.com\/fr\/produit\/les-dynamiques-des-specialisations-internationales\/\",\"name\":\"Les dynamiques des sp\u00e9cialisations internationales - ISTE Group\",\"isPartOf\":{\"@id\":\"https:\/\/www.istegroup.com\/#website\"},\"primaryImageOfPage\":{\"@id\":\"https:\/\/www.istegroup.com\/fr\/produit\/les-dynamiques-des-specialisations-internationales\/#primaryimage\"},\"image\":{\"@id\":\"https:\/\/www.istegroup.com\/fr\/produit\/les-dynamiques-des-specialisations-internationales\/#primaryimage\"},\"thumbnailUrl\":\"https:\/\/www.istegroup.com\/wp-content\/uploads\/2017\/07\/21839702673_9738341457-1.jpg\",\"datePublished\":\"2017-07-28T10:37:01+00:00\",\"dateModified\":\"2024-01-03T13:39:52+00:00\",\"description\":\"Cet ouvrage traite de la dynamique des sp\u00e9cialisations industrielles et technologiques des nations au cours des quarante derni\u00e8res ann\u00e9es.\",\"breadcrumb\":{\"@id\":\"https:\/\/www.istegroup.com\/fr\/produit\/les-dynamiques-des-specialisations-internationales\/#breadcrumb\"},\"inLanguage\":\"fr-FR\",\"potentialAction\":[{\"@type\":\"ReadAction\",\"target\":[\"https:\/\/www.istegroup.com\/fr\/produit\/les-dynamiques-des-specialisations-internationales\/\"]}]},{\"@type\":\"ImageObject\",\"inLanguage\":\"fr-FR\",\"@id\":\"https:\/\/www.istegroup.com\/fr\/produit\/les-dynamiques-des-specialisations-internationales\/#primaryimage\",\"url\":\"https:\/\/www.istegroup.com\/wp-content\/uploads\/2017\/07\/21839702673_9738341457-1.jpg\",\"contentUrl\":\"https:\/\/www.istegroup.com\/wp-content\/uploads\/2017\/07\/21839702673_9738341457-1.jpg\",\"width\":300,\"height\":452,\"caption\":\"Les dynamiques des sp\u00e9cialisations internationales\"},{\"@type\":\"BreadcrumbList\",\"@id\":\"https:\/\/www.istegroup.com\/fr\/produit\/les-dynamiques-des-specialisations-internationales\/#breadcrumb\",\"itemListElement\":[{\"@type\":\"ListItem\",\"position\":1,\"name\":\"Home\",\"item\":\"https:\/\/www.istegroup.com\/\"},{\"@type\":\"ListItem\",\"position\":2,\"name\":\"Shop\",\"item\":\"https:\/\/www.istegroup.com\/fr\/nouveautes\/\"},{\"@type\":\"ListItem\",\"position\":3,\"name\":\"Les dynamiques des sp\u00e9cialisations internationales\"}]},{\"@type\":\"WebSite\",\"@id\":\"https:\/\/www.istegroup.com\/#website\",\"url\":\"https:\/\/www.istegroup.com\/\",\"name\":\"ISTE Group\",\"description\":\"\u00c9diteur des Sciences\",\"potentialAction\":[{\"@type\":\"SearchAction\",\"target\":{\"@type\":\"EntryPoint\",\"urlTemplate\":\"https:\/\/www.istegroup.com\/?s={search_term_string}\"},\"query-input\":{\"@type\":\"PropertyValueSpecification\",\"valueRequired\":true,\"valueName\":\"search_term_string\"}}],\"inLanguage\":\"fr-FR\"}]}<\/script>\n<!-- \/ Yoast SEO plugin. -->","yoast_head_json":{"title":"Les dynamiques des sp\u00e9cialisations internationales - ISTE Group","description":"Cet ouvrage traite de la dynamique des sp\u00e9cialisations industrielles et technologiques des nations au cours des quarante derni\u00e8res ann\u00e9es.","robots":{"index":"index","follow":"follow","max-snippet":"max-snippet:-1","max-image-preview":"max-image-preview:large","max-video-preview":"max-video-preview:-1"},"canonical":"https:\/\/www.istegroup.com\/fr\/produit\/les-dynamiques-des-specialisations-internationales\/","og_locale":"fr_FR","og_type":"article","og_title":"Les dynamiques des sp\u00e9cialisations internationales - ISTE Group","og_description":"Cet ouvrage traite de la dynamique des sp\u00e9cialisations industrielles et technologiques des nations au cours des quarante derni\u00e8res ann\u00e9es.","og_url":"https:\/\/www.istegroup.com\/fr\/produit\/les-dynamiques-des-specialisations-internationales\/","og_site_name":"ISTE Group","article_modified_time":"2024-01-03T13:39:52+00:00","og_image":[{"width":300,"height":452,"url":"https:\/\/www.istegroup.com\/wp-content\/uploads\/2017\/07\/21839702673_9738341457-1.jpg","type":"image\/jpeg"}],"twitter_card":"summary_large_image","twitter_misc":{"Est. reading time":"1 minute"},"schema":{"@context":"https:\/\/schema.org","@graph":[{"@type":"WebPage","@id":"https:\/\/www.istegroup.com\/fr\/produit\/les-dynamiques-des-specialisations-internationales\/","url":"https:\/\/www.istegroup.com\/fr\/produit\/les-dynamiques-des-specialisations-internationales\/","name":"Les dynamiques des sp\u00e9cialisations internationales - ISTE Group","isPartOf":{"@id":"https:\/\/www.istegroup.com\/#website"},"primaryImageOfPage":{"@id":"https:\/\/www.istegroup.com\/fr\/produit\/les-dynamiques-des-specialisations-internationales\/#primaryimage"},"image":{"@id":"https:\/\/www.istegroup.com\/fr\/produit\/les-dynamiques-des-specialisations-internationales\/#primaryimage"},"thumbnailUrl":"https:\/\/www.istegroup.com\/wp-content\/uploads\/2017\/07\/21839702673_9738341457-1.jpg","datePublished":"2017-07-28T10:37:01+00:00","dateModified":"2024-01-03T13:39:52+00:00","description":"Cet ouvrage traite de la dynamique des sp\u00e9cialisations industrielles et technologiques des nations au cours des quarante derni\u00e8res ann\u00e9es.","breadcrumb":{"@id":"https:\/\/www.istegroup.com\/fr\/produit\/les-dynamiques-des-specialisations-internationales\/#breadcrumb"},"inLanguage":"fr-FR","potentialAction":[{"@type":"ReadAction","target":["https:\/\/www.istegroup.com\/fr\/produit\/les-dynamiques-des-specialisations-internationales\/"]}]},{"@type":"ImageObject","inLanguage":"fr-FR","@id":"https:\/\/www.istegroup.com\/fr\/produit\/les-dynamiques-des-specialisations-internationales\/#primaryimage","url":"https:\/\/www.istegroup.com\/wp-content\/uploads\/2017\/07\/21839702673_9738341457-1.jpg","contentUrl":"https:\/\/www.istegroup.com\/wp-content\/uploads\/2017\/07\/21839702673_9738341457-1.jpg","width":300,"height":452,"caption":"Les dynamiques des sp\u00e9cialisations internationales"},{"@type":"BreadcrumbList","@id":"https:\/\/www.istegroup.com\/fr\/produit\/les-dynamiques-des-specialisations-internationales\/#breadcrumb","itemListElement":[{"@type":"ListItem","position":1,"name":"Home","item":"https:\/\/www.istegroup.com\/"},{"@type":"ListItem","position":2,"name":"Shop","item":"https:\/\/www.istegroup.com\/fr\/nouveautes\/"},{"@type":"ListItem","position":3,"name":"Les dynamiques des sp\u00e9cialisations internationales"}]},{"@type":"WebSite","@id":"https:\/\/www.istegroup.com\/#website","url":"https:\/\/www.istegroup.com\/","name":"ISTE Group","description":"\u00c9diteur des Sciences","potentialAction":[{"@type":"SearchAction","target":{"@type":"EntryPoint","urlTemplate":"https:\/\/www.istegroup.com\/?s={search_term_string}"},"query-input":{"@type":"PropertyValueSpecification","valueRequired":true,"valueName":"search_term_string"}}],"inLanguage":"fr-FR"}]}},"_links":{"self":[{"href":"https:\/\/www.istegroup.com\/fr\/wp-json\/wp\/v2\/product\/399","targetHints":{"allow":["GET"]}}],"collection":[{"href":"https:\/\/www.istegroup.com\/fr\/wp-json\/wp\/v2\/product"}],"about":[{"href":"https:\/\/www.istegroup.com\/fr\/wp-json\/wp\/v2\/types\/product"}],"wp:featuredmedia":[{"embeddable":true,"href":"https:\/\/www.istegroup.com\/fr\/wp-json\/wp\/v2\/media\/400"}],"wp:attachment":[{"href":"https:\/\/www.istegroup.com\/fr\/wp-json\/wp\/v2\/media?parent=399"}],"wp:term":[{"taxonomy":"product_brand","embeddable":true,"href":"https:\/\/www.istegroup.com\/fr\/wp-json\/wp\/v2\/product_brand?post=399"},{"taxonomy":"product_cat","embeddable":true,"href":"https:\/\/www.istegroup.com\/fr\/wp-json\/wp\/v2\/product_cat?post=399"},{"taxonomy":"product_tag","embeddable":true,"href":"https:\/\/www.istegroup.com\/fr\/wp-json\/wp\/v2\/product_tag?post=399"}],"curies":[{"name":"wp","href":"https:\/\/api.w.org\/{rel}","templated":true}]}}