{"id":39352,"date":"2021-05-20T11:11:52","date_gmt":"2021-05-20T10:11:52","guid":{"rendered":"https:\/\/www.istegroup.com\/?post_type=product&#038;p=39352"},"modified":"2024-01-03T13:44:35","modified_gmt":"2024-01-03T13:44:35","slug":"le-crane-des-vertebres-quadrupedes-et-bipedes","status":"publish","type":"product","link":"https:\/\/www.istegroup.com\/fr\/produit\/le-crane-des-vertebres-quadrupedes-et-bipedes\/","title":{"rendered":"Le cr\u00e2ne des Vert\u00e9br\u00e9s quadrup\u00e8des et bip\u00e8des"},"content":{"rendered":"<p><em>Le cr\u00e2ne des Vert\u00e9br\u00e9s quadrup\u00e8des et bip\u00e8des<\/em> examine la biodynamique architecturale cranio-faciale de plusieurs esp\u00e8ces de Mammif\u00e8res fossiles et actuelles ainsi que celle d\u2019Hominid\u00e9s anatomiquement modernes. Il \u00e9tudie, entre autres, leur adaptation au sol, l\u2019ad\u00e9quation de la posture de leur t\u00eate par rapport \u00e0 leurs r\u00e9gimes alimentaires ainsi que les articul\u00e9s dentaires en fonction des esp\u00e8ces fossiles du genre <em>Homo<\/em>.<\/p>\n<p>Il analyse \u00e9galement leurs d\u00e9calages occlusaux, leurs variations, leurs anomalies et leurs pathologies. Si les esp\u00e8ces fossiles quadrup\u00e8des poss\u00e8dent dans leur grande majorit\u00e9 une adaptation posturale \u00e9quilibr\u00e9e, ne pr\u00e9sentant ni asym\u00e9tries ni dysmorphoses maxillo-mandibulaires, les esp\u00e8ces d\u2019Hominid\u00e9s qui ont acquis un redressement du corps, puis une adaptation bip\u00e8de au sol, connaissent en revanche une s\u00e9rie de d\u00e9s\u00e9quilibres posturaux qui sont pr\u00e9sent\u00e9s dans cet ouvrage.<\/p>\n<p><a class=\"button\" style=\"margin-right: 10%\" href=\"https:\/\/www.istegroup.com\/wp-content\/uploads\/2021\/04\/736_Le-cr\u00e2ne-des-Vert\u00e9br\u00e9s-quadrup\u00e8des-et-bip\u00e8des_Hadjouis_TDM.pdf\" target=\"_blank\" rel=\"noopener noreferrer\">Table des mati\u00e8res<\/a><a class=\"button\" style=\"margin-left: 10%\" href=\"https:\/\/www.istegroup.com\/wp-content\/uploads\/2021\/04\/736_Le-cr\u00e2ne-des-Vert\u00e9br\u00e9s-quadrup\u00e8des-et-bip\u00e8des_Hadjouis_Premi\u00e8re-partie.pdf\" target=\"_blank\" rel=\"noopener noreferrer\">Introduction<\/a><\/p>","protected":false},"excerpt":{"rendered":"<p>Le cr\u00e2ne des Vert\u00e9br\u00e9s quadrup\u00e8des et bip\u00e8des examine la biodynamique architecturale cranio-faciale de plusieurs esp\u00e8ces de Mammif\u00e8res fossiles et actuelles ainsi que celle d\u2019Hominid\u00e9s anatomiquement modernes. Il \u00e9tudie, entre autres, leur adaptation au sol, l\u2019ad\u00e9quation de la posture de leur t\u00eate par rapport \u00e0 leurs r\u00e9gimes alimentaires ainsi que les articul\u00e9s dentaires en fonction des [&hellip;]<\/p>\n","protected":false},"featured_media":39356,"template":"","meta":{"_acf_changed":false,"_links_to":"","_links_to_target":""},"product_brand":[],"product_cat":[3262],"product_tag":[],"class_list":{"0":"post-39352","1":"product","2":"type-product","3":"status-publish","4":"has-post-thumbnail","6":"product_cat-non-classe","8":"first","9":"instock","10":"shipping-taxable","11":"purchasable","12":"product-type-variable"},"acf":[],"yoast_head":"<!-- This site is optimized with the Yoast SEO plugin v27.2 - https:\/\/yoast.com\/product\/yoast-seo-wordpress\/ -->\n<title>Le cr\u00e2ne des Vert\u00e9br\u00e9s quadrup\u00e8des et bip\u00e8des - ISTE Group<\/title>\n<meta name=\"description\" content=\"Le cr\u00e2ne des Vert\u00e9br\u00e9s quadrup\u00e8des et bip\u00e8des examine la biodynamique architecturale cranio-faciale de plusieurs esp\u00e8ces de Mammif\u00e8res fossiles et actuelles ainsi que celle d\u2019Hominid\u00e9s anatomiquement modernes.\" \/>\n<meta name=\"robots\" content=\"index, follow, max-snippet:-1, max-image-preview:large, max-video-preview:-1\" \/>\n<link rel=\"canonical\" href=\"https:\/\/www.istegroup.com\/produit\/le-crane-des-vertebres-quadrupedes-et-bipedes\/\" \/>\n<meta property=\"og:locale\" content=\"fr_FR\" \/>\n<meta property=\"og:type\" content=\"article\" \/>\n<meta property=\"og:title\" content=\"Le cr\u00e2ne des Vert\u00e9br\u00e9s quadrup\u00e8des et bip\u00e8des - ISTE Group\" \/>\n<meta property=\"og:description\" content=\"Le cr\u00e2ne des Vert\u00e9br\u00e9s quadrup\u00e8des et bip\u00e8des examine la biodynamique architecturale cranio-faciale de plusieurs esp\u00e8ces de Mammif\u00e8res fossiles et actuelles ainsi que celle d\u2019Hominid\u00e9s anatomiquement modernes.\" \/>\n<meta property=\"og:url\" content=\"https:\/\/www.istegroup.com\/produit\/le-crane-des-vertebres-quadrupedes-et-bipedes\/\" \/>\n<meta property=\"og:site_name\" content=\"ISTE Group\" \/>\n<meta property=\"article:modified_time\" content=\"2024-01-03T13:44:35+00:00\" \/>\n<meta property=\"og:image\" content=\"https:\/\/www.istegroup.com\/wp-content\/uploads\/2021\/03\/Le-cr\u00e2ne-des-Vert\u00e9br\u00e9s-quadrup\u00e8des-et-bip\u00e8des.jpg\" \/>\n\t<meta property=\"og:image:width\" content=\"300\" \/>\n\t<meta property=\"og:image:height\" content=\"452\" \/>\n\t<meta property=\"og:image:type\" content=\"image\/jpeg\" \/>\n<meta name=\"twitter:card\" content=\"summary_large_image\" \/>\n<meta name=\"twitter:label1\" content=\"Est. reading time\" \/>\n\t<meta name=\"twitter:data1\" content=\"1 minute\" \/>\n<script type=\"application\/ld+json\" class=\"yoast-schema-graph\">{\"@context\":\"https:\/\/schema.org\",\"@graph\":[{\"@type\":\"WebPage\",\"@id\":\"https:\/\/www.istegroup.com\/produit\/le-crane-des-vertebres-quadrupedes-et-bipedes\/\",\"url\":\"https:\/\/www.istegroup.com\/produit\/le-crane-des-vertebres-quadrupedes-et-bipedes\/\",\"name\":\"Le cr\u00e2ne des Vert\u00e9br\u00e9s quadrup\u00e8des et bip\u00e8des - ISTE Group\",\"isPartOf\":{\"@id\":\"https:\/\/www.istegroup.com\/#website\"},\"primaryImageOfPage\":{\"@id\":\"https:\/\/www.istegroup.com\/produit\/le-crane-des-vertebres-quadrupedes-et-bipedes\/#primaryimage\"},\"image\":{\"@id\":\"https:\/\/www.istegroup.com\/produit\/le-crane-des-vertebres-quadrupedes-et-bipedes\/#primaryimage\"},\"thumbnailUrl\":\"https:\/\/www.istegroup.com\/wp-content\/uploads\/2021\/03\/Le-cr\u00e2ne-des-Vert\u00e9br\u00e9s-quadrup\u00e8des-et-bip\u00e8des.jpg\",\"datePublished\":\"2021-05-20T10:11:52+00:00\",\"dateModified\":\"2024-01-03T13:44:35+00:00\",\"description\":\"Le cr\u00e2ne des Vert\u00e9br\u00e9s quadrup\u00e8des et bip\u00e8des examine la biodynamique architecturale cranio-faciale de plusieurs esp\u00e8ces de Mammif\u00e8res fossiles et actuelles ainsi que celle d\u2019Hominid\u00e9s anatomiquement modernes.\",\"breadcrumb\":{\"@id\":\"https:\/\/www.istegroup.com\/produit\/le-crane-des-vertebres-quadrupedes-et-bipedes\/#breadcrumb\"},\"inLanguage\":\"fr-FR\",\"potentialAction\":[{\"@type\":\"ReadAction\",\"target\":[\"https:\/\/www.istegroup.com\/produit\/le-crane-des-vertebres-quadrupedes-et-bipedes\/\"]}]},{\"@type\":\"ImageObject\",\"inLanguage\":\"fr-FR\",\"@id\":\"https:\/\/www.istegroup.com\/produit\/le-crane-des-vertebres-quadrupedes-et-bipedes\/#primaryimage\",\"url\":\"https:\/\/www.istegroup.com\/wp-content\/uploads\/2021\/03\/Le-cr\u00e2ne-des-Vert\u00e9br\u00e9s-quadrup\u00e8des-et-bip\u00e8des.jpg\",\"contentUrl\":\"https:\/\/www.istegroup.com\/wp-content\/uploads\/2021\/03\/Le-cr\u00e2ne-des-Vert\u00e9br\u00e9s-quadrup\u00e8des-et-bip\u00e8des.jpg\",\"width\":300,\"height\":452,\"caption\":\"Livre scientifique - Le cr\u00e2ne des Vert\u00e9br\u00e9s quadrup\u00e8des et bip\u00e8des - Djillali Hadjouis\"},{\"@type\":\"BreadcrumbList\",\"@id\":\"https:\/\/www.istegroup.com\/produit\/le-crane-des-vertebres-quadrupedes-et-bipedes\/#breadcrumb\",\"itemListElement\":[{\"@type\":\"ListItem\",\"position\":1,\"name\":\"Home\",\"item\":\"https:\/\/www.istegroup.com\/\"},{\"@type\":\"ListItem\",\"position\":2,\"name\":\"Shop\",\"item\":\"https:\/\/www.istegroup.com\/fr\/nouveautes\/\"},{\"@type\":\"ListItem\",\"position\":3,\"name\":\"Le cr\u00e2ne des Vert\u00e9br\u00e9s quadrup\u00e8des et bip\u00e8des\"}]},{\"@type\":\"WebSite\",\"@id\":\"https:\/\/www.istegroup.com\/#website\",\"url\":\"https:\/\/www.istegroup.com\/\",\"name\":\"ISTE Group\",\"description\":\"\u00c9diteur des Sciences\",\"potentialAction\":[{\"@type\":\"SearchAction\",\"target\":{\"@type\":\"EntryPoint\",\"urlTemplate\":\"https:\/\/www.istegroup.com\/?s={search_term_string}\"},\"query-input\":{\"@type\":\"PropertyValueSpecification\",\"valueRequired\":true,\"valueName\":\"search_term_string\"}}],\"inLanguage\":\"fr-FR\"}]}<\/script>\n<!-- \/ Yoast SEO plugin. -->","yoast_head_json":{"title":"Le cr\u00e2ne des Vert\u00e9br\u00e9s quadrup\u00e8des et bip\u00e8des - ISTE Group","description":"Le cr\u00e2ne des Vert\u00e9br\u00e9s quadrup\u00e8des et bip\u00e8des examine la biodynamique architecturale cranio-faciale de plusieurs esp\u00e8ces de Mammif\u00e8res fossiles et actuelles ainsi que celle d\u2019Hominid\u00e9s anatomiquement modernes.","robots":{"index":"index","follow":"follow","max-snippet":"max-snippet:-1","max-image-preview":"max-image-preview:large","max-video-preview":"max-video-preview:-1"},"canonical":"https:\/\/www.istegroup.com\/produit\/le-crane-des-vertebres-quadrupedes-et-bipedes\/","og_locale":"fr_FR","og_type":"article","og_title":"Le cr\u00e2ne des Vert\u00e9br\u00e9s quadrup\u00e8des et bip\u00e8des - ISTE Group","og_description":"Le cr\u00e2ne des Vert\u00e9br\u00e9s quadrup\u00e8des et bip\u00e8des examine la biodynamique architecturale cranio-faciale de plusieurs esp\u00e8ces de Mammif\u00e8res fossiles et actuelles ainsi que celle d\u2019Hominid\u00e9s anatomiquement modernes.","og_url":"https:\/\/www.istegroup.com\/produit\/le-crane-des-vertebres-quadrupedes-et-bipedes\/","og_site_name":"ISTE Group","article_modified_time":"2024-01-03T13:44:35+00:00","og_image":[{"width":300,"height":452,"url":"https:\/\/www.istegroup.com\/wp-content\/uploads\/2021\/03\/Le-cr\u00e2ne-des-Vert\u00e9br\u00e9s-quadrup\u00e8des-et-bip\u00e8des.jpg","type":"image\/jpeg"}],"twitter_card":"summary_large_image","twitter_misc":{"Est. reading time":"1 minute"},"schema":{"@context":"https:\/\/schema.org","@graph":[{"@type":"WebPage","@id":"https:\/\/www.istegroup.com\/produit\/le-crane-des-vertebres-quadrupedes-et-bipedes\/","url":"https:\/\/www.istegroup.com\/produit\/le-crane-des-vertebres-quadrupedes-et-bipedes\/","name":"Le cr\u00e2ne des Vert\u00e9br\u00e9s quadrup\u00e8des et bip\u00e8des - ISTE Group","isPartOf":{"@id":"https:\/\/www.istegroup.com\/#website"},"primaryImageOfPage":{"@id":"https:\/\/www.istegroup.com\/produit\/le-crane-des-vertebres-quadrupedes-et-bipedes\/#primaryimage"},"image":{"@id":"https:\/\/www.istegroup.com\/produit\/le-crane-des-vertebres-quadrupedes-et-bipedes\/#primaryimage"},"thumbnailUrl":"https:\/\/www.istegroup.com\/wp-content\/uploads\/2021\/03\/Le-cr\u00e2ne-des-Vert\u00e9br\u00e9s-quadrup\u00e8des-et-bip\u00e8des.jpg","datePublished":"2021-05-20T10:11:52+00:00","dateModified":"2024-01-03T13:44:35+00:00","description":"Le cr\u00e2ne des Vert\u00e9br\u00e9s quadrup\u00e8des et bip\u00e8des examine la biodynamique architecturale cranio-faciale de plusieurs esp\u00e8ces de Mammif\u00e8res fossiles et actuelles ainsi que celle d\u2019Hominid\u00e9s anatomiquement modernes.","breadcrumb":{"@id":"https:\/\/www.istegroup.com\/produit\/le-crane-des-vertebres-quadrupedes-et-bipedes\/#breadcrumb"},"inLanguage":"fr-FR","potentialAction":[{"@type":"ReadAction","target":["https:\/\/www.istegroup.com\/produit\/le-crane-des-vertebres-quadrupedes-et-bipedes\/"]}]},{"@type":"ImageObject","inLanguage":"fr-FR","@id":"https:\/\/www.istegroup.com\/produit\/le-crane-des-vertebres-quadrupedes-et-bipedes\/#primaryimage","url":"https:\/\/www.istegroup.com\/wp-content\/uploads\/2021\/03\/Le-cr\u00e2ne-des-Vert\u00e9br\u00e9s-quadrup\u00e8des-et-bip\u00e8des.jpg","contentUrl":"https:\/\/www.istegroup.com\/wp-content\/uploads\/2021\/03\/Le-cr\u00e2ne-des-Vert\u00e9br\u00e9s-quadrup\u00e8des-et-bip\u00e8des.jpg","width":300,"height":452,"caption":"Livre scientifique - Le cr\u00e2ne des Vert\u00e9br\u00e9s quadrup\u00e8des et bip\u00e8des - Djillali Hadjouis"},{"@type":"BreadcrumbList","@id":"https:\/\/www.istegroup.com\/produit\/le-crane-des-vertebres-quadrupedes-et-bipedes\/#breadcrumb","itemListElement":[{"@type":"ListItem","position":1,"name":"Home","item":"https:\/\/www.istegroup.com\/"},{"@type":"ListItem","position":2,"name":"Shop","item":"https:\/\/www.istegroup.com\/fr\/nouveautes\/"},{"@type":"ListItem","position":3,"name":"Le cr\u00e2ne des Vert\u00e9br\u00e9s quadrup\u00e8des et bip\u00e8des"}]},{"@type":"WebSite","@id":"https:\/\/www.istegroup.com\/#website","url":"https:\/\/www.istegroup.com\/","name":"ISTE Group","description":"\u00c9diteur des Sciences","potentialAction":[{"@type":"SearchAction","target":{"@type":"EntryPoint","urlTemplate":"https:\/\/www.istegroup.com\/?s={search_term_string}"},"query-input":{"@type":"PropertyValueSpecification","valueRequired":true,"valueName":"search_term_string"}}],"inLanguage":"fr-FR"}]}},"_links":{"self":[{"href":"https:\/\/www.istegroup.com\/fr\/wp-json\/wp\/v2\/product\/39352","targetHints":{"allow":["GET"]}}],"collection":[{"href":"https:\/\/www.istegroup.com\/fr\/wp-json\/wp\/v2\/product"}],"about":[{"href":"https:\/\/www.istegroup.com\/fr\/wp-json\/wp\/v2\/types\/product"}],"wp:featuredmedia":[{"embeddable":true,"href":"https:\/\/www.istegroup.com\/fr\/wp-json\/wp\/v2\/media\/39356"}],"wp:attachment":[{"href":"https:\/\/www.istegroup.com\/fr\/wp-json\/wp\/v2\/media?parent=39352"}],"wp:term":[{"taxonomy":"product_brand","embeddable":true,"href":"https:\/\/www.istegroup.com\/fr\/wp-json\/wp\/v2\/product_brand?post=39352"},{"taxonomy":"product_cat","embeddable":true,"href":"https:\/\/www.istegroup.com\/fr\/wp-json\/wp\/v2\/product_cat?post=39352"},{"taxonomy":"product_tag","embeddable":true,"href":"https:\/\/www.istegroup.com\/fr\/wp-json\/wp\/v2\/product_tag?post=39352"}],"curies":[{"name":"wp","href":"https:\/\/api.w.org\/{rel}","templated":true}]}}