{"id":38713,"date":"2021-04-10T09:36:09","date_gmt":"2021-04-10T08:36:09","guid":{"rendered":"https:\/\/www.istegroup.com\/?post_type=product&#038;p=38713"},"modified":"2024-01-03T13:44:04","modified_gmt":"2024-01-03T13:44:04","slug":"la-responsabilite-societale-de-lintelligence-artificielle","status":"publish","type":"product","link":"https:\/\/www.istegroup.com\/fr\/produit\/la-responsabilite-societale-de-lintelligence-artificielle\/","title":{"rendered":"La responsabilit\u00e9 soci\u00e9tale de l\u2019intelligence artificielle"},"content":{"rendered":"<p>Le monde digital se caract\u00e9rise par son instantan\u00e9it\u00e9, sa densit\u00e9 d\u2019informations et son omnipr\u00e9sence, en contraste avec le monde concret. Des changements significatifs vont appara\u00eetre dans notre soci\u00e9t\u00e9 \u00e0 mesure que les IA s\u2019int\u00e8grent \u00e0 de nombreux aspects de nos vies.<\/p>\n<p>C\u2019est \u00e0 partir de cette vision d\u2019universalisation que cet ouvrage a \u00e9t\u00e9 r\u00e9dig\u00e9. Ce <em>vade-mecum<\/em> traite ainsi de l\u2019\u00e9laboration et de l\u2019encadrement de l\u2019IA applicable \u00e0 tous. Il d\u00e9veloppe un cadre moral bas\u00e9 sur une approche n\u00e9odarwinienne \u2013 le concept d\u2019<em>Ethics by Evolution<\/em> \u2013 pour accompagner les IA en observant un certain nombre d\u2019exigences, de pr\u00e9conisations et de r\u00e8gles \u00e9labor\u00e9es, v\u00e9rifi\u00e9es et discut\u00e9es \u00e0 chaque \u00e9tape de conception, de mise en place et d\u2019usage.<\/p>\n<p><em>La responsabilit\u00e9 soci\u00e9tale de l\u2019intelligence artificielle<\/em> est une d\u00e9marche essentielle pour tendre vers une IA \u00e9thique, \u00e9coresponsable et digne de confiance, visant \u00e0 prot\u00e9ger et \u00e0 servir de mani\u00e8re b\u00e9n\u00e9fique les personnes et le bien commun.<\/p>\n<p><a class=\"button\" style=\"margin-right: 10%\" href=\"https:\/\/www.istegroup.com\/wp-content\/uploads\/2020\/02\/735_La-responsabilite-societale-de-lintelligence-artificielle_Beranger_TOC.pdf\" target=\"_blank\" rel=\"noopener noreferrer\">Table des mati\u00e8res<\/a><a class=\"button\" style=\"margin-left: 10%\" href=\"https:\/\/www.istegroup.com\/wp-content\/uploads\/2020\/02\/735_La-responsabilite-societale-de-lintelligence-artificielle_Beranger_Premiere-partie.pdf\" target=\"_blank\" rel=\"noopener noreferrer\">Introduction<\/a><\/p>","protected":false},"excerpt":{"rendered":"<p>Le monde digital se caract\u00e9rise par son instantan\u00e9it\u00e9, sa densit\u00e9 d\u2019informations et son omnipr\u00e9sence, en contraste avec le monde concret. Des changements significatifs vont appara\u00eetre dans notre soci\u00e9t\u00e9 \u00e0 mesure que les IA s\u2019int\u00e8grent \u00e0 de nombreux aspects de nos vies. C\u2019est \u00e0 partir de cette vision d\u2019universalisation que cet ouvrage a \u00e9t\u00e9 r\u00e9dig\u00e9. Ce [&hellip;]<\/p>\n","protected":false},"featured_media":38813,"template":"","meta":{"_acf_changed":false,"_links_to":"","_links_to_target":""},"product_brand":[],"product_cat":[3262],"product_tag":[],"class_list":{"0":"post-38713","1":"product","2":"type-product","3":"status-publish","4":"has-post-thumbnail","6":"product_cat-non-classe","8":"first","9":"instock","10":"shipping-taxable","11":"purchasable","12":"product-type-variable"},"acf":[],"yoast_head":"<!-- This site is optimized with the Yoast SEO plugin v27.2 - https:\/\/yoast.com\/product\/yoast-seo-wordpress\/ -->\n<title>La responsabilit\u00e9 soci\u00e9tale de l\u2019intelligence artificielle - ISTE Group<\/title>\n<meta name=\"description\" content=\"La responsabilit\u00e9 soci\u00e9tale de l\u2019intelligence artificielle traite de l\u2019\u00e9laboration et de l\u2019encadrement de l\u2019IA applicable \u00e0 tous.\" \/>\n<meta name=\"robots\" content=\"index, follow, max-snippet:-1, max-image-preview:large, max-video-preview:-1\" \/>\n<link rel=\"canonical\" href=\"https:\/\/www.istegroup.com\/produit\/la-responsabilite-societale-de-lintelligence-artificielle\/\" \/>\n<meta property=\"og:locale\" content=\"fr_FR\" \/>\n<meta property=\"og:type\" content=\"article\" \/>\n<meta property=\"og:title\" content=\"La responsabilit\u00e9 soci\u00e9tale de l\u2019intelligence artificielle - ISTE Group\" \/>\n<meta property=\"og:description\" content=\"La responsabilit\u00e9 soci\u00e9tale de l\u2019intelligence artificielle traite de l\u2019\u00e9laboration et de l\u2019encadrement de l\u2019IA applicable \u00e0 tous.\" \/>\n<meta property=\"og:url\" content=\"https:\/\/www.istegroup.com\/produit\/la-responsabilite-societale-de-lintelligence-artificielle\/\" \/>\n<meta property=\"og:site_name\" content=\"ISTE Group\" \/>\n<meta property=\"article:modified_time\" content=\"2024-01-03T13:44:04+00:00\" \/>\n<meta property=\"og:image\" content=\"https:\/\/www.istegroup.com\/wp-content\/uploads\/2021\/02\/La-responsabilite-societale-de-lintelligence-artificielle.jpg\" \/>\n\t<meta property=\"og:image:width\" content=\"300\" \/>\n\t<meta property=\"og:image:height\" content=\"453\" \/>\n\t<meta property=\"og:image:type\" content=\"image\/jpeg\" \/>\n<meta name=\"twitter:card\" content=\"summary_large_image\" \/>\n<meta name=\"twitter:label1\" content=\"Est. reading time\" \/>\n\t<meta name=\"twitter:data1\" content=\"1 minute\" \/>\n<script type=\"application\/ld+json\" class=\"yoast-schema-graph\">{\"@context\":\"https:\/\/schema.org\",\"@graph\":[{\"@type\":\"WebPage\",\"@id\":\"https:\/\/www.istegroup.com\/produit\/la-responsabilite-societale-de-lintelligence-artificielle\/\",\"url\":\"https:\/\/www.istegroup.com\/produit\/la-responsabilite-societale-de-lintelligence-artificielle\/\",\"name\":\"La responsabilit\u00e9 soci\u00e9tale de l\u2019intelligence artificielle - ISTE Group\",\"isPartOf\":{\"@id\":\"https:\/\/www.istegroup.com\/#website\"},\"primaryImageOfPage\":{\"@id\":\"https:\/\/www.istegroup.com\/produit\/la-responsabilite-societale-de-lintelligence-artificielle\/#primaryimage\"},\"image\":{\"@id\":\"https:\/\/www.istegroup.com\/produit\/la-responsabilite-societale-de-lintelligence-artificielle\/#primaryimage\"},\"thumbnailUrl\":\"https:\/\/www.istegroup.com\/wp-content\/uploads\/2021\/02\/La-responsabilite-societale-de-lintelligence-artificielle.jpg\",\"datePublished\":\"2021-04-10T08:36:09+00:00\",\"dateModified\":\"2024-01-03T13:44:04+00:00\",\"description\":\"La responsabilit\u00e9 soci\u00e9tale de l\u2019intelligence artificielle traite de l\u2019\u00e9laboration et de l\u2019encadrement de l\u2019IA applicable \u00e0 tous.\",\"breadcrumb\":{\"@id\":\"https:\/\/www.istegroup.com\/produit\/la-responsabilite-societale-de-lintelligence-artificielle\/#breadcrumb\"},\"inLanguage\":\"fr-FR\",\"potentialAction\":[{\"@type\":\"ReadAction\",\"target\":[\"https:\/\/www.istegroup.com\/produit\/la-responsabilite-societale-de-lintelligence-artificielle\/\"]}]},{\"@type\":\"ImageObject\",\"inLanguage\":\"fr-FR\",\"@id\":\"https:\/\/www.istegroup.com\/produit\/la-responsabilite-societale-de-lintelligence-artificielle\/#primaryimage\",\"url\":\"https:\/\/www.istegroup.com\/wp-content\/uploads\/2021\/02\/La-responsabilite-societale-de-lintelligence-artificielle.jpg\",\"contentUrl\":\"https:\/\/www.istegroup.com\/wp-content\/uploads\/2021\/02\/La-responsabilite-societale-de-lintelligence-artificielle.jpg\",\"width\":300,\"height\":453,\"caption\":\"Livre scientifique - La responsabilit\u00e9 soci\u00e9tale de l'intelligence artificielle - J\u00e9r\u00f4me B\u00e9ranger\"},{\"@type\":\"BreadcrumbList\",\"@id\":\"https:\/\/www.istegroup.com\/produit\/la-responsabilite-societale-de-lintelligence-artificielle\/#breadcrumb\",\"itemListElement\":[{\"@type\":\"ListItem\",\"position\":1,\"name\":\"Home\",\"item\":\"https:\/\/www.istegroup.com\/\"},{\"@type\":\"ListItem\",\"position\":2,\"name\":\"Shop\",\"item\":\"https:\/\/www.istegroup.com\/fr\/nouveautes\/\"},{\"@type\":\"ListItem\",\"position\":3,\"name\":\"La responsabilit\u00e9 soci\u00e9tale de l\u2019intelligence artificielle\"}]},{\"@type\":\"WebSite\",\"@id\":\"https:\/\/www.istegroup.com\/#website\",\"url\":\"https:\/\/www.istegroup.com\/\",\"name\":\"ISTE Group\",\"description\":\"\u00c9diteur des Sciences\",\"potentialAction\":[{\"@type\":\"SearchAction\",\"target\":{\"@type\":\"EntryPoint\",\"urlTemplate\":\"https:\/\/www.istegroup.com\/?s={search_term_string}\"},\"query-input\":{\"@type\":\"PropertyValueSpecification\",\"valueRequired\":true,\"valueName\":\"search_term_string\"}}],\"inLanguage\":\"fr-FR\"}]}<\/script>\n<!-- \/ Yoast SEO plugin. -->","yoast_head_json":{"title":"La responsabilit\u00e9 soci\u00e9tale de l\u2019intelligence artificielle - ISTE Group","description":"La responsabilit\u00e9 soci\u00e9tale de l\u2019intelligence artificielle traite de l\u2019\u00e9laboration et de l\u2019encadrement de l\u2019IA applicable \u00e0 tous.","robots":{"index":"index","follow":"follow","max-snippet":"max-snippet:-1","max-image-preview":"max-image-preview:large","max-video-preview":"max-video-preview:-1"},"canonical":"https:\/\/www.istegroup.com\/produit\/la-responsabilite-societale-de-lintelligence-artificielle\/","og_locale":"fr_FR","og_type":"article","og_title":"La responsabilit\u00e9 soci\u00e9tale de l\u2019intelligence artificielle - ISTE Group","og_description":"La responsabilit\u00e9 soci\u00e9tale de l\u2019intelligence artificielle traite de l\u2019\u00e9laboration et de l\u2019encadrement de l\u2019IA applicable \u00e0 tous.","og_url":"https:\/\/www.istegroup.com\/produit\/la-responsabilite-societale-de-lintelligence-artificielle\/","og_site_name":"ISTE Group","article_modified_time":"2024-01-03T13:44:04+00:00","og_image":[{"width":300,"height":453,"url":"https:\/\/www.istegroup.com\/wp-content\/uploads\/2021\/02\/La-responsabilite-societale-de-lintelligence-artificielle.jpg","type":"image\/jpeg"}],"twitter_card":"summary_large_image","twitter_misc":{"Est. reading time":"1 minute"},"schema":{"@context":"https:\/\/schema.org","@graph":[{"@type":"WebPage","@id":"https:\/\/www.istegroup.com\/produit\/la-responsabilite-societale-de-lintelligence-artificielle\/","url":"https:\/\/www.istegroup.com\/produit\/la-responsabilite-societale-de-lintelligence-artificielle\/","name":"La responsabilit\u00e9 soci\u00e9tale de l\u2019intelligence artificielle - ISTE Group","isPartOf":{"@id":"https:\/\/www.istegroup.com\/#website"},"primaryImageOfPage":{"@id":"https:\/\/www.istegroup.com\/produit\/la-responsabilite-societale-de-lintelligence-artificielle\/#primaryimage"},"image":{"@id":"https:\/\/www.istegroup.com\/produit\/la-responsabilite-societale-de-lintelligence-artificielle\/#primaryimage"},"thumbnailUrl":"https:\/\/www.istegroup.com\/wp-content\/uploads\/2021\/02\/La-responsabilite-societale-de-lintelligence-artificielle.jpg","datePublished":"2021-04-10T08:36:09+00:00","dateModified":"2024-01-03T13:44:04+00:00","description":"La responsabilit\u00e9 soci\u00e9tale de l\u2019intelligence artificielle traite de l\u2019\u00e9laboration et de l\u2019encadrement de l\u2019IA applicable \u00e0 tous.","breadcrumb":{"@id":"https:\/\/www.istegroup.com\/produit\/la-responsabilite-societale-de-lintelligence-artificielle\/#breadcrumb"},"inLanguage":"fr-FR","potentialAction":[{"@type":"ReadAction","target":["https:\/\/www.istegroup.com\/produit\/la-responsabilite-societale-de-lintelligence-artificielle\/"]}]},{"@type":"ImageObject","inLanguage":"fr-FR","@id":"https:\/\/www.istegroup.com\/produit\/la-responsabilite-societale-de-lintelligence-artificielle\/#primaryimage","url":"https:\/\/www.istegroup.com\/wp-content\/uploads\/2021\/02\/La-responsabilite-societale-de-lintelligence-artificielle.jpg","contentUrl":"https:\/\/www.istegroup.com\/wp-content\/uploads\/2021\/02\/La-responsabilite-societale-de-lintelligence-artificielle.jpg","width":300,"height":453,"caption":"Livre scientifique - La responsabilit\u00e9 soci\u00e9tale de l'intelligence artificielle - J\u00e9r\u00f4me B\u00e9ranger"},{"@type":"BreadcrumbList","@id":"https:\/\/www.istegroup.com\/produit\/la-responsabilite-societale-de-lintelligence-artificielle\/#breadcrumb","itemListElement":[{"@type":"ListItem","position":1,"name":"Home","item":"https:\/\/www.istegroup.com\/"},{"@type":"ListItem","position":2,"name":"Shop","item":"https:\/\/www.istegroup.com\/fr\/nouveautes\/"},{"@type":"ListItem","position":3,"name":"La responsabilit\u00e9 soci\u00e9tale de l\u2019intelligence artificielle"}]},{"@type":"WebSite","@id":"https:\/\/www.istegroup.com\/#website","url":"https:\/\/www.istegroup.com\/","name":"ISTE Group","description":"\u00c9diteur des Sciences","potentialAction":[{"@type":"SearchAction","target":{"@type":"EntryPoint","urlTemplate":"https:\/\/www.istegroup.com\/?s={search_term_string}"},"query-input":{"@type":"PropertyValueSpecification","valueRequired":true,"valueName":"search_term_string"}}],"inLanguage":"fr-FR"}]}},"_links":{"self":[{"href":"https:\/\/www.istegroup.com\/fr\/wp-json\/wp\/v2\/product\/38713","targetHints":{"allow":["GET"]}}],"collection":[{"href":"https:\/\/www.istegroup.com\/fr\/wp-json\/wp\/v2\/product"}],"about":[{"href":"https:\/\/www.istegroup.com\/fr\/wp-json\/wp\/v2\/types\/product"}],"wp:featuredmedia":[{"embeddable":true,"href":"https:\/\/www.istegroup.com\/fr\/wp-json\/wp\/v2\/media\/38813"}],"wp:attachment":[{"href":"https:\/\/www.istegroup.com\/fr\/wp-json\/wp\/v2\/media?parent=38713"}],"wp:term":[{"taxonomy":"product_brand","embeddable":true,"href":"https:\/\/www.istegroup.com\/fr\/wp-json\/wp\/v2\/product_brand?post=38713"},{"taxonomy":"product_cat","embeddable":true,"href":"https:\/\/www.istegroup.com\/fr\/wp-json\/wp\/v2\/product_cat?post=38713"},{"taxonomy":"product_tag","embeddable":true,"href":"https:\/\/www.istegroup.com\/fr\/wp-json\/wp\/v2\/product_tag?post=38713"}],"curies":[{"name":"wp","href":"https:\/\/api.w.org\/{rel}","templated":true}]}}