{"id":297,"date":"2017-06-10T11:47:05","date_gmt":"2017-06-10T09:47:05","guid":{"rendered":"https:\/\/iste.yhello.co\/product\/intelligence-collective-et-archives-numeriques\/"},"modified":"2024-01-03T13:39:18","modified_gmt":"2024-01-03T13:39:18","slug":"intelligence-collective-et-archives-numeriques","status":"publish","type":"product","link":"https:\/\/www.istegroup.com\/fr\/produit\/intelligence-collective-et-archives-numeriques\/","title":{"rendered":"Intelligence collective et archives num\u00e9riques"},"content":{"rendered":"<p>Cet ouvrage pr\u00e9sente les points de vue de chercheurs dans diff\u00e9rents domaines sur les archives num\u00e9riques. Il analyse le d\u00e9veloppement de l\u2019intelligence collective afin d\u2019organiser et de communiquer au mieux les nouvelles masses d\u2019information.<\/p>\n<p>Les chantiers de num\u00e9risation des archives produisent aujourd\u2019hui une masse \u00e9norme de documents num\u00e9riques (Big Data). De par les d\u00e9marches volontaristes des grandes institutions publiques gestionnaires de documents (biblioth\u00e8ques, archives, administrations, etc.), ces donn\u00e9es sont de plus en plus accessibles. Si les cadres techniques et juridiques tendent \u00e0 se stabiliser, l\u2019usage des donn\u00e9es reste encore \u00e0 inventer notamment pour les enrichir par un processus d\u2019intelligence collective.<\/p>\n<p><em>Intelligence collective et archives num\u00e9riques<\/em>\u00a0a pour ambition de pr\u00e9senter et d\u2019analyser des exemples concrets d\u2019intelligence collective mis au service des archives num\u00e9riques, que ce soit dans le domaine des humanit\u00e9s num\u00e9riques, des archives audiovisuelles, de la pr\u00e9servation du patrimoine culturel, du crowdsourcing et de la valorisation des archives de la science.<\/p>\n","protected":false},"excerpt":{"rendered":"<p>Cet ouvrage pr\u00e9sente les points de vue de chercheurs dans diff\u00e9rents domaines sur les archives num\u00e9riques. Il analyse le d\u00e9veloppement de l\u2019intelligence collective afin d\u2019organiser et de communiquer au mieux les nouvelles masses d\u2019information. Les chantiers de num\u00e9risation des archives produisent aujourd\u2019hui une masse \u00e9norme de documents num\u00e9riques (Big Data). De par les d\u00e9marches volontaristes [&hellip;]<\/p>\n","protected":false},"featured_media":298,"template":"","meta":{"_acf_changed":false,"_links_to":"","_links_to_target":""},"product_brand":[],"product_cat":[675,717,707],"product_tag":[18,19,20,101,21,22,25,26,27,102,28,103],"class_list":{"0":"post-297","1":"product","2":"type-product","3":"status-publish","4":"has-post-thumbnail","6":"product_cat-nouveauts-12519446","7":"product_cat-srie-outils-et-usages-numriques-423147153","8":"product_cat-systmes-dinformation-web-et-socit-12506570","9":"product_tag-edition-scientifique","10":"product_tag-editions-francaise","11":"product_tag-editions-technique","12":"product_tag-intelligence-collective-et-archives-numeriques","13":"product_tag-iste-group","14":"product_tag-istegroup","15":"product_tag-livre-numerique","16":"product_tag-livre-scientifique-francais","17":"product_tag-livre-technique-francais","18":"product_tag-nasreddine-bouhai","19":"product_tag-ouvrage-scientifique-francais","20":"product_tag-samuel-szoniecky","22":"first","23":"instock","24":"shipping-taxable","25":"purchasable","26":"product-type-variable"},"acf":[],"yoast_head":"<!-- This site is optimized with the Yoast SEO plugin v27.2 - https:\/\/yoast.com\/product\/yoast-seo-wordpress\/ -->\n<title>Intelligence collective et archives num\u00e9riques - ISTE Group<\/title>\n<meta name=\"description\" content=\"Cet ouvrage a pour ambition de pr\u00e9senter et d\u2019analyser des exemples concrets d\u2019intelligence collective mis au service des archives num\u00e9riques.\" \/>\n<meta name=\"robots\" content=\"index, follow, max-snippet:-1, max-image-preview:large, max-video-preview:-1\" \/>\n<link rel=\"canonical\" href=\"https:\/\/www.istegroup.com\/fr\/produit\/intelligence-collective-et-archives-numeriques\/\" \/>\n<meta property=\"og:locale\" content=\"fr_FR\" \/>\n<meta property=\"og:type\" content=\"article\" \/>\n<meta property=\"og:title\" content=\"Intelligence collective et archives num\u00e9riques - ISTE Group\" \/>\n<meta property=\"og:description\" content=\"Cet ouvrage a pour ambition de pr\u00e9senter et d\u2019analyser des exemples concrets d\u2019intelligence collective mis au service des archives num\u00e9riques.\" \/>\n<meta property=\"og:url\" content=\"https:\/\/www.istegroup.com\/fr\/produit\/intelligence-collective-et-archives-numeriques\/\" \/>\n<meta property=\"og:site_name\" content=\"ISTE Group\" \/>\n<meta property=\"article:modified_time\" content=\"2024-01-03T13:39:18+00:00\" \/>\n<meta property=\"og:image\" content=\"https:\/\/www.istegroup.com\/wp-content\/uploads\/2017\/07\/21346746193_9595130961-1-scaled.jpg\" \/>\n\t<meta property=\"og:image:width\" content=\"1706\" \/>\n\t<meta property=\"og:image:height\" content=\"2560\" \/>\n\t<meta property=\"og:image:type\" content=\"image\/jpeg\" \/>\n<meta name=\"twitter:card\" content=\"summary_large_image\" \/>\n<meta name=\"twitter:label1\" content=\"Est. reading time\" \/>\n\t<meta name=\"twitter:data1\" content=\"1 minute\" \/>\n<script type=\"application\/ld+json\" class=\"yoast-schema-graph\">{\"@context\":\"https:\/\/schema.org\",\"@graph\":[{\"@type\":\"WebPage\",\"@id\":\"https:\/\/www.istegroup.com\/fr\/produit\/intelligence-collective-et-archives-numeriques\/\",\"url\":\"https:\/\/www.istegroup.com\/fr\/produit\/intelligence-collective-et-archives-numeriques\/\",\"name\":\"Intelligence collective et archives num\u00e9riques - ISTE Group\",\"isPartOf\":{\"@id\":\"https:\/\/www.istegroup.com\/#website\"},\"primaryImageOfPage\":{\"@id\":\"https:\/\/www.istegroup.com\/fr\/produit\/intelligence-collective-et-archives-numeriques\/#primaryimage\"},\"image\":{\"@id\":\"https:\/\/www.istegroup.com\/fr\/produit\/intelligence-collective-et-archives-numeriques\/#primaryimage\"},\"thumbnailUrl\":\"https:\/\/www.istegroup.com\/wp-content\/uploads\/2017\/07\/21346746193_9595130961-1-scaled.jpg\",\"datePublished\":\"2017-06-10T09:47:05+00:00\",\"dateModified\":\"2024-01-03T13:39:18+00:00\",\"description\":\"Cet ouvrage a pour ambition de pr\u00e9senter et d\u2019analyser des exemples concrets d\u2019intelligence collective mis au service des archives num\u00e9riques.\",\"breadcrumb\":{\"@id\":\"https:\/\/www.istegroup.com\/fr\/produit\/intelligence-collective-et-archives-numeriques\/#breadcrumb\"},\"inLanguage\":\"fr-FR\",\"potentialAction\":[{\"@type\":\"ReadAction\",\"target\":[\"https:\/\/www.istegroup.com\/fr\/produit\/intelligence-collective-et-archives-numeriques\/\"]}]},{\"@type\":\"ImageObject\",\"inLanguage\":\"fr-FR\",\"@id\":\"https:\/\/www.istegroup.com\/fr\/produit\/intelligence-collective-et-archives-numeriques\/#primaryimage\",\"url\":\"https:\/\/www.istegroup.com\/wp-content\/uploads\/2017\/07\/21346746193_9595130961-1-scaled.jpg\",\"contentUrl\":\"https:\/\/www.istegroup.com\/wp-content\/uploads\/2017\/07\/21346746193_9595130961-1-scaled.jpg\",\"width\":1706,\"height\":2560,\"caption\":\"Vers des \u00e9cosyst\u00e8mes de connaissances\"},{\"@type\":\"BreadcrumbList\",\"@id\":\"https:\/\/www.istegroup.com\/fr\/produit\/intelligence-collective-et-archives-numeriques\/#breadcrumb\",\"itemListElement\":[{\"@type\":\"ListItem\",\"position\":1,\"name\":\"Home\",\"item\":\"https:\/\/www.istegroup.com\/\"},{\"@type\":\"ListItem\",\"position\":2,\"name\":\"Shop\",\"item\":\"https:\/\/www.istegroup.com\/fr\/nouveautes\/\"},{\"@type\":\"ListItem\",\"position\":3,\"name\":\"Intelligence collective et archives num\u00e9riques\"}]},{\"@type\":\"WebSite\",\"@id\":\"https:\/\/www.istegroup.com\/#website\",\"url\":\"https:\/\/www.istegroup.com\/\",\"name\":\"ISTE Group\",\"description\":\"\u00c9diteur des Sciences\",\"potentialAction\":[{\"@type\":\"SearchAction\",\"target\":{\"@type\":\"EntryPoint\",\"urlTemplate\":\"https:\/\/www.istegroup.com\/?s={search_term_string}\"},\"query-input\":{\"@type\":\"PropertyValueSpecification\",\"valueRequired\":true,\"valueName\":\"search_term_string\"}}],\"inLanguage\":\"fr-FR\"}]}<\/script>\n<!-- \/ Yoast SEO plugin. -->","yoast_head_json":{"title":"Intelligence collective et archives num\u00e9riques - ISTE Group","description":"Cet ouvrage a pour ambition de pr\u00e9senter et d\u2019analyser des exemples concrets d\u2019intelligence collective mis au service des archives num\u00e9riques.","robots":{"index":"index","follow":"follow","max-snippet":"max-snippet:-1","max-image-preview":"max-image-preview:large","max-video-preview":"max-video-preview:-1"},"canonical":"https:\/\/www.istegroup.com\/fr\/produit\/intelligence-collective-et-archives-numeriques\/","og_locale":"fr_FR","og_type":"article","og_title":"Intelligence collective et archives num\u00e9riques - ISTE Group","og_description":"Cet ouvrage a pour ambition de pr\u00e9senter et d\u2019analyser des exemples concrets d\u2019intelligence collective mis au service des archives num\u00e9riques.","og_url":"https:\/\/www.istegroup.com\/fr\/produit\/intelligence-collective-et-archives-numeriques\/","og_site_name":"ISTE Group","article_modified_time":"2024-01-03T13:39:18+00:00","og_image":[{"width":1706,"height":2560,"url":"https:\/\/www.istegroup.com\/wp-content\/uploads\/2017\/07\/21346746193_9595130961-1-scaled.jpg","type":"image\/jpeg"}],"twitter_card":"summary_large_image","twitter_misc":{"Est. reading time":"1 minute"},"schema":{"@context":"https:\/\/schema.org","@graph":[{"@type":"WebPage","@id":"https:\/\/www.istegroup.com\/fr\/produit\/intelligence-collective-et-archives-numeriques\/","url":"https:\/\/www.istegroup.com\/fr\/produit\/intelligence-collective-et-archives-numeriques\/","name":"Intelligence collective et archives num\u00e9riques - ISTE Group","isPartOf":{"@id":"https:\/\/www.istegroup.com\/#website"},"primaryImageOfPage":{"@id":"https:\/\/www.istegroup.com\/fr\/produit\/intelligence-collective-et-archives-numeriques\/#primaryimage"},"image":{"@id":"https:\/\/www.istegroup.com\/fr\/produit\/intelligence-collective-et-archives-numeriques\/#primaryimage"},"thumbnailUrl":"https:\/\/www.istegroup.com\/wp-content\/uploads\/2017\/07\/21346746193_9595130961-1-scaled.jpg","datePublished":"2017-06-10T09:47:05+00:00","dateModified":"2024-01-03T13:39:18+00:00","description":"Cet ouvrage a pour ambition de pr\u00e9senter et d\u2019analyser des exemples concrets d\u2019intelligence collective mis au service des archives num\u00e9riques.","breadcrumb":{"@id":"https:\/\/www.istegroup.com\/fr\/produit\/intelligence-collective-et-archives-numeriques\/#breadcrumb"},"inLanguage":"fr-FR","potentialAction":[{"@type":"ReadAction","target":["https:\/\/www.istegroup.com\/fr\/produit\/intelligence-collective-et-archives-numeriques\/"]}]},{"@type":"ImageObject","inLanguage":"fr-FR","@id":"https:\/\/www.istegroup.com\/fr\/produit\/intelligence-collective-et-archives-numeriques\/#primaryimage","url":"https:\/\/www.istegroup.com\/wp-content\/uploads\/2017\/07\/21346746193_9595130961-1-scaled.jpg","contentUrl":"https:\/\/www.istegroup.com\/wp-content\/uploads\/2017\/07\/21346746193_9595130961-1-scaled.jpg","width":1706,"height":2560,"caption":"Vers des \u00e9cosyst\u00e8mes de connaissances"},{"@type":"BreadcrumbList","@id":"https:\/\/www.istegroup.com\/fr\/produit\/intelligence-collective-et-archives-numeriques\/#breadcrumb","itemListElement":[{"@type":"ListItem","position":1,"name":"Home","item":"https:\/\/www.istegroup.com\/"},{"@type":"ListItem","position":2,"name":"Shop","item":"https:\/\/www.istegroup.com\/fr\/nouveautes\/"},{"@type":"ListItem","position":3,"name":"Intelligence collective et archives num\u00e9riques"}]},{"@type":"WebSite","@id":"https:\/\/www.istegroup.com\/#website","url":"https:\/\/www.istegroup.com\/","name":"ISTE Group","description":"\u00c9diteur des Sciences","potentialAction":[{"@type":"SearchAction","target":{"@type":"EntryPoint","urlTemplate":"https:\/\/www.istegroup.com\/?s={search_term_string}"},"query-input":{"@type":"PropertyValueSpecification","valueRequired":true,"valueName":"search_term_string"}}],"inLanguage":"fr-FR"}]}},"_links":{"self":[{"href":"https:\/\/www.istegroup.com\/fr\/wp-json\/wp\/v2\/product\/297","targetHints":{"allow":["GET"]}}],"collection":[{"href":"https:\/\/www.istegroup.com\/fr\/wp-json\/wp\/v2\/product"}],"about":[{"href":"https:\/\/www.istegroup.com\/fr\/wp-json\/wp\/v2\/types\/product"}],"wp:featuredmedia":[{"embeddable":true,"href":"https:\/\/www.istegroup.com\/fr\/wp-json\/wp\/v2\/media\/298"}],"wp:attachment":[{"href":"https:\/\/www.istegroup.com\/fr\/wp-json\/wp\/v2\/media?parent=297"}],"wp:term":[{"taxonomy":"product_brand","embeddable":true,"href":"https:\/\/www.istegroup.com\/fr\/wp-json\/wp\/v2\/product_brand?post=297"},{"taxonomy":"product_cat","embeddable":true,"href":"https:\/\/www.istegroup.com\/fr\/wp-json\/wp\/v2\/product_cat?post=297"},{"taxonomy":"product_tag","embeddable":true,"href":"https:\/\/www.istegroup.com\/fr\/wp-json\/wp\/v2\/product_tag?post=297"}],"curies":[{"name":"wp","href":"https:\/\/api.w.org\/{rel}","templated":true}]}}