{"id":29082,"date":"2020-12-05T10:35:19","date_gmt":"2020-12-05T10:35:19","guid":{"rendered":"https:\/\/www.istegroup.com\/?post_type=product&#038;p=29082"},"modified":"2024-01-03T13:43:48","modified_gmt":"2024-01-03T13:43:48","slug":"organisations-creatives-et-culturelles","status":"publish","type":"product","link":"https:\/\/www.istegroup.com\/fr\/produit\/organisations-creatives-et-culturelles\/","title":{"rendered":"Organisations cr\u00e9atives et culturelles"},"content":{"rendered":"<p>Les organisations cr\u00e9atives et culturelles sont marqu\u00e9es par un d\u00e9veloppement sans pr\u00e9c\u00e9dent et t\u00e9moignent d\u2019un int\u00e9r\u00eat croissant pour les \u00e9changes \u00e9conomiques et touristiques, notamment au plan international. Les secteurs cr\u00e9atifs, tels que l\u2019art, le design, la publicit\u00e9, l\u2019artisanat, la mode, les mus\u00e9es, les biblioth\u00e8ques, la gastronomie ou encore l\u2019architecture, constituent des leviers essentiels pour le patrimoine et le d\u00e9veloppement des territoires.<\/p>\n<p>Cet ouvrage \u00e9tudie les organisations cr\u00e9atives et culturelles sous un angle \u00e9conomique et manag\u00e9rial dans un contexte r\u00e9cent de recul des financements publics. Il traite de questions longtemps n\u00e9glig\u00e9es par le monde acad\u00e9mique (mutation de la demande, attractivit\u00e9 touristique, d\u00e9fis architecturaux, cr\u00e9ativit\u00e9 territoriale, digitalisation, m\u00e9diation \u00e9ducative et th\u00e9rapeutique) et prend ainsi la mesure de la complexit\u00e9 d\u2019activit\u00e9s \u00e9mergentes dans notre soci\u00e9t\u00e9. Il offre un ensemble de strat\u00e9gies originales et innovantes autour des organisations cr\u00e9atives et culturelles, qui renouvellent les espaces et l\u2019environnement tout en respectant l\u2019ancrage culturel et artistique du patrimoine.<\/p>\n","protected":false},"excerpt":{"rendered":"<p>Les organisations cr\u00e9atives et culturelles sont marqu\u00e9es par un d\u00e9veloppement sans pr\u00e9c\u00e9dent et t\u00e9moignent d\u2019un int\u00e9r\u00eat croissant pour les \u00e9changes \u00e9conomiques et touristiques, notamment au plan international. Les secteurs cr\u00e9atifs, tels que l\u2019art, le design, la publicit\u00e9, l\u2019artisanat, la mode, les mus\u00e9es, les biblioth\u00e8ques, la gastronomie ou encore l\u2019architecture, constituent des leviers essentiels pour le [&hellip;]<\/p>\n","protected":false},"featured_media":29089,"template":"","meta":{"_acf_changed":false,"_links_to":"","_links_to_target":""},"product_brand":[],"product_cat":[3262],"product_tag":[],"class_list":{"0":"post-29082","1":"product","2":"type-product","3":"status-publish","4":"has-post-thumbnail","6":"product_cat-non-classe","8":"first","9":"instock","10":"shipping-taxable","11":"purchasable","12":"product-type-variable"},"acf":[],"yoast_head":"<!-- This site is optimized with the Yoast SEO plugin v27.2 - https:\/\/yoast.com\/product\/yoast-seo-wordpress\/ -->\n<title>Organisations cr\u00e9atives et culturelles - ISTE Group<\/title>\n<meta name=\"description\" content=\"Cet ouvrage \u00e9tudie les organisations cr\u00e9atives et culturelles sous un angle \u00e9conomique et manag\u00e9rial dans un contexte r\u00e9cent de recul des financements publics.\" \/>\n<meta name=\"robots\" content=\"index, follow, max-snippet:-1, max-image-preview:large, max-video-preview:-1\" \/>\n<link rel=\"canonical\" href=\"https:\/\/www.istegroup.com\/fr\/produit\/organisations-creatives-et-culturelles\/\" \/>\n<meta property=\"og:locale\" content=\"fr_FR\" \/>\n<meta property=\"og:type\" content=\"article\" \/>\n<meta property=\"og:title\" content=\"Organisations cr\u00e9atives et culturelles - ISTE Group\" \/>\n<meta property=\"og:description\" content=\"Cet ouvrage \u00e9tudie les organisations cr\u00e9atives et culturelles sous un angle \u00e9conomique et manag\u00e9rial dans un contexte r\u00e9cent de recul des financements publics.\" \/>\n<meta property=\"og:url\" content=\"https:\/\/www.istegroup.com\/fr\/produit\/organisations-creatives-et-culturelles\/\" \/>\n<meta property=\"og:site_name\" content=\"ISTE Group\" \/>\n<meta property=\"article:modified_time\" content=\"2024-01-03T13:43:48+00:00\" \/>\n<meta property=\"og:image\" content=\"https:\/\/www.istegroup.com\/wp-content\/uploads\/2020\/05\/Organisations-cr\u00e9atives-et-culturelles.jpg\" \/>\n\t<meta property=\"og:image:width\" content=\"300\" \/>\n\t<meta property=\"og:image:height\" content=\"452\" \/>\n\t<meta property=\"og:image:type\" content=\"image\/jpeg\" \/>\n<meta name=\"twitter:card\" content=\"summary_large_image\" \/>\n<meta name=\"twitter:label1\" content=\"Est. reading time\" \/>\n\t<meta name=\"twitter:data1\" content=\"1 minute\" \/>\n<script type=\"application\/ld+json\" class=\"yoast-schema-graph\">{\"@context\":\"https:\/\/schema.org\",\"@graph\":[{\"@type\":\"WebPage\",\"@id\":\"https:\/\/www.istegroup.com\/fr\/produit\/organisations-creatives-et-culturelles\/\",\"url\":\"https:\/\/www.istegroup.com\/fr\/produit\/organisations-creatives-et-culturelles\/\",\"name\":\"Organisations cr\u00e9atives et culturelles - ISTE Group\",\"isPartOf\":{\"@id\":\"https:\/\/www.istegroup.com\/#website\"},\"primaryImageOfPage\":{\"@id\":\"https:\/\/www.istegroup.com\/fr\/produit\/organisations-creatives-et-culturelles\/#primaryimage\"},\"image\":{\"@id\":\"https:\/\/www.istegroup.com\/fr\/produit\/organisations-creatives-et-culturelles\/#primaryimage\"},\"thumbnailUrl\":\"https:\/\/www.istegroup.com\/wp-content\/uploads\/2020\/05\/Organisations-cr\u00e9atives-et-culturelles.jpg\",\"datePublished\":\"2020-12-05T10:35:19+00:00\",\"dateModified\":\"2024-01-03T13:43:48+00:00\",\"description\":\"Cet ouvrage \u00e9tudie les organisations cr\u00e9atives et culturelles sous un angle \u00e9conomique et manag\u00e9rial dans un contexte r\u00e9cent de recul des financements publics.\",\"breadcrumb\":{\"@id\":\"https:\/\/www.istegroup.com\/fr\/produit\/organisations-creatives-et-culturelles\/#breadcrumb\"},\"inLanguage\":\"fr-FR\",\"potentialAction\":[{\"@type\":\"ReadAction\",\"target\":[\"https:\/\/www.istegroup.com\/fr\/produit\/organisations-creatives-et-culturelles\/\"]}]},{\"@type\":\"ImageObject\",\"inLanguage\":\"fr-FR\",\"@id\":\"https:\/\/www.istegroup.com\/fr\/produit\/organisations-creatives-et-culturelles\/#primaryimage\",\"url\":\"https:\/\/www.istegroup.com\/wp-content\/uploads\/2020\/05\/Organisations-cr\u00e9atives-et-culturelles.jpg\",\"contentUrl\":\"https:\/\/www.istegroup.com\/wp-content\/uploads\/2020\/05\/Organisations-cr\u00e9atives-et-culturelles.jpg\",\"width\":300,\"height\":452,\"caption\":\"Organisations cr\u00e9atives et culturelles\"},{\"@type\":\"BreadcrumbList\",\"@id\":\"https:\/\/www.istegroup.com\/fr\/produit\/organisations-creatives-et-culturelles\/#breadcrumb\",\"itemListElement\":[{\"@type\":\"ListItem\",\"position\":1,\"name\":\"Home\",\"item\":\"https:\/\/www.istegroup.com\/\"},{\"@type\":\"ListItem\",\"position\":2,\"name\":\"Shop\",\"item\":\"https:\/\/www.istegroup.com\/fr\/nouveautes\/\"},{\"@type\":\"ListItem\",\"position\":3,\"name\":\"Organisations cr\u00e9atives et culturelles\"}]},{\"@type\":\"WebSite\",\"@id\":\"https:\/\/www.istegroup.com\/#website\",\"url\":\"https:\/\/www.istegroup.com\/\",\"name\":\"ISTE Group\",\"description\":\"\u00c9diteur des Sciences\",\"potentialAction\":[{\"@type\":\"SearchAction\",\"target\":{\"@type\":\"EntryPoint\",\"urlTemplate\":\"https:\/\/www.istegroup.com\/?s={search_term_string}\"},\"query-input\":{\"@type\":\"PropertyValueSpecification\",\"valueRequired\":true,\"valueName\":\"search_term_string\"}}],\"inLanguage\":\"fr-FR\"}]}<\/script>\n<!-- \/ Yoast SEO plugin. -->","yoast_head_json":{"title":"Organisations cr\u00e9atives et culturelles - ISTE Group","description":"Cet ouvrage \u00e9tudie les organisations cr\u00e9atives et culturelles sous un angle \u00e9conomique et manag\u00e9rial dans un contexte r\u00e9cent de recul des financements publics.","robots":{"index":"index","follow":"follow","max-snippet":"max-snippet:-1","max-image-preview":"max-image-preview:large","max-video-preview":"max-video-preview:-1"},"canonical":"https:\/\/www.istegroup.com\/fr\/produit\/organisations-creatives-et-culturelles\/","og_locale":"fr_FR","og_type":"article","og_title":"Organisations cr\u00e9atives et culturelles - ISTE Group","og_description":"Cet ouvrage \u00e9tudie les organisations cr\u00e9atives et culturelles sous un angle \u00e9conomique et manag\u00e9rial dans un contexte r\u00e9cent de recul des financements publics.","og_url":"https:\/\/www.istegroup.com\/fr\/produit\/organisations-creatives-et-culturelles\/","og_site_name":"ISTE Group","article_modified_time":"2024-01-03T13:43:48+00:00","og_image":[{"width":300,"height":452,"url":"https:\/\/www.istegroup.com\/wp-content\/uploads\/2020\/05\/Organisations-cr\u00e9atives-et-culturelles.jpg","type":"image\/jpeg"}],"twitter_card":"summary_large_image","twitter_misc":{"Est. reading time":"1 minute"},"schema":{"@context":"https:\/\/schema.org","@graph":[{"@type":"WebPage","@id":"https:\/\/www.istegroup.com\/fr\/produit\/organisations-creatives-et-culturelles\/","url":"https:\/\/www.istegroup.com\/fr\/produit\/organisations-creatives-et-culturelles\/","name":"Organisations cr\u00e9atives et culturelles - ISTE Group","isPartOf":{"@id":"https:\/\/www.istegroup.com\/#website"},"primaryImageOfPage":{"@id":"https:\/\/www.istegroup.com\/fr\/produit\/organisations-creatives-et-culturelles\/#primaryimage"},"image":{"@id":"https:\/\/www.istegroup.com\/fr\/produit\/organisations-creatives-et-culturelles\/#primaryimage"},"thumbnailUrl":"https:\/\/www.istegroup.com\/wp-content\/uploads\/2020\/05\/Organisations-cr\u00e9atives-et-culturelles.jpg","datePublished":"2020-12-05T10:35:19+00:00","dateModified":"2024-01-03T13:43:48+00:00","description":"Cet ouvrage \u00e9tudie les organisations cr\u00e9atives et culturelles sous un angle \u00e9conomique et manag\u00e9rial dans un contexte r\u00e9cent de recul des financements publics.","breadcrumb":{"@id":"https:\/\/www.istegroup.com\/fr\/produit\/organisations-creatives-et-culturelles\/#breadcrumb"},"inLanguage":"fr-FR","potentialAction":[{"@type":"ReadAction","target":["https:\/\/www.istegroup.com\/fr\/produit\/organisations-creatives-et-culturelles\/"]}]},{"@type":"ImageObject","inLanguage":"fr-FR","@id":"https:\/\/www.istegroup.com\/fr\/produit\/organisations-creatives-et-culturelles\/#primaryimage","url":"https:\/\/www.istegroup.com\/wp-content\/uploads\/2020\/05\/Organisations-cr\u00e9atives-et-culturelles.jpg","contentUrl":"https:\/\/www.istegroup.com\/wp-content\/uploads\/2020\/05\/Organisations-cr\u00e9atives-et-culturelles.jpg","width":300,"height":452,"caption":"Organisations cr\u00e9atives et culturelles"},{"@type":"BreadcrumbList","@id":"https:\/\/www.istegroup.com\/fr\/produit\/organisations-creatives-et-culturelles\/#breadcrumb","itemListElement":[{"@type":"ListItem","position":1,"name":"Home","item":"https:\/\/www.istegroup.com\/"},{"@type":"ListItem","position":2,"name":"Shop","item":"https:\/\/www.istegroup.com\/fr\/nouveautes\/"},{"@type":"ListItem","position":3,"name":"Organisations cr\u00e9atives et culturelles"}]},{"@type":"WebSite","@id":"https:\/\/www.istegroup.com\/#website","url":"https:\/\/www.istegroup.com\/","name":"ISTE Group","description":"\u00c9diteur des Sciences","potentialAction":[{"@type":"SearchAction","target":{"@type":"EntryPoint","urlTemplate":"https:\/\/www.istegroup.com\/?s={search_term_string}"},"query-input":{"@type":"PropertyValueSpecification","valueRequired":true,"valueName":"search_term_string"}}],"inLanguage":"fr-FR"}]}},"_links":{"self":[{"href":"https:\/\/www.istegroup.com\/fr\/wp-json\/wp\/v2\/product\/29082","targetHints":{"allow":["GET"]}}],"collection":[{"href":"https:\/\/www.istegroup.com\/fr\/wp-json\/wp\/v2\/product"}],"about":[{"href":"https:\/\/www.istegroup.com\/fr\/wp-json\/wp\/v2\/types\/product"}],"wp:featuredmedia":[{"embeddable":true,"href":"https:\/\/www.istegroup.com\/fr\/wp-json\/wp\/v2\/media\/29089"}],"wp:attachment":[{"href":"https:\/\/www.istegroup.com\/fr\/wp-json\/wp\/v2\/media?parent=29082"}],"wp:term":[{"taxonomy":"product_brand","embeddable":true,"href":"https:\/\/www.istegroup.com\/fr\/wp-json\/wp\/v2\/product_brand?post=29082"},{"taxonomy":"product_cat","embeddable":true,"href":"https:\/\/www.istegroup.com\/fr\/wp-json\/wp\/v2\/product_cat?post=29082"},{"taxonomy":"product_tag","embeddable":true,"href":"https:\/\/www.istegroup.com\/fr\/wp-json\/wp\/v2\/product_tag?post=29082"}],"curies":[{"name":"wp","href":"https:\/\/api.w.org\/{rel}","templated":true}]}}