{"id":23806,"date":"2026-01-27T10:44:09","date_gmt":"2026-01-27T10:44:09","guid":{"rendered":"https:\/\/www.istegroup.com\/?post_type=product&#038;p=23806"},"modified":"2026-02-18T14:39:19","modified_gmt":"2026-02-18T14:39:19","slug":"les-mailles-territoriales-daction","status":"publish","type":"product","link":"https:\/\/www.istegroup.com\/fr\/produit\/les-mailles-territoriales-daction\/","title":{"rendered":"Les mailles territoriales d\u2019action"},"content":{"rendered":"<p>Souvent per\u00e7us comme tr\u00e8s technocratiques, les maillages administratifs constituent pourtant une composante essentielle de l\u2019action publique. Cet ouvrage collectif montre qu\u2019ils en disent long sur les politiques contemporaines. \u00c0 travers une s\u00e9rie d\u2019enqu\u00eates centr\u00e9es sur le cas fran\u00e7ais, il d\u00e9voile comment ces d\u00e9coupages territoriaux sont pens\u00e9s, mis en oeuvre et sans cesse discut\u00e9s. Car les maillages ne sont jamais neutres : ils traduisent des choix, des rapports de force et des visions du territoire.<\/p>\n<p>Organis\u00e9 en trois parties, cet ouvrage explore d\u2019abord les logiques politiques qui pr\u00e9sident \u00e0 la fabrication des d\u00e9coupages, du d\u00e9partement aux quartiers. Il s\u2019attache ensuite \u00e0 des maillages souvent m\u00e9connus, qui structurent la justice, l\u2019\u00e9cole, la sant\u00e9 ou l\u2019action sociale. Enfin, il analyse l\u2019\u00e9mergence de zonages cibl\u00e9s, con\u00e7us pour lutter contre les in\u00e9galit\u00e9s sociales ou prot\u00e9ger l\u2019environnement.<\/p>\n<p><em>Les mailles territoriales d\u2019action<\/em> \u00e9claire ainsi un aspect central de la politique publique : les d\u00e9coupages du territoire comme outil d\u2019action. Il offre une cl\u00e9 de lecture originale des tensions entre qu\u00eate d\u2019efficacit\u00e9 et exigences de d\u00e9mocratie territoriale.<\/p>\n","protected":false},"excerpt":{"rendered":"<p>Souvent per\u00e7us comme tr\u00e8s technocratiques, les maillages administratifs constituent pourtant une composante essentielle de l\u2019action publique. Cet ouvrage collectif montre qu\u2019ils en disent long sur les politiques contemporaines. \u00c0 travers une s\u00e9rie d\u2019enqu\u00eates centr\u00e9es sur le cas fran\u00e7ais, il d\u00e9voile comment ces d\u00e9coupages territoriaux sont pens\u00e9s, mis en oeuvre et sans cesse discut\u00e9s. Car les [&hellip;]<\/p>\n","protected":false},"featured_media":62727,"template":"","meta":{"_acf_changed":false,"_links_to":"","_links_to_target":""},"product_brand":[],"product_cat":[4289],"product_tag":[],"class_list":{"0":"post-23806","1":"product","2":"type-product","3":"status-publish","4":"has-post-thumbnail","6":"product_cat-sciences","8":"first","9":"instock","10":"shipping-taxable","11":"purchasable","12":"product-type-variable"},"acf":[],"yoast_head":"<!-- This site is optimized with the Yoast SEO plugin v27.2 - https:\/\/yoast.com\/product\/yoast-seo-wordpress\/ -->\n<title>Les mailles territoriales d\u2019action - ISTE Group<\/title>\n<meta name=\"description\" content=\"Les mailles territoriales d\u2019action \u00e9claire ainsi un aspect central de la politique publique : les d\u00e9coupages du territoire comme outil d\u2019action. Il offre une cl\u00e9 de lecture originale des tensions entre qu\u00eate d\u2019efficacit\u00e9 et exigences de d\u00e9mocratie territoriale.\" \/>\n<meta name=\"robots\" content=\"index, follow, max-snippet:-1, max-image-preview:large, max-video-preview:-1\" \/>\n<link rel=\"canonical\" href=\"https:\/\/www.istegroup.com\/produit\/les-mailles-territoriales-daction\/\" \/>\n<meta property=\"og:locale\" content=\"fr_FR\" \/>\n<meta property=\"og:type\" content=\"article\" \/>\n<meta property=\"og:title\" content=\"Les mailles territoriales d\u2019action - ISTE Group\" \/>\n<meta property=\"og:description\" content=\"Les mailles territoriales d\u2019action \u00e9claire ainsi un aspect central de la politique publique : les d\u00e9coupages du territoire comme outil d\u2019action. Il offre une cl\u00e9 de lecture originale des tensions entre qu\u00eate d\u2019efficacit\u00e9 et exigences de d\u00e9mocratie territoriale.\" \/>\n<meta property=\"og:url\" content=\"https:\/\/www.istegroup.com\/produit\/les-mailles-territoriales-daction\/\" \/>\n<meta property=\"og:site_name\" content=\"ISTE Group\" \/>\n<meta property=\"article:modified_time\" content=\"2026-02-18T14:39:19+00:00\" \/>\n<meta property=\"og:image\" content=\"https:\/\/www.istegroup.com\/wp-content\/uploads\/2019\/11\/202_Les-mailles-territoriales-daction.jpg\" \/>\n\t<meta property=\"og:image:width\" content=\"300\" \/>\n\t<meta property=\"og:image:height\" content=\"450\" \/>\n\t<meta property=\"og:image:type\" content=\"image\/jpeg\" \/>\n<meta name=\"twitter:card\" content=\"summary_large_image\" \/>\n<meta name=\"twitter:label1\" content=\"Est. reading time\" \/>\n\t<meta name=\"twitter:data1\" content=\"2 minutes\" \/>\n<script type=\"application\/ld+json\" class=\"yoast-schema-graph\">{\"@context\":\"https:\/\/schema.org\",\"@graph\":[{\"@type\":\"WebPage\",\"@id\":\"https:\/\/www.istegroup.com\/produit\/les-mailles-territoriales-daction\/\",\"url\":\"https:\/\/www.istegroup.com\/produit\/les-mailles-territoriales-daction\/\",\"name\":\"Les mailles territoriales d\u2019action - ISTE Group\",\"isPartOf\":{\"@id\":\"https:\/\/www.istegroup.com\/#website\"},\"primaryImageOfPage\":{\"@id\":\"https:\/\/www.istegroup.com\/produit\/les-mailles-territoriales-daction\/#primaryimage\"},\"image\":{\"@id\":\"https:\/\/www.istegroup.com\/produit\/les-mailles-territoriales-daction\/#primaryimage\"},\"thumbnailUrl\":\"https:\/\/www.istegroup.com\/wp-content\/uploads\/2019\/11\/202_Les-mailles-territoriales-daction.jpg\",\"datePublished\":\"2026-01-27T10:44:09+00:00\",\"dateModified\":\"2026-02-18T14:39:19+00:00\",\"description\":\"Les mailles territoriales d\u2019action \u00e9claire ainsi un aspect central de la politique publique : les d\u00e9coupages du territoire comme outil d\u2019action. Il offre une cl\u00e9 de lecture originale des tensions entre qu\u00eate d\u2019efficacit\u00e9 et exigences de d\u00e9mocratie territoriale.\",\"breadcrumb\":{\"@id\":\"https:\/\/www.istegroup.com\/produit\/les-mailles-territoriales-daction\/#breadcrumb\"},\"inLanguage\":\"fr-FR\",\"potentialAction\":[{\"@type\":\"ReadAction\",\"target\":[\"https:\/\/www.istegroup.com\/produit\/les-mailles-territoriales-daction\/\"]}]},{\"@type\":\"ImageObject\",\"inLanguage\":\"fr-FR\",\"@id\":\"https:\/\/www.istegroup.com\/produit\/les-mailles-territoriales-daction\/#primaryimage\",\"url\":\"https:\/\/www.istegroup.com\/wp-content\/uploads\/2019\/11\/202_Les-mailles-territoriales-daction.jpg\",\"contentUrl\":\"https:\/\/www.istegroup.com\/wp-content\/uploads\/2019\/11\/202_Les-mailles-territoriales-daction.jpg\",\"width\":300,\"height\":450},{\"@type\":\"BreadcrumbList\",\"@id\":\"https:\/\/www.istegroup.com\/produit\/les-mailles-territoriales-daction\/#breadcrumb\",\"itemListElement\":[{\"@type\":\"ListItem\",\"position\":1,\"name\":\"Home\",\"item\":\"https:\/\/www.istegroup.com\/\"},{\"@type\":\"ListItem\",\"position\":2,\"name\":\"Shop\",\"item\":\"https:\/\/www.istegroup.com\/fr\/nouveautes\/\"},{\"@type\":\"ListItem\",\"position\":3,\"name\":\"Les mailles territoriales d\u2019action\"}]},{\"@type\":\"WebSite\",\"@id\":\"https:\/\/www.istegroup.com\/#website\",\"url\":\"https:\/\/www.istegroup.com\/\",\"name\":\"ISTE Group\",\"description\":\"\u00c9diteur des Sciences\",\"potentialAction\":[{\"@type\":\"SearchAction\",\"target\":{\"@type\":\"EntryPoint\",\"urlTemplate\":\"https:\/\/www.istegroup.com\/?s={search_term_string}\"},\"query-input\":{\"@type\":\"PropertyValueSpecification\",\"valueRequired\":true,\"valueName\":\"search_term_string\"}}],\"inLanguage\":\"fr-FR\"}]}<\/script>\n<!-- \/ Yoast SEO plugin. -->","yoast_head_json":{"title":"Les mailles territoriales d\u2019action - ISTE Group","description":"Les mailles territoriales d\u2019action \u00e9claire ainsi un aspect central de la politique publique : les d\u00e9coupages du territoire comme outil d\u2019action. Il offre une cl\u00e9 de lecture originale des tensions entre qu\u00eate d\u2019efficacit\u00e9 et exigences de d\u00e9mocratie territoriale.","robots":{"index":"index","follow":"follow","max-snippet":"max-snippet:-1","max-image-preview":"max-image-preview:large","max-video-preview":"max-video-preview:-1"},"canonical":"https:\/\/www.istegroup.com\/produit\/les-mailles-territoriales-daction\/","og_locale":"fr_FR","og_type":"article","og_title":"Les mailles territoriales d\u2019action - ISTE Group","og_description":"Les mailles territoriales d\u2019action \u00e9claire ainsi un aspect central de la politique publique : les d\u00e9coupages du territoire comme outil d\u2019action. Il offre une cl\u00e9 de lecture originale des tensions entre qu\u00eate d\u2019efficacit\u00e9 et exigences de d\u00e9mocratie territoriale.","og_url":"https:\/\/www.istegroup.com\/produit\/les-mailles-territoriales-daction\/","og_site_name":"ISTE Group","article_modified_time":"2026-02-18T14:39:19+00:00","og_image":[{"width":300,"height":450,"url":"https:\/\/www.istegroup.com\/wp-content\/uploads\/2019\/11\/202_Les-mailles-territoriales-daction.jpg","type":"image\/jpeg"}],"twitter_card":"summary_large_image","twitter_misc":{"Est. reading time":"2 minutes"},"schema":{"@context":"https:\/\/schema.org","@graph":[{"@type":"WebPage","@id":"https:\/\/www.istegroup.com\/produit\/les-mailles-territoriales-daction\/","url":"https:\/\/www.istegroup.com\/produit\/les-mailles-territoriales-daction\/","name":"Les mailles territoriales d\u2019action - ISTE Group","isPartOf":{"@id":"https:\/\/www.istegroup.com\/#website"},"primaryImageOfPage":{"@id":"https:\/\/www.istegroup.com\/produit\/les-mailles-territoriales-daction\/#primaryimage"},"image":{"@id":"https:\/\/www.istegroup.com\/produit\/les-mailles-territoriales-daction\/#primaryimage"},"thumbnailUrl":"https:\/\/www.istegroup.com\/wp-content\/uploads\/2019\/11\/202_Les-mailles-territoriales-daction.jpg","datePublished":"2026-01-27T10:44:09+00:00","dateModified":"2026-02-18T14:39:19+00:00","description":"Les mailles territoriales d\u2019action \u00e9claire ainsi un aspect central de la politique publique : les d\u00e9coupages du territoire comme outil d\u2019action. Il offre une cl\u00e9 de lecture originale des tensions entre qu\u00eate d\u2019efficacit\u00e9 et exigences de d\u00e9mocratie territoriale.","breadcrumb":{"@id":"https:\/\/www.istegroup.com\/produit\/les-mailles-territoriales-daction\/#breadcrumb"},"inLanguage":"fr-FR","potentialAction":[{"@type":"ReadAction","target":["https:\/\/www.istegroup.com\/produit\/les-mailles-territoriales-daction\/"]}]},{"@type":"ImageObject","inLanguage":"fr-FR","@id":"https:\/\/www.istegroup.com\/produit\/les-mailles-territoriales-daction\/#primaryimage","url":"https:\/\/www.istegroup.com\/wp-content\/uploads\/2019\/11\/202_Les-mailles-territoriales-daction.jpg","contentUrl":"https:\/\/www.istegroup.com\/wp-content\/uploads\/2019\/11\/202_Les-mailles-territoriales-daction.jpg","width":300,"height":450},{"@type":"BreadcrumbList","@id":"https:\/\/www.istegroup.com\/produit\/les-mailles-territoriales-daction\/#breadcrumb","itemListElement":[{"@type":"ListItem","position":1,"name":"Home","item":"https:\/\/www.istegroup.com\/"},{"@type":"ListItem","position":2,"name":"Shop","item":"https:\/\/www.istegroup.com\/fr\/nouveautes\/"},{"@type":"ListItem","position":3,"name":"Les mailles territoriales d\u2019action"}]},{"@type":"WebSite","@id":"https:\/\/www.istegroup.com\/#website","url":"https:\/\/www.istegroup.com\/","name":"ISTE Group","description":"\u00c9diteur des Sciences","potentialAction":[{"@type":"SearchAction","target":{"@type":"EntryPoint","urlTemplate":"https:\/\/www.istegroup.com\/?s={search_term_string}"},"query-input":{"@type":"PropertyValueSpecification","valueRequired":true,"valueName":"search_term_string"}}],"inLanguage":"fr-FR"}]}},"_links":{"self":[{"href":"https:\/\/www.istegroup.com\/fr\/wp-json\/wp\/v2\/product\/23806","targetHints":{"allow":["GET"]}}],"collection":[{"href":"https:\/\/www.istegroup.com\/fr\/wp-json\/wp\/v2\/product"}],"about":[{"href":"https:\/\/www.istegroup.com\/fr\/wp-json\/wp\/v2\/types\/product"}],"wp:featuredmedia":[{"embeddable":true,"href":"https:\/\/www.istegroup.com\/fr\/wp-json\/wp\/v2\/media\/62727"}],"wp:attachment":[{"href":"https:\/\/www.istegroup.com\/fr\/wp-json\/wp\/v2\/media?parent=23806"}],"wp:term":[{"taxonomy":"product_brand","embeddable":true,"href":"https:\/\/www.istegroup.com\/fr\/wp-json\/wp\/v2\/product_brand?post=23806"},{"taxonomy":"product_cat","embeddable":true,"href":"https:\/\/www.istegroup.com\/fr\/wp-json\/wp\/v2\/product_cat?post=23806"},{"taxonomy":"product_tag","embeddable":true,"href":"https:\/\/www.istegroup.com\/fr\/wp-json\/wp\/v2\/product_tag?post=23806"}],"curies":[{"name":"wp","href":"https:\/\/api.w.org\/{rel}","templated":true}]}}