{"id":23775,"date":"2026-01-27T10:03:04","date_gmt":"2026-01-27T10:03:04","guid":{"rendered":"https:\/\/www.istegroup.com\/?post_type=product&#038;p=23775"},"modified":"2026-02-18T12:00:26","modified_gmt":"2026-02-18T12:00:26","slug":"la-coevolution-transport-mobilite-territoire","status":"publish","type":"product","link":"https:\/\/www.istegroup.com\/fr\/produit\/la-coevolution-transport-mobilite-territoire\/","title":{"rendered":"La co\u00e9volution transport, mobilit\u00e9, territoire"},"content":{"rendered":"<p>Cet ouvrage invite \u00e0 repenser collectivement et de mani\u00e8re pluridisciplinaire les outils de mod\u00e9lisation des interactions spatiales et des dynamiques territoriales, \u00e0 diff\u00e9rentes \u00e9chelles de temps et d\u2019espace. Les mutations r\u00e9centes de la mobilit\u00e9, conjugu\u00e9es aux imp\u00e9ratifs de la transition \u00e9cologique, bouleversent les syst\u00e8mes territoriaux et interrogent la mani\u00e8re dont la recherche scientifique les mod\u00e9lise.<\/p>\n<p><em>La co\u00e9volution transport, mobilit\u00e9, territoire<\/em> explore ces questionnements \u00e0 la fois m\u00e9thodologiques et \u00e9pist\u00e9mologiques au sein d\u2019une communaut\u00e9 de chercheurs et chercheuses, principalement g\u00e9ographes. L\u2019ouvrage met en lumi\u00e8re le r\u00f4le des configurations spatiales dans l\u2019\u00e9volution des r\u00e9seaux, ainsi que l\u2019influence r\u00e9ciproque de ces r\u00e9seaux sur les dynamiques territoriales. Il aborde \u00e9galement la sp\u00e9cification, l\u2019ontologie, la calibration et la validation des mod\u00e8les, la question des donn\u00e9es mobilis\u00e9es ou \u00e0 produire, ainsi que les hypoth\u00e8ses et usages qui sous-tendent ces approches.<\/p>\n","protected":false},"excerpt":{"rendered":"<p>Cet ouvrage invite \u00e0 repenser collectivement et de mani\u00e8re pluridisciplinaire les outils de mod\u00e9lisation des interactions spatiales et des dynamiques territoriales, \u00e0 diff\u00e9rentes \u00e9chelles de temps et d\u2019espace. Les mutations r\u00e9centes de la mobilit\u00e9, conjugu\u00e9es aux imp\u00e9ratifs de la transition \u00e9cologique, bouleversent les syst\u00e8mes territoriaux et interrogent la mani\u00e8re dont la recherche scientifique les mod\u00e9lise. [&hellip;]<\/p>\n","protected":false},"featured_media":62867,"template":"","meta":{"_acf_changed":false,"_links_to":"","_links_to_target":""},"product_brand":[],"product_cat":[4289],"product_tag":[],"class_list":{"0":"post-23775","1":"product","2":"type-product","3":"status-publish","4":"has-post-thumbnail","6":"product_cat-sciences","8":"first","9":"instock","10":"shipping-taxable","11":"purchasable","12":"product-type-variable"},"acf":[],"yoast_head":"<!-- This site is optimized with the Yoast SEO plugin v27.2 - https:\/\/yoast.com\/product\/yoast-seo-wordpress\/ -->\n<title>La co\u00e9volution transport, mobilit\u00e9, territoire - ISTE Group<\/title>\n<meta name=\"description\" content=\"La co\u00e9volution transport, mobilit\u00e9, territoire explore ces questionnements \u00e0 la fois m\u00e9thodologiques et \u00e9pist\u00e9mologiques au sein d\u2019une communaut\u00e9 de chercheurs et chercheuses, principalement g\u00e9ographes.\" \/>\n<meta name=\"robots\" content=\"index, follow, max-snippet:-1, max-image-preview:large, max-video-preview:-1\" \/>\n<link rel=\"canonical\" href=\"https:\/\/www.istegroup.com\/produit\/la-coevolution-transport-mobilite-territoire\/\" \/>\n<meta property=\"og:locale\" content=\"fr_FR\" \/>\n<meta property=\"og:type\" content=\"article\" \/>\n<meta property=\"og:title\" content=\"La co\u00e9volution transport, mobilit\u00e9, territoire - ISTE Group\" \/>\n<meta property=\"og:description\" content=\"La co\u00e9volution transport, mobilit\u00e9, territoire explore ces questionnements \u00e0 la fois m\u00e9thodologiques et \u00e9pist\u00e9mologiques au sein d\u2019une communaut\u00e9 de chercheurs et chercheuses, principalement g\u00e9ographes.\" \/>\n<meta property=\"og:url\" content=\"https:\/\/www.istegroup.com\/produit\/la-coevolution-transport-mobilite-territoire\/\" \/>\n<meta property=\"og:site_name\" content=\"ISTE Group\" \/>\n<meta property=\"article:modified_time\" content=\"2026-02-18T12:00:26+00:00\" \/>\n<meta property=\"og:image\" content=\"https:\/\/www.istegroup.com\/wp-content\/uploads\/2019\/11\/234_La-coevolution-transport-mobilite-territoire.jpg\" \/>\n\t<meta property=\"og:image:width\" content=\"300\" \/>\n\t<meta property=\"og:image:height\" content=\"450\" \/>\n\t<meta property=\"og:image:type\" content=\"image\/jpeg\" \/>\n<meta name=\"twitter:card\" content=\"summary_large_image\" \/>\n<meta name=\"twitter:label1\" content=\"Est. reading time\" \/>\n\t<meta name=\"twitter:data1\" content=\"1 minute\" \/>\n<script type=\"application\/ld+json\" class=\"yoast-schema-graph\">{\"@context\":\"https:\/\/schema.org\",\"@graph\":[{\"@type\":\"WebPage\",\"@id\":\"https:\/\/www.istegroup.com\/produit\/la-coevolution-transport-mobilite-territoire\/\",\"url\":\"https:\/\/www.istegroup.com\/produit\/la-coevolution-transport-mobilite-territoire\/\",\"name\":\"La co\u00e9volution transport, mobilit\u00e9, territoire - ISTE Group\",\"isPartOf\":{\"@id\":\"https:\/\/www.istegroup.com\/#website\"},\"primaryImageOfPage\":{\"@id\":\"https:\/\/www.istegroup.com\/produit\/la-coevolution-transport-mobilite-territoire\/#primaryimage\"},\"image\":{\"@id\":\"https:\/\/www.istegroup.com\/produit\/la-coevolution-transport-mobilite-territoire\/#primaryimage\"},\"thumbnailUrl\":\"https:\/\/www.istegroup.com\/wp-content\/uploads\/2019\/11\/234_La-coevolution-transport-mobilite-territoire.jpg\",\"datePublished\":\"2026-01-27T10:03:04+00:00\",\"dateModified\":\"2026-02-18T12:00:26+00:00\",\"description\":\"La co\u00e9volution transport, mobilit\u00e9, territoire explore ces questionnements \u00e0 la fois m\u00e9thodologiques et \u00e9pist\u00e9mologiques au sein d\u2019une communaut\u00e9 de chercheurs et chercheuses, principalement g\u00e9ographes.\",\"breadcrumb\":{\"@id\":\"https:\/\/www.istegroup.com\/produit\/la-coevolution-transport-mobilite-territoire\/#breadcrumb\"},\"inLanguage\":\"fr-FR\",\"potentialAction\":[{\"@type\":\"ReadAction\",\"target\":[\"https:\/\/www.istegroup.com\/produit\/la-coevolution-transport-mobilite-territoire\/\"]}]},{\"@type\":\"ImageObject\",\"inLanguage\":\"fr-FR\",\"@id\":\"https:\/\/www.istegroup.com\/produit\/la-coevolution-transport-mobilite-territoire\/#primaryimage\",\"url\":\"https:\/\/www.istegroup.com\/wp-content\/uploads\/2019\/11\/234_La-coevolution-transport-mobilite-territoire.jpg\",\"contentUrl\":\"https:\/\/www.istegroup.com\/wp-content\/uploads\/2019\/11\/234_La-coevolution-transport-mobilite-territoire.jpg\",\"width\":300,\"height\":450},{\"@type\":\"BreadcrumbList\",\"@id\":\"https:\/\/www.istegroup.com\/produit\/la-coevolution-transport-mobilite-territoire\/#breadcrumb\",\"itemListElement\":[{\"@type\":\"ListItem\",\"position\":1,\"name\":\"Home\",\"item\":\"https:\/\/www.istegroup.com\/\"},{\"@type\":\"ListItem\",\"position\":2,\"name\":\"Shop\",\"item\":\"https:\/\/www.istegroup.com\/fr\/nouveautes\/\"},{\"@type\":\"ListItem\",\"position\":3,\"name\":\"La co\u00e9volution transport, mobilit\u00e9, territoire\"}]},{\"@type\":\"WebSite\",\"@id\":\"https:\/\/www.istegroup.com\/#website\",\"url\":\"https:\/\/www.istegroup.com\/\",\"name\":\"ISTE Group\",\"description\":\"\u00c9diteur des Sciences\",\"potentialAction\":[{\"@type\":\"SearchAction\",\"target\":{\"@type\":\"EntryPoint\",\"urlTemplate\":\"https:\/\/www.istegroup.com\/?s={search_term_string}\"},\"query-input\":{\"@type\":\"PropertyValueSpecification\",\"valueRequired\":true,\"valueName\":\"search_term_string\"}}],\"inLanguage\":\"fr-FR\"}]}<\/script>\n<!-- \/ Yoast SEO plugin. -->","yoast_head_json":{"title":"La co\u00e9volution transport, mobilit\u00e9, territoire - ISTE Group","description":"La co\u00e9volution transport, mobilit\u00e9, territoire explore ces questionnements \u00e0 la fois m\u00e9thodologiques et \u00e9pist\u00e9mologiques au sein d\u2019une communaut\u00e9 de chercheurs et chercheuses, principalement g\u00e9ographes.","robots":{"index":"index","follow":"follow","max-snippet":"max-snippet:-1","max-image-preview":"max-image-preview:large","max-video-preview":"max-video-preview:-1"},"canonical":"https:\/\/www.istegroup.com\/produit\/la-coevolution-transport-mobilite-territoire\/","og_locale":"fr_FR","og_type":"article","og_title":"La co\u00e9volution transport, mobilit\u00e9, territoire - ISTE Group","og_description":"La co\u00e9volution transport, mobilit\u00e9, territoire explore ces questionnements \u00e0 la fois m\u00e9thodologiques et \u00e9pist\u00e9mologiques au sein d\u2019une communaut\u00e9 de chercheurs et chercheuses, principalement g\u00e9ographes.","og_url":"https:\/\/www.istegroup.com\/produit\/la-coevolution-transport-mobilite-territoire\/","og_site_name":"ISTE Group","article_modified_time":"2026-02-18T12:00:26+00:00","og_image":[{"width":300,"height":450,"url":"https:\/\/www.istegroup.com\/wp-content\/uploads\/2019\/11\/234_La-coevolution-transport-mobilite-territoire.jpg","type":"image\/jpeg"}],"twitter_card":"summary_large_image","twitter_misc":{"Est. reading time":"1 minute"},"schema":{"@context":"https:\/\/schema.org","@graph":[{"@type":"WebPage","@id":"https:\/\/www.istegroup.com\/produit\/la-coevolution-transport-mobilite-territoire\/","url":"https:\/\/www.istegroup.com\/produit\/la-coevolution-transport-mobilite-territoire\/","name":"La co\u00e9volution transport, mobilit\u00e9, territoire - ISTE Group","isPartOf":{"@id":"https:\/\/www.istegroup.com\/#website"},"primaryImageOfPage":{"@id":"https:\/\/www.istegroup.com\/produit\/la-coevolution-transport-mobilite-territoire\/#primaryimage"},"image":{"@id":"https:\/\/www.istegroup.com\/produit\/la-coevolution-transport-mobilite-territoire\/#primaryimage"},"thumbnailUrl":"https:\/\/www.istegroup.com\/wp-content\/uploads\/2019\/11\/234_La-coevolution-transport-mobilite-territoire.jpg","datePublished":"2026-01-27T10:03:04+00:00","dateModified":"2026-02-18T12:00:26+00:00","description":"La co\u00e9volution transport, mobilit\u00e9, territoire explore ces questionnements \u00e0 la fois m\u00e9thodologiques et \u00e9pist\u00e9mologiques au sein d\u2019une communaut\u00e9 de chercheurs et chercheuses, principalement g\u00e9ographes.","breadcrumb":{"@id":"https:\/\/www.istegroup.com\/produit\/la-coevolution-transport-mobilite-territoire\/#breadcrumb"},"inLanguage":"fr-FR","potentialAction":[{"@type":"ReadAction","target":["https:\/\/www.istegroup.com\/produit\/la-coevolution-transport-mobilite-territoire\/"]}]},{"@type":"ImageObject","inLanguage":"fr-FR","@id":"https:\/\/www.istegroup.com\/produit\/la-coevolution-transport-mobilite-territoire\/#primaryimage","url":"https:\/\/www.istegroup.com\/wp-content\/uploads\/2019\/11\/234_La-coevolution-transport-mobilite-territoire.jpg","contentUrl":"https:\/\/www.istegroup.com\/wp-content\/uploads\/2019\/11\/234_La-coevolution-transport-mobilite-territoire.jpg","width":300,"height":450},{"@type":"BreadcrumbList","@id":"https:\/\/www.istegroup.com\/produit\/la-coevolution-transport-mobilite-territoire\/#breadcrumb","itemListElement":[{"@type":"ListItem","position":1,"name":"Home","item":"https:\/\/www.istegroup.com\/"},{"@type":"ListItem","position":2,"name":"Shop","item":"https:\/\/www.istegroup.com\/fr\/nouveautes\/"},{"@type":"ListItem","position":3,"name":"La co\u00e9volution transport, mobilit\u00e9, territoire"}]},{"@type":"WebSite","@id":"https:\/\/www.istegroup.com\/#website","url":"https:\/\/www.istegroup.com\/","name":"ISTE Group","description":"\u00c9diteur des Sciences","potentialAction":[{"@type":"SearchAction","target":{"@type":"EntryPoint","urlTemplate":"https:\/\/www.istegroup.com\/?s={search_term_string}"},"query-input":{"@type":"PropertyValueSpecification","valueRequired":true,"valueName":"search_term_string"}}],"inLanguage":"fr-FR"}]}},"_links":{"self":[{"href":"https:\/\/www.istegroup.com\/fr\/wp-json\/wp\/v2\/product\/23775","targetHints":{"allow":["GET"]}}],"collection":[{"href":"https:\/\/www.istegroup.com\/fr\/wp-json\/wp\/v2\/product"}],"about":[{"href":"https:\/\/www.istegroup.com\/fr\/wp-json\/wp\/v2\/types\/product"}],"wp:featuredmedia":[{"embeddable":true,"href":"https:\/\/www.istegroup.com\/fr\/wp-json\/wp\/v2\/media\/62867"}],"wp:attachment":[{"href":"https:\/\/www.istegroup.com\/fr\/wp-json\/wp\/v2\/media?parent=23775"}],"wp:term":[{"taxonomy":"product_brand","embeddable":true,"href":"https:\/\/www.istegroup.com\/fr\/wp-json\/wp\/v2\/product_brand?post=23775"},{"taxonomy":"product_cat","embeddable":true,"href":"https:\/\/www.istegroup.com\/fr\/wp-json\/wp\/v2\/product_cat?post=23775"},{"taxonomy":"product_tag","embeddable":true,"href":"https:\/\/www.istegroup.com\/fr\/wp-json\/wp\/v2\/product_tag?post=23775"}],"curies":[{"name":"wp","href":"https:\/\/api.w.org\/{rel}","templated":true}]}}