{"id":23774,"date":"2022-04-14T10:02:37","date_gmt":"2022-04-14T09:02:37","guid":{"rendered":"https:\/\/www.istegroup.com\/?post_type=product&#038;p=23774"},"modified":"2025-01-03T12:05:07","modified_gmt":"2025-01-03T12:05:07","slug":"echelles-spatiales-et-temporelles-de-la-mobilite","status":"publish","type":"product","link":"https:\/\/www.istegroup.com\/fr\/produit\/echelles-spatiales-et-temporelles-de-la-mobilite\/","title":{"rendered":"\u00c9chelles spatiales et temporelles de la mobilit\u00e9"},"content":{"rendered":"<p>Le concept de mobilit\u00e9 a connu un essor fulgurant au cours des deux derni\u00e8res d\u00e9cennies. Une large part des sciences sociales s\u2019est int\u00e9ress\u00e9e aux diff\u00e9rentes formes de la mobilit\u00e9, \u00e0 partir d\u2019une grande diversit\u00e9 d\u2019\u00e9chelles spatiales et temporelles.<\/p>\n<p>Cet ouvrage pr\u00e9sente les diff\u00e9rentes \u00e9chelles spatiales et temporelles de la mobilit\u00e9 et la mani\u00e8re dont elles font syst\u00e8me, en leur associant des objets de recherche incontournables et originaux. Il propose un \u00e9tat des connaissances scientifiques approfondi, une mise en perspective des enjeux soci\u00e9taux majeurs, des outils d\u2019analyse ainsi qu\u2019une discussion des principaux d\u00e9bats acad\u00e9miques actuels.<\/p>\n<p>Les auteurs mettent en relief la n\u00e9cessit\u00e9 d\u2019une prise en compte conjointe des \u00e9chelles spatiales et temporelles de la mobilit\u00e9 pour faire face aux enjeux environnementaux et soci\u00e9taux contemporains. Dans cette perspective, l\u2019ouvrage invite notamment \u00e0 penser l\u2019enchev\u00eatrement de ces diff\u00e9rentes \u00e9chelles \u00e0 partir de l\u2019analyse des rythmes en fondant une rythmologie des mobilit\u00e9s contemporaines.<\/p>","protected":false},"excerpt":{"rendered":"<p>Le concept de mobilit\u00e9 a connu un essor fulgurant au cours des deux derni\u00e8res d\u00e9cennies. Une large part des sciences sociales s\u2019est int\u00e9ress\u00e9e aux diff\u00e9rentes formes de la mobilit\u00e9, \u00e0 partir d\u2019une grande diversit\u00e9 d\u2019\u00e9chelles spatiales et temporelles. Cet ouvrage pr\u00e9sente les diff\u00e9rentes \u00e9chelles spatiales et temporelles de la mobilit\u00e9 et la mani\u00e8re dont elles [&hellip;]<\/p>\n","protected":false},"featured_media":46217,"template":"","meta":{"_acf_changed":false,"_links_to":"","_links_to_target":""},"product_brand":[],"product_cat":[4289],"product_tag":[],"class_list":{"0":"post-23774","1":"product","2":"type-product","3":"status-publish","4":"has-post-thumbnail","6":"product_cat-sciences","8":"first","9":"instock","10":"shipping-taxable","11":"purchasable","12":"product-type-variable"},"acf":[],"yoast_head":"<!-- This site is optimized with the Yoast SEO plugin v27.2 - https:\/\/yoast.com\/product\/yoast-seo-wordpress\/ -->\n<title>\u00c9chelles spatiales et temporelles de la mobilit\u00e9 - ISTE Group<\/title>\n<meta name=\"description\" content=\"Cet ouvrage pr\u00e9sente les diff\u00e9rentes \u00e9chelles spatiales et temporelles de la mobilit\u00e9 et la mani\u00e8re dont elles font syst\u00e8me, en leur associant des objets de recherche incontournables et originaux.\" \/>\n<meta name=\"robots\" content=\"index, follow, max-snippet:-1, max-image-preview:large, max-video-preview:-1\" \/>\n<link rel=\"canonical\" href=\"https:\/\/www.istegroup.com\/en\/produit\/echelles-spatiales-et-temporelles-de-la-mobilite\/\" \/>\n<meta property=\"og:locale\" content=\"fr_FR\" \/>\n<meta property=\"og:type\" content=\"article\" \/>\n<meta property=\"og:title\" content=\"\u00c9chelles spatiales et temporelles de la mobilit\u00e9 - ISTE Group\" \/>\n<meta property=\"og:description\" content=\"Cet ouvrage pr\u00e9sente les diff\u00e9rentes \u00e9chelles spatiales et temporelles de la mobilit\u00e9 et la mani\u00e8re dont elles font syst\u00e8me, en leur associant des objets de recherche incontournables et originaux.\" \/>\n<meta property=\"og:url\" content=\"https:\/\/www.istegroup.com\/en\/produit\/echelles-spatiales-et-temporelles-de-la-mobilite\/\" \/>\n<meta property=\"og:site_name\" content=\"ISTE Group\" \/>\n<meta property=\"article:modified_time\" content=\"2025-01-03T12:05:07+00:00\" \/>\n<meta property=\"og:image\" content=\"https:\/\/www.istegroup.com\/wp-content\/uploads\/2022\/04\/Echelles-spatiales-et-temporelles-de-la-mobilite.jpeg\" \/>\n\t<meta property=\"og:image:width\" content=\"300\" \/>\n\t<meta property=\"og:image:height\" content=\"450\" \/>\n\t<meta property=\"og:image:type\" content=\"image\/jpeg\" \/>\n<meta name=\"twitter:card\" content=\"summary_large_image\" \/>\n<meta name=\"twitter:label1\" content=\"Est. reading time\" \/>\n\t<meta name=\"twitter:data1\" content=\"1 minute\" \/>\n<script type=\"application\/ld+json\" class=\"yoast-schema-graph\">{\"@context\":\"https:\/\/schema.org\",\"@graph\":[{\"@type\":\"WebPage\",\"@id\":\"https:\/\/www.istegroup.com\/en\/produit\/echelles-spatiales-et-temporelles-de-la-mobilite\/\",\"url\":\"https:\/\/www.istegroup.com\/en\/produit\/echelles-spatiales-et-temporelles-de-la-mobilite\/\",\"name\":\"\u00c9chelles spatiales et temporelles de la mobilit\u00e9 - ISTE Group\",\"isPartOf\":{\"@id\":\"https:\/\/www.istegroup.com\/#website\"},\"primaryImageOfPage\":{\"@id\":\"https:\/\/www.istegroup.com\/en\/produit\/echelles-spatiales-et-temporelles-de-la-mobilite\/#primaryimage\"},\"image\":{\"@id\":\"https:\/\/www.istegroup.com\/en\/produit\/echelles-spatiales-et-temporelles-de-la-mobilite\/#primaryimage\"},\"thumbnailUrl\":\"https:\/\/www.istegroup.com\/wp-content\/uploads\/2022\/04\/Echelles-spatiales-et-temporelles-de-la-mobilite.jpeg\",\"datePublished\":\"2022-04-14T09:02:37+00:00\",\"dateModified\":\"2025-01-03T12:05:07+00:00\",\"description\":\"Cet ouvrage pr\u00e9sente les diff\u00e9rentes \u00e9chelles spatiales et temporelles de la mobilit\u00e9 et la mani\u00e8re dont elles font syst\u00e8me, en leur associant des objets de recherche incontournables et originaux.\",\"breadcrumb\":{\"@id\":\"https:\/\/www.istegroup.com\/en\/produit\/echelles-spatiales-et-temporelles-de-la-mobilite\/#breadcrumb\"},\"inLanguage\":\"fr-FR\",\"potentialAction\":[{\"@type\":\"ReadAction\",\"target\":[\"https:\/\/www.istegroup.com\/en\/produit\/echelles-spatiales-et-temporelles-de-la-mobilite\/\"]}]},{\"@type\":\"ImageObject\",\"inLanguage\":\"fr-FR\",\"@id\":\"https:\/\/www.istegroup.com\/en\/produit\/echelles-spatiales-et-temporelles-de-la-mobilite\/#primaryimage\",\"url\":\"https:\/\/www.istegroup.com\/wp-content\/uploads\/2022\/04\/Echelles-spatiales-et-temporelles-de-la-mobilite.jpeg\",\"contentUrl\":\"https:\/\/www.istegroup.com\/wp-content\/uploads\/2022\/04\/Echelles-spatiales-et-temporelles-de-la-mobilite.jpeg\",\"width\":300,\"height\":450,\"caption\":\"Livre scientifique - \u00c9chelles spatiales et temporelles de la mobilit\u00e9 - Encyclop\u00e9die SCIENCES\"},{\"@type\":\"BreadcrumbList\",\"@id\":\"https:\/\/www.istegroup.com\/en\/produit\/echelles-spatiales-et-temporelles-de-la-mobilite\/#breadcrumb\",\"itemListElement\":[{\"@type\":\"ListItem\",\"position\":1,\"name\":\"Home\",\"item\":\"https:\/\/www.istegroup.com\/\"},{\"@type\":\"ListItem\",\"position\":2,\"name\":\"Shop\",\"item\":\"https:\/\/www.istegroup.com\/fr\/nouveautes\/\"},{\"@type\":\"ListItem\",\"position\":3,\"name\":\"\u00c9chelles spatiales et temporelles de la mobilit\u00e9\"}]},{\"@type\":\"WebSite\",\"@id\":\"https:\/\/www.istegroup.com\/#website\",\"url\":\"https:\/\/www.istegroup.com\/\",\"name\":\"ISTE Group\",\"description\":\"\u00c9diteur des Sciences\",\"potentialAction\":[{\"@type\":\"SearchAction\",\"target\":{\"@type\":\"EntryPoint\",\"urlTemplate\":\"https:\/\/www.istegroup.com\/?s={search_term_string}\"},\"query-input\":{\"@type\":\"PropertyValueSpecification\",\"valueRequired\":true,\"valueName\":\"search_term_string\"}}],\"inLanguage\":\"fr-FR\"}]}<\/script>\n<!-- \/ Yoast SEO plugin. -->","yoast_head_json":{"title":"\u00c9chelles spatiales et temporelles de la mobilit\u00e9 - ISTE Group","description":"Cet ouvrage pr\u00e9sente les diff\u00e9rentes \u00e9chelles spatiales et temporelles de la mobilit\u00e9 et la mani\u00e8re dont elles font syst\u00e8me, en leur associant des objets de recherche incontournables et originaux.","robots":{"index":"index","follow":"follow","max-snippet":"max-snippet:-1","max-image-preview":"max-image-preview:large","max-video-preview":"max-video-preview:-1"},"canonical":"https:\/\/www.istegroup.com\/en\/produit\/echelles-spatiales-et-temporelles-de-la-mobilite\/","og_locale":"fr_FR","og_type":"article","og_title":"\u00c9chelles spatiales et temporelles de la mobilit\u00e9 - ISTE Group","og_description":"Cet ouvrage pr\u00e9sente les diff\u00e9rentes \u00e9chelles spatiales et temporelles de la mobilit\u00e9 et la mani\u00e8re dont elles font syst\u00e8me, en leur associant des objets de recherche incontournables et originaux.","og_url":"https:\/\/www.istegroup.com\/en\/produit\/echelles-spatiales-et-temporelles-de-la-mobilite\/","og_site_name":"ISTE Group","article_modified_time":"2025-01-03T12:05:07+00:00","og_image":[{"width":300,"height":450,"url":"https:\/\/www.istegroup.com\/wp-content\/uploads\/2022\/04\/Echelles-spatiales-et-temporelles-de-la-mobilite.jpeg","type":"image\/jpeg"}],"twitter_card":"summary_large_image","twitter_misc":{"Est. reading time":"1 minute"},"schema":{"@context":"https:\/\/schema.org","@graph":[{"@type":"WebPage","@id":"https:\/\/www.istegroup.com\/en\/produit\/echelles-spatiales-et-temporelles-de-la-mobilite\/","url":"https:\/\/www.istegroup.com\/en\/produit\/echelles-spatiales-et-temporelles-de-la-mobilite\/","name":"\u00c9chelles spatiales et temporelles de la mobilit\u00e9 - ISTE Group","isPartOf":{"@id":"https:\/\/www.istegroup.com\/#website"},"primaryImageOfPage":{"@id":"https:\/\/www.istegroup.com\/en\/produit\/echelles-spatiales-et-temporelles-de-la-mobilite\/#primaryimage"},"image":{"@id":"https:\/\/www.istegroup.com\/en\/produit\/echelles-spatiales-et-temporelles-de-la-mobilite\/#primaryimage"},"thumbnailUrl":"https:\/\/www.istegroup.com\/wp-content\/uploads\/2022\/04\/Echelles-spatiales-et-temporelles-de-la-mobilite.jpeg","datePublished":"2022-04-14T09:02:37+00:00","dateModified":"2025-01-03T12:05:07+00:00","description":"Cet ouvrage pr\u00e9sente les diff\u00e9rentes \u00e9chelles spatiales et temporelles de la mobilit\u00e9 et la mani\u00e8re dont elles font syst\u00e8me, en leur associant des objets de recherche incontournables et originaux.","breadcrumb":{"@id":"https:\/\/www.istegroup.com\/en\/produit\/echelles-spatiales-et-temporelles-de-la-mobilite\/#breadcrumb"},"inLanguage":"fr-FR","potentialAction":[{"@type":"ReadAction","target":["https:\/\/www.istegroup.com\/en\/produit\/echelles-spatiales-et-temporelles-de-la-mobilite\/"]}]},{"@type":"ImageObject","inLanguage":"fr-FR","@id":"https:\/\/www.istegroup.com\/en\/produit\/echelles-spatiales-et-temporelles-de-la-mobilite\/#primaryimage","url":"https:\/\/www.istegroup.com\/wp-content\/uploads\/2022\/04\/Echelles-spatiales-et-temporelles-de-la-mobilite.jpeg","contentUrl":"https:\/\/www.istegroup.com\/wp-content\/uploads\/2022\/04\/Echelles-spatiales-et-temporelles-de-la-mobilite.jpeg","width":300,"height":450,"caption":"Livre scientifique - \u00c9chelles spatiales et temporelles de la mobilit\u00e9 - Encyclop\u00e9die SCIENCES"},{"@type":"BreadcrumbList","@id":"https:\/\/www.istegroup.com\/en\/produit\/echelles-spatiales-et-temporelles-de-la-mobilite\/#breadcrumb","itemListElement":[{"@type":"ListItem","position":1,"name":"Home","item":"https:\/\/www.istegroup.com\/"},{"@type":"ListItem","position":2,"name":"Shop","item":"https:\/\/www.istegroup.com\/fr\/nouveautes\/"},{"@type":"ListItem","position":3,"name":"\u00c9chelles spatiales et temporelles de la mobilit\u00e9"}]},{"@type":"WebSite","@id":"https:\/\/www.istegroup.com\/#website","url":"https:\/\/www.istegroup.com\/","name":"ISTE Group","description":"\u00c9diteur des Sciences","potentialAction":[{"@type":"SearchAction","target":{"@type":"EntryPoint","urlTemplate":"https:\/\/www.istegroup.com\/?s={search_term_string}"},"query-input":{"@type":"PropertyValueSpecification","valueRequired":true,"valueName":"search_term_string"}}],"inLanguage":"fr-FR"}]}},"_links":{"self":[{"href":"https:\/\/www.istegroup.com\/fr\/wp-json\/wp\/v2\/product\/23774","targetHints":{"allow":["GET"]}}],"collection":[{"href":"https:\/\/www.istegroup.com\/fr\/wp-json\/wp\/v2\/product"}],"about":[{"href":"https:\/\/www.istegroup.com\/fr\/wp-json\/wp\/v2\/types\/product"}],"wp:featuredmedia":[{"embeddable":true,"href":"https:\/\/www.istegroup.com\/fr\/wp-json\/wp\/v2\/media\/46217"}],"wp:attachment":[{"href":"https:\/\/www.istegroup.com\/fr\/wp-json\/wp\/v2\/media?parent=23774"}],"wp:term":[{"taxonomy":"product_brand","embeddable":true,"href":"https:\/\/www.istegroup.com\/fr\/wp-json\/wp\/v2\/product_brand?post=23774"},{"taxonomy":"product_cat","embeddable":true,"href":"https:\/\/www.istegroup.com\/fr\/wp-json\/wp\/v2\/product_cat?post=23774"},{"taxonomy":"product_tag","embeddable":true,"href":"https:\/\/www.istegroup.com\/fr\/wp-json\/wp\/v2\/product_tag?post=23774"}],"curies":[{"name":"wp","href":"https:\/\/api.w.org\/{rel}","templated":true}]}}