{"id":23772,"date":"2023-07-11T10:01:36","date_gmt":"2023-07-11T09:01:36","guid":{"rendered":"https:\/\/www.istegroup.com\/?post_type=product&#038;p=23772"},"modified":"2025-01-03T11:09:08","modified_gmt":"2025-01-03T11:09:08","slug":"mobilite-quotidienne-et-sante","status":"publish","type":"product","link":"https:\/\/www.istegroup.com\/fr\/produit\/mobilite-quotidienne-et-sante\/","title":{"rendered":"Mobilit\u00e9 quotidienne et sant\u00e9"},"content":{"rendered":"<p>La mobilit\u00e9 quotidienne n\u2019est en soi ni favorable, ni d\u00e9favorable \u00e0 la sant\u00e9. Si elle peut faciliter les interactions sociales, l\u2019acc\u00e8s \u00e0 des services \u00e9loign\u00e9s ou augmenter l\u2019activit\u00e9 physique, elle peut \u00e9galement \u00eatre \u00e0 l\u2019origine de pollutions, de propagation d\u2019\u00e9pid\u00e9mies ou d\u2019accidents de la circulation.<\/p>\n<p>Cet ouvrage pr\u00e9sente diff\u00e9rentes facettes de la relation entre mobilit\u00e9 quotidienne et sant\u00e9 en mettant l\u2019accent sur les environnements (g\u00e9ographiques, sociaux et politiques) au sein desquels les populations vivent et se d\u00e9placent. Il analyse le r\u00f4le de la mobilit\u00e9 dans les m\u00e9canismes d\u2019exposition \u00e0 l\u2019environnement et de diffusion dans l\u2019environnement, ainsi que les in\u00e9galit\u00e9s de sant\u00e9 qui en r\u00e9sultent. Il traite des modes actifs de d\u00e9placement (marche et v\u00e9lo principalement) et des contextes locaux qui leur sont propices. Il propose enfin une lecture critique de la place accord\u00e9e \u00e0 la mobilit\u00e9 quotidienne dans les politiques de lutte contre l\u2019ob\u00e9sit\u00e9 et de rationalisation de l\u2019offre de soins sur le territoire.<\/p>","protected":false},"excerpt":{"rendered":"<p>La mobilit\u00e9 quotidienne n\u2019est en soi ni favorable, ni d\u00e9favorable \u00e0 la sant\u00e9. Si elle peut faciliter les interactions sociales, l\u2019acc\u00e8s \u00e0 des services \u00e9loign\u00e9s ou augmenter l\u2019activit\u00e9 physique, elle peut \u00e9galement \u00eatre \u00e0 l\u2019origine de pollutions, de propagation d\u2019\u00e9pid\u00e9mies ou d\u2019accidents de la circulation. Cet ouvrage pr\u00e9sente diff\u00e9rentes facettes de la relation entre mobilit\u00e9 [&hellip;]<\/p>\n","protected":false},"featured_media":52373,"template":"","meta":{"_acf_changed":false,"_links_to":"","_links_to_target":""},"product_brand":[],"product_cat":[4289],"product_tag":[],"class_list":{"0":"post-23772","1":"product","2":"type-product","3":"status-publish","4":"has-post-thumbnail","6":"product_cat-sciences","8":"first","9":"instock","10":"shipping-taxable","11":"purchasable","12":"product-type-variable"},"acf":[],"yoast_head":"<!-- This site is optimized with the Yoast SEO plugin v27.2 - https:\/\/yoast.com\/product\/yoast-seo-wordpress\/ -->\n<title>Mobilit\u00e9 quotidienne et sant\u00e9 - ISTE Group<\/title>\n<meta name=\"description\" content=\"Cet ouvrage pr\u00e9sente diff\u00e9rentes facettes de la relation entre mobilit\u00e9 quotidienne et sant\u00e9 en mettant l\u2019accent sur les environnements (g\u00e9ographiques, sociaux et politiques) au sein desquels les populations vivent et se d\u00e9placent.\" \/>\n<meta name=\"robots\" content=\"index, follow, max-snippet:-1, max-image-preview:large, max-video-preview:-1\" \/>\n<link rel=\"canonical\" href=\"https:\/\/www.istegroup.com\/en\/produit\/mobilite-quotidienne-et-sante\/\" \/>\n<meta property=\"og:locale\" content=\"fr_FR\" \/>\n<meta property=\"og:type\" content=\"article\" \/>\n<meta property=\"og:title\" content=\"Mobilit\u00e9 quotidienne et sant\u00e9 - ISTE Group\" \/>\n<meta property=\"og:description\" content=\"Cet ouvrage pr\u00e9sente diff\u00e9rentes facettes de la relation entre mobilit\u00e9 quotidienne et sant\u00e9 en mettant l\u2019accent sur les environnements (g\u00e9ographiques, sociaux et politiques) au sein desquels les populations vivent et se d\u00e9placent.\" \/>\n<meta property=\"og:url\" content=\"https:\/\/www.istegroup.com\/en\/produit\/mobilite-quotidienne-et-sante\/\" \/>\n<meta property=\"og:site_name\" content=\"ISTE Group\" \/>\n<meta property=\"article:modified_time\" content=\"2025-01-03T11:09:08+00:00\" \/>\n<meta property=\"og:image\" content=\"https:\/\/www.istegroup.com\/wp-content\/uploads\/2023\/07\/Vallee_couv_300x450-1.jpg\" \/>\n\t<meta property=\"og:image:width\" content=\"300\" \/>\n\t<meta property=\"og:image:height\" content=\"450\" \/>\n\t<meta property=\"og:image:type\" content=\"image\/jpeg\" \/>\n<meta name=\"twitter:card\" content=\"summary_large_image\" \/>\n<meta name=\"twitter:label1\" content=\"Est. reading time\" \/>\n\t<meta name=\"twitter:data1\" content=\"1 minute\" \/>\n<script type=\"application\/ld+json\" class=\"yoast-schema-graph\">{\"@context\":\"https:\/\/schema.org\",\"@graph\":[{\"@type\":\"WebPage\",\"@id\":\"https:\/\/www.istegroup.com\/en\/produit\/mobilite-quotidienne-et-sante\/\",\"url\":\"https:\/\/www.istegroup.com\/en\/produit\/mobilite-quotidienne-et-sante\/\",\"name\":\"Mobilit\u00e9 quotidienne et sant\u00e9 - ISTE Group\",\"isPartOf\":{\"@id\":\"https:\/\/www.istegroup.com\/#website\"},\"primaryImageOfPage\":{\"@id\":\"https:\/\/www.istegroup.com\/en\/produit\/mobilite-quotidienne-et-sante\/#primaryimage\"},\"image\":{\"@id\":\"https:\/\/www.istegroup.com\/en\/produit\/mobilite-quotidienne-et-sante\/#primaryimage\"},\"thumbnailUrl\":\"https:\/\/www.istegroup.com\/wp-content\/uploads\/2023\/07\/Vallee_couv_300x450-1.jpg\",\"datePublished\":\"2023-07-11T09:01:36+00:00\",\"dateModified\":\"2025-01-03T11:09:08+00:00\",\"description\":\"Cet ouvrage pr\u00e9sente diff\u00e9rentes facettes de la relation entre mobilit\u00e9 quotidienne et sant\u00e9 en mettant l\u2019accent sur les environnements (g\u00e9ographiques, sociaux et politiques) au sein desquels les populations vivent et se d\u00e9placent.\",\"breadcrumb\":{\"@id\":\"https:\/\/www.istegroup.com\/en\/produit\/mobilite-quotidienne-et-sante\/#breadcrumb\"},\"inLanguage\":\"fr-FR\",\"potentialAction\":[{\"@type\":\"ReadAction\",\"target\":[\"https:\/\/www.istegroup.com\/en\/produit\/mobilite-quotidienne-et-sante\/\"]}]},{\"@type\":\"ImageObject\",\"inLanguage\":\"fr-FR\",\"@id\":\"https:\/\/www.istegroup.com\/en\/produit\/mobilite-quotidienne-et-sante\/#primaryimage\",\"url\":\"https:\/\/www.istegroup.com\/wp-content\/uploads\/2023\/07\/Vallee_couv_300x450-1.jpg\",\"contentUrl\":\"https:\/\/www.istegroup.com\/wp-content\/uploads\/2023\/07\/Vallee_couv_300x450-1.jpg\",\"width\":300,\"height\":450},{\"@type\":\"BreadcrumbList\",\"@id\":\"https:\/\/www.istegroup.com\/en\/produit\/mobilite-quotidienne-et-sante\/#breadcrumb\",\"itemListElement\":[{\"@type\":\"ListItem\",\"position\":1,\"name\":\"Home\",\"item\":\"https:\/\/www.istegroup.com\/\"},{\"@type\":\"ListItem\",\"position\":2,\"name\":\"Shop\",\"item\":\"https:\/\/www.istegroup.com\/fr\/nouveautes\/\"},{\"@type\":\"ListItem\",\"position\":3,\"name\":\"Mobilit\u00e9 quotidienne et sant\u00e9\"}]},{\"@type\":\"WebSite\",\"@id\":\"https:\/\/www.istegroup.com\/#website\",\"url\":\"https:\/\/www.istegroup.com\/\",\"name\":\"ISTE Group\",\"description\":\"\u00c9diteur des Sciences\",\"potentialAction\":[{\"@type\":\"SearchAction\",\"target\":{\"@type\":\"EntryPoint\",\"urlTemplate\":\"https:\/\/www.istegroup.com\/?s={search_term_string}\"},\"query-input\":{\"@type\":\"PropertyValueSpecification\",\"valueRequired\":true,\"valueName\":\"search_term_string\"}}],\"inLanguage\":\"fr-FR\"}]}<\/script>\n<!-- \/ Yoast SEO plugin. -->","yoast_head_json":{"title":"Mobilit\u00e9 quotidienne et sant\u00e9 - ISTE Group","description":"Cet ouvrage pr\u00e9sente diff\u00e9rentes facettes de la relation entre mobilit\u00e9 quotidienne et sant\u00e9 en mettant l\u2019accent sur les environnements (g\u00e9ographiques, sociaux et politiques) au sein desquels les populations vivent et se d\u00e9placent.","robots":{"index":"index","follow":"follow","max-snippet":"max-snippet:-1","max-image-preview":"max-image-preview:large","max-video-preview":"max-video-preview:-1"},"canonical":"https:\/\/www.istegroup.com\/en\/produit\/mobilite-quotidienne-et-sante\/","og_locale":"fr_FR","og_type":"article","og_title":"Mobilit\u00e9 quotidienne et sant\u00e9 - ISTE Group","og_description":"Cet ouvrage pr\u00e9sente diff\u00e9rentes facettes de la relation entre mobilit\u00e9 quotidienne et sant\u00e9 en mettant l\u2019accent sur les environnements (g\u00e9ographiques, sociaux et politiques) au sein desquels les populations vivent et se d\u00e9placent.","og_url":"https:\/\/www.istegroup.com\/en\/produit\/mobilite-quotidienne-et-sante\/","og_site_name":"ISTE Group","article_modified_time":"2025-01-03T11:09:08+00:00","og_image":[{"width":300,"height":450,"url":"https:\/\/www.istegroup.com\/wp-content\/uploads\/2023\/07\/Vallee_couv_300x450-1.jpg","type":"image\/jpeg"}],"twitter_card":"summary_large_image","twitter_misc":{"Est. reading time":"1 minute"},"schema":{"@context":"https:\/\/schema.org","@graph":[{"@type":"WebPage","@id":"https:\/\/www.istegroup.com\/en\/produit\/mobilite-quotidienne-et-sante\/","url":"https:\/\/www.istegroup.com\/en\/produit\/mobilite-quotidienne-et-sante\/","name":"Mobilit\u00e9 quotidienne et sant\u00e9 - ISTE Group","isPartOf":{"@id":"https:\/\/www.istegroup.com\/#website"},"primaryImageOfPage":{"@id":"https:\/\/www.istegroup.com\/en\/produit\/mobilite-quotidienne-et-sante\/#primaryimage"},"image":{"@id":"https:\/\/www.istegroup.com\/en\/produit\/mobilite-quotidienne-et-sante\/#primaryimage"},"thumbnailUrl":"https:\/\/www.istegroup.com\/wp-content\/uploads\/2023\/07\/Vallee_couv_300x450-1.jpg","datePublished":"2023-07-11T09:01:36+00:00","dateModified":"2025-01-03T11:09:08+00:00","description":"Cet ouvrage pr\u00e9sente diff\u00e9rentes facettes de la relation entre mobilit\u00e9 quotidienne et sant\u00e9 en mettant l\u2019accent sur les environnements (g\u00e9ographiques, sociaux et politiques) au sein desquels les populations vivent et se d\u00e9placent.","breadcrumb":{"@id":"https:\/\/www.istegroup.com\/en\/produit\/mobilite-quotidienne-et-sante\/#breadcrumb"},"inLanguage":"fr-FR","potentialAction":[{"@type":"ReadAction","target":["https:\/\/www.istegroup.com\/en\/produit\/mobilite-quotidienne-et-sante\/"]}]},{"@type":"ImageObject","inLanguage":"fr-FR","@id":"https:\/\/www.istegroup.com\/en\/produit\/mobilite-quotidienne-et-sante\/#primaryimage","url":"https:\/\/www.istegroup.com\/wp-content\/uploads\/2023\/07\/Vallee_couv_300x450-1.jpg","contentUrl":"https:\/\/www.istegroup.com\/wp-content\/uploads\/2023\/07\/Vallee_couv_300x450-1.jpg","width":300,"height":450},{"@type":"BreadcrumbList","@id":"https:\/\/www.istegroup.com\/en\/produit\/mobilite-quotidienne-et-sante\/#breadcrumb","itemListElement":[{"@type":"ListItem","position":1,"name":"Home","item":"https:\/\/www.istegroup.com\/"},{"@type":"ListItem","position":2,"name":"Shop","item":"https:\/\/www.istegroup.com\/fr\/nouveautes\/"},{"@type":"ListItem","position":3,"name":"Mobilit\u00e9 quotidienne et sant\u00e9"}]},{"@type":"WebSite","@id":"https:\/\/www.istegroup.com\/#website","url":"https:\/\/www.istegroup.com\/","name":"ISTE Group","description":"\u00c9diteur des Sciences","potentialAction":[{"@type":"SearchAction","target":{"@type":"EntryPoint","urlTemplate":"https:\/\/www.istegroup.com\/?s={search_term_string}"},"query-input":{"@type":"PropertyValueSpecification","valueRequired":true,"valueName":"search_term_string"}}],"inLanguage":"fr-FR"}]}},"_links":{"self":[{"href":"https:\/\/www.istegroup.com\/fr\/wp-json\/wp\/v2\/product\/23772","targetHints":{"allow":["GET"]}}],"collection":[{"href":"https:\/\/www.istegroup.com\/fr\/wp-json\/wp\/v2\/product"}],"about":[{"href":"https:\/\/www.istegroup.com\/fr\/wp-json\/wp\/v2\/types\/product"}],"wp:featuredmedia":[{"embeddable":true,"href":"https:\/\/www.istegroup.com\/fr\/wp-json\/wp\/v2\/media\/52373"}],"wp:attachment":[{"href":"https:\/\/www.istegroup.com\/fr\/wp-json\/wp\/v2\/media?parent=23772"}],"wp:term":[{"taxonomy":"product_brand","embeddable":true,"href":"https:\/\/www.istegroup.com\/fr\/wp-json\/wp\/v2\/product_brand?post=23772"},{"taxonomy":"product_cat","embeddable":true,"href":"https:\/\/www.istegroup.com\/fr\/wp-json\/wp\/v2\/product_cat?post=23772"},{"taxonomy":"product_tag","embeddable":true,"href":"https:\/\/www.istegroup.com\/fr\/wp-json\/wp\/v2\/product_tag?post=23772"}],"curies":[{"name":"wp","href":"https:\/\/api.w.org\/{rel}","templated":true}]}}