{"id":23739,"date":"2023-07-11T17:09:04","date_gmt":"2023-07-11T16:09:04","guid":{"rendered":"https:\/\/www.istegroup.com\/?post_type=product&#038;p=23739"},"modified":"2025-01-03T11:07:52","modified_gmt":"2025-01-03T11:07:52","slug":"stockage-de-la-chaleur-et-du-froid-1","status":"publish","type":"product","link":"https:\/\/www.istegroup.com\/fr\/produit\/stockage-de-la-chaleur-et-du-froid-1\/","title":{"rendered":"Stockage de la chaleur et du froid 1"},"content":{"rendered":"<p><em>Stockage de la chaleur et du froid 1<\/em> est consacr\u00e9 aux proc\u00e9d\u00e9s de stockage par chaleur sensible et latente.<\/p>\n<p>Apr\u00e8s plusieurs rappels th\u00e9oriques, cet ouvrage pr\u00e9sente les principales situations de stockage sensible \u00e0 basse temp\u00e9rature et \u00e0 temp\u00e9rature \u00e9lev\u00e9e pour la production d\u2019\u00e9lectricit\u00e9. Le stockage latent sur des mat\u00e9riaux \u00e0 changement de phase est ensuite analys\u00e9 sous ses aspects fondamentaux, en pr\u00e9sentant les m\u00e9canismes de pr\u00e9paration des MCP et les int\u00e9grations dans les proc\u00e9d\u00e9s de stockage de chaleur et de froid. Les mat\u00e9riaux les plus prometteurs sont pr\u00e9sent\u00e9s, ainsi que les voies d\u2019am\u00e9lioration des mat\u00e9riaux \u00e9tudi\u00e9s. Des notions de rentabilit\u00e9 technico-\u00e9conomique sont \u00e9galement d\u00e9finies.<\/p>\n<p>Enfin, cet ouvrage s\u2019int\u00e9resse au stockage de chaleur associ\u00e9 aux centrales solaires thermodynamiques et aux principes physiques de stockage tr\u00e8s vari\u00e9s qui y sont associ\u00e9s.<\/p>","protected":false},"excerpt":{"rendered":"<p>Stockage de la chaleur et du froid 1 est consacr\u00e9 aux proc\u00e9d\u00e9s de stockage par chaleur sensible et latente. Apr\u00e8s plusieurs rappels th\u00e9oriques, cet ouvrage pr\u00e9sente les principales situations de stockage sensible \u00e0 basse temp\u00e9rature et \u00e0 temp\u00e9rature \u00e9lev\u00e9e pour la production d\u2019\u00e9lectricit\u00e9. Le stockage latent sur des mat\u00e9riaux \u00e0 changement de phase est ensuite [&hellip;]<\/p>\n","protected":false},"featured_media":52372,"template":"","meta":{"_acf_changed":false,"_links_to":"","_links_to_target":""},"product_brand":[],"product_cat":[4289],"product_tag":[],"class_list":{"0":"post-23739","1":"product","2":"type-product","3":"status-publish","4":"has-post-thumbnail","6":"product_cat-sciences","8":"first","9":"instock","10":"shipping-taxable","11":"purchasable","12":"product-type-variable"},"acf":[],"yoast_head":"<!-- This site is optimized with the Yoast SEO plugin v27.2 - https:\/\/yoast.com\/product\/yoast-seo-wordpress\/ -->\n<title>Stockage de la chaleur et du froid 1 - ISTE Group<\/title>\n<meta name=\"description\" content=\"Stockage de la chaleur et du froid 1 est consacr\u00e9 aux proc\u00e9d\u00e9s de stockage par chaleur sensible et latente.\" \/>\n<meta name=\"robots\" content=\"index, follow, max-snippet:-1, max-image-preview:large, max-video-preview:-1\" \/>\n<link rel=\"canonical\" href=\"https:\/\/www.istegroup.com\/fr\/produit\/stockage-de-la-chaleur-et-du-froid-1\/\" \/>\n<meta property=\"og:locale\" content=\"fr_FR\" \/>\n<meta property=\"og:type\" content=\"article\" \/>\n<meta property=\"og:title\" content=\"Stockage de la chaleur et du froid 1 - ISTE Group\" \/>\n<meta property=\"og:description\" content=\"Stockage de la chaleur et du froid 1 est consacr\u00e9 aux proc\u00e9d\u00e9s de stockage par chaleur sensible et latente.\" \/>\n<meta property=\"og:url\" content=\"https:\/\/www.istegroup.com\/fr\/produit\/stockage-de-la-chaleur-et-du-froid-1\/\" \/>\n<meta property=\"og:site_name\" content=\"ISTE Group\" \/>\n<meta property=\"article:modified_time\" content=\"2025-01-03T11:07:52+00:00\" \/>\n<meta property=\"og:image\" content=\"https:\/\/www.istegroup.com\/wp-content\/uploads\/2023\/07\/Odru_couv_300x450-1.jpg\" \/>\n\t<meta property=\"og:image:width\" content=\"300\" \/>\n\t<meta property=\"og:image:height\" content=\"450\" \/>\n\t<meta property=\"og:image:type\" content=\"image\/jpeg\" \/>\n<meta name=\"twitter:card\" content=\"summary_large_image\" \/>\n<meta name=\"twitter:label1\" content=\"Est. reading time\" \/>\n\t<meta name=\"twitter:data1\" content=\"1 minute\" \/>\n<script type=\"application\/ld+json\" class=\"yoast-schema-graph\">{\"@context\":\"https:\/\/schema.org\",\"@graph\":[{\"@type\":\"WebPage\",\"@id\":\"https:\/\/www.istegroup.com\/fr\/produit\/stockage-de-la-chaleur-et-du-froid-1\/\",\"url\":\"https:\/\/www.istegroup.com\/fr\/produit\/stockage-de-la-chaleur-et-du-froid-1\/\",\"name\":\"Stockage de la chaleur et du froid 1 - ISTE Group\",\"isPartOf\":{\"@id\":\"https:\/\/www.istegroup.com\/#website\"},\"primaryImageOfPage\":{\"@id\":\"https:\/\/www.istegroup.com\/fr\/produit\/stockage-de-la-chaleur-et-du-froid-1\/#primaryimage\"},\"image\":{\"@id\":\"https:\/\/www.istegroup.com\/fr\/produit\/stockage-de-la-chaleur-et-du-froid-1\/#primaryimage\"},\"thumbnailUrl\":\"https:\/\/www.istegroup.com\/wp-content\/uploads\/2023\/07\/Odru_couv_300x450-1.jpg\",\"datePublished\":\"2023-07-11T16:09:04+00:00\",\"dateModified\":\"2025-01-03T11:07:52+00:00\",\"description\":\"Stockage de la chaleur et du froid 1 est consacr\u00e9 aux proc\u00e9d\u00e9s de stockage par chaleur sensible et latente.\",\"breadcrumb\":{\"@id\":\"https:\/\/www.istegroup.com\/fr\/produit\/stockage-de-la-chaleur-et-du-froid-1\/#breadcrumb\"},\"inLanguage\":\"fr-FR\",\"potentialAction\":[{\"@type\":\"ReadAction\",\"target\":[\"https:\/\/www.istegroup.com\/fr\/produit\/stockage-de-la-chaleur-et-du-froid-1\/\"]}]},{\"@type\":\"ImageObject\",\"inLanguage\":\"fr-FR\",\"@id\":\"https:\/\/www.istegroup.com\/fr\/produit\/stockage-de-la-chaleur-et-du-froid-1\/#primaryimage\",\"url\":\"https:\/\/www.istegroup.com\/wp-content\/uploads\/2023\/07\/Odru_couv_300x450-1.jpg\",\"contentUrl\":\"https:\/\/www.istegroup.com\/wp-content\/uploads\/2023\/07\/Odru_couv_300x450-1.jpg\",\"width\":300,\"height\":450},{\"@type\":\"BreadcrumbList\",\"@id\":\"https:\/\/www.istegroup.com\/fr\/produit\/stockage-de-la-chaleur-et-du-froid-1\/#breadcrumb\",\"itemListElement\":[{\"@type\":\"ListItem\",\"position\":1,\"name\":\"Home\",\"item\":\"https:\/\/www.istegroup.com\/\"},{\"@type\":\"ListItem\",\"position\":2,\"name\":\"Shop\",\"item\":\"https:\/\/www.istegroup.com\/fr\/nouveautes\/\"},{\"@type\":\"ListItem\",\"position\":3,\"name\":\"Stockage de la chaleur et du froid 1\"}]},{\"@type\":\"WebSite\",\"@id\":\"https:\/\/www.istegroup.com\/#website\",\"url\":\"https:\/\/www.istegroup.com\/\",\"name\":\"ISTE Group\",\"description\":\"\u00c9diteur des Sciences\",\"potentialAction\":[{\"@type\":\"SearchAction\",\"target\":{\"@type\":\"EntryPoint\",\"urlTemplate\":\"https:\/\/www.istegroup.com\/?s={search_term_string}\"},\"query-input\":{\"@type\":\"PropertyValueSpecification\",\"valueRequired\":true,\"valueName\":\"search_term_string\"}}],\"inLanguage\":\"fr-FR\"}]}<\/script>\n<!-- \/ Yoast SEO plugin. -->","yoast_head_json":{"title":"Stockage de la chaleur et du froid 1 - ISTE Group","description":"Stockage de la chaleur et du froid 1 est consacr\u00e9 aux proc\u00e9d\u00e9s de stockage par chaleur sensible et latente.","robots":{"index":"index","follow":"follow","max-snippet":"max-snippet:-1","max-image-preview":"max-image-preview:large","max-video-preview":"max-video-preview:-1"},"canonical":"https:\/\/www.istegroup.com\/fr\/produit\/stockage-de-la-chaleur-et-du-froid-1\/","og_locale":"fr_FR","og_type":"article","og_title":"Stockage de la chaleur et du froid 1 - ISTE Group","og_description":"Stockage de la chaleur et du froid 1 est consacr\u00e9 aux proc\u00e9d\u00e9s de stockage par chaleur sensible et latente.","og_url":"https:\/\/www.istegroup.com\/fr\/produit\/stockage-de-la-chaleur-et-du-froid-1\/","og_site_name":"ISTE Group","article_modified_time":"2025-01-03T11:07:52+00:00","og_image":[{"width":300,"height":450,"url":"https:\/\/www.istegroup.com\/wp-content\/uploads\/2023\/07\/Odru_couv_300x450-1.jpg","type":"image\/jpeg"}],"twitter_card":"summary_large_image","twitter_misc":{"Est. reading time":"1 minute"},"schema":{"@context":"https:\/\/schema.org","@graph":[{"@type":"WebPage","@id":"https:\/\/www.istegroup.com\/fr\/produit\/stockage-de-la-chaleur-et-du-froid-1\/","url":"https:\/\/www.istegroup.com\/fr\/produit\/stockage-de-la-chaleur-et-du-froid-1\/","name":"Stockage de la chaleur et du froid 1 - ISTE Group","isPartOf":{"@id":"https:\/\/www.istegroup.com\/#website"},"primaryImageOfPage":{"@id":"https:\/\/www.istegroup.com\/fr\/produit\/stockage-de-la-chaleur-et-du-froid-1\/#primaryimage"},"image":{"@id":"https:\/\/www.istegroup.com\/fr\/produit\/stockage-de-la-chaleur-et-du-froid-1\/#primaryimage"},"thumbnailUrl":"https:\/\/www.istegroup.com\/wp-content\/uploads\/2023\/07\/Odru_couv_300x450-1.jpg","datePublished":"2023-07-11T16:09:04+00:00","dateModified":"2025-01-03T11:07:52+00:00","description":"Stockage de la chaleur et du froid 1 est consacr\u00e9 aux proc\u00e9d\u00e9s de stockage par chaleur sensible et latente.","breadcrumb":{"@id":"https:\/\/www.istegroup.com\/fr\/produit\/stockage-de-la-chaleur-et-du-froid-1\/#breadcrumb"},"inLanguage":"fr-FR","potentialAction":[{"@type":"ReadAction","target":["https:\/\/www.istegroup.com\/fr\/produit\/stockage-de-la-chaleur-et-du-froid-1\/"]}]},{"@type":"ImageObject","inLanguage":"fr-FR","@id":"https:\/\/www.istegroup.com\/fr\/produit\/stockage-de-la-chaleur-et-du-froid-1\/#primaryimage","url":"https:\/\/www.istegroup.com\/wp-content\/uploads\/2023\/07\/Odru_couv_300x450-1.jpg","contentUrl":"https:\/\/www.istegroup.com\/wp-content\/uploads\/2023\/07\/Odru_couv_300x450-1.jpg","width":300,"height":450},{"@type":"BreadcrumbList","@id":"https:\/\/www.istegroup.com\/fr\/produit\/stockage-de-la-chaleur-et-du-froid-1\/#breadcrumb","itemListElement":[{"@type":"ListItem","position":1,"name":"Home","item":"https:\/\/www.istegroup.com\/"},{"@type":"ListItem","position":2,"name":"Shop","item":"https:\/\/www.istegroup.com\/fr\/nouveautes\/"},{"@type":"ListItem","position":3,"name":"Stockage de la chaleur et du froid 1"}]},{"@type":"WebSite","@id":"https:\/\/www.istegroup.com\/#website","url":"https:\/\/www.istegroup.com\/","name":"ISTE Group","description":"\u00c9diteur des Sciences","potentialAction":[{"@type":"SearchAction","target":{"@type":"EntryPoint","urlTemplate":"https:\/\/www.istegroup.com\/?s={search_term_string}"},"query-input":{"@type":"PropertyValueSpecification","valueRequired":true,"valueName":"search_term_string"}}],"inLanguage":"fr-FR"}]}},"_links":{"self":[{"href":"https:\/\/www.istegroup.com\/fr\/wp-json\/wp\/v2\/product\/23739","targetHints":{"allow":["GET"]}}],"collection":[{"href":"https:\/\/www.istegroup.com\/fr\/wp-json\/wp\/v2\/product"}],"about":[{"href":"https:\/\/www.istegroup.com\/fr\/wp-json\/wp\/v2\/types\/product"}],"wp:featuredmedia":[{"embeddable":true,"href":"https:\/\/www.istegroup.com\/fr\/wp-json\/wp\/v2\/media\/52372"}],"wp:attachment":[{"href":"https:\/\/www.istegroup.com\/fr\/wp-json\/wp\/v2\/media?parent=23739"}],"wp:term":[{"taxonomy":"product_brand","embeddable":true,"href":"https:\/\/www.istegroup.com\/fr\/wp-json\/wp\/v2\/product_brand?post=23739"},{"taxonomy":"product_cat","embeddable":true,"href":"https:\/\/www.istegroup.com\/fr\/wp-json\/wp\/v2\/product_cat?post=23739"},{"taxonomy":"product_tag","embeddable":true,"href":"https:\/\/www.istegroup.com\/fr\/wp-json\/wp\/v2\/product_tag?post=23739"}],"curies":[{"name":"wp","href":"https:\/\/api.w.org\/{rel}","templated":true}]}}