{"id":23038,"date":"2020-03-22T11:05:36","date_gmt":"2020-03-22T11:05:36","guid":{"rendered":"https:\/\/www.istegroup.com\/?post_type=product&#038;p=23038"},"modified":"2024-01-03T13:43:27","modified_gmt":"2024-01-03T13:43:27","slug":"precis-de-mathematiques-approfondies-et-fondamentales-3","status":"publish","type":"product","link":"https:\/\/www.istegroup.com\/fr\/produit\/precis-de-mathematiques-approfondies-et-fondamentales-3\/","title":{"rendered":"Pr\u00e9cis de math\u00e9matiques approfondies et fondamentales 3"},"content":{"rendered":"<p>Publi\u00e9 en trois volumes, <em>Pr\u00e9cis de math\u00e9matiques approfondies et fondamentales<\/em> pr\u00e9sente les \u00e9l\u00e9ments math\u00e9matiques qui \u00ab fondent \u00bb un certain nombre de m\u00e9thodes des sciences contemporaines : th\u00e9orie moderne des syst\u00e8mes, physique, sciences de l\u2019ing\u00e9nieur.<\/p>\n<p>Ce troisi\u00e8me volume traite les probl\u00e8mes non lin\u00e9aires : il d\u00e9taille le calcul diff\u00e9rentiel, dans le cadre des espaces de Banach puis des vari\u00e9t\u00e9s banachiques. Une fois introduits les concepts de base de la g\u00e9om\u00e9trie diff\u00e9rentielle, une place importante est laiss\u00e9e au calcul diff\u00e9rentiel et int\u00e9gral sur les vari\u00e9t\u00e9s.<\/p>\n<p>Sont \u00e9galement \u00e9tudi\u00e9s les groupes et alg\u00e8bres de Lie, puis l\u2019analyse harmonique sur les groupes de Lie, de mani\u00e8re \u00e0 englober dans un m\u00eame formalisme la transformation de Fourier et les s\u00e9ries de Fourier, et \u00e0 donner un aper\u00e7u de l\u2019analyse harmonique non commutative. La th\u00e9orie des connexions permet de d\u00e9finir les notions de torsion et de courbure, et d\u2019aborder la g\u00e9om\u00e9trie (pseudo-)riemannienne de la relativit\u00e9 g\u00e9n\u00e9rale.<\/p>\n","protected":false},"excerpt":{"rendered":"<p>Publi\u00e9 en trois volumes, Pr\u00e9cis de math\u00e9matiques approfondies et fondamentales pr\u00e9sente les \u00e9l\u00e9ments math\u00e9matiques qui \u00ab fondent \u00bb un certain nombre de m\u00e9thodes des sciences contemporaines : th\u00e9orie moderne des syst\u00e8mes, physique, sciences de l\u2019ing\u00e9nieur. Ce troisi\u00e8me volume traite les probl\u00e8mes non lin\u00e9aires : il d\u00e9taille le calcul diff\u00e9rentiel, dans le cadre des espaces de [&hellip;]<\/p>\n","protected":false},"featured_media":23045,"template":"","meta":{"_acf_changed":false,"_links_to":"","_links_to_target":""},"product_brand":[],"product_cat":[671],"product_tag":[],"class_list":{"0":"post-23038","1":"product","2":"type-product","3":"status-publish","4":"has-post-thumbnail","6":"product_cat-mathmatiques-et-statistiques-12506494","8":"first","9":"instock","10":"shipping-taxable","11":"purchasable","12":"product-type-variable"},"acf":[],"yoast_head":"<!-- This site is optimized with the Yoast SEO plugin v27.2 - https:\/\/yoast.com\/product\/yoast-seo-wordpress\/ -->\n<title>Pr\u00e9cis de math\u00e9matiques approfondies et fondamentales 3 - ISTE Group<\/title>\n<meta name=\"description\" content=\"Pr\u00e9cis de math\u00e9matiques approfondies et fondamentales 3 traite les probl\u00e8mes non lin\u00e9aires : il d\u00e9taille le calcul diff\u00e9rentiel, dans le cadre des espaces de Banach puis des vari\u00e9t\u00e9s banachiques.\" \/>\n<meta name=\"robots\" content=\"index, follow, max-snippet:-1, max-image-preview:large, max-video-preview:-1\" \/>\n<link rel=\"canonical\" href=\"https:\/\/www.istegroup.com\/fr\/produit\/precis-de-mathematiques-approfondies-et-fondamentales-3\/\" \/>\n<meta property=\"og:locale\" content=\"fr_FR\" \/>\n<meta property=\"og:type\" content=\"article\" \/>\n<meta property=\"og:title\" content=\"Pr\u00e9cis de math\u00e9matiques approfondies et fondamentales 3 - ISTE Group\" \/>\n<meta property=\"og:description\" content=\"Pr\u00e9cis de math\u00e9matiques approfondies et fondamentales 3 traite les probl\u00e8mes non lin\u00e9aires : il d\u00e9taille le calcul diff\u00e9rentiel, dans le cadre des espaces de Banach puis des vari\u00e9t\u00e9s banachiques.\" \/>\n<meta property=\"og:url\" content=\"https:\/\/www.istegroup.com\/fr\/produit\/precis-de-mathematiques-approfondies-et-fondamentales-3\/\" \/>\n<meta property=\"og:site_name\" content=\"ISTE Group\" \/>\n<meta property=\"article:modified_time\" content=\"2024-01-03T13:43:27+00:00\" \/>\n<meta property=\"og:image\" content=\"https:\/\/www.istegroup.com\/wp-content\/uploads\/2019\/09\/634_Pr\u00e9cis-de-math\u00e9matiques-approfondies-et-fondamentales-3_Bourl\u00e8s.jpg\" \/>\n\t<meta property=\"og:image:width\" content=\"300\" \/>\n\t<meta property=\"og:image:height\" content=\"451\" \/>\n\t<meta property=\"og:image:type\" content=\"image\/jpeg\" \/>\n<meta name=\"twitter:card\" content=\"summary_large_image\" \/>\n<meta name=\"twitter:label1\" content=\"Est. reading time\" \/>\n\t<meta name=\"twitter:data1\" content=\"1 minute\" \/>\n<script type=\"application\/ld+json\" class=\"yoast-schema-graph\">{\"@context\":\"https:\/\/schema.org\",\"@graph\":[{\"@type\":\"WebPage\",\"@id\":\"https:\/\/www.istegroup.com\/fr\/produit\/precis-de-mathematiques-approfondies-et-fondamentales-3\/\",\"url\":\"https:\/\/www.istegroup.com\/fr\/produit\/precis-de-mathematiques-approfondies-et-fondamentales-3\/\",\"name\":\"Pr\u00e9cis de math\u00e9matiques approfondies et fondamentales 3 - ISTE Group\",\"isPartOf\":{\"@id\":\"https:\/\/www.istegroup.com\/#website\"},\"primaryImageOfPage\":{\"@id\":\"https:\/\/www.istegroup.com\/fr\/produit\/precis-de-mathematiques-approfondies-et-fondamentales-3\/#primaryimage\"},\"image\":{\"@id\":\"https:\/\/www.istegroup.com\/fr\/produit\/precis-de-mathematiques-approfondies-et-fondamentales-3\/#primaryimage\"},\"thumbnailUrl\":\"https:\/\/www.istegroup.com\/wp-content\/uploads\/2019\/09\/634_Pr\u00e9cis-de-math\u00e9matiques-approfondies-et-fondamentales-3_Bourl\u00e8s.jpg\",\"datePublished\":\"2020-03-22T11:05:36+00:00\",\"dateModified\":\"2024-01-03T13:43:27+00:00\",\"description\":\"Pr\u00e9cis de math\u00e9matiques approfondies et fondamentales 3 traite les probl\u00e8mes non lin\u00e9aires : il d\u00e9taille le calcul diff\u00e9rentiel, dans le cadre des espaces de Banach puis des vari\u00e9t\u00e9s banachiques.\",\"breadcrumb\":{\"@id\":\"https:\/\/www.istegroup.com\/fr\/produit\/precis-de-mathematiques-approfondies-et-fondamentales-3\/#breadcrumb\"},\"inLanguage\":\"fr-FR\",\"potentialAction\":[{\"@type\":\"ReadAction\",\"target\":[\"https:\/\/www.istegroup.com\/fr\/produit\/precis-de-mathematiques-approfondies-et-fondamentales-3\/\"]}]},{\"@type\":\"ImageObject\",\"inLanguage\":\"fr-FR\",\"@id\":\"https:\/\/www.istegroup.com\/fr\/produit\/precis-de-mathematiques-approfondies-et-fondamentales-3\/#primaryimage\",\"url\":\"https:\/\/www.istegroup.com\/wp-content\/uploads\/2019\/09\/634_Pr\u00e9cis-de-math\u00e9matiques-approfondies-et-fondamentales-3_Bourl\u00e8s.jpg\",\"contentUrl\":\"https:\/\/www.istegroup.com\/wp-content\/uploads\/2019\/09\/634_Pr\u00e9cis-de-math\u00e9matiques-approfondies-et-fondamentales-3_Bourl\u00e8s.jpg\",\"width\":300,\"height\":451,\"caption\":\"Calcul diff\u00e9rentiel, calcul tensoriel, g\u00e9om\u00e9trie diff\u00e9rentielle, analyse globale\"},{\"@type\":\"BreadcrumbList\",\"@id\":\"https:\/\/www.istegroup.com\/fr\/produit\/precis-de-mathematiques-approfondies-et-fondamentales-3\/#breadcrumb\",\"itemListElement\":[{\"@type\":\"ListItem\",\"position\":1,\"name\":\"Home\",\"item\":\"https:\/\/www.istegroup.com\/\"},{\"@type\":\"ListItem\",\"position\":2,\"name\":\"Shop\",\"item\":\"https:\/\/www.istegroup.com\/fr\/nouveautes\/\"},{\"@type\":\"ListItem\",\"position\":3,\"name\":\"Pr\u00e9cis de math\u00e9matiques approfondies et fondamentales 3\"}]},{\"@type\":\"WebSite\",\"@id\":\"https:\/\/www.istegroup.com\/#website\",\"url\":\"https:\/\/www.istegroup.com\/\",\"name\":\"ISTE Group\",\"description\":\"\u00c9diteur des Sciences\",\"potentialAction\":[{\"@type\":\"SearchAction\",\"target\":{\"@type\":\"EntryPoint\",\"urlTemplate\":\"https:\/\/www.istegroup.com\/?s={search_term_string}\"},\"query-input\":{\"@type\":\"PropertyValueSpecification\",\"valueRequired\":true,\"valueName\":\"search_term_string\"}}],\"inLanguage\":\"fr-FR\"}]}<\/script>\n<!-- \/ Yoast SEO plugin. -->","yoast_head_json":{"title":"Pr\u00e9cis de math\u00e9matiques approfondies et fondamentales 3 - ISTE Group","description":"Pr\u00e9cis de math\u00e9matiques approfondies et fondamentales 3 traite les probl\u00e8mes non lin\u00e9aires : il d\u00e9taille le calcul diff\u00e9rentiel, dans le cadre des espaces de Banach puis des vari\u00e9t\u00e9s banachiques.","robots":{"index":"index","follow":"follow","max-snippet":"max-snippet:-1","max-image-preview":"max-image-preview:large","max-video-preview":"max-video-preview:-1"},"canonical":"https:\/\/www.istegroup.com\/fr\/produit\/precis-de-mathematiques-approfondies-et-fondamentales-3\/","og_locale":"fr_FR","og_type":"article","og_title":"Pr\u00e9cis de math\u00e9matiques approfondies et fondamentales 3 - ISTE Group","og_description":"Pr\u00e9cis de math\u00e9matiques approfondies et fondamentales 3 traite les probl\u00e8mes non lin\u00e9aires : il d\u00e9taille le calcul diff\u00e9rentiel, dans le cadre des espaces de Banach puis des vari\u00e9t\u00e9s banachiques.","og_url":"https:\/\/www.istegroup.com\/fr\/produit\/precis-de-mathematiques-approfondies-et-fondamentales-3\/","og_site_name":"ISTE Group","article_modified_time":"2024-01-03T13:43:27+00:00","og_image":[{"width":300,"height":451,"url":"https:\/\/www.istegroup.com\/wp-content\/uploads\/2019\/09\/634_Pr\u00e9cis-de-math\u00e9matiques-approfondies-et-fondamentales-3_Bourl\u00e8s.jpg","type":"image\/jpeg"}],"twitter_card":"summary_large_image","twitter_misc":{"Est. reading time":"1 minute"},"schema":{"@context":"https:\/\/schema.org","@graph":[{"@type":"WebPage","@id":"https:\/\/www.istegroup.com\/fr\/produit\/precis-de-mathematiques-approfondies-et-fondamentales-3\/","url":"https:\/\/www.istegroup.com\/fr\/produit\/precis-de-mathematiques-approfondies-et-fondamentales-3\/","name":"Pr\u00e9cis de math\u00e9matiques approfondies et fondamentales 3 - ISTE Group","isPartOf":{"@id":"https:\/\/www.istegroup.com\/#website"},"primaryImageOfPage":{"@id":"https:\/\/www.istegroup.com\/fr\/produit\/precis-de-mathematiques-approfondies-et-fondamentales-3\/#primaryimage"},"image":{"@id":"https:\/\/www.istegroup.com\/fr\/produit\/precis-de-mathematiques-approfondies-et-fondamentales-3\/#primaryimage"},"thumbnailUrl":"https:\/\/www.istegroup.com\/wp-content\/uploads\/2019\/09\/634_Pr\u00e9cis-de-math\u00e9matiques-approfondies-et-fondamentales-3_Bourl\u00e8s.jpg","datePublished":"2020-03-22T11:05:36+00:00","dateModified":"2024-01-03T13:43:27+00:00","description":"Pr\u00e9cis de math\u00e9matiques approfondies et fondamentales 3 traite les probl\u00e8mes non lin\u00e9aires : il d\u00e9taille le calcul diff\u00e9rentiel, dans le cadre des espaces de Banach puis des vari\u00e9t\u00e9s banachiques.","breadcrumb":{"@id":"https:\/\/www.istegroup.com\/fr\/produit\/precis-de-mathematiques-approfondies-et-fondamentales-3\/#breadcrumb"},"inLanguage":"fr-FR","potentialAction":[{"@type":"ReadAction","target":["https:\/\/www.istegroup.com\/fr\/produit\/precis-de-mathematiques-approfondies-et-fondamentales-3\/"]}]},{"@type":"ImageObject","inLanguage":"fr-FR","@id":"https:\/\/www.istegroup.com\/fr\/produit\/precis-de-mathematiques-approfondies-et-fondamentales-3\/#primaryimage","url":"https:\/\/www.istegroup.com\/wp-content\/uploads\/2019\/09\/634_Pr\u00e9cis-de-math\u00e9matiques-approfondies-et-fondamentales-3_Bourl\u00e8s.jpg","contentUrl":"https:\/\/www.istegroup.com\/wp-content\/uploads\/2019\/09\/634_Pr\u00e9cis-de-math\u00e9matiques-approfondies-et-fondamentales-3_Bourl\u00e8s.jpg","width":300,"height":451,"caption":"Calcul diff\u00e9rentiel, calcul tensoriel, g\u00e9om\u00e9trie diff\u00e9rentielle, analyse globale"},{"@type":"BreadcrumbList","@id":"https:\/\/www.istegroup.com\/fr\/produit\/precis-de-mathematiques-approfondies-et-fondamentales-3\/#breadcrumb","itemListElement":[{"@type":"ListItem","position":1,"name":"Home","item":"https:\/\/www.istegroup.com\/"},{"@type":"ListItem","position":2,"name":"Shop","item":"https:\/\/www.istegroup.com\/fr\/nouveautes\/"},{"@type":"ListItem","position":3,"name":"Pr\u00e9cis de math\u00e9matiques approfondies et fondamentales 3"}]},{"@type":"WebSite","@id":"https:\/\/www.istegroup.com\/#website","url":"https:\/\/www.istegroup.com\/","name":"ISTE Group","description":"\u00c9diteur des Sciences","potentialAction":[{"@type":"SearchAction","target":{"@type":"EntryPoint","urlTemplate":"https:\/\/www.istegroup.com\/?s={search_term_string}"},"query-input":{"@type":"PropertyValueSpecification","valueRequired":true,"valueName":"search_term_string"}}],"inLanguage":"fr-FR"}]}},"_links":{"self":[{"href":"https:\/\/www.istegroup.com\/fr\/wp-json\/wp\/v2\/product\/23038","targetHints":{"allow":["GET"]}}],"collection":[{"href":"https:\/\/www.istegroup.com\/fr\/wp-json\/wp\/v2\/product"}],"about":[{"href":"https:\/\/www.istegroup.com\/fr\/wp-json\/wp\/v2\/types\/product"}],"wp:featuredmedia":[{"embeddable":true,"href":"https:\/\/www.istegroup.com\/fr\/wp-json\/wp\/v2\/media\/23045"}],"wp:attachment":[{"href":"https:\/\/www.istegroup.com\/fr\/wp-json\/wp\/v2\/media?parent=23038"}],"wp:term":[{"taxonomy":"product_brand","embeddable":true,"href":"https:\/\/www.istegroup.com\/fr\/wp-json\/wp\/v2\/product_brand?post=23038"},{"taxonomy":"product_cat","embeddable":true,"href":"https:\/\/www.istegroup.com\/fr\/wp-json\/wp\/v2\/product_cat?post=23038"},{"taxonomy":"product_tag","embeddable":true,"href":"https:\/\/www.istegroup.com\/fr\/wp-json\/wp\/v2\/product_tag?post=23038"}],"curies":[{"name":"wp","href":"https:\/\/api.w.org\/{rel}","templated":true}]}}