{"id":179,"date":"2017-07-28T10:43:09","date_gmt":"2017-07-28T08:43:09","guid":{"rendered":"https:\/\/iste.yhello.co\/product\/detection-et-developpement-des-talents-en-entreprise\/"},"modified":"2024-01-03T13:38:45","modified_gmt":"2024-01-03T13:38:45","slug":"detection-et-developpement-des-talents-en-entreprise","status":"publish","type":"product","link":"https:\/\/www.istegroup.com\/fr\/produit\/detection-et-developpement-des-talents-en-entreprise\/","title":{"rendered":"D\u00e9tection et d\u00e9veloppement des talents en entreprise"},"content":{"rendered":"<p>Le talent n\u2019est ni un statut, ni une sous-composante de la personnalit\u00e9, ni une propri\u00e9t\u00e9.\u00a0<em>D\u00e9tection et d\u00e9veloppement des talents en entreprise<\/em>\u00a0a pour intention de favoriser la potentialisation des \u00ab talents \u00bb.<\/p>\n<p>La premi\u00e8re partie de cet ouvrage offre une ressource f\u00e9conde (\u00e9pist\u00e9mologique et th\u00e9orique) pour penser le mot \u00ab talent \u00bb, mais \u00e9galement le potentiel, l\u2019intelligence et les comp\u00e9tences en entreprise. La seconde partie, quant \u00e0 elle, explore dix grandes familles de modes op\u00e9ratoires naturels.<\/p>\n<p>De Marie Curie \u00e0 Walt Disney, en passant par Hans Zimmer, Gabrielle Chanel ou Levis Strauss, les illustrations et les exemples sont pr\u00e9cis et d\u00e9monstratifs. Les comp\u00e9tences relatives \u00e0 l\u2019observation, \u00e0 l\u2019\u00e9valuation et \u00e0 l\u2019explicitation sont d\u00e9velopp\u00e9es et nourries d\u2019exemples concrets.<\/p>\n<p>&nbsp;<\/p>\n<p><strong>La presse en parle<\/strong><\/p>\n<p><a style=\"color: #1e9691\" href=\"https:\/\/www.focusrh.com\/tribunes\/difference-et-diversite-deux-notions-opposees-par-yves-richez-31839.html\"><em>Focus RH, <\/em><em>13 mars 2019<\/em><\/a><\/p>","protected":false},"excerpt":{"rendered":"<p>Le talent n\u2019est ni un statut, ni une sous-composante de la personnalit\u00e9, ni une propri\u00e9t\u00e9.\u00a0D\u00e9tection et d\u00e9veloppement des talents en entreprise\u00a0a pour intention de favoriser la potentialisation des \u00ab talents \u00bb. La premi\u00e8re partie de cet ouvrage offre une ressource f\u00e9conde (\u00e9pist\u00e9mologique et th\u00e9orique) pour penser le mot \u00ab talent \u00bb, mais \u00e9galement le potentiel, [&hellip;]<\/p>\n","protected":false},"featured_media":180,"template":"","meta":{"_acf_changed":false,"_links_to":"","_links_to_target":""},"product_brand":[],"product_cat":[670,675],"product_tag":[104,18,20,21,22,25,26,27,28,105],"class_list":{"0":"post-179","1":"product","2":"type-product","3":"status-publish","4":"has-post-thumbnail","6":"product_cat-innovation-entrepreneuriat-et-gestion-11041751","7":"product_cat-nouveauts-12519446","8":"product_tag-detection-et-developpement-des-talents-en-entreprise","9":"product_tag-edition-scientifique","10":"product_tag-editions-technique","11":"product_tag-iste-group","12":"product_tag-istegroup","13":"product_tag-livre-numerique","14":"product_tag-livre-scientifique-francais","15":"product_tag-livre-technique-francais","16":"product_tag-ouvrage-scientifique-francais","17":"product_tag-yves-richez","19":"first","20":"instock","21":"shipping-taxable","22":"purchasable","23":"product-type-variable"},"acf":[],"yoast_head":"<!-- This site is optimized with the Yoast SEO plugin v27.2 - https:\/\/yoast.com\/product\/yoast-seo-wordpress\/ -->\n<title>D\u00e9tection et d\u00e9veloppement des talents en entreprise - ISTE Group<\/title>\n<meta name=\"description\" content=\"D\u00e9tection et d\u00e9veloppement des talents en entreprise\u00a0a pour intention de favoriser la potentialisation des \u00ab talents \u00bb.\" \/>\n<meta name=\"robots\" content=\"index, follow, max-snippet:-1, max-image-preview:large, max-video-preview:-1\" \/>\n<link rel=\"canonical\" href=\"https:\/\/www.istegroup.com\/fr\/produit\/detection-et-developpement-des-talents-en-entreprise\/\" \/>\n<meta property=\"og:locale\" content=\"fr_FR\" \/>\n<meta property=\"og:type\" content=\"article\" \/>\n<meta property=\"og:title\" content=\"D\u00e9tection et d\u00e9veloppement des talents en entreprise - ISTE Group\" \/>\n<meta property=\"og:description\" content=\"D\u00e9tection et d\u00e9veloppement des talents en entreprise\u00a0a pour intention de favoriser la potentialisation des \u00ab talents \u00bb.\" \/>\n<meta property=\"og:url\" content=\"https:\/\/www.istegroup.com\/fr\/produit\/detection-et-developpement-des-talents-en-entreprise\/\" \/>\n<meta property=\"og:site_name\" content=\"ISTE Group\" \/>\n<meta property=\"article:modified_time\" content=\"2024-01-03T13:38:45+00:00\" \/>\n<meta property=\"og:image\" content=\"https:\/\/www.istegroup.com\/wp-content\/uploads\/2017\/07\/21345973585_9594945169-1-scaled.jpg\" \/>\n\t<meta property=\"og:image:width\" content=\"1709\" \/>\n\t<meta property=\"og:image:height\" content=\"2560\" \/>\n\t<meta property=\"og:image:type\" content=\"image\/jpeg\" \/>\n<meta name=\"twitter:card\" content=\"summary_large_image\" \/>\n<meta name=\"twitter:label1\" content=\"Est. reading time\" \/>\n\t<meta name=\"twitter:data1\" content=\"1 minute\" \/>\n<script type=\"application\/ld+json\" class=\"yoast-schema-graph\">{\"@context\":\"https:\/\/schema.org\",\"@graph\":[{\"@type\":\"WebPage\",\"@id\":\"https:\/\/www.istegroup.com\/fr\/produit\/detection-et-developpement-des-talents-en-entreprise\/\",\"url\":\"https:\/\/www.istegroup.com\/fr\/produit\/detection-et-developpement-des-talents-en-entreprise\/\",\"name\":\"D\u00e9tection et d\u00e9veloppement des talents en entreprise - ISTE Group\",\"isPartOf\":{\"@id\":\"https:\/\/www.istegroup.com\/#website\"},\"primaryImageOfPage\":{\"@id\":\"https:\/\/www.istegroup.com\/fr\/produit\/detection-et-developpement-des-talents-en-entreprise\/#primaryimage\"},\"image\":{\"@id\":\"https:\/\/www.istegroup.com\/fr\/produit\/detection-et-developpement-des-talents-en-entreprise\/#primaryimage\"},\"thumbnailUrl\":\"https:\/\/www.istegroup.com\/wp-content\/uploads\/2017\/07\/21345973585_9594945169-1-scaled.jpg\",\"datePublished\":\"2017-07-28T08:43:09+00:00\",\"dateModified\":\"2024-01-03T13:38:45+00:00\",\"description\":\"D\u00e9tection et d\u00e9veloppement des talents en entreprise\u00a0a pour intention de favoriser la potentialisation des \u00ab talents \u00bb.\",\"breadcrumb\":{\"@id\":\"https:\/\/www.istegroup.com\/fr\/produit\/detection-et-developpement-des-talents-en-entreprise\/#breadcrumb\"},\"inLanguage\":\"fr-FR\",\"potentialAction\":[{\"@type\":\"ReadAction\",\"target\":[\"https:\/\/www.istegroup.com\/fr\/produit\/detection-et-developpement-des-talents-en-entreprise\/\"]}]},{\"@type\":\"ImageObject\",\"inLanguage\":\"fr-FR\",\"@id\":\"https:\/\/www.istegroup.com\/fr\/produit\/detection-et-developpement-des-talents-en-entreprise\/#primaryimage\",\"url\":\"https:\/\/www.istegroup.com\/wp-content\/uploads\/2017\/07\/21345973585_9594945169-1-scaled.jpg\",\"contentUrl\":\"https:\/\/www.istegroup.com\/wp-content\/uploads\/2017\/07\/21345973585_9594945169-1-scaled.jpg\",\"width\":1709,\"height\":2560,\"caption\":\"D\u00e9tection et d\u00e9veloppement des talents en entreprise\"},{\"@type\":\"BreadcrumbList\",\"@id\":\"https:\/\/www.istegroup.com\/fr\/produit\/detection-et-developpement-des-talents-en-entreprise\/#breadcrumb\",\"itemListElement\":[{\"@type\":\"ListItem\",\"position\":1,\"name\":\"Home\",\"item\":\"https:\/\/www.istegroup.com\/\"},{\"@type\":\"ListItem\",\"position\":2,\"name\":\"Shop\",\"item\":\"https:\/\/www.istegroup.com\/fr\/nouveautes\/\"},{\"@type\":\"ListItem\",\"position\":3,\"name\":\"D\u00e9tection et d\u00e9veloppement des talents en entreprise\"}]},{\"@type\":\"WebSite\",\"@id\":\"https:\/\/www.istegroup.com\/#website\",\"url\":\"https:\/\/www.istegroup.com\/\",\"name\":\"ISTE Group\",\"description\":\"\u00c9diteur des Sciences\",\"potentialAction\":[{\"@type\":\"SearchAction\",\"target\":{\"@type\":\"EntryPoint\",\"urlTemplate\":\"https:\/\/www.istegroup.com\/?s={search_term_string}\"},\"query-input\":{\"@type\":\"PropertyValueSpecification\",\"valueRequired\":true,\"valueName\":\"search_term_string\"}}],\"inLanguage\":\"fr-FR\"}]}<\/script>\n<!-- \/ Yoast SEO plugin. -->","yoast_head_json":{"title":"D\u00e9tection et d\u00e9veloppement des talents en entreprise - ISTE Group","description":"D\u00e9tection et d\u00e9veloppement des talents en entreprise\u00a0a pour intention de favoriser la potentialisation des \u00ab talents \u00bb.","robots":{"index":"index","follow":"follow","max-snippet":"max-snippet:-1","max-image-preview":"max-image-preview:large","max-video-preview":"max-video-preview:-1"},"canonical":"https:\/\/www.istegroup.com\/fr\/produit\/detection-et-developpement-des-talents-en-entreprise\/","og_locale":"fr_FR","og_type":"article","og_title":"D\u00e9tection et d\u00e9veloppement des talents en entreprise - ISTE Group","og_description":"D\u00e9tection et d\u00e9veloppement des talents en entreprise\u00a0a pour intention de favoriser la potentialisation des \u00ab talents \u00bb.","og_url":"https:\/\/www.istegroup.com\/fr\/produit\/detection-et-developpement-des-talents-en-entreprise\/","og_site_name":"ISTE Group","article_modified_time":"2024-01-03T13:38:45+00:00","og_image":[{"width":1709,"height":2560,"url":"https:\/\/www.istegroup.com\/wp-content\/uploads\/2017\/07\/21345973585_9594945169-1-scaled.jpg","type":"image\/jpeg"}],"twitter_card":"summary_large_image","twitter_misc":{"Est. reading time":"1 minute"},"schema":{"@context":"https:\/\/schema.org","@graph":[{"@type":"WebPage","@id":"https:\/\/www.istegroup.com\/fr\/produit\/detection-et-developpement-des-talents-en-entreprise\/","url":"https:\/\/www.istegroup.com\/fr\/produit\/detection-et-developpement-des-talents-en-entreprise\/","name":"D\u00e9tection et d\u00e9veloppement des talents en entreprise - ISTE Group","isPartOf":{"@id":"https:\/\/www.istegroup.com\/#website"},"primaryImageOfPage":{"@id":"https:\/\/www.istegroup.com\/fr\/produit\/detection-et-developpement-des-talents-en-entreprise\/#primaryimage"},"image":{"@id":"https:\/\/www.istegroup.com\/fr\/produit\/detection-et-developpement-des-talents-en-entreprise\/#primaryimage"},"thumbnailUrl":"https:\/\/www.istegroup.com\/wp-content\/uploads\/2017\/07\/21345973585_9594945169-1-scaled.jpg","datePublished":"2017-07-28T08:43:09+00:00","dateModified":"2024-01-03T13:38:45+00:00","description":"D\u00e9tection et d\u00e9veloppement des talents en entreprise\u00a0a pour intention de favoriser la potentialisation des \u00ab talents \u00bb.","breadcrumb":{"@id":"https:\/\/www.istegroup.com\/fr\/produit\/detection-et-developpement-des-talents-en-entreprise\/#breadcrumb"},"inLanguage":"fr-FR","potentialAction":[{"@type":"ReadAction","target":["https:\/\/www.istegroup.com\/fr\/produit\/detection-et-developpement-des-talents-en-entreprise\/"]}]},{"@type":"ImageObject","inLanguage":"fr-FR","@id":"https:\/\/www.istegroup.com\/fr\/produit\/detection-et-developpement-des-talents-en-entreprise\/#primaryimage","url":"https:\/\/www.istegroup.com\/wp-content\/uploads\/2017\/07\/21345973585_9594945169-1-scaled.jpg","contentUrl":"https:\/\/www.istegroup.com\/wp-content\/uploads\/2017\/07\/21345973585_9594945169-1-scaled.jpg","width":1709,"height":2560,"caption":"D\u00e9tection et d\u00e9veloppement des talents en entreprise"},{"@type":"BreadcrumbList","@id":"https:\/\/www.istegroup.com\/fr\/produit\/detection-et-developpement-des-talents-en-entreprise\/#breadcrumb","itemListElement":[{"@type":"ListItem","position":1,"name":"Home","item":"https:\/\/www.istegroup.com\/"},{"@type":"ListItem","position":2,"name":"Shop","item":"https:\/\/www.istegroup.com\/fr\/nouveautes\/"},{"@type":"ListItem","position":3,"name":"D\u00e9tection et d\u00e9veloppement des talents en entreprise"}]},{"@type":"WebSite","@id":"https:\/\/www.istegroup.com\/#website","url":"https:\/\/www.istegroup.com\/","name":"ISTE Group","description":"\u00c9diteur des Sciences","potentialAction":[{"@type":"SearchAction","target":{"@type":"EntryPoint","urlTemplate":"https:\/\/www.istegroup.com\/?s={search_term_string}"},"query-input":{"@type":"PropertyValueSpecification","valueRequired":true,"valueName":"search_term_string"}}],"inLanguage":"fr-FR"}]}},"_links":{"self":[{"href":"https:\/\/www.istegroup.com\/fr\/wp-json\/wp\/v2\/product\/179","targetHints":{"allow":["GET"]}}],"collection":[{"href":"https:\/\/www.istegroup.com\/fr\/wp-json\/wp\/v2\/product"}],"about":[{"href":"https:\/\/www.istegroup.com\/fr\/wp-json\/wp\/v2\/types\/product"}],"wp:featuredmedia":[{"embeddable":true,"href":"https:\/\/www.istegroup.com\/fr\/wp-json\/wp\/v2\/media\/180"}],"wp:attachment":[{"href":"https:\/\/www.istegroup.com\/fr\/wp-json\/wp\/v2\/media?parent=179"}],"wp:term":[{"taxonomy":"product_brand","embeddable":true,"href":"https:\/\/www.istegroup.com\/fr\/wp-json\/wp\/v2\/product_brand?post=179"},{"taxonomy":"product_cat","embeddable":true,"href":"https:\/\/www.istegroup.com\/fr\/wp-json\/wp\/v2\/product_cat?post=179"},{"taxonomy":"product_tag","embeddable":true,"href":"https:\/\/www.istegroup.com\/fr\/wp-json\/wp\/v2\/product_tag?post=179"}],"curies":[{"name":"wp","href":"https:\/\/api.w.org\/{rel}","templated":true}]}}