{"id":17567,"date":"2019-02-12T15:05:12","date_gmt":"2019-02-12T15:05:12","guid":{"rendered":"https:\/\/www.istegroup.com\/?post_type=product&#038;p=17567"},"modified":"2024-01-03T13:43:01","modified_gmt":"2024-01-03T13:43:01","slug":"management-des-competences","status":"publish","type":"product","link":"https:\/\/www.istegroup.com\/fr\/produit\/management-des-competences\/","title":{"rendered":"Management des comp\u00e9tences"},"content":{"rendered":"<p>Au coeur de la gestion des ressources humaines, le management des comp\u00e9tences reste un sujet d\u2019actualit\u00e9, loin d\u2019\u00eatre \u00e9puis\u00e9, fondamental pour le renouvellement des pratiques et le besoin d\u2019adaptation des entreprises. Mais c\u2019est \u00e9galement un exercice contextualis\u00e9.<\/p>\n<p>C\u2019est pourquoi il est n\u00e9cessaire d\u2019analyser les contextes sp\u00e9cifiques des organisations afin de comprendre et d\u2019am\u00e9liorer les comp\u00e9tences individuelles et collectives, techniques, humaines, d\u2019apprentissage ou de leadership, et ce dans des environnements organisationnels tr\u00e8s vari\u00e9s.<\/p>\n<p>Par des exemples concrets,\u00a0<em>Management des comp\u00e9tences\u00a0<\/em>\u00e9tudie le cas des cadres interm\u00e9diaires de PME ou d\u2019\u00e9tablissements de sant\u00e9 qui doivent acqu\u00e9rir de nouvelles comp\u00e9tences face \u00e0 l\u2019\u00e9volution du type de leadership, mais \u00e9galement celui des ing\u00e9nieurs qui doivent d\u00e9velopper des comp\u00e9tences humaines \u00e0 c\u00f4t\u00e9 de leurs comp\u00e9tences techniques, ou encore celui des policiers qui doivent \u00e9tendre leurs comp\u00e9tences \u00e9motionnelles.<\/p>\n","protected":false},"excerpt":{"rendered":"<p>Au coeur de la gestion des ressources humaines, le management des comp\u00e9tences reste un sujet d\u2019actualit\u00e9, loin d\u2019\u00eatre \u00e9puis\u00e9, fondamental pour le renouvellement des pratiques et le besoin d\u2019adaptation des entreprises. Mais c\u2019est \u00e9galement un exercice contextualis\u00e9. C\u2019est pourquoi il est n\u00e9cessaire d\u2019analyser les contextes sp\u00e9cifiques des organisations afin de comprendre et d\u2019am\u00e9liorer les comp\u00e9tences [&hellip;]<\/p>\n","protected":false},"featured_media":17575,"template":"","meta":{"_acf_changed":false,"_links_to":"","_links_to_target":""},"product_brand":[],"product_cat":[3262],"product_tag":[],"class_list":{"0":"post-17567","1":"product","2":"type-product","3":"status-publish","4":"has-post-thumbnail","6":"product_cat-non-classe","8":"first","9":"instock","10":"shipping-taxable","11":"purchasable","12":"product-type-variable"},"acf":[],"yoast_head":"<!-- This site is optimized with the Yoast SEO plugin v27.2 - https:\/\/yoast.com\/product\/yoast-seo-wordpress\/ -->\n<title>Management des comp\u00e9tences - ISTE Group<\/title>\n<meta name=\"description\" content=\"Management des comp\u00e9tences\u00a0\u00e9tudie le cas des cadres interm\u00e9diaires de PME ou d\u2019\u00e9tablissements de sant\u00e9 qui doivent acqu\u00e9rir de nouvelles comp\u00e9tences face \u00e0 l\u2019\u00e9volution du type de leadership.\" \/>\n<meta name=\"robots\" content=\"index, follow, max-snippet:-1, max-image-preview:large, max-video-preview:-1\" \/>\n<link rel=\"canonical\" href=\"https:\/\/www.istegroup.com\/fr\/produit\/management-des-competences\/\" \/>\n<meta property=\"og:locale\" content=\"fr_FR\" \/>\n<meta property=\"og:type\" content=\"article\" \/>\n<meta property=\"og:title\" content=\"Management des comp\u00e9tences - ISTE Group\" \/>\n<meta property=\"og:description\" content=\"Management des comp\u00e9tences\u00a0\u00e9tudie le cas des cadres interm\u00e9diaires de PME ou d\u2019\u00e9tablissements de sant\u00e9 qui doivent acqu\u00e9rir de nouvelles comp\u00e9tences face \u00e0 l\u2019\u00e9volution du type de leadership.\" \/>\n<meta property=\"og:url\" content=\"https:\/\/www.istegroup.com\/fr\/produit\/management-des-competences\/\" \/>\n<meta property=\"og:site_name\" content=\"ISTE Group\" \/>\n<meta property=\"article:modified_time\" content=\"2024-01-03T13:43:01+00:00\" \/>\n<meta property=\"og:image\" content=\"https:\/\/www.istegroup.com\/wp-content\/uploads\/2019\/02\/Roger_Front-scaled.jpg\" \/>\n\t<meta property=\"og:image:width\" content=\"1616\" \/>\n\t<meta property=\"og:image:height\" content=\"2560\" \/>\n\t<meta property=\"og:image:type\" content=\"image\/jpeg\" \/>\n<meta name=\"twitter:card\" content=\"summary_large_image\" \/>\n<meta name=\"twitter:label1\" content=\"Est. reading time\" \/>\n\t<meta name=\"twitter:data1\" content=\"1 minute\" \/>\n<script type=\"application\/ld+json\" class=\"yoast-schema-graph\">{\"@context\":\"https:\/\/schema.org\",\"@graph\":[{\"@type\":\"WebPage\",\"@id\":\"https:\/\/www.istegroup.com\/fr\/produit\/management-des-competences\/\",\"url\":\"https:\/\/www.istegroup.com\/fr\/produit\/management-des-competences\/\",\"name\":\"Management des comp\u00e9tences - ISTE Group\",\"isPartOf\":{\"@id\":\"https:\/\/www.istegroup.com\/#website\"},\"primaryImageOfPage\":{\"@id\":\"https:\/\/www.istegroup.com\/fr\/produit\/management-des-competences\/#primaryimage\"},\"image\":{\"@id\":\"https:\/\/www.istegroup.com\/fr\/produit\/management-des-competences\/#primaryimage\"},\"thumbnailUrl\":\"https:\/\/www.istegroup.com\/wp-content\/uploads\/2019\/02\/Roger_Front-scaled.jpg\",\"datePublished\":\"2019-02-12T15:05:12+00:00\",\"dateModified\":\"2024-01-03T13:43:01+00:00\",\"description\":\"Management des comp\u00e9tences\u00a0\u00e9tudie le cas des cadres interm\u00e9diaires de PME ou d\u2019\u00e9tablissements de sant\u00e9 qui doivent acqu\u00e9rir de nouvelles comp\u00e9tences face \u00e0 l\u2019\u00e9volution du type de leadership.\",\"breadcrumb\":{\"@id\":\"https:\/\/www.istegroup.com\/fr\/produit\/management-des-competences\/#breadcrumb\"},\"inLanguage\":\"fr-FR\",\"potentialAction\":[{\"@type\":\"ReadAction\",\"target\":[\"https:\/\/www.istegroup.com\/fr\/produit\/management-des-competences\/\"]}]},{\"@type\":\"ImageObject\",\"inLanguage\":\"fr-FR\",\"@id\":\"https:\/\/www.istegroup.com\/fr\/produit\/management-des-competences\/#primaryimage\",\"url\":\"https:\/\/www.istegroup.com\/wp-content\/uploads\/2019\/02\/Roger_Front-scaled.jpg\",\"contentUrl\":\"https:\/\/www.istegroup.com\/wp-content\/uploads\/2019\/02\/Roger_Front-scaled.jpg\",\"width\":1616,\"height\":2560,\"caption\":\"Nouvelles perspectives\"},{\"@type\":\"BreadcrumbList\",\"@id\":\"https:\/\/www.istegroup.com\/fr\/produit\/management-des-competences\/#breadcrumb\",\"itemListElement\":[{\"@type\":\"ListItem\",\"position\":1,\"name\":\"Home\",\"item\":\"https:\/\/www.istegroup.com\/\"},{\"@type\":\"ListItem\",\"position\":2,\"name\":\"Shop\",\"item\":\"https:\/\/www.istegroup.com\/fr\/nouveautes\/\"},{\"@type\":\"ListItem\",\"position\":3,\"name\":\"Management des comp\u00e9tences\"}]},{\"@type\":\"WebSite\",\"@id\":\"https:\/\/www.istegroup.com\/#website\",\"url\":\"https:\/\/www.istegroup.com\/\",\"name\":\"ISTE Group\",\"description\":\"\u00c9diteur des Sciences\",\"potentialAction\":[{\"@type\":\"SearchAction\",\"target\":{\"@type\":\"EntryPoint\",\"urlTemplate\":\"https:\/\/www.istegroup.com\/?s={search_term_string}\"},\"query-input\":{\"@type\":\"PropertyValueSpecification\",\"valueRequired\":true,\"valueName\":\"search_term_string\"}}],\"inLanguage\":\"fr-FR\"}]}<\/script>\n<!-- \/ Yoast SEO plugin. -->","yoast_head_json":{"title":"Management des comp\u00e9tences - ISTE Group","description":"Management des comp\u00e9tences\u00a0\u00e9tudie le cas des cadres interm\u00e9diaires de PME ou d\u2019\u00e9tablissements de sant\u00e9 qui doivent acqu\u00e9rir de nouvelles comp\u00e9tences face \u00e0 l\u2019\u00e9volution du type de leadership.","robots":{"index":"index","follow":"follow","max-snippet":"max-snippet:-1","max-image-preview":"max-image-preview:large","max-video-preview":"max-video-preview:-1"},"canonical":"https:\/\/www.istegroup.com\/fr\/produit\/management-des-competences\/","og_locale":"fr_FR","og_type":"article","og_title":"Management des comp\u00e9tences - ISTE Group","og_description":"Management des comp\u00e9tences\u00a0\u00e9tudie le cas des cadres interm\u00e9diaires de PME ou d\u2019\u00e9tablissements de sant\u00e9 qui doivent acqu\u00e9rir de nouvelles comp\u00e9tences face \u00e0 l\u2019\u00e9volution du type de leadership.","og_url":"https:\/\/www.istegroup.com\/fr\/produit\/management-des-competences\/","og_site_name":"ISTE Group","article_modified_time":"2024-01-03T13:43:01+00:00","og_image":[{"width":1616,"height":2560,"url":"https:\/\/www.istegroup.com\/wp-content\/uploads\/2019\/02\/Roger_Front-scaled.jpg","type":"image\/jpeg"}],"twitter_card":"summary_large_image","twitter_misc":{"Est. reading time":"1 minute"},"schema":{"@context":"https:\/\/schema.org","@graph":[{"@type":"WebPage","@id":"https:\/\/www.istegroup.com\/fr\/produit\/management-des-competences\/","url":"https:\/\/www.istegroup.com\/fr\/produit\/management-des-competences\/","name":"Management des comp\u00e9tences - ISTE Group","isPartOf":{"@id":"https:\/\/www.istegroup.com\/#website"},"primaryImageOfPage":{"@id":"https:\/\/www.istegroup.com\/fr\/produit\/management-des-competences\/#primaryimage"},"image":{"@id":"https:\/\/www.istegroup.com\/fr\/produit\/management-des-competences\/#primaryimage"},"thumbnailUrl":"https:\/\/www.istegroup.com\/wp-content\/uploads\/2019\/02\/Roger_Front-scaled.jpg","datePublished":"2019-02-12T15:05:12+00:00","dateModified":"2024-01-03T13:43:01+00:00","description":"Management des comp\u00e9tences\u00a0\u00e9tudie le cas des cadres interm\u00e9diaires de PME ou d\u2019\u00e9tablissements de sant\u00e9 qui doivent acqu\u00e9rir de nouvelles comp\u00e9tences face \u00e0 l\u2019\u00e9volution du type de leadership.","breadcrumb":{"@id":"https:\/\/www.istegroup.com\/fr\/produit\/management-des-competences\/#breadcrumb"},"inLanguage":"fr-FR","potentialAction":[{"@type":"ReadAction","target":["https:\/\/www.istegroup.com\/fr\/produit\/management-des-competences\/"]}]},{"@type":"ImageObject","inLanguage":"fr-FR","@id":"https:\/\/www.istegroup.com\/fr\/produit\/management-des-competences\/#primaryimage","url":"https:\/\/www.istegroup.com\/wp-content\/uploads\/2019\/02\/Roger_Front-scaled.jpg","contentUrl":"https:\/\/www.istegroup.com\/wp-content\/uploads\/2019\/02\/Roger_Front-scaled.jpg","width":1616,"height":2560,"caption":"Nouvelles perspectives"},{"@type":"BreadcrumbList","@id":"https:\/\/www.istegroup.com\/fr\/produit\/management-des-competences\/#breadcrumb","itemListElement":[{"@type":"ListItem","position":1,"name":"Home","item":"https:\/\/www.istegroup.com\/"},{"@type":"ListItem","position":2,"name":"Shop","item":"https:\/\/www.istegroup.com\/fr\/nouveautes\/"},{"@type":"ListItem","position":3,"name":"Management des comp\u00e9tences"}]},{"@type":"WebSite","@id":"https:\/\/www.istegroup.com\/#website","url":"https:\/\/www.istegroup.com\/","name":"ISTE Group","description":"\u00c9diteur des Sciences","potentialAction":[{"@type":"SearchAction","target":{"@type":"EntryPoint","urlTemplate":"https:\/\/www.istegroup.com\/?s={search_term_string}"},"query-input":{"@type":"PropertyValueSpecification","valueRequired":true,"valueName":"search_term_string"}}],"inLanguage":"fr-FR"}]}},"_links":{"self":[{"href":"https:\/\/www.istegroup.com\/fr\/wp-json\/wp\/v2\/product\/17567","targetHints":{"allow":["GET"]}}],"collection":[{"href":"https:\/\/www.istegroup.com\/fr\/wp-json\/wp\/v2\/product"}],"about":[{"href":"https:\/\/www.istegroup.com\/fr\/wp-json\/wp\/v2\/types\/product"}],"wp:featuredmedia":[{"embeddable":true,"href":"https:\/\/www.istegroup.com\/fr\/wp-json\/wp\/v2\/media\/17575"}],"wp:attachment":[{"href":"https:\/\/www.istegroup.com\/fr\/wp-json\/wp\/v2\/media?parent=17567"}],"wp:term":[{"taxonomy":"product_brand","embeddable":true,"href":"https:\/\/www.istegroup.com\/fr\/wp-json\/wp\/v2\/product_brand?post=17567"},{"taxonomy":"product_cat","embeddable":true,"href":"https:\/\/www.istegroup.com\/fr\/wp-json\/wp\/v2\/product_cat?post=17567"},{"taxonomy":"product_tag","embeddable":true,"href":"https:\/\/www.istegroup.com\/fr\/wp-json\/wp\/v2\/product_tag?post=17567"}],"curies":[{"name":"wp","href":"https:\/\/api.w.org\/{rel}","templated":true}]}}