{"id":15368,"date":"2018-11-02T15:18:30","date_gmt":"2018-11-02T14:18:30","guid":{"rendered":"https:\/\/www.istegroup.com\/?post_type=product&#038;p=15368"},"modified":"2024-01-03T13:42:44","modified_gmt":"2024-01-03T13:42:44","slug":"au-dela-de-lintelligence-artificielle","status":"publish","type":"product","link":"https:\/\/www.istegroup.com\/fr\/produit\/au-dela-de-lintelligence-artificielle\/","title":{"rendered":"Au-del\u00e0 de l\u2019intelligence artificielle"},"content":{"rendered":"<p><em>Au-del\u00e0 de l\u2019intelligence artificielle<\/em>\u00a0examine deux mod\u00e8les qui se compl\u00e8tent et se renforcent mutuellement : le mod\u00e8le organisationnel de la conscience naturelle et le mod\u00e8le constructible d\u2019une conscience artificielle.<\/p>\n<p>Cet ouvrage pluridisciplinaire pr\u00e9sente une architecture du syst\u00e8me psychique humain selon une approche organisationnelle qui m\u00eale les analyses montantes et descendantes, pr\u00e9cisant comment se g\u00e9n\u00e8rent les faits de conscience dans un syst\u00e8me psychique qui s\u2019autocontr\u00f4le. Le mod\u00e8le d\u00e9crit la fa\u00e7on dont se r\u00e9alise la sensation d\u2019\u00e9prouver ses pens\u00e9es et de les utiliser avec une m\u00e9moire organisationnelle.<\/p>\n<p>Ce mod\u00e8le est ensuite transpos\u00e9 dans le domaine du calculable, en d\u00e9veloppant une architecture organisationnelle bas\u00e9e sur des syst\u00e8mes multi-agents massifs morphologiquement autocontr\u00f4l\u00e9s. L\u2019architecture est d\u00e9velopp\u00e9e en montrant comment un syst\u00e8me artificiel peut \u00eatre dot\u00e9 de conscience, g\u00e9n\u00e9rer intentionnellement des pens\u00e9es en les ressentant avec la notion d\u2019un soi artificiel et comment il peut \u00eatre d\u00e9ploy\u00e9 en m\u00e9tasyst\u00e8me.<\/p>\n","protected":false},"excerpt":{"rendered":"<p>Au-del\u00e0 de l\u2019intelligence artificielle\u00a0examine deux mod\u00e8les qui se compl\u00e8tent et se renforcent mutuellement : le mod\u00e8le organisationnel de la conscience naturelle et le mod\u00e8le constructible d\u2019une conscience artificielle. Cet ouvrage pluridisciplinaire pr\u00e9sente une architecture du syst\u00e8me psychique humain selon une approche organisationnelle qui m\u00eale les analyses montantes et descendantes, pr\u00e9cisant comment se g\u00e9n\u00e8rent les faits [&hellip;]<\/p>\n","protected":false},"featured_media":15372,"template":"","meta":{"_acf_changed":false,"_links_to":"","_links_to_target":""},"product_brand":[],"product_cat":[3262],"product_tag":[],"class_list":{"0":"post-15368","1":"product","2":"type-product","3":"status-publish","4":"has-post-thumbnail","6":"product_cat-non-classe","8":"first","9":"instock","10":"shipping-taxable","11":"purchasable","12":"product-type-variable"},"acf":[],"yoast_head":"<!-- This site is optimized with the Yoast SEO plugin v27.2 - https:\/\/yoast.com\/product\/yoast-seo-wordpress\/ -->\n<title>Au-del\u00e0 de l\u2019intelligence artificielle - ISTE Group<\/title>\n<meta name=\"description\" content=\"Au-del\u00e0 de l\u2019intelligence artificielle\u00a0examine deux mod\u00e8les qui se compl\u00e8tent et se renforcent mutuellement : le mod\u00e8le organisationnel de la conscience naturelle et le mod\u00e8le constructible d\u2019une conscience artificielle.\" \/>\n<meta name=\"robots\" content=\"index, follow, max-snippet:-1, max-image-preview:large, max-video-preview:-1\" \/>\n<link rel=\"canonical\" href=\"https:\/\/www.istegroup.com\/fr\/produit\/au-dela-de-lintelligence-artificielle\/\" \/>\n<meta property=\"og:locale\" content=\"fr_FR\" \/>\n<meta property=\"og:type\" content=\"article\" \/>\n<meta property=\"og:title\" content=\"Au-del\u00e0 de l\u2019intelligence artificielle - ISTE Group\" \/>\n<meta property=\"og:description\" content=\"Au-del\u00e0 de l\u2019intelligence artificielle\u00a0examine deux mod\u00e8les qui se compl\u00e8tent et se renforcent mutuellement : le mod\u00e8le organisationnel de la conscience naturelle et le mod\u00e8le constructible d\u2019une conscience artificielle.\" \/>\n<meta property=\"og:url\" content=\"https:\/\/www.istegroup.com\/fr\/produit\/au-dela-de-lintelligence-artificielle\/\" \/>\n<meta property=\"og:site_name\" content=\"ISTE Group\" \/>\n<meta property=\"article:modified_time\" content=\"2024-01-03T13:42:44+00:00\" \/>\n<meta property=\"og:image\" content=\"https:\/\/www.istegroup.com\/wp-content\/uploads\/2018\/11\/Cardon_Front-scaled.jpg\" \/>\n\t<meta property=\"og:image:width\" content=\"1640\" \/>\n\t<meta property=\"og:image:height\" content=\"2560\" \/>\n\t<meta property=\"og:image:type\" content=\"image\/jpeg\" \/>\n<meta name=\"twitter:card\" content=\"summary_large_image\" \/>\n<meta name=\"twitter:label1\" content=\"Est. reading time\" \/>\n\t<meta name=\"twitter:data1\" content=\"1 minute\" \/>\n<script type=\"application\/ld+json\" class=\"yoast-schema-graph\">{\"@context\":\"https:\/\/schema.org\",\"@graph\":[{\"@type\":\"WebPage\",\"@id\":\"https:\/\/www.istegroup.com\/fr\/produit\/au-dela-de-lintelligence-artificielle\/\",\"url\":\"https:\/\/www.istegroup.com\/fr\/produit\/au-dela-de-lintelligence-artificielle\/\",\"name\":\"Au-del\u00e0 de l\u2019intelligence artificielle - ISTE Group\",\"isPartOf\":{\"@id\":\"https:\/\/www.istegroup.com\/#website\"},\"primaryImageOfPage\":{\"@id\":\"https:\/\/www.istegroup.com\/fr\/produit\/au-dela-de-lintelligence-artificielle\/#primaryimage\"},\"image\":{\"@id\":\"https:\/\/www.istegroup.com\/fr\/produit\/au-dela-de-lintelligence-artificielle\/#primaryimage\"},\"thumbnailUrl\":\"https:\/\/www.istegroup.com\/wp-content\/uploads\/2018\/11\/Cardon_Front-scaled.jpg\",\"datePublished\":\"2018-11-02T14:18:30+00:00\",\"dateModified\":\"2024-01-03T13:42:44+00:00\",\"description\":\"Au-del\u00e0 de l\u2019intelligence artificielle\u00a0examine deux mod\u00e8les qui se compl\u00e8tent et se renforcent mutuellement : le mod\u00e8le organisationnel de la conscience naturelle et le mod\u00e8le constructible d\u2019une conscience artificielle.\",\"breadcrumb\":{\"@id\":\"https:\/\/www.istegroup.com\/fr\/produit\/au-dela-de-lintelligence-artificielle\/#breadcrumb\"},\"inLanguage\":\"fr-FR\",\"potentialAction\":[{\"@type\":\"ReadAction\",\"target\":[\"https:\/\/www.istegroup.com\/fr\/produit\/au-dela-de-lintelligence-artificielle\/\"]}]},{\"@type\":\"ImageObject\",\"inLanguage\":\"fr-FR\",\"@id\":\"https:\/\/www.istegroup.com\/fr\/produit\/au-dela-de-lintelligence-artificielle\/#primaryimage\",\"url\":\"https:\/\/www.istegroup.com\/wp-content\/uploads\/2018\/11\/Cardon_Front-scaled.jpg\",\"contentUrl\":\"https:\/\/www.istegroup.com\/wp-content\/uploads\/2018\/11\/Cardon_Front-scaled.jpg\",\"width\":1640,\"height\":2560,\"caption\":\"De la conscience humaine \u00e0 la conscience artificielle\"},{\"@type\":\"BreadcrumbList\",\"@id\":\"https:\/\/www.istegroup.com\/fr\/produit\/au-dela-de-lintelligence-artificielle\/#breadcrumb\",\"itemListElement\":[{\"@type\":\"ListItem\",\"position\":1,\"name\":\"Home\",\"item\":\"https:\/\/www.istegroup.com\/\"},{\"@type\":\"ListItem\",\"position\":2,\"name\":\"Shop\",\"item\":\"https:\/\/www.istegroup.com\/fr\/nouveautes\/\"},{\"@type\":\"ListItem\",\"position\":3,\"name\":\"Au-del\u00e0 de l\u2019intelligence artificielle\"}]},{\"@type\":\"WebSite\",\"@id\":\"https:\/\/www.istegroup.com\/#website\",\"url\":\"https:\/\/www.istegroup.com\/\",\"name\":\"ISTE Group\",\"description\":\"\u00c9diteur des Sciences\",\"potentialAction\":[{\"@type\":\"SearchAction\",\"target\":{\"@type\":\"EntryPoint\",\"urlTemplate\":\"https:\/\/www.istegroup.com\/?s={search_term_string}\"},\"query-input\":{\"@type\":\"PropertyValueSpecification\",\"valueRequired\":true,\"valueName\":\"search_term_string\"}}],\"inLanguage\":\"fr-FR\"}]}<\/script>\n<!-- \/ Yoast SEO plugin. -->","yoast_head_json":{"title":"Au-del\u00e0 de l\u2019intelligence artificielle - ISTE Group","description":"Au-del\u00e0 de l\u2019intelligence artificielle\u00a0examine deux mod\u00e8les qui se compl\u00e8tent et se renforcent mutuellement : le mod\u00e8le organisationnel de la conscience naturelle et le mod\u00e8le constructible d\u2019une conscience artificielle.","robots":{"index":"index","follow":"follow","max-snippet":"max-snippet:-1","max-image-preview":"max-image-preview:large","max-video-preview":"max-video-preview:-1"},"canonical":"https:\/\/www.istegroup.com\/fr\/produit\/au-dela-de-lintelligence-artificielle\/","og_locale":"fr_FR","og_type":"article","og_title":"Au-del\u00e0 de l\u2019intelligence artificielle - ISTE Group","og_description":"Au-del\u00e0 de l\u2019intelligence artificielle\u00a0examine deux mod\u00e8les qui se compl\u00e8tent et se renforcent mutuellement : le mod\u00e8le organisationnel de la conscience naturelle et le mod\u00e8le constructible d\u2019une conscience artificielle.","og_url":"https:\/\/www.istegroup.com\/fr\/produit\/au-dela-de-lintelligence-artificielle\/","og_site_name":"ISTE Group","article_modified_time":"2024-01-03T13:42:44+00:00","og_image":[{"width":1640,"height":2560,"url":"https:\/\/www.istegroup.com\/wp-content\/uploads\/2018\/11\/Cardon_Front-scaled.jpg","type":"image\/jpeg"}],"twitter_card":"summary_large_image","twitter_misc":{"Est. reading time":"1 minute"},"schema":{"@context":"https:\/\/schema.org","@graph":[{"@type":"WebPage","@id":"https:\/\/www.istegroup.com\/fr\/produit\/au-dela-de-lintelligence-artificielle\/","url":"https:\/\/www.istegroup.com\/fr\/produit\/au-dela-de-lintelligence-artificielle\/","name":"Au-del\u00e0 de l\u2019intelligence artificielle - ISTE Group","isPartOf":{"@id":"https:\/\/www.istegroup.com\/#website"},"primaryImageOfPage":{"@id":"https:\/\/www.istegroup.com\/fr\/produit\/au-dela-de-lintelligence-artificielle\/#primaryimage"},"image":{"@id":"https:\/\/www.istegroup.com\/fr\/produit\/au-dela-de-lintelligence-artificielle\/#primaryimage"},"thumbnailUrl":"https:\/\/www.istegroup.com\/wp-content\/uploads\/2018\/11\/Cardon_Front-scaled.jpg","datePublished":"2018-11-02T14:18:30+00:00","dateModified":"2024-01-03T13:42:44+00:00","description":"Au-del\u00e0 de l\u2019intelligence artificielle\u00a0examine deux mod\u00e8les qui se compl\u00e8tent et se renforcent mutuellement : le mod\u00e8le organisationnel de la conscience naturelle et le mod\u00e8le constructible d\u2019une conscience artificielle.","breadcrumb":{"@id":"https:\/\/www.istegroup.com\/fr\/produit\/au-dela-de-lintelligence-artificielle\/#breadcrumb"},"inLanguage":"fr-FR","potentialAction":[{"@type":"ReadAction","target":["https:\/\/www.istegroup.com\/fr\/produit\/au-dela-de-lintelligence-artificielle\/"]}]},{"@type":"ImageObject","inLanguage":"fr-FR","@id":"https:\/\/www.istegroup.com\/fr\/produit\/au-dela-de-lintelligence-artificielle\/#primaryimage","url":"https:\/\/www.istegroup.com\/wp-content\/uploads\/2018\/11\/Cardon_Front-scaled.jpg","contentUrl":"https:\/\/www.istegroup.com\/wp-content\/uploads\/2018\/11\/Cardon_Front-scaled.jpg","width":1640,"height":2560,"caption":"De la conscience humaine \u00e0 la conscience artificielle"},{"@type":"BreadcrumbList","@id":"https:\/\/www.istegroup.com\/fr\/produit\/au-dela-de-lintelligence-artificielle\/#breadcrumb","itemListElement":[{"@type":"ListItem","position":1,"name":"Home","item":"https:\/\/www.istegroup.com\/"},{"@type":"ListItem","position":2,"name":"Shop","item":"https:\/\/www.istegroup.com\/fr\/nouveautes\/"},{"@type":"ListItem","position":3,"name":"Au-del\u00e0 de l\u2019intelligence artificielle"}]},{"@type":"WebSite","@id":"https:\/\/www.istegroup.com\/#website","url":"https:\/\/www.istegroup.com\/","name":"ISTE Group","description":"\u00c9diteur des Sciences","potentialAction":[{"@type":"SearchAction","target":{"@type":"EntryPoint","urlTemplate":"https:\/\/www.istegroup.com\/?s={search_term_string}"},"query-input":{"@type":"PropertyValueSpecification","valueRequired":true,"valueName":"search_term_string"}}],"inLanguage":"fr-FR"}]}},"_links":{"self":[{"href":"https:\/\/www.istegroup.com\/fr\/wp-json\/wp\/v2\/product\/15368","targetHints":{"allow":["GET"]}}],"collection":[{"href":"https:\/\/www.istegroup.com\/fr\/wp-json\/wp\/v2\/product"}],"about":[{"href":"https:\/\/www.istegroup.com\/fr\/wp-json\/wp\/v2\/types\/product"}],"wp:featuredmedia":[{"embeddable":true,"href":"https:\/\/www.istegroup.com\/fr\/wp-json\/wp\/v2\/media\/15372"}],"wp:attachment":[{"href":"https:\/\/www.istegroup.com\/fr\/wp-json\/wp\/v2\/media?parent=15368"}],"wp:term":[{"taxonomy":"product_brand","embeddable":true,"href":"https:\/\/www.istegroup.com\/fr\/wp-json\/wp\/v2\/product_brand?post=15368"},{"taxonomy":"product_cat","embeddable":true,"href":"https:\/\/www.istegroup.com\/fr\/wp-json\/wp\/v2\/product_cat?post=15368"},{"taxonomy":"product_tag","embeddable":true,"href":"https:\/\/www.istegroup.com\/fr\/wp-json\/wp\/v2\/product_tag?post=15368"}],"curies":[{"name":"wp","href":"https:\/\/api.w.org\/{rel}","templated":true}]}}