{"id":12173,"date":"2018-05-03T17:54:27","date_gmt":"2018-05-03T15:54:27","guid":{"rendered":"https:\/\/iste.yhello.co\/?post_type=product&#038;p=12173"},"modified":"2024-01-03T13:42:14","modified_gmt":"2024-01-03T13:42:14","slug":"les-professionnels-du-batiment-face-aux-defis-energetiques-et-environnementaux","status":"publish","type":"product","link":"https:\/\/www.istegroup.com\/fr\/produit\/les-professionnels-du-batiment-face-aux-defis-energetiques-et-environnementaux\/","title":{"rendered":"Les professionnels du b\u00e2timent face aux d\u00e9fis \u00e9nerg\u00e9tiques et environnementaux"},"content":{"rendered":"<p>En ce d\u00e9but de XXIe si\u00e8cle, les professionnels du b\u00e2timent sont confront\u00e9s \u00e0 la mont\u00e9e en puissance d\u2019une injonction forte, celle de construire, r\u00e9nover et g\u00e9rer les constructions en int\u00e9grant les d\u00e9fis \u00e9nerg\u00e9tiques et environnementaux contemporains.<\/p>\n<p>\u00c0 partir d\u2019une enqu\u00eate interdisciplinaire men\u00e9e aupr\u00e8s des professionnels de la construction en France, cet ouvrage pr\u00e9sente la mani\u00e8re dont ces acteurs composent concr\u00e8tement avec les d\u00e9fis \u00e9nerg\u00e9tiques et environnementaux. Une premi\u00e8re partie propose une analyse transversale des probl\u00e8mes effectifs rencontr\u00e9s sur le terrain par ces professionnels, des leviers et ressources qu\u2019ils mobilisent. Elle explore les dynamiques d\u2019apprentissage et de transition, et les caract\u00e9ristiques des pionniers en mati\u00e8re de construction \u00e9conome en \u00e9nergie et \u00e9cologique. Au travers d\u2019extraits d\u2019une s\u00e9lection d\u2019entretiens, la seconde partie laisse la parole aux professionnels.<\/p>\n<p>Cet ouvrage offre aux praticiens, enseignants, chercheurs, \u00e9tudiants des \u00e9coles d\u2019architecture, des \u00e9coles d\u2019ing\u00e9nieurs et des universit\u00e9s de diff\u00e9rents horizons disciplinaires, des retours d\u2019exp\u00e9riences et des efforts r\u00e9flexifs d\u2019acteurs dont certains apparaissent comme pr\u00e9curseurs.<\/p>\n","protected":false},"excerpt":{"rendered":"<p>En ce d\u00e9but de XXIe si\u00e8cle, les professionnels du b\u00e2timent sont confront\u00e9s \u00e0 la mont\u00e9e en puissance d\u2019une injonction forte, celle de construire, r\u00e9nover et g\u00e9rer les constructions en int\u00e9grant les d\u00e9fis \u00e9nerg\u00e9tiques et environnementaux contemporains. \u00c0 partir d\u2019une enqu\u00eate interdisciplinaire men\u00e9e aupr\u00e8s des professionnels de la construction en France, cet ouvrage pr\u00e9sente la mani\u00e8re [&hellip;]<\/p>\n","protected":false},"featured_media":12181,"template":"","meta":{"_acf_changed":false,"_links_to":"","_links_to_target":""},"product_brand":[],"product_cat":[3262],"product_tag":[],"class_list":{"0":"post-12173","1":"product","2":"type-product","3":"status-publish","4":"has-post-thumbnail","6":"product_cat-non-classe","8":"first","9":"instock","10":"shipping-taxable","11":"purchasable","12":"product-type-variable"},"acf":[],"yoast_head":"<!-- This site is optimized with the Yoast SEO plugin v27.2 - https:\/\/yoast.com\/product\/yoast-seo-wordpress\/ -->\n<title>Les professionnels du b\u00e2timent face aux d\u00e9fis \u00e9nerg\u00e9tiques et environnementaux - ISTE Group<\/title>\n<meta name=\"description\" content=\"\u00c0 partir d\u2019une enqu\u00eate interdisciplinaire men\u00e9e aupr\u00e8s des professionnels de la construction en France, cet ouvrage pr\u00e9sente la mani\u00e8re dont ces acteurs composent concr\u00e8tement avec les d\u00e9fis \u00e9nerg\u00e9tiques et environnementaux.\" \/>\n<meta name=\"robots\" content=\"index, follow, max-snippet:-1, max-image-preview:large, max-video-preview:-1\" \/>\n<link rel=\"canonical\" href=\"https:\/\/www.istegroup.com\/fr\/produit\/les-professionnels-du-batiment-face-aux-defis-energetiques-et-environnementaux\/\" \/>\n<meta property=\"og:locale\" content=\"fr_FR\" \/>\n<meta property=\"og:type\" content=\"article\" \/>\n<meta property=\"og:title\" content=\"Les professionnels du b\u00e2timent face aux d\u00e9fis \u00e9nerg\u00e9tiques et environnementaux - ISTE Group\" \/>\n<meta property=\"og:description\" content=\"\u00c0 partir d\u2019une enqu\u00eate interdisciplinaire men\u00e9e aupr\u00e8s des professionnels de la construction en France, cet ouvrage pr\u00e9sente la mani\u00e8re dont ces acteurs composent concr\u00e8tement avec les d\u00e9fis \u00e9nerg\u00e9tiques et environnementaux.\" \/>\n<meta property=\"og:url\" content=\"https:\/\/www.istegroup.com\/fr\/produit\/les-professionnels-du-batiment-face-aux-defis-energetiques-et-environnementaux\/\" \/>\n<meta property=\"og:site_name\" content=\"ISTE Group\" \/>\n<meta property=\"article:modified_time\" content=\"2024-01-03T13:42:14+00:00\" \/>\n<meta property=\"og:image\" content=\"https:\/\/www.istegroup.com\/wp-content\/uploads\/2018\/05\/Molina_Front-scaled.jpg\" \/>\n\t<meta property=\"og:image:width\" content=\"1708\" \/>\n\t<meta property=\"og:image:height\" content=\"2560\" \/>\n\t<meta property=\"og:image:type\" content=\"image\/jpeg\" \/>\n<meta name=\"twitter:card\" content=\"summary_large_image\" \/>\n<meta name=\"twitter:label1\" content=\"Est. reading time\" \/>\n\t<meta name=\"twitter:data1\" content=\"1 minute\" \/>\n<script type=\"application\/ld+json\" class=\"yoast-schema-graph\">{\"@context\":\"https:\/\/schema.org\",\"@graph\":[{\"@type\":\"WebPage\",\"@id\":\"https:\/\/www.istegroup.com\/fr\/produit\/les-professionnels-du-batiment-face-aux-defis-energetiques-et-environnementaux\/\",\"url\":\"https:\/\/www.istegroup.com\/fr\/produit\/les-professionnels-du-batiment-face-aux-defis-energetiques-et-environnementaux\/\",\"name\":\"Les professionnels du b\u00e2timent face aux d\u00e9fis \u00e9nerg\u00e9tiques et environnementaux - ISTE Group\",\"isPartOf\":{\"@id\":\"https:\/\/www.istegroup.com\/#website\"},\"primaryImageOfPage\":{\"@id\":\"https:\/\/www.istegroup.com\/fr\/produit\/les-professionnels-du-batiment-face-aux-defis-energetiques-et-environnementaux\/#primaryimage\"},\"image\":{\"@id\":\"https:\/\/www.istegroup.com\/fr\/produit\/les-professionnels-du-batiment-face-aux-defis-energetiques-et-environnementaux\/#primaryimage\"},\"thumbnailUrl\":\"https:\/\/www.istegroup.com\/wp-content\/uploads\/2018\/05\/Molina_Front-scaled.jpg\",\"datePublished\":\"2018-05-03T15:54:27+00:00\",\"dateModified\":\"2024-01-03T13:42:14+00:00\",\"description\":\"\u00c0 partir d\u2019une enqu\u00eate interdisciplinaire men\u00e9e aupr\u00e8s des professionnels de la construction en France, cet ouvrage pr\u00e9sente la mani\u00e8re dont ces acteurs composent concr\u00e8tement avec les d\u00e9fis \u00e9nerg\u00e9tiques et environnementaux.\",\"breadcrumb\":{\"@id\":\"https:\/\/www.istegroup.com\/fr\/produit\/les-professionnels-du-batiment-face-aux-defis-energetiques-et-environnementaux\/#breadcrumb\"},\"inLanguage\":\"fr-FR\",\"potentialAction\":[{\"@type\":\"ReadAction\",\"target\":[\"https:\/\/www.istegroup.com\/fr\/produit\/les-professionnels-du-batiment-face-aux-defis-energetiques-et-environnementaux\/\"]}]},{\"@type\":\"ImageObject\",\"inLanguage\":\"fr-FR\",\"@id\":\"https:\/\/www.istegroup.com\/fr\/produit\/les-professionnels-du-batiment-face-aux-defis-energetiques-et-environnementaux\/#primaryimage\",\"url\":\"https:\/\/www.istegroup.com\/wp-content\/uploads\/2018\/05\/Molina_Front-scaled.jpg\",\"contentUrl\":\"https:\/\/www.istegroup.com\/wp-content\/uploads\/2018\/05\/Molina_Front-scaled.jpg\",\"width\":1708,\"height\":2560,\"caption\":\"Comp\u00e9tences et pratiques en transition\"},{\"@type\":\"BreadcrumbList\",\"@id\":\"https:\/\/www.istegroup.com\/fr\/produit\/les-professionnels-du-batiment-face-aux-defis-energetiques-et-environnementaux\/#breadcrumb\",\"itemListElement\":[{\"@type\":\"ListItem\",\"position\":1,\"name\":\"Home\",\"item\":\"https:\/\/www.istegroup.com\/\"},{\"@type\":\"ListItem\",\"position\":2,\"name\":\"Shop\",\"item\":\"https:\/\/www.istegroup.com\/fr\/nouveautes\/\"},{\"@type\":\"ListItem\",\"position\":3,\"name\":\"Les professionnels du b\u00e2timent face aux d\u00e9fis \u00e9nerg\u00e9tiques et environnementaux\"}]},{\"@type\":\"WebSite\",\"@id\":\"https:\/\/www.istegroup.com\/#website\",\"url\":\"https:\/\/www.istegroup.com\/\",\"name\":\"ISTE Group\",\"description\":\"\u00c9diteur des Sciences\",\"potentialAction\":[{\"@type\":\"SearchAction\",\"target\":{\"@type\":\"EntryPoint\",\"urlTemplate\":\"https:\/\/www.istegroup.com\/?s={search_term_string}\"},\"query-input\":{\"@type\":\"PropertyValueSpecification\",\"valueRequired\":true,\"valueName\":\"search_term_string\"}}],\"inLanguage\":\"fr-FR\"}]}<\/script>\n<!-- \/ Yoast SEO plugin. -->","yoast_head_json":{"title":"Les professionnels du b\u00e2timent face aux d\u00e9fis \u00e9nerg\u00e9tiques et environnementaux - ISTE Group","description":"\u00c0 partir d\u2019une enqu\u00eate interdisciplinaire men\u00e9e aupr\u00e8s des professionnels de la construction en France, cet ouvrage pr\u00e9sente la mani\u00e8re dont ces acteurs composent concr\u00e8tement avec les d\u00e9fis \u00e9nerg\u00e9tiques et environnementaux.","robots":{"index":"index","follow":"follow","max-snippet":"max-snippet:-1","max-image-preview":"max-image-preview:large","max-video-preview":"max-video-preview:-1"},"canonical":"https:\/\/www.istegroup.com\/fr\/produit\/les-professionnels-du-batiment-face-aux-defis-energetiques-et-environnementaux\/","og_locale":"fr_FR","og_type":"article","og_title":"Les professionnels du b\u00e2timent face aux d\u00e9fis \u00e9nerg\u00e9tiques et environnementaux - ISTE Group","og_description":"\u00c0 partir d\u2019une enqu\u00eate interdisciplinaire men\u00e9e aupr\u00e8s des professionnels de la construction en France, cet ouvrage pr\u00e9sente la mani\u00e8re dont ces acteurs composent concr\u00e8tement avec les d\u00e9fis \u00e9nerg\u00e9tiques et environnementaux.","og_url":"https:\/\/www.istegroup.com\/fr\/produit\/les-professionnels-du-batiment-face-aux-defis-energetiques-et-environnementaux\/","og_site_name":"ISTE Group","article_modified_time":"2024-01-03T13:42:14+00:00","og_image":[{"width":1708,"height":2560,"url":"https:\/\/www.istegroup.com\/wp-content\/uploads\/2018\/05\/Molina_Front-scaled.jpg","type":"image\/jpeg"}],"twitter_card":"summary_large_image","twitter_misc":{"Est. reading time":"1 minute"},"schema":{"@context":"https:\/\/schema.org","@graph":[{"@type":"WebPage","@id":"https:\/\/www.istegroup.com\/fr\/produit\/les-professionnels-du-batiment-face-aux-defis-energetiques-et-environnementaux\/","url":"https:\/\/www.istegroup.com\/fr\/produit\/les-professionnels-du-batiment-face-aux-defis-energetiques-et-environnementaux\/","name":"Les professionnels du b\u00e2timent face aux d\u00e9fis \u00e9nerg\u00e9tiques et environnementaux - ISTE Group","isPartOf":{"@id":"https:\/\/www.istegroup.com\/#website"},"primaryImageOfPage":{"@id":"https:\/\/www.istegroup.com\/fr\/produit\/les-professionnels-du-batiment-face-aux-defis-energetiques-et-environnementaux\/#primaryimage"},"image":{"@id":"https:\/\/www.istegroup.com\/fr\/produit\/les-professionnels-du-batiment-face-aux-defis-energetiques-et-environnementaux\/#primaryimage"},"thumbnailUrl":"https:\/\/www.istegroup.com\/wp-content\/uploads\/2018\/05\/Molina_Front-scaled.jpg","datePublished":"2018-05-03T15:54:27+00:00","dateModified":"2024-01-03T13:42:14+00:00","description":"\u00c0 partir d\u2019une enqu\u00eate interdisciplinaire men\u00e9e aupr\u00e8s des professionnels de la construction en France, cet ouvrage pr\u00e9sente la mani\u00e8re dont ces acteurs composent concr\u00e8tement avec les d\u00e9fis \u00e9nerg\u00e9tiques et environnementaux.","breadcrumb":{"@id":"https:\/\/www.istegroup.com\/fr\/produit\/les-professionnels-du-batiment-face-aux-defis-energetiques-et-environnementaux\/#breadcrumb"},"inLanguage":"fr-FR","potentialAction":[{"@type":"ReadAction","target":["https:\/\/www.istegroup.com\/fr\/produit\/les-professionnels-du-batiment-face-aux-defis-energetiques-et-environnementaux\/"]}]},{"@type":"ImageObject","inLanguage":"fr-FR","@id":"https:\/\/www.istegroup.com\/fr\/produit\/les-professionnels-du-batiment-face-aux-defis-energetiques-et-environnementaux\/#primaryimage","url":"https:\/\/www.istegroup.com\/wp-content\/uploads\/2018\/05\/Molina_Front-scaled.jpg","contentUrl":"https:\/\/www.istegroup.com\/wp-content\/uploads\/2018\/05\/Molina_Front-scaled.jpg","width":1708,"height":2560,"caption":"Comp\u00e9tences et pratiques en transition"},{"@type":"BreadcrumbList","@id":"https:\/\/www.istegroup.com\/fr\/produit\/les-professionnels-du-batiment-face-aux-defis-energetiques-et-environnementaux\/#breadcrumb","itemListElement":[{"@type":"ListItem","position":1,"name":"Home","item":"https:\/\/www.istegroup.com\/"},{"@type":"ListItem","position":2,"name":"Shop","item":"https:\/\/www.istegroup.com\/fr\/nouveautes\/"},{"@type":"ListItem","position":3,"name":"Les professionnels du b\u00e2timent face aux d\u00e9fis \u00e9nerg\u00e9tiques et environnementaux"}]},{"@type":"WebSite","@id":"https:\/\/www.istegroup.com\/#website","url":"https:\/\/www.istegroup.com\/","name":"ISTE Group","description":"\u00c9diteur des Sciences","potentialAction":[{"@type":"SearchAction","target":{"@type":"EntryPoint","urlTemplate":"https:\/\/www.istegroup.com\/?s={search_term_string}"},"query-input":{"@type":"PropertyValueSpecification","valueRequired":true,"valueName":"search_term_string"}}],"inLanguage":"fr-FR"}]}},"_links":{"self":[{"href":"https:\/\/www.istegroup.com\/fr\/wp-json\/wp\/v2\/product\/12173","targetHints":{"allow":["GET"]}}],"collection":[{"href":"https:\/\/www.istegroup.com\/fr\/wp-json\/wp\/v2\/product"}],"about":[{"href":"https:\/\/www.istegroup.com\/fr\/wp-json\/wp\/v2\/types\/product"}],"wp:featuredmedia":[{"embeddable":true,"href":"https:\/\/www.istegroup.com\/fr\/wp-json\/wp\/v2\/media\/12181"}],"wp:attachment":[{"href":"https:\/\/www.istegroup.com\/fr\/wp-json\/wp\/v2\/media?parent=12173"}],"wp:term":[{"taxonomy":"product_brand","embeddable":true,"href":"https:\/\/www.istegroup.com\/fr\/wp-json\/wp\/v2\/product_brand?post=12173"},{"taxonomy":"product_cat","embeddable":true,"href":"https:\/\/www.istegroup.com\/fr\/wp-json\/wp\/v2\/product_cat?post=12173"},{"taxonomy":"product_tag","embeddable":true,"href":"https:\/\/www.istegroup.com\/fr\/wp-json\/wp\/v2\/product_tag?post=12173"}],"curies":[{"name":"wp","href":"https:\/\/api.w.org\/{rel}","templated":true}]}}