{"id":11796,"date":"2018-03-29T10:38:06","date_gmt":"2018-03-29T08:38:06","guid":{"rendered":"https:\/\/iste.yhello.co\/?post_type=product&#038;p=11796"},"modified":"2024-01-03T13:41:52","modified_gmt":"2024-01-03T13:41:52","slug":"temps-emergences-et-communications","status":"publish","type":"product","link":"https:\/\/www.istegroup.com\/fr\/produit\/temps-emergences-et-communications\/","title":{"rendered":"Temps, \u00e9mergences et communications"},"content":{"rendered":"<p>La philosophie scientifique n\u2019h\u00e9site pas \u00e0 bousculer les th\u00e9ories scientifiques pour qu\u2019elles livrent les secrets de la nature et notamment de cette \u00e9trange mati\u00e8re \u00e9tudi\u00e9e par la physique quantique.<\/p>\n<p><em>Temps, \u00e9mergences et communications<\/em>\u00a0pr\u00e9sente une investigation scientifique et philosophique sur la place et le r\u00f4le de l\u2019information dans les syst\u00e8mes naturels. Une premi\u00e8re partie propose une interpr\u00e9tation in\u00e9dite de la physique quantique en pla\u00e7ant au centre de la r\u00e9flexion l\u2019id\u00e9e d\u2019une mati\u00e8re qui communique. Cela permet de reprendre le questionnement syst\u00e9mique sur l\u2019\u00e9mergence en examinant les phases de la mati\u00e8re, les processus thermodynamiques et le cosmos, sans oublier d\u2019esquisser quelques th\u00e8ses sur le lien entre communications et \u00e9mergences.<\/p>\n<p>Cet ouvrage propose trois r\u00e9volutions scientifiques : celle des communications quantiques, celle de l\u2019\u00e9mergence ordonn\u00e9e autour des processus s\u00e9mantiques et enfin la r\u00e9volution \u00ab cosmoontologique \u00bb du temps. Il s\u2019adresse aux sp\u00e9cialistes scientifiques ainsi qu\u2019aux lecteurs novices int\u00e9ress\u00e9s par le bouleversement des connaissances \u00e0 notre \u00e9poque.<\/p>\n","protected":false},"excerpt":{"rendered":"<p>La philosophie scientifique n\u2019h\u00e9site pas \u00e0 bousculer les th\u00e9ories scientifiques pour qu\u2019elles livrent les secrets de la nature et notamment de cette \u00e9trange mati\u00e8re \u00e9tudi\u00e9e par la physique quantique. Temps, \u00e9mergences et communications\u00a0pr\u00e9sente une investigation scientifique et philosophique sur la place et le r\u00f4le de l\u2019information dans les syst\u00e8mes naturels. Une premi\u00e8re partie propose une [&hellip;]<\/p>\n","protected":false},"featured_media":11800,"template":"","meta":{"_acf_changed":false,"_links_to":"","_links_to_target":""},"product_brand":[],"product_cat":[3262],"product_tag":[168,18,19,20,3496,3495,21,22,25,26,27,28,29,1253,3498,3406,3497],"class_list":{"0":"post-11796","1":"product","2":"type-product","3":"status-publish","4":"has-post-thumbnail","6":"product_cat-non-classe","7":"product_tag-bernard-dugue","8":"product_tag-edition-scientifique","9":"product_tag-editions-francaise","10":"product_tag-editions-technique","11":"product_tag-emergences-et-communications","12":"product_tag-energie-et-ingenierie","13":"product_tag-iste-group","14":"product_tag-istegroup","15":"product_tag-livre-numerique","16":"product_tag-livre-scientifique-francais","17":"product_tag-livre-technique-francais","18":"product_tag-ouvrage-scientifique-francais","19":"product_tag-ouvrage-technique","20":"product_tag-sciences","21":"product_tag-serie-architecture","22":"product_tag-societe-et-nouvelles-technologies","23":"product_tag-temps","25":"first","26":"instock","27":"shipping-taxable","28":"purchasable","29":"product-type-variable"},"acf":[],"yoast_head":"<!-- This site is optimized with the Yoast SEO plugin v27.2 - https:\/\/yoast.com\/product\/yoast-seo-wordpress\/ -->\n<title>Temps, \u00e9mergences et communications - ISTE Group<\/title>\n<meta name=\"description\" content=\"Temps, \u00e9mergences et communications\u00a0pr\u00e9sente une investigation scientifique et philosophique sur la place et le r\u00f4le de l\u2019information dans les syst\u00e8mes naturels.\" \/>\n<meta name=\"robots\" content=\"index, follow, max-snippet:-1, max-image-preview:large, max-video-preview:-1\" \/>\n<link rel=\"canonical\" href=\"https:\/\/www.istegroup.com\/en\/produit\/temps-emergences-et-communications\/\" \/>\n<meta property=\"og:locale\" content=\"fr_FR\" \/>\n<meta property=\"og:type\" content=\"article\" \/>\n<meta property=\"og:title\" content=\"Temps, \u00e9mergences et communications - ISTE Group\" \/>\n<meta property=\"og:description\" content=\"Temps, \u00e9mergences et communications\u00a0pr\u00e9sente une investigation scientifique et philosophique sur la place et le r\u00f4le de l\u2019information dans les syst\u00e8mes naturels.\" \/>\n<meta property=\"og:url\" content=\"https:\/\/www.istegroup.com\/en\/produit\/temps-emergences-et-communications\/\" \/>\n<meta property=\"og:site_name\" content=\"ISTE Group\" \/>\n<meta property=\"article:modified_time\" content=\"2024-01-03T13:41:52+00:00\" \/>\n<meta property=\"og:image\" content=\"https:\/\/www.istegroup.com\/wp-content\/uploads\/2018\/03\/dugue_front-scaled.jpg\" \/>\n\t<meta property=\"og:image:width\" content=\"1707\" \/>\n\t<meta property=\"og:image:height\" content=\"2560\" \/>\n\t<meta property=\"og:image:type\" content=\"image\/jpeg\" \/>\n<meta name=\"twitter:card\" content=\"summary_large_image\" \/>\n<meta name=\"twitter:label1\" content=\"Est. reading time\" \/>\n\t<meta name=\"twitter:data1\" content=\"1 minute\" \/>\n<script type=\"application\/ld+json\" class=\"yoast-schema-graph\">{\"@context\":\"https:\/\/schema.org\",\"@graph\":[{\"@type\":\"WebPage\",\"@id\":\"https:\/\/www.istegroup.com\/en\/produit\/temps-emergences-et-communications\/\",\"url\":\"https:\/\/www.istegroup.com\/en\/produit\/temps-emergences-et-communications\/\",\"name\":\"Temps, \u00e9mergences et communications - ISTE Group\",\"isPartOf\":{\"@id\":\"https:\/\/www.istegroup.com\/#website\"},\"primaryImageOfPage\":{\"@id\":\"https:\/\/www.istegroup.com\/en\/produit\/temps-emergences-et-communications\/#primaryimage\"},\"image\":{\"@id\":\"https:\/\/www.istegroup.com\/en\/produit\/temps-emergences-et-communications\/#primaryimage\"},\"thumbnailUrl\":\"https:\/\/www.istegroup.com\/wp-content\/uploads\/2018\/03\/dugue_front-scaled.jpg\",\"datePublished\":\"2018-03-29T08:38:06+00:00\",\"dateModified\":\"2024-01-03T13:41:52+00:00\",\"description\":\"Temps, \u00e9mergences et communications\u00a0pr\u00e9sente une investigation scientifique et philosophique sur la place et le r\u00f4le de l\u2019information dans les syst\u00e8mes naturels.\",\"breadcrumb\":{\"@id\":\"https:\/\/www.istegroup.com\/en\/produit\/temps-emergences-et-communications\/#breadcrumb\"},\"inLanguage\":\"fr-FR\",\"potentialAction\":[{\"@type\":\"ReadAction\",\"target\":[\"https:\/\/www.istegroup.com\/en\/produit\/temps-emergences-et-communications\/\"]}]},{\"@type\":\"ImageObject\",\"inLanguage\":\"fr-FR\",\"@id\":\"https:\/\/www.istegroup.com\/en\/produit\/temps-emergences-et-communications\/#primaryimage\",\"url\":\"https:\/\/www.istegroup.com\/wp-content\/uploads\/2018\/03\/dugue_front-scaled.jpg\",\"contentUrl\":\"https:\/\/www.istegroup.com\/wp-content\/uploads\/2018\/03\/dugue_front-scaled.jpg\",\"width\":1707,\"height\":2560,\"caption\":\"Temps, \u00e9mergences et communications iste group\"},{\"@type\":\"BreadcrumbList\",\"@id\":\"https:\/\/www.istegroup.com\/en\/produit\/temps-emergences-et-communications\/#breadcrumb\",\"itemListElement\":[{\"@type\":\"ListItem\",\"position\":1,\"name\":\"Home\",\"item\":\"https:\/\/www.istegroup.com\/\"},{\"@type\":\"ListItem\",\"position\":2,\"name\":\"Shop\",\"item\":\"https:\/\/www.istegroup.com\/fr\/nouveautes\/\"},{\"@type\":\"ListItem\",\"position\":3,\"name\":\"Temps, \u00e9mergences et communications\"}]},{\"@type\":\"WebSite\",\"@id\":\"https:\/\/www.istegroup.com\/#website\",\"url\":\"https:\/\/www.istegroup.com\/\",\"name\":\"ISTE Group\",\"description\":\"\u00c9diteur des Sciences\",\"potentialAction\":[{\"@type\":\"SearchAction\",\"target\":{\"@type\":\"EntryPoint\",\"urlTemplate\":\"https:\/\/www.istegroup.com\/?s={search_term_string}\"},\"query-input\":{\"@type\":\"PropertyValueSpecification\",\"valueRequired\":true,\"valueName\":\"search_term_string\"}}],\"inLanguage\":\"fr-FR\"}]}<\/script>\n<!-- \/ Yoast SEO plugin. -->","yoast_head_json":{"title":"Temps, \u00e9mergences et communications - ISTE Group","description":"Temps, \u00e9mergences et communications\u00a0pr\u00e9sente une investigation scientifique et philosophique sur la place et le r\u00f4le de l\u2019information dans les syst\u00e8mes naturels.","robots":{"index":"index","follow":"follow","max-snippet":"max-snippet:-1","max-image-preview":"max-image-preview:large","max-video-preview":"max-video-preview:-1"},"canonical":"https:\/\/www.istegroup.com\/en\/produit\/temps-emergences-et-communications\/","og_locale":"fr_FR","og_type":"article","og_title":"Temps, \u00e9mergences et communications - ISTE Group","og_description":"Temps, \u00e9mergences et communications\u00a0pr\u00e9sente une investigation scientifique et philosophique sur la place et le r\u00f4le de l\u2019information dans les syst\u00e8mes naturels.","og_url":"https:\/\/www.istegroup.com\/en\/produit\/temps-emergences-et-communications\/","og_site_name":"ISTE Group","article_modified_time":"2024-01-03T13:41:52+00:00","og_image":[{"width":1707,"height":2560,"url":"https:\/\/www.istegroup.com\/wp-content\/uploads\/2018\/03\/dugue_front-scaled.jpg","type":"image\/jpeg"}],"twitter_card":"summary_large_image","twitter_misc":{"Est. reading time":"1 minute"},"schema":{"@context":"https:\/\/schema.org","@graph":[{"@type":"WebPage","@id":"https:\/\/www.istegroup.com\/en\/produit\/temps-emergences-et-communications\/","url":"https:\/\/www.istegroup.com\/en\/produit\/temps-emergences-et-communications\/","name":"Temps, \u00e9mergences et communications - ISTE Group","isPartOf":{"@id":"https:\/\/www.istegroup.com\/#website"},"primaryImageOfPage":{"@id":"https:\/\/www.istegroup.com\/en\/produit\/temps-emergences-et-communications\/#primaryimage"},"image":{"@id":"https:\/\/www.istegroup.com\/en\/produit\/temps-emergences-et-communications\/#primaryimage"},"thumbnailUrl":"https:\/\/www.istegroup.com\/wp-content\/uploads\/2018\/03\/dugue_front-scaled.jpg","datePublished":"2018-03-29T08:38:06+00:00","dateModified":"2024-01-03T13:41:52+00:00","description":"Temps, \u00e9mergences et communications\u00a0pr\u00e9sente une investigation scientifique et philosophique sur la place et le r\u00f4le de l\u2019information dans les syst\u00e8mes naturels.","breadcrumb":{"@id":"https:\/\/www.istegroup.com\/en\/produit\/temps-emergences-et-communications\/#breadcrumb"},"inLanguage":"fr-FR","potentialAction":[{"@type":"ReadAction","target":["https:\/\/www.istegroup.com\/en\/produit\/temps-emergences-et-communications\/"]}]},{"@type":"ImageObject","inLanguage":"fr-FR","@id":"https:\/\/www.istegroup.com\/en\/produit\/temps-emergences-et-communications\/#primaryimage","url":"https:\/\/www.istegroup.com\/wp-content\/uploads\/2018\/03\/dugue_front-scaled.jpg","contentUrl":"https:\/\/www.istegroup.com\/wp-content\/uploads\/2018\/03\/dugue_front-scaled.jpg","width":1707,"height":2560,"caption":"Temps, \u00e9mergences et communications iste group"},{"@type":"BreadcrumbList","@id":"https:\/\/www.istegroup.com\/en\/produit\/temps-emergences-et-communications\/#breadcrumb","itemListElement":[{"@type":"ListItem","position":1,"name":"Home","item":"https:\/\/www.istegroup.com\/"},{"@type":"ListItem","position":2,"name":"Shop","item":"https:\/\/www.istegroup.com\/fr\/nouveautes\/"},{"@type":"ListItem","position":3,"name":"Temps, \u00e9mergences et communications"}]},{"@type":"WebSite","@id":"https:\/\/www.istegroup.com\/#website","url":"https:\/\/www.istegroup.com\/","name":"ISTE Group","description":"\u00c9diteur des Sciences","potentialAction":[{"@type":"SearchAction","target":{"@type":"EntryPoint","urlTemplate":"https:\/\/www.istegroup.com\/?s={search_term_string}"},"query-input":{"@type":"PropertyValueSpecification","valueRequired":true,"valueName":"search_term_string"}}],"inLanguage":"fr-FR"}]}},"_links":{"self":[{"href":"https:\/\/www.istegroup.com\/fr\/wp-json\/wp\/v2\/product\/11796","targetHints":{"allow":["GET"]}}],"collection":[{"href":"https:\/\/www.istegroup.com\/fr\/wp-json\/wp\/v2\/product"}],"about":[{"href":"https:\/\/www.istegroup.com\/fr\/wp-json\/wp\/v2\/types\/product"}],"wp:featuredmedia":[{"embeddable":true,"href":"https:\/\/www.istegroup.com\/fr\/wp-json\/wp\/v2\/media\/11800"}],"wp:attachment":[{"href":"https:\/\/www.istegroup.com\/fr\/wp-json\/wp\/v2\/media?parent=11796"}],"wp:term":[{"taxonomy":"product_brand","embeddable":true,"href":"https:\/\/www.istegroup.com\/fr\/wp-json\/wp\/v2\/product_brand?post=11796"},{"taxonomy":"product_cat","embeddable":true,"href":"https:\/\/www.istegroup.com\/fr\/wp-json\/wp\/v2\/product_cat?post=11796"},{"taxonomy":"product_tag","embeddable":true,"href":"https:\/\/www.istegroup.com\/fr\/wp-json\/wp\/v2\/product_tag?post=11796"}],"curies":[{"name":"wp","href":"https:\/\/api.w.org\/{rel}","templated":true}]}}