{"version":"1.0","provider_name":"ISTE Group","provider_url":"https:\/\/www.istegroup.com\/fr","author_name":"Marcio Marim","author_url":"https:\/\/www.istegroup.com\/fr\/profile\/marcio-marim\/","title":"Architecture, urbanisme et am\u00e9nagement - ISTE Group","type":"rich","width":600,"height":338,"html":"<blockquote class=\"wp-embedded-content\" data-secret=\"osjJMnYsxA\"><a href=\"https:\/\/www.istegroup.com\/fr\/domain\/architecture-urbanisme-et-amenagement\/\">Architecture, urbanisme et am\u00e9nagement<\/a><\/blockquote><iframe sandbox=\"allow-scripts\" security=\"restricted\" src=\"https:\/\/www.istegroup.com\/fr\/domain\/architecture-urbanisme-et-amenagement\/embed\/#?secret=osjJMnYsxA\" width=\"600\" height=\"338\" title=\"\u00ab\u00a0Architecture, urbanisme et am\u00e9nagement\u00a0\u00bb &#8212; ISTE Group\" data-secret=\"osjJMnYsxA\" frameborder=\"0\" marginwidth=\"0\" marginheight=\"0\" scrolling=\"no\" class=\"wp-embedded-content\"><\/iframe><script type=\"text\/javascript\">\n\/* <![CDATA[ *\/\n\/*! This file is auto-generated *\/\n!function(d,l){\"use strict\";l.querySelector&&d.addEventListener&&\"undefined\"!=typeof URL&&(d.wp=d.wp||{},d.wp.receiveEmbedMessage||(d.wp.receiveEmbedMessage=function(e){var t=e.data;if((t||t.secret||t.message||t.value)&&!\/[^a-zA-Z0-9]\/.test(t.secret)){for(var s,r,n,a=l.querySelectorAll('iframe[data-secret=\"'+t.secret+'\"]'),o=l.querySelectorAll('blockquote[data-secret=\"'+t.secret+'\"]'),c=new RegExp(\"^https?:$\",\"i\"),i=0;i<o.length;i++)o[i].style.display=\"none\";for(i=0;i<a.length;i++)s=a[i],e.source===s.contentWindow&&(s.removeAttribute(\"style\"),\"height\"===t.message?(1e3<(r=parseInt(t.value,10))?r=1e3:~~r<200&&(r=200),s.height=r):\"link\"===t.message&&(r=new URL(s.getAttribute(\"src\")),n=new URL(t.value),c.test(n.protocol))&&n.host===r.host&&l.activeElement===s&&(d.top.location.href=t.value))}},d.addEventListener(\"message\",d.wp.receiveEmbedMessage,!1),l.addEventListener(\"DOMContentLoaded\",function(){for(var e,t,s=l.querySelectorAll(\"iframe.wp-embedded-content\"),r=0;r<s.length;r++)(t=(e=s[r]).getAttribute(\"data-secret\"))||(t=Math.random().toString(36).substring(2,12),e.src+=\"#?secret=\"+t,e.setAttribute(\"data-secret\",t)),e.contentWindow.postMessage({message:\"ready\",secret:t},\"*\")},!1)))}(window,document);\n\/\/# sourceURL=https:\/\/www.istegroup.com\/wp-includes\/js\/wp-embed.min.js\n\/* ]]> *\/\n<\/script>\n","thumbnail_url":"https:\/\/www.istegroup.com\/wp-content\/uploads\/2019\/03\/Architecture-urbanisme-et-am\u00e9nagement-e1551694501394.jpg","thumbnail_width":2000,"thumbnail_height":1333,"description":"De la conception architecturale et urbaine aux outils de repr\u00e9sentation et d\u2019am\u00e9nagement, de la symbolique des langages architecturaux aux techniques constructives, du design d\u2019espaces au design d\u2019int\u00e9rieur, Architecture, Urbanisme et Am\u00e9nagement passe en revue les principaux concepts utilis\u00e9s pour penser, d\u00e9crire, construire et habiter les espaces (quelle que soit leur \u00e9chelle : logement, quartier, ville, [&hellip;]"}