{"id":63762,"date":"2026-04-24T14:03:04","date_gmt":"2026-04-24T13:03:04","guid":{"rendered":"https:\/\/www.istegroup.com\/?post_type=product&#038;p=63762"},"modified":"2026-04-27T11:51:37","modified_gmt":"2026-04-27T10:51:37","slug":"jean-baptiste-lamarck-dans-le-tourbillon-de-lhistoire","status":"publish","type":"product","link":"https:\/\/www.istegroup.com\/en\/produit\/jean-baptiste-lamarck-dans-le-tourbillon-de-lhistoire\/","title":{"rendered":"Jean-Baptiste Lamarck dans le tourbillon de l\u2019Histoire"},"content":{"rendered":"<p>La vie de Jean-Baptiste Lamarck (1744-1829) constitue une v\u00e9ritable odyss\u00e9e, inscrite dans une p\u00e9riode charni\u00e8re de l\u2019histoire de France. N\u00e9 sous Louis XV, il traverse huit r\u00e9gimes politiques et meurt sous Charles X. Passionn\u00e9 de botanique, membre de l\u2019Acad\u00e9mie des sciences, il devient finalement professeur de zoologie au Mus\u00e9um d\u2019histoire naturelle. Sa situation mat\u00e9rielle comme sa position scientifique \u00e9voluent au gr\u00e9 des bouleversements politiques de son \u00e9poque. Il est donc \u00e9clairant de comprendre dans quel contexte s\u2019est \u00e9labor\u00e9e la gen\u00e8se de ses ouvrages, qui abordent des questions fondamentales en biologie.<\/p>\n<p>Cet ouvrage ne propose pas une analyse d\u00e9taill\u00e9e des livres de Lamarck. Son objectif est diff\u00e9rent : il s\u2019agit d\u2019examiner \u00e0 quels moments de sa vie et dans quelles conditions Lamarck a \u00e9t\u00e9 conduit \u00e0 produire ses diff\u00e9rentes oeuvres.<\/p>\n<p>Dans la mesure du possible, l\u2019ouvrage \u00ab donne la parole \u00bb \u00e0 Lamarck en restituant ses propres \u00e9crits, o\u00f9 apparaissent ses projets \u2013 aboutis ou non \u2013, ses doutes et ses espoirs, dans une p\u00e9riode o\u00f9 il devance souvent l\u2019opinion dominante.<\/p>\n","protected":false},"excerpt":{"rendered":"<p>La vie de Jean-Baptiste Lamarck (1744-1829) constitue une v\u00e9ritable odyss\u00e9e, inscrite dans une p\u00e9riode charni\u00e8re de l\u2019histoire de France. N\u00e9 sous Louis XV, il traverse huit r\u00e9gimes politiques et meurt sous Charles X. Passionn\u00e9 de botanique, membre de l\u2019Acad\u00e9mie des sciences, il devient finalement professeur de zoologie au Mus\u00e9um d\u2019histoire naturelle. Sa situation mat\u00e9rielle comme [&hellip;]<\/p>\n","protected":false},"featured_media":63769,"template":"","meta":{"_acf_changed":false,"_links_to":"","_links_to_target":""},"product_brand":[],"product_cat":[666],"product_tag":[],"class_list":{"0":"post-63762","1":"product","2":"type-product","3":"status-publish","4":"has-post-thumbnail","6":"product_cat-histoire-des-sciences-et-des-techniques-166249028","8":"first","9":"instock","10":"shipping-taxable","11":"purchasable","12":"product-type-variable"},"acf":[],"yoast_head":"<!-- This site is optimized with the Yoast SEO plugin v27.2 - https:\/\/yoast.com\/product\/yoast-seo-wordpress\/ -->\n<title>Jean-Baptiste Lamarck dans le tourbillon de l\u2019Histoire - ISTE Group<\/title>\n<meta name=\"description\" content=\"Cet ouvrage ne propose pas une analyse d\u00e9taill\u00e9e des livres de Lamarck. Son objectif est diff\u00e9rent : il s\u2019agit d\u2019examiner \u00e0 quels moments de sa vie et dans quelles conditions Lamarck a \u00e9t\u00e9 conduit \u00e0 produire ses diff\u00e9rentes oeuvres.\" \/>\n<meta name=\"robots\" content=\"index, follow, max-snippet:-1, max-image-preview:large, max-video-preview:-1\" \/>\n<link rel=\"canonical\" href=\"https:\/\/www.istegroup.com\/produit\/jean-baptiste-lamarck-dans-le-tourbillon-de-lhistoire\/\" \/>\n<meta property=\"og:locale\" content=\"en_US\" \/>\n<meta property=\"og:type\" content=\"article\" \/>\n<meta property=\"og:title\" content=\"Jean-Baptiste Lamarck dans le tourbillon de l\u2019Histoire - ISTE Group\" \/>\n<meta property=\"og:description\" content=\"Cet ouvrage ne propose pas une analyse d\u00e9taill\u00e9e des livres de Lamarck. Son objectif est diff\u00e9rent : il s\u2019agit d\u2019examiner \u00e0 quels moments de sa vie et dans quelles conditions Lamarck a \u00e9t\u00e9 conduit \u00e0 produire ses diff\u00e9rentes oeuvres.\" \/>\n<meta property=\"og:url\" content=\"https:\/\/www.istegroup.com\/produit\/jean-baptiste-lamarck-dans-le-tourbillon-de-lhistoire\/\" \/>\n<meta property=\"og:site_name\" content=\"ISTE Group\" \/>\n<meta property=\"article:modified_time\" content=\"2026-04-27T10:51:37+00:00\" \/>\n<meta property=\"og:image\" content=\"https:\/\/www.istegroup.com\/wp-content\/uploads\/2026\/04\/Jean-Baptiste-Lamarck-dans-le-tourbillon-de-lHistoire_front.jpg\" \/>\n\t<meta property=\"og:image:width\" content=\"660\" \/>\n\t<meta property=\"og:image:height\" content=\"995\" \/>\n\t<meta property=\"og:image:type\" content=\"image\/jpeg\" \/>\n<meta name=\"twitter:card\" content=\"summary_large_image\" \/>\n<meta name=\"twitter:label1\" content=\"Est. reading time\" \/>\n\t<meta name=\"twitter:data1\" content=\"2 minutes\" \/>\n<script type=\"application\/ld+json\" class=\"yoast-schema-graph\">{\"@context\":\"https:\/\/schema.org\",\"@graph\":[{\"@type\":\"WebPage\",\"@id\":\"https:\/\/www.istegroup.com\/produit\/jean-baptiste-lamarck-dans-le-tourbillon-de-lhistoire\/\",\"url\":\"https:\/\/www.istegroup.com\/produit\/jean-baptiste-lamarck-dans-le-tourbillon-de-lhistoire\/\",\"name\":\"Jean-Baptiste Lamarck dans le tourbillon de l\u2019Histoire - ISTE Group\",\"isPartOf\":{\"@id\":\"https:\/\/www.istegroup.com\/#website\"},\"primaryImageOfPage\":{\"@id\":\"https:\/\/www.istegroup.com\/produit\/jean-baptiste-lamarck-dans-le-tourbillon-de-lhistoire\/#primaryimage\"},\"image\":{\"@id\":\"https:\/\/www.istegroup.com\/produit\/jean-baptiste-lamarck-dans-le-tourbillon-de-lhistoire\/#primaryimage\"},\"thumbnailUrl\":\"https:\/\/www.istegroup.com\/wp-content\/uploads\/2026\/04\/Jean-Baptiste-Lamarck-dans-le-tourbillon-de-lHistoire_front.jpg\",\"datePublished\":\"2026-04-24T13:03:04+00:00\",\"dateModified\":\"2026-04-27T10:51:37+00:00\",\"description\":\"Cet ouvrage ne propose pas une analyse d\u00e9taill\u00e9e des livres de Lamarck. Son objectif est diff\u00e9rent : il s\u2019agit d\u2019examiner \u00e0 quels moments de sa vie et dans quelles conditions Lamarck a \u00e9t\u00e9 conduit \u00e0 produire ses diff\u00e9rentes oeuvres.\",\"breadcrumb\":{\"@id\":\"https:\/\/www.istegroup.com\/produit\/jean-baptiste-lamarck-dans-le-tourbillon-de-lhistoire\/#breadcrumb\"},\"inLanguage\":\"en-US\",\"potentialAction\":[{\"@type\":\"ReadAction\",\"target\":[\"https:\/\/www.istegroup.com\/produit\/jean-baptiste-lamarck-dans-le-tourbillon-de-lhistoire\/\"]}]},{\"@type\":\"ImageObject\",\"inLanguage\":\"en-US\",\"@id\":\"https:\/\/www.istegroup.com\/produit\/jean-baptiste-lamarck-dans-le-tourbillon-de-lhistoire\/#primaryimage\",\"url\":\"https:\/\/www.istegroup.com\/wp-content\/uploads\/2026\/04\/Jean-Baptiste-Lamarck-dans-le-tourbillon-de-lHistoire_front.jpg\",\"contentUrl\":\"https:\/\/www.istegroup.com\/wp-content\/uploads\/2026\/04\/Jean-Baptiste-Lamarck-dans-le-tourbillon-de-lHistoire_front.jpg\",\"width\":660,\"height\":995},{\"@type\":\"BreadcrumbList\",\"@id\":\"https:\/\/www.istegroup.com\/produit\/jean-baptiste-lamarck-dans-le-tourbillon-de-lhistoire\/#breadcrumb\",\"itemListElement\":[{\"@type\":\"ListItem\",\"position\":1,\"name\":\"Home\",\"item\":\"https:\/\/www.istegroup.com\/\"},{\"@type\":\"ListItem\",\"position\":2,\"name\":\"Shop\",\"item\":\"https:\/\/www.istegroup.com\/fr\/nouveautes\/\"},{\"@type\":\"ListItem\",\"position\":3,\"name\":\"Jean-Baptiste Lamarck dans le tourbillon de l\u2019Histoire\"}]},{\"@type\":\"WebSite\",\"@id\":\"https:\/\/www.istegroup.com\/#website\",\"url\":\"https:\/\/www.istegroup.com\/\",\"name\":\"ISTE Group\",\"description\":\"Publishing Knowledge\",\"potentialAction\":[{\"@type\":\"SearchAction\",\"target\":{\"@type\":\"EntryPoint\",\"urlTemplate\":\"https:\/\/www.istegroup.com\/?s={search_term_string}\"},\"query-input\":{\"@type\":\"PropertyValueSpecification\",\"valueRequired\":true,\"valueName\":\"search_term_string\"}}],\"inLanguage\":\"en-US\"}]}<\/script>\n<!-- \/ Yoast SEO plugin. -->","yoast_head_json":{"title":"Jean-Baptiste Lamarck dans le tourbillon de l\u2019Histoire - ISTE Group","description":"Cet ouvrage ne propose pas une analyse d\u00e9taill\u00e9e des livres de Lamarck. Son objectif est diff\u00e9rent : il s\u2019agit d\u2019examiner \u00e0 quels moments de sa vie et dans quelles conditions Lamarck a \u00e9t\u00e9 conduit \u00e0 produire ses diff\u00e9rentes oeuvres.","robots":{"index":"index","follow":"follow","max-snippet":"max-snippet:-1","max-image-preview":"max-image-preview:large","max-video-preview":"max-video-preview:-1"},"canonical":"https:\/\/www.istegroup.com\/produit\/jean-baptiste-lamarck-dans-le-tourbillon-de-lhistoire\/","og_locale":"en_US","og_type":"article","og_title":"Jean-Baptiste Lamarck dans le tourbillon de l\u2019Histoire - ISTE Group","og_description":"Cet ouvrage ne propose pas une analyse d\u00e9taill\u00e9e des livres de Lamarck. Son objectif est diff\u00e9rent : il s\u2019agit d\u2019examiner \u00e0 quels moments de sa vie et dans quelles conditions Lamarck a \u00e9t\u00e9 conduit \u00e0 produire ses diff\u00e9rentes oeuvres.","og_url":"https:\/\/www.istegroup.com\/produit\/jean-baptiste-lamarck-dans-le-tourbillon-de-lhistoire\/","og_site_name":"ISTE Group","article_modified_time":"2026-04-27T10:51:37+00:00","og_image":[{"width":660,"height":995,"url":"https:\/\/www.istegroup.com\/wp-content\/uploads\/2026\/04\/Jean-Baptiste-Lamarck-dans-le-tourbillon-de-lHistoire_front.jpg","type":"image\/jpeg"}],"twitter_card":"summary_large_image","twitter_misc":{"Est. reading time":"2 minutes"},"schema":{"@context":"https:\/\/schema.org","@graph":[{"@type":"WebPage","@id":"https:\/\/www.istegroup.com\/produit\/jean-baptiste-lamarck-dans-le-tourbillon-de-lhistoire\/","url":"https:\/\/www.istegroup.com\/produit\/jean-baptiste-lamarck-dans-le-tourbillon-de-lhistoire\/","name":"Jean-Baptiste Lamarck dans le tourbillon de l\u2019Histoire - ISTE Group","isPartOf":{"@id":"https:\/\/www.istegroup.com\/#website"},"primaryImageOfPage":{"@id":"https:\/\/www.istegroup.com\/produit\/jean-baptiste-lamarck-dans-le-tourbillon-de-lhistoire\/#primaryimage"},"image":{"@id":"https:\/\/www.istegroup.com\/produit\/jean-baptiste-lamarck-dans-le-tourbillon-de-lhistoire\/#primaryimage"},"thumbnailUrl":"https:\/\/www.istegroup.com\/wp-content\/uploads\/2026\/04\/Jean-Baptiste-Lamarck-dans-le-tourbillon-de-lHistoire_front.jpg","datePublished":"2026-04-24T13:03:04+00:00","dateModified":"2026-04-27T10:51:37+00:00","description":"Cet ouvrage ne propose pas une analyse d\u00e9taill\u00e9e des livres de Lamarck. Son objectif est diff\u00e9rent : il s\u2019agit d\u2019examiner \u00e0 quels moments de sa vie et dans quelles conditions Lamarck a \u00e9t\u00e9 conduit \u00e0 produire ses diff\u00e9rentes oeuvres.","breadcrumb":{"@id":"https:\/\/www.istegroup.com\/produit\/jean-baptiste-lamarck-dans-le-tourbillon-de-lhistoire\/#breadcrumb"},"inLanguage":"en-US","potentialAction":[{"@type":"ReadAction","target":["https:\/\/www.istegroup.com\/produit\/jean-baptiste-lamarck-dans-le-tourbillon-de-lhistoire\/"]}]},{"@type":"ImageObject","inLanguage":"en-US","@id":"https:\/\/www.istegroup.com\/produit\/jean-baptiste-lamarck-dans-le-tourbillon-de-lhistoire\/#primaryimage","url":"https:\/\/www.istegroup.com\/wp-content\/uploads\/2026\/04\/Jean-Baptiste-Lamarck-dans-le-tourbillon-de-lHistoire_front.jpg","contentUrl":"https:\/\/www.istegroup.com\/wp-content\/uploads\/2026\/04\/Jean-Baptiste-Lamarck-dans-le-tourbillon-de-lHistoire_front.jpg","width":660,"height":995},{"@type":"BreadcrumbList","@id":"https:\/\/www.istegroup.com\/produit\/jean-baptiste-lamarck-dans-le-tourbillon-de-lhistoire\/#breadcrumb","itemListElement":[{"@type":"ListItem","position":1,"name":"Home","item":"https:\/\/www.istegroup.com\/"},{"@type":"ListItem","position":2,"name":"Shop","item":"https:\/\/www.istegroup.com\/fr\/nouveautes\/"},{"@type":"ListItem","position":3,"name":"Jean-Baptiste Lamarck dans le tourbillon de l\u2019Histoire"}]},{"@type":"WebSite","@id":"https:\/\/www.istegroup.com\/#website","url":"https:\/\/www.istegroup.com\/","name":"ISTE Group","description":"Publishing Knowledge","potentialAction":[{"@type":"SearchAction","target":{"@type":"EntryPoint","urlTemplate":"https:\/\/www.istegroup.com\/?s={search_term_string}"},"query-input":{"@type":"PropertyValueSpecification","valueRequired":true,"valueName":"search_term_string"}}],"inLanguage":"en-US"}]}},"_links":{"self":[{"href":"https:\/\/www.istegroup.com\/en\/wp-json\/wp\/v2\/product\/63762","targetHints":{"allow":["GET"]}}],"collection":[{"href":"https:\/\/www.istegroup.com\/en\/wp-json\/wp\/v2\/product"}],"about":[{"href":"https:\/\/www.istegroup.com\/en\/wp-json\/wp\/v2\/types\/product"}],"wp:featuredmedia":[{"embeddable":true,"href":"https:\/\/www.istegroup.com\/en\/wp-json\/wp\/v2\/media\/63769"}],"wp:attachment":[{"href":"https:\/\/www.istegroup.com\/en\/wp-json\/wp\/v2\/media?parent=63762"}],"wp:term":[{"taxonomy":"product_brand","embeddable":true,"href":"https:\/\/www.istegroup.com\/en\/wp-json\/wp\/v2\/product_brand?post=63762"},{"taxonomy":"product_cat","embeddable":true,"href":"https:\/\/www.istegroup.com\/en\/wp-json\/wp\/v2\/product_cat?post=63762"},{"taxonomy":"product_tag","embeddable":true,"href":"https:\/\/www.istegroup.com\/en\/wp-json\/wp\/v2\/product_tag?post=63762"}],"curies":[{"name":"wp","href":"https:\/\/api.w.org\/{rel}","templated":true}]}}