{"id":63718,"date":"2026-04-24T10:54:22","date_gmt":"2026-04-24T09:54:22","guid":{"rendered":"https:\/\/www.istegroup.com\/?post_type=product&#038;p=63718"},"modified":"2026-04-27T11:51:13","modified_gmt":"2026-04-27T10:51:13","slug":"tourisme-art-et-memoire","status":"publish","type":"product","link":"https:\/\/www.istegroup.com\/en\/produit\/tourisme-art-et-memoire\/","title":{"rendered":"Tourisme, art et m\u00e9moire"},"content":{"rendered":"<p>Cet ouvrage, issu du colloque international consacr\u00e9 au tourisme, aux arts et aux m\u00e9moires tenue \u00e0 l\u2019Universit\u00e9 de Lille en 2024 et r\u00e9alis\u00e9e en partenariat avec l\u2019 Universit\u00e9 du Littoral et de la C\u00f4te d\u2019Opale, examine les relations entre ces trois notions et la mani\u00e8re dont leurs interactions se sont transform\u00e9es et adapt\u00e9es au contexte contemporain.<\/p>\n<p>\u00c0 la suite des comm\u00e9morations du 80e anniversaire du D\u00e9barquement en Normandie, la premi\u00e8re partie s\u2019int\u00e9resse \u00e0 la guerre comme facteur structurant de ces relations et de leur \u00e9volution. La seconde partie montre comment le cin\u00e9ma constitue un prisme d\u2019analyse privil\u00e9gi\u00e9 pour observer l\u2019articulation entre tourisme, art et m\u00e9moire. Cette articulation est ensuite abord\u00e9e dans une troisi\u00e8me partie consacr\u00e9e au patrimoine.<\/p>\n<p>Enfin, la derni\u00e8re partie s\u2019int\u00e9resse aux festivals et aux mus\u00e9es, lieux particuli\u00e8rement propices \u00e0 la rencontre entre ces trois dimensions, \u00e0 travers trois \u00e9tudes de cas situ\u00e9es dans les Hauts-de-France.<\/p>\n","protected":false},"excerpt":{"rendered":"<p>Cet ouvrage, issu du colloque international consacr\u00e9 au tourisme, aux arts et aux m\u00e9moires tenue \u00e0 l\u2019Universit\u00e9 de Lille en 2024 et r\u00e9alis\u00e9e en partenariat avec l\u2019 Universit\u00e9 du Littoral et de la C\u00f4te d\u2019Opale, examine les relations entre ces trois notions et la mani\u00e8re dont leurs interactions se sont transform\u00e9es et adapt\u00e9es au contexte [&hellip;]<\/p>\n","protected":false},"featured_media":63728,"template":"","meta":{"_acf_changed":false,"_links_to":"","_links_to_target":""},"product_brand":[],"product_cat":[3262,684],"product_tag":[],"class_list":{"0":"post-63718","1":"product","2":"type-product","3":"status-publish","4":"has-post-thumbnail","6":"product_cat-non-classe","7":"product_cat-sciences-socit-et-nouvelles-technologies-188422468","9":"first","10":"instock","11":"shipping-taxable","12":"purchasable","13":"product-type-variable"},"acf":[],"yoast_head":"<!-- This site is optimized with the Yoast SEO plugin v27.2 - https:\/\/yoast.com\/product\/yoast-seo-wordpress\/ -->\n<title>Tourisme, art et m\u00e9moire - ISTE Group<\/title>\n<meta name=\"description\" content=\"Cet ouvrage, issu du colloque international consacr\u00e9 au tourisme, aux arts et aux m\u00e9moires tenue \u00e0 l\u2019Universit\u00e9 de Lille en 2024 et r\u00e9alis\u00e9e en partenariat avec l\u2019 Universit\u00e9 du Littoral et de la C\u00f4te d\u2019Opale, examine les relations entre ces trois notions et la mani\u00e8re dont leurs interactions se sont transform\u00e9es et adapt\u00e9es au contexte contemporain.\" \/>\n<meta name=\"robots\" content=\"index, follow, max-snippet:-1, max-image-preview:large, max-video-preview:-1\" \/>\n<link rel=\"canonical\" href=\"https:\/\/www.istegroup.com\/produit\/tourisme-art-et-memoire\/\" \/>\n<meta property=\"og:locale\" content=\"en_US\" \/>\n<meta property=\"og:type\" content=\"article\" \/>\n<meta property=\"og:title\" content=\"Tourisme, art et m\u00e9moire - ISTE Group\" \/>\n<meta property=\"og:description\" content=\"Cet ouvrage, issu du colloque international consacr\u00e9 au tourisme, aux arts et aux m\u00e9moires tenue \u00e0 l\u2019Universit\u00e9 de Lille en 2024 et r\u00e9alis\u00e9e en partenariat avec l\u2019 Universit\u00e9 du Littoral et de la C\u00f4te d\u2019Opale, examine les relations entre ces trois notions et la mani\u00e8re dont leurs interactions se sont transform\u00e9es et adapt\u00e9es au contexte contemporain.\" \/>\n<meta property=\"og:url\" content=\"https:\/\/www.istegroup.com\/produit\/tourisme-art-et-memoire\/\" \/>\n<meta property=\"og:site_name\" content=\"ISTE Group\" \/>\n<meta property=\"article:modified_time\" content=\"2026-04-27T10:51:13+00:00\" \/>\n<meta property=\"og:image\" content=\"https:\/\/www.istegroup.com\/wp-content\/uploads\/2026\/04\/Tourisme-art-et-memoire_front.jpg\" \/>\n\t<meta property=\"og:image:width\" content=\"662\" \/>\n\t<meta property=\"og:image:height\" content=\"997\" \/>\n\t<meta property=\"og:image:type\" content=\"image\/jpeg\" \/>\n<meta name=\"twitter:card\" content=\"summary_large_image\" \/>\n<meta name=\"twitter:label1\" content=\"Est. reading time\" \/>\n\t<meta name=\"twitter:data1\" content=\"1 minute\" \/>\n<script type=\"application\/ld+json\" class=\"yoast-schema-graph\">{\"@context\":\"https:\/\/schema.org\",\"@graph\":[{\"@type\":\"WebPage\",\"@id\":\"https:\/\/www.istegroup.com\/produit\/tourisme-art-et-memoire\/\",\"url\":\"https:\/\/www.istegroup.com\/produit\/tourisme-art-et-memoire\/\",\"name\":\"Tourisme, art et m\u00e9moire - ISTE Group\",\"isPartOf\":{\"@id\":\"https:\/\/www.istegroup.com\/#website\"},\"primaryImageOfPage\":{\"@id\":\"https:\/\/www.istegroup.com\/produit\/tourisme-art-et-memoire\/#primaryimage\"},\"image\":{\"@id\":\"https:\/\/www.istegroup.com\/produit\/tourisme-art-et-memoire\/#primaryimage\"},\"thumbnailUrl\":\"https:\/\/www.istegroup.com\/wp-content\/uploads\/2026\/04\/Tourisme-art-et-memoire_front.jpg\",\"datePublished\":\"2026-04-24T09:54:22+00:00\",\"dateModified\":\"2026-04-27T10:51:13+00:00\",\"description\":\"Cet ouvrage, issu du colloque international consacr\u00e9 au tourisme, aux arts et aux m\u00e9moires tenue \u00e0 l\u2019Universit\u00e9 de Lille en 2024 et r\u00e9alis\u00e9e en partenariat avec l\u2019 Universit\u00e9 du Littoral et de la C\u00f4te d\u2019Opale, examine les relations entre ces trois notions et la mani\u00e8re dont leurs interactions se sont transform\u00e9es et adapt\u00e9es au contexte contemporain.\",\"breadcrumb\":{\"@id\":\"https:\/\/www.istegroup.com\/produit\/tourisme-art-et-memoire\/#breadcrumb\"},\"inLanguage\":\"en-US\",\"potentialAction\":[{\"@type\":\"ReadAction\",\"target\":[\"https:\/\/www.istegroup.com\/produit\/tourisme-art-et-memoire\/\"]}]},{\"@type\":\"ImageObject\",\"inLanguage\":\"en-US\",\"@id\":\"https:\/\/www.istegroup.com\/produit\/tourisme-art-et-memoire\/#primaryimage\",\"url\":\"https:\/\/www.istegroup.com\/wp-content\/uploads\/2026\/04\/Tourisme-art-et-memoire_front.jpg\",\"contentUrl\":\"https:\/\/www.istegroup.com\/wp-content\/uploads\/2026\/04\/Tourisme-art-et-memoire_front.jpg\",\"width\":662,\"height\":997},{\"@type\":\"BreadcrumbList\",\"@id\":\"https:\/\/www.istegroup.com\/produit\/tourisme-art-et-memoire\/#breadcrumb\",\"itemListElement\":[{\"@type\":\"ListItem\",\"position\":1,\"name\":\"Home\",\"item\":\"https:\/\/www.istegroup.com\/\"},{\"@type\":\"ListItem\",\"position\":2,\"name\":\"Shop\",\"item\":\"https:\/\/www.istegroup.com\/fr\/nouveautes\/\"},{\"@type\":\"ListItem\",\"position\":3,\"name\":\"Tourisme, art et m\u00e9moire\"}]},{\"@type\":\"WebSite\",\"@id\":\"https:\/\/www.istegroup.com\/#website\",\"url\":\"https:\/\/www.istegroup.com\/\",\"name\":\"ISTE Group\",\"description\":\"Publishing Knowledge\",\"potentialAction\":[{\"@type\":\"SearchAction\",\"target\":{\"@type\":\"EntryPoint\",\"urlTemplate\":\"https:\/\/www.istegroup.com\/?s={search_term_string}\"},\"query-input\":{\"@type\":\"PropertyValueSpecification\",\"valueRequired\":true,\"valueName\":\"search_term_string\"}}],\"inLanguage\":\"en-US\"}]}<\/script>\n<!-- \/ Yoast SEO plugin. -->","yoast_head_json":{"title":"Tourisme, art et m\u00e9moire - ISTE Group","description":"Cet ouvrage, issu du colloque international consacr\u00e9 au tourisme, aux arts et aux m\u00e9moires tenue \u00e0 l\u2019Universit\u00e9 de Lille en 2024 et r\u00e9alis\u00e9e en partenariat avec l\u2019 Universit\u00e9 du Littoral et de la C\u00f4te d\u2019Opale, examine les relations entre ces trois notions et la mani\u00e8re dont leurs interactions se sont transform\u00e9es et adapt\u00e9es au contexte contemporain.","robots":{"index":"index","follow":"follow","max-snippet":"max-snippet:-1","max-image-preview":"max-image-preview:large","max-video-preview":"max-video-preview:-1"},"canonical":"https:\/\/www.istegroup.com\/produit\/tourisme-art-et-memoire\/","og_locale":"en_US","og_type":"article","og_title":"Tourisme, art et m\u00e9moire - ISTE Group","og_description":"Cet ouvrage, issu du colloque international consacr\u00e9 au tourisme, aux arts et aux m\u00e9moires tenue \u00e0 l\u2019Universit\u00e9 de Lille en 2024 et r\u00e9alis\u00e9e en partenariat avec l\u2019 Universit\u00e9 du Littoral et de la C\u00f4te d\u2019Opale, examine les relations entre ces trois notions et la mani\u00e8re dont leurs interactions se sont transform\u00e9es et adapt\u00e9es au contexte contemporain.","og_url":"https:\/\/www.istegroup.com\/produit\/tourisme-art-et-memoire\/","og_site_name":"ISTE Group","article_modified_time":"2026-04-27T10:51:13+00:00","og_image":[{"width":662,"height":997,"url":"https:\/\/www.istegroup.com\/wp-content\/uploads\/2026\/04\/Tourisme-art-et-memoire_front.jpg","type":"image\/jpeg"}],"twitter_card":"summary_large_image","twitter_misc":{"Est. reading time":"1 minute"},"schema":{"@context":"https:\/\/schema.org","@graph":[{"@type":"WebPage","@id":"https:\/\/www.istegroup.com\/produit\/tourisme-art-et-memoire\/","url":"https:\/\/www.istegroup.com\/produit\/tourisme-art-et-memoire\/","name":"Tourisme, art et m\u00e9moire - ISTE Group","isPartOf":{"@id":"https:\/\/www.istegroup.com\/#website"},"primaryImageOfPage":{"@id":"https:\/\/www.istegroup.com\/produit\/tourisme-art-et-memoire\/#primaryimage"},"image":{"@id":"https:\/\/www.istegroup.com\/produit\/tourisme-art-et-memoire\/#primaryimage"},"thumbnailUrl":"https:\/\/www.istegroup.com\/wp-content\/uploads\/2026\/04\/Tourisme-art-et-memoire_front.jpg","datePublished":"2026-04-24T09:54:22+00:00","dateModified":"2026-04-27T10:51:13+00:00","description":"Cet ouvrage, issu du colloque international consacr\u00e9 au tourisme, aux arts et aux m\u00e9moires tenue \u00e0 l\u2019Universit\u00e9 de Lille en 2024 et r\u00e9alis\u00e9e en partenariat avec l\u2019 Universit\u00e9 du Littoral et de la C\u00f4te d\u2019Opale, examine les relations entre ces trois notions et la mani\u00e8re dont leurs interactions se sont transform\u00e9es et adapt\u00e9es au contexte contemporain.","breadcrumb":{"@id":"https:\/\/www.istegroup.com\/produit\/tourisme-art-et-memoire\/#breadcrumb"},"inLanguage":"en-US","potentialAction":[{"@type":"ReadAction","target":["https:\/\/www.istegroup.com\/produit\/tourisme-art-et-memoire\/"]}]},{"@type":"ImageObject","inLanguage":"en-US","@id":"https:\/\/www.istegroup.com\/produit\/tourisme-art-et-memoire\/#primaryimage","url":"https:\/\/www.istegroup.com\/wp-content\/uploads\/2026\/04\/Tourisme-art-et-memoire_front.jpg","contentUrl":"https:\/\/www.istegroup.com\/wp-content\/uploads\/2026\/04\/Tourisme-art-et-memoire_front.jpg","width":662,"height":997},{"@type":"BreadcrumbList","@id":"https:\/\/www.istegroup.com\/produit\/tourisme-art-et-memoire\/#breadcrumb","itemListElement":[{"@type":"ListItem","position":1,"name":"Home","item":"https:\/\/www.istegroup.com\/"},{"@type":"ListItem","position":2,"name":"Shop","item":"https:\/\/www.istegroup.com\/fr\/nouveautes\/"},{"@type":"ListItem","position":3,"name":"Tourisme, art et m\u00e9moire"}]},{"@type":"WebSite","@id":"https:\/\/www.istegroup.com\/#website","url":"https:\/\/www.istegroup.com\/","name":"ISTE Group","description":"Publishing Knowledge","potentialAction":[{"@type":"SearchAction","target":{"@type":"EntryPoint","urlTemplate":"https:\/\/www.istegroup.com\/?s={search_term_string}"},"query-input":{"@type":"PropertyValueSpecification","valueRequired":true,"valueName":"search_term_string"}}],"inLanguage":"en-US"}]}},"_links":{"self":[{"href":"https:\/\/www.istegroup.com\/en\/wp-json\/wp\/v2\/product\/63718","targetHints":{"allow":["GET"]}}],"collection":[{"href":"https:\/\/www.istegroup.com\/en\/wp-json\/wp\/v2\/product"}],"about":[{"href":"https:\/\/www.istegroup.com\/en\/wp-json\/wp\/v2\/types\/product"}],"wp:featuredmedia":[{"embeddable":true,"href":"https:\/\/www.istegroup.com\/en\/wp-json\/wp\/v2\/media\/63728"}],"wp:attachment":[{"href":"https:\/\/www.istegroup.com\/en\/wp-json\/wp\/v2\/media?parent=63718"}],"wp:term":[{"taxonomy":"product_brand","embeddable":true,"href":"https:\/\/www.istegroup.com\/en\/wp-json\/wp\/v2\/product_brand?post=63718"},{"taxonomy":"product_cat","embeddable":true,"href":"https:\/\/www.istegroup.com\/en\/wp-json\/wp\/v2\/product_cat?post=63718"},{"taxonomy":"product_tag","embeddable":true,"href":"https:\/\/www.istegroup.com\/en\/wp-json\/wp\/v2\/product_tag?post=63718"}],"curies":[{"name":"wp","href":"https:\/\/api.w.org\/{rel}","templated":true}]}}