{"id":61089,"date":"2025-07-23T10:25:12","date_gmt":"2025-07-23T09:25:12","guid":{"rendered":"https:\/\/www.istegroup.com\/?post_type=product&#038;p=61089"},"modified":"2025-07-23T11:07:16","modified_gmt":"2025-07-23T10:07:16","slug":"mediations-visuelles","status":"publish","type":"product","link":"https:\/\/www.istegroup.com\/en\/produit\/mediations-visuelles\/","title":{"rendered":"M\u00e9diations visuelles"},"content":{"rendered":"<p>Cet ouvrage propose une r\u00e9flexion sur la place de la documentation dans les soci\u00e9t\u00e9s contemporaines et sur les modalit\u00e9s d\u2019un enseignement, notamment scolaire, autour des objets visuels. Il s\u2019agit d\u2019interroger la mani\u00e8re dont les individus per\u00e7oivent l\u2019image et la d\u00e9finissent \u00e0 travers le temps, les formes et les injonctions, entre \u00e9motions, ressentis, messages, symboles et valeurs. L\u2019acc\u00e8s aux images anciennes reste souvent difficile, en partie en raison des valeurs soci\u00e9tales qui leur sont attribu\u00e9es. Par ailleurs, la compr\u00e9hension des images actuelles appara\u00eet essentielle pour accompagner les \u00e9volutions socioculturelles dans une perspective d\u00e9mocratique.<\/p>\n<p><em>M\u00e9diations visuelles<\/em> examine les r\u00e9flexes, les pratiques, les fonctions, les effets et les usages qui caract\u00e9risent les dynamiques de production, de transmission et de r\u00e9ception de toute image. Cette analyse vise \u00e0 mieux comprendre comment se construisent les relations actuelles aux images du pass\u00e9 et du pr\u00e9sent, dans un contexte marqu\u00e9 par des enjeux de pouvoir m\u00e9diatique toujours pr\u00e9gnants. La d\u00e9marche adopt\u00e9e se veut \u00e0 la fois \u00e9pist\u00e9mologique, info-communicationnelle et infodocumentaire.<\/p>\n","protected":false},"excerpt":{"rendered":"<p>Cet ouvrage propose une r\u00e9flexion sur la place de la documentation dans les soci\u00e9t\u00e9s contemporaines et sur les modalit\u00e9s d\u2019un enseignement, notamment scolaire, autour des objets visuels. Il s\u2019agit d\u2019interroger la mani\u00e8re dont les individus per\u00e7oivent l\u2019image et la d\u00e9finissent \u00e0 travers le temps, les formes et les injonctions, entre \u00e9motions, ressentis, messages, symboles et [&hellip;]<\/p>\n","protected":false},"featured_media":61097,"template":"","meta":{"_acf_changed":false,"_links_to":"","_links_to_target":""},"product_brand":[],"product_cat":[707],"product_tag":[],"class_list":{"0":"post-61089","1":"product","2":"type-product","3":"status-publish","4":"has-post-thumbnail","6":"product_cat-systmes-dinformation-web-et-socit-12506570","8":"first","9":"instock","10":"shipping-taxable","11":"purchasable","12":"product-type-variable"},"acf":[],"yoast_head":"<!-- This site is optimized with the Yoast SEO plugin v27.2 - https:\/\/yoast.com\/product\/yoast-seo-wordpress\/ -->\n<title>M\u00e9diations visuelles - ISTE Group<\/title>\n<meta name=\"description\" content=\"M\u00e9diations visuelles examine les r\u00e9flexes, les pratiques, les fonctions, les effets et les usages qui caract\u00e9risent les dynamiques de production, de transmission et de r\u00e9ception de toute image.\" \/>\n<meta name=\"robots\" content=\"index, follow, max-snippet:-1, max-image-preview:large, max-video-preview:-1\" \/>\n<link rel=\"canonical\" href=\"https:\/\/www.istegroup.com\/produit\/mediations-visuelles\/\" \/>\n<meta property=\"og:locale\" content=\"en_US\" \/>\n<meta property=\"og:type\" content=\"article\" \/>\n<meta property=\"og:title\" content=\"M\u00e9diations visuelles - ISTE Group\" \/>\n<meta property=\"og:description\" content=\"M\u00e9diations visuelles examine les r\u00e9flexes, les pratiques, les fonctions, les effets et les usages qui caract\u00e9risent les dynamiques de production, de transmission et de r\u00e9ception de toute image.\" \/>\n<meta property=\"og:url\" content=\"https:\/\/www.istegroup.com\/produit\/mediations-visuelles\/\" \/>\n<meta property=\"og:site_name\" content=\"ISTE Group\" \/>\n<meta property=\"article:modified_time\" content=\"2025-07-23T10:07:16+00:00\" \/>\n<meta property=\"og:image\" content=\"https:\/\/www.istegroup.com\/wp-content\/uploads\/2025\/07\/Mediations-visuelles_front.jpg\" \/>\n\t<meta property=\"og:image:width\" content=\"548\" \/>\n\t<meta property=\"og:image:height\" content=\"841\" \/>\n\t<meta property=\"og:image:type\" content=\"image\/jpeg\" \/>\n<meta name=\"twitter:card\" content=\"summary_large_image\" \/>\n<meta name=\"twitter:label1\" content=\"Est. reading time\" \/>\n\t<meta name=\"twitter:data1\" content=\"2 minutes\" \/>\n<script type=\"application\/ld+json\" class=\"yoast-schema-graph\">{\"@context\":\"https:\/\/schema.org\",\"@graph\":[{\"@type\":\"WebPage\",\"@id\":\"https:\/\/www.istegroup.com\/produit\/mediations-visuelles\/\",\"url\":\"https:\/\/www.istegroup.com\/produit\/mediations-visuelles\/\",\"name\":\"M\u00e9diations visuelles - ISTE Group\",\"isPartOf\":{\"@id\":\"https:\/\/www.istegroup.com\/#website\"},\"primaryImageOfPage\":{\"@id\":\"https:\/\/www.istegroup.com\/produit\/mediations-visuelles\/#primaryimage\"},\"image\":{\"@id\":\"https:\/\/www.istegroup.com\/produit\/mediations-visuelles\/#primaryimage\"},\"thumbnailUrl\":\"https:\/\/www.istegroup.com\/wp-content\/uploads\/2025\/07\/Mediations-visuelles_front.jpg\",\"datePublished\":\"2025-07-23T09:25:12+00:00\",\"dateModified\":\"2025-07-23T10:07:16+00:00\",\"description\":\"M\u00e9diations visuelles examine les r\u00e9flexes, les pratiques, les fonctions, les effets et les usages qui caract\u00e9risent les dynamiques de production, de transmission et de r\u00e9ception de toute image.\",\"breadcrumb\":{\"@id\":\"https:\/\/www.istegroup.com\/produit\/mediations-visuelles\/#breadcrumb\"},\"inLanguage\":\"en-US\",\"potentialAction\":[{\"@type\":\"ReadAction\",\"target\":[\"https:\/\/www.istegroup.com\/produit\/mediations-visuelles\/\"]}]},{\"@type\":\"ImageObject\",\"inLanguage\":\"en-US\",\"@id\":\"https:\/\/www.istegroup.com\/produit\/mediations-visuelles\/#primaryimage\",\"url\":\"https:\/\/www.istegroup.com\/wp-content\/uploads\/2025\/07\/Mediations-visuelles_front.jpg\",\"contentUrl\":\"https:\/\/www.istegroup.com\/wp-content\/uploads\/2025\/07\/Mediations-visuelles_front.jpg\",\"width\":548,\"height\":841},{\"@type\":\"BreadcrumbList\",\"@id\":\"https:\/\/www.istegroup.com\/produit\/mediations-visuelles\/#breadcrumb\",\"itemListElement\":[{\"@type\":\"ListItem\",\"position\":1,\"name\":\"Home\",\"item\":\"https:\/\/www.istegroup.com\/\"},{\"@type\":\"ListItem\",\"position\":2,\"name\":\"Shop\",\"item\":\"https:\/\/www.istegroup.com\/fr\/nouveautes\/\"},{\"@type\":\"ListItem\",\"position\":3,\"name\":\"M\u00e9diations visuelles\"}]},{\"@type\":\"WebSite\",\"@id\":\"https:\/\/www.istegroup.com\/#website\",\"url\":\"https:\/\/www.istegroup.com\/\",\"name\":\"ISTE Group\",\"description\":\"Publishing Knowledge\",\"potentialAction\":[{\"@type\":\"SearchAction\",\"target\":{\"@type\":\"EntryPoint\",\"urlTemplate\":\"https:\/\/www.istegroup.com\/?s={search_term_string}\"},\"query-input\":{\"@type\":\"PropertyValueSpecification\",\"valueRequired\":true,\"valueName\":\"search_term_string\"}}],\"inLanguage\":\"en-US\"}]}<\/script>\n<!-- \/ Yoast SEO plugin. -->","yoast_head_json":{"title":"M\u00e9diations visuelles - ISTE Group","description":"M\u00e9diations visuelles examine les r\u00e9flexes, les pratiques, les fonctions, les effets et les usages qui caract\u00e9risent les dynamiques de production, de transmission et de r\u00e9ception de toute image.","robots":{"index":"index","follow":"follow","max-snippet":"max-snippet:-1","max-image-preview":"max-image-preview:large","max-video-preview":"max-video-preview:-1"},"canonical":"https:\/\/www.istegroup.com\/produit\/mediations-visuelles\/","og_locale":"en_US","og_type":"article","og_title":"M\u00e9diations visuelles - ISTE Group","og_description":"M\u00e9diations visuelles examine les r\u00e9flexes, les pratiques, les fonctions, les effets et les usages qui caract\u00e9risent les dynamiques de production, de transmission et de r\u00e9ception de toute image.","og_url":"https:\/\/www.istegroup.com\/produit\/mediations-visuelles\/","og_site_name":"ISTE Group","article_modified_time":"2025-07-23T10:07:16+00:00","og_image":[{"width":548,"height":841,"url":"https:\/\/www.istegroup.com\/wp-content\/uploads\/2025\/07\/Mediations-visuelles_front.jpg","type":"image\/jpeg"}],"twitter_card":"summary_large_image","twitter_misc":{"Est. reading time":"2 minutes"},"schema":{"@context":"https:\/\/schema.org","@graph":[{"@type":"WebPage","@id":"https:\/\/www.istegroup.com\/produit\/mediations-visuelles\/","url":"https:\/\/www.istegroup.com\/produit\/mediations-visuelles\/","name":"M\u00e9diations visuelles - ISTE Group","isPartOf":{"@id":"https:\/\/www.istegroup.com\/#website"},"primaryImageOfPage":{"@id":"https:\/\/www.istegroup.com\/produit\/mediations-visuelles\/#primaryimage"},"image":{"@id":"https:\/\/www.istegroup.com\/produit\/mediations-visuelles\/#primaryimage"},"thumbnailUrl":"https:\/\/www.istegroup.com\/wp-content\/uploads\/2025\/07\/Mediations-visuelles_front.jpg","datePublished":"2025-07-23T09:25:12+00:00","dateModified":"2025-07-23T10:07:16+00:00","description":"M\u00e9diations visuelles examine les r\u00e9flexes, les pratiques, les fonctions, les effets et les usages qui caract\u00e9risent les dynamiques de production, de transmission et de r\u00e9ception de toute image.","breadcrumb":{"@id":"https:\/\/www.istegroup.com\/produit\/mediations-visuelles\/#breadcrumb"},"inLanguage":"en-US","potentialAction":[{"@type":"ReadAction","target":["https:\/\/www.istegroup.com\/produit\/mediations-visuelles\/"]}]},{"@type":"ImageObject","inLanguage":"en-US","@id":"https:\/\/www.istegroup.com\/produit\/mediations-visuelles\/#primaryimage","url":"https:\/\/www.istegroup.com\/wp-content\/uploads\/2025\/07\/Mediations-visuelles_front.jpg","contentUrl":"https:\/\/www.istegroup.com\/wp-content\/uploads\/2025\/07\/Mediations-visuelles_front.jpg","width":548,"height":841},{"@type":"BreadcrumbList","@id":"https:\/\/www.istegroup.com\/produit\/mediations-visuelles\/#breadcrumb","itemListElement":[{"@type":"ListItem","position":1,"name":"Home","item":"https:\/\/www.istegroup.com\/"},{"@type":"ListItem","position":2,"name":"Shop","item":"https:\/\/www.istegroup.com\/fr\/nouveautes\/"},{"@type":"ListItem","position":3,"name":"M\u00e9diations visuelles"}]},{"@type":"WebSite","@id":"https:\/\/www.istegroup.com\/#website","url":"https:\/\/www.istegroup.com\/","name":"ISTE Group","description":"Publishing Knowledge","potentialAction":[{"@type":"SearchAction","target":{"@type":"EntryPoint","urlTemplate":"https:\/\/www.istegroup.com\/?s={search_term_string}"},"query-input":{"@type":"PropertyValueSpecification","valueRequired":true,"valueName":"search_term_string"}}],"inLanguage":"en-US"}]}},"_links":{"self":[{"href":"https:\/\/www.istegroup.com\/en\/wp-json\/wp\/v2\/product\/61089","targetHints":{"allow":["GET"]}}],"collection":[{"href":"https:\/\/www.istegroup.com\/en\/wp-json\/wp\/v2\/product"}],"about":[{"href":"https:\/\/www.istegroup.com\/en\/wp-json\/wp\/v2\/types\/product"}],"wp:featuredmedia":[{"embeddable":true,"href":"https:\/\/www.istegroup.com\/en\/wp-json\/wp\/v2\/media\/61097"}],"wp:attachment":[{"href":"https:\/\/www.istegroup.com\/en\/wp-json\/wp\/v2\/media?parent=61089"}],"wp:term":[{"taxonomy":"product_brand","embeddable":true,"href":"https:\/\/www.istegroup.com\/en\/wp-json\/wp\/v2\/product_brand?post=61089"},{"taxonomy":"product_cat","embeddable":true,"href":"https:\/\/www.istegroup.com\/en\/wp-json\/wp\/v2\/product_cat?post=61089"},{"taxonomy":"product_tag","embeddable":true,"href":"https:\/\/www.istegroup.com\/en\/wp-json\/wp\/v2\/product_tag?post=61089"}],"curies":[{"name":"wp","href":"https:\/\/api.w.org\/{rel}","templated":true}]}}