{"id":413,"date":"2017-06-28T13:55:06","date_gmt":"2017-06-28T11:55:06","guid":{"rendered":"https:\/\/iste.yhello.co\/product\/les-intelligences-collectives-dans-lhorizon-du-trans-et-posthumanisme\/"},"modified":"2024-01-03T13:39:55","modified_gmt":"2024-01-03T13:39:55","slug":"les-intelligences-collectives-dans-lhorizon-du-trans-et-posthumanisme","status":"publish","type":"product","link":"https:\/\/www.istegroup.com\/en\/produit\/les-intelligences-collectives-dans-lhorizon-du-trans-et-posthumanisme\/","title":{"rendered":"Les intelligences collectives dans l\u2019horizon du trans et posthumanisme"},"content":{"rendered":"<p>La s\u00e9rie\u00a0<em>Technologies Intellectives<\/em>\u00a0propose des ouvrages qui explorent le travail, l\u2019enchev\u00eatrement des \u00e9critures et le d\u00e9veloppement de technologies intellectuelles qui automatisent pour partie certains des processus cognitifs. Elle pr\u00e9sente des travaux qui font face \u00e0 la mont\u00e9e en puissance de l\u2019algorithmique ainsi qu\u2019\u00e0 l\u2019\u00e9mergence de nouvelles formes d\u2019intelligence collective dans divers domaines (la recherche, le monde militaire, les organisations&#8230;). Elle ouvre un espace aux travaux concernant les devenirs de l&#8217;intelligence associ\u00e9s \u00e0 la croissance de l&#8217;internet des objets, de l\u2019hybridation du vivant et de l\u2019intelligence artificielle.<\/p>\n<p>Une profonde transformation des modes d\u2019intelligibilit\u00e9 et de production des savoirs est en cours. Le \u00ab plissement num\u00e9rique du monde \u00bb, associ\u00e9 \u00e0 la convergence des nanotechnologies, biotechnologies, informatiques et sciences cognitives (NBIC), affecte les agencements collectifs de pens\u00e9e et les dispositifs de recherches.<\/p>\n<p><em>Les intelligences collectives dans l\u2019horizon du trans et posthumanisme<\/em>\u00a0analyse la place de ces intelligences \u00ab au milieu \u00bb du couplage des horizons ontologiques et des processus de maturation biotechniques. Apr\u00e8s avoir pr\u00e9sent\u00e9 les caract\u00e9ristiques les plus saillantes du paysage des intelligences collectives, il offre une synth\u00e8se des narrations trans et posthumanistes en les suivant au plus pr\u00e8s de leurs \u00e9nonc\u00e9s, en les mettant en perspective dans l\u2019histoire, et en indiquant de quoi ces \u00e9nonc\u00e9s sont le sympt\u00f4me. Enfin, il met en relief les principaux probl\u00e8mes auxquels l\u2019encyclop\u00e9disme fait face, ainsi que les modes concrets de son incarnation.<\/p>\n","protected":false},"excerpt":{"rendered":"<p>La s\u00e9rie\u00a0Technologies Intellectives\u00a0propose des ouvrages qui explorent le travail, l\u2019enchev\u00eatrement des \u00e9critures et le d\u00e9veloppement de technologies intellectuelles qui automatisent pour partie certains des processus cognitifs. Elle pr\u00e9sente des travaux qui font face \u00e0 la mont\u00e9e en puissance de l\u2019algorithmique ainsi qu\u2019\u00e0 l\u2019\u00e9mergence de nouvelles formes d\u2019intelligence collective dans divers domaines (la recherche, le monde [&hellip;]<\/p>\n","protected":false},"featured_media":414,"template":"","meta":{"_acf_changed":false,"_links_to":"","_links_to_target":""},"product_brand":[],"product_cat":[675,723,707],"product_tag":[18,19,20,21,22,61,62,63,26,27,28,29],"class_list":{"0":"post-413","1":"product","2":"type-product","3":"status-publish","4":"has-post-thumbnail","6":"product_cat-nouveauts-12519446","7":"product_cat-srie-technologies-intellectives-378319432","8":"product_cat-systmes-dinformation-web-et-socit-12506570","9":"product_tag-edition-scientifique","10":"product_tag-editions-francaise","11":"product_tag-editions-technique","12":"product_tag-iste-group","13":"product_tag-istegroup","14":"product_tag-jean-max-noyer","15":"product_tag-les-intelligences-collectives-dans-lhorizon-du-trans-et-posthumanisme","16":"product_tag-livre-electronique","17":"product_tag-livre-scientifique-francais","18":"product_tag-livre-technique-francais","19":"product_tag-ouvrage-scientifique-francais","20":"product_tag-ouvrage-technique","22":"first","23":"instock","24":"shipping-taxable","25":"purchasable","26":"product-type-variable"},"acf":[],"yoast_head":"<!-- This site is optimized with the Yoast SEO plugin v27.2 - https:\/\/yoast.com\/product\/yoast-seo-wordpress\/ -->\n<title>Les intelligences collectives dans l\u2019horizon du trans et posthumanisme - ISTE Group<\/title>\n<meta name=\"description\" content=\"L&#039;ouvrage analyse la place des intelligences collectives dans l\u2019horizon du trans et posthumanisme et examine les probl\u00e8mes auxquels l\u2019encyclop\u00e9disme fait face.\" \/>\n<meta name=\"robots\" content=\"index, follow, max-snippet:-1, max-image-preview:large, max-video-preview:-1\" \/>\n<link rel=\"canonical\" href=\"https:\/\/www.istegroup.com\/en\/produit\/les-intelligences-collectives-dans-lhorizon-du-trans-et-posthumanisme\/\" \/>\n<meta property=\"og:locale\" content=\"en_US\" \/>\n<meta property=\"og:type\" content=\"article\" \/>\n<meta property=\"og:title\" content=\"Les intelligences collectives dans l\u2019horizon du trans et posthumanisme - ISTE Group\" \/>\n<meta property=\"og:description\" content=\"L&#039;ouvrage analyse la place des intelligences collectives dans l\u2019horizon du trans et posthumanisme et examine les probl\u00e8mes auxquels l\u2019encyclop\u00e9disme fait face.\" \/>\n<meta property=\"og:url\" content=\"https:\/\/www.istegroup.com\/en\/produit\/les-intelligences-collectives-dans-lhorizon-du-trans-et-posthumanisme\/\" \/>\n<meta property=\"og:site_name\" content=\"ISTE Group\" \/>\n<meta property=\"article:modified_time\" content=\"2024-01-03T13:39:55+00:00\" \/>\n<meta property=\"og:image\" content=\"https:\/\/www.istegroup.com\/wp-content\/uploads\/2017\/07\/21646293457_9660864209-1.jpg\" \/>\n\t<meta property=\"og:image:width\" content=\"300\" \/>\n\t<meta property=\"og:image:height\" content=\"451\" \/>\n\t<meta property=\"og:image:type\" content=\"image\/jpeg\" \/>\n<meta name=\"twitter:card\" content=\"summary_large_image\" \/>\n<meta name=\"twitter:label1\" content=\"Est. reading time\" \/>\n\t<meta name=\"twitter:data1\" content=\"1 minute\" \/>\n<script type=\"application\/ld+json\" class=\"yoast-schema-graph\">{\"@context\":\"https:\/\/schema.org\",\"@graph\":[{\"@type\":\"WebPage\",\"@id\":\"https:\/\/www.istegroup.com\/en\/produit\/les-intelligences-collectives-dans-lhorizon-du-trans-et-posthumanisme\/\",\"url\":\"https:\/\/www.istegroup.com\/en\/produit\/les-intelligences-collectives-dans-lhorizon-du-trans-et-posthumanisme\/\",\"name\":\"Les intelligences collectives dans l\u2019horizon du trans et posthumanisme - ISTE Group\",\"isPartOf\":{\"@id\":\"https:\/\/www.istegroup.com\/#website\"},\"primaryImageOfPage\":{\"@id\":\"https:\/\/www.istegroup.com\/en\/produit\/les-intelligences-collectives-dans-lhorizon-du-trans-et-posthumanisme\/#primaryimage\"},\"image\":{\"@id\":\"https:\/\/www.istegroup.com\/en\/produit\/les-intelligences-collectives-dans-lhorizon-du-trans-et-posthumanisme\/#primaryimage\"},\"thumbnailUrl\":\"https:\/\/www.istegroup.com\/wp-content\/uploads\/2017\/07\/21646293457_9660864209-1.jpg\",\"datePublished\":\"2017-06-28T11:55:06+00:00\",\"dateModified\":\"2024-01-03T13:39:55+00:00\",\"description\":\"L'ouvrage analyse la place des intelligences collectives dans l\u2019horizon du trans et posthumanisme et examine les probl\u00e8mes auxquels l\u2019encyclop\u00e9disme fait face.\",\"breadcrumb\":{\"@id\":\"https:\/\/www.istegroup.com\/en\/produit\/les-intelligences-collectives-dans-lhorizon-du-trans-et-posthumanisme\/#breadcrumb\"},\"inLanguage\":\"en-US\",\"potentialAction\":[{\"@type\":\"ReadAction\",\"target\":[\"https:\/\/www.istegroup.com\/en\/produit\/les-intelligences-collectives-dans-lhorizon-du-trans-et-posthumanisme\/\"]}]},{\"@type\":\"ImageObject\",\"inLanguage\":\"en-US\",\"@id\":\"https:\/\/www.istegroup.com\/en\/produit\/les-intelligences-collectives-dans-lhorizon-du-trans-et-posthumanisme\/#primaryimage\",\"url\":\"https:\/\/www.istegroup.com\/wp-content\/uploads\/2017\/07\/21646293457_9660864209-1.jpg\",\"contentUrl\":\"https:\/\/www.istegroup.com\/wp-content\/uploads\/2017\/07\/21646293457_9660864209-1.jpg\",\"width\":300,\"height\":451,\"caption\":\"Les intelligences collectives dans l\u2019horizon du trans et posthumanisme\"},{\"@type\":\"BreadcrumbList\",\"@id\":\"https:\/\/www.istegroup.com\/en\/produit\/les-intelligences-collectives-dans-lhorizon-du-trans-et-posthumanisme\/#breadcrumb\",\"itemListElement\":[{\"@type\":\"ListItem\",\"position\":1,\"name\":\"Home\",\"item\":\"https:\/\/www.istegroup.com\/\"},{\"@type\":\"ListItem\",\"position\":2,\"name\":\"Shop\",\"item\":\"https:\/\/www.istegroup.com\/fr\/nouveautes\/\"},{\"@type\":\"ListItem\",\"position\":3,\"name\":\"Les intelligences collectives dans l\u2019horizon du trans et posthumanisme\"}]},{\"@type\":\"WebSite\",\"@id\":\"https:\/\/www.istegroup.com\/#website\",\"url\":\"https:\/\/www.istegroup.com\/\",\"name\":\"ISTE Group\",\"description\":\"Publishing Knowledge\",\"potentialAction\":[{\"@type\":\"SearchAction\",\"target\":{\"@type\":\"EntryPoint\",\"urlTemplate\":\"https:\/\/www.istegroup.com\/?s={search_term_string}\"},\"query-input\":{\"@type\":\"PropertyValueSpecification\",\"valueRequired\":true,\"valueName\":\"search_term_string\"}}],\"inLanguage\":\"en-US\"}]}<\/script>\n<!-- \/ Yoast SEO plugin. -->","yoast_head_json":{"title":"Les intelligences collectives dans l\u2019horizon du trans et posthumanisme - ISTE Group","description":"L'ouvrage analyse la place des intelligences collectives dans l\u2019horizon du trans et posthumanisme et examine les probl\u00e8mes auxquels l\u2019encyclop\u00e9disme fait face.","robots":{"index":"index","follow":"follow","max-snippet":"max-snippet:-1","max-image-preview":"max-image-preview:large","max-video-preview":"max-video-preview:-1"},"canonical":"https:\/\/www.istegroup.com\/en\/produit\/les-intelligences-collectives-dans-lhorizon-du-trans-et-posthumanisme\/","og_locale":"en_US","og_type":"article","og_title":"Les intelligences collectives dans l\u2019horizon du trans et posthumanisme - ISTE Group","og_description":"L'ouvrage analyse la place des intelligences collectives dans l\u2019horizon du trans et posthumanisme et examine les probl\u00e8mes auxquels l\u2019encyclop\u00e9disme fait face.","og_url":"https:\/\/www.istegroup.com\/en\/produit\/les-intelligences-collectives-dans-lhorizon-du-trans-et-posthumanisme\/","og_site_name":"ISTE Group","article_modified_time":"2024-01-03T13:39:55+00:00","og_image":[{"width":300,"height":451,"url":"https:\/\/www.istegroup.com\/wp-content\/uploads\/2017\/07\/21646293457_9660864209-1.jpg","type":"image\/jpeg"}],"twitter_card":"summary_large_image","twitter_misc":{"Est. reading time":"1 minute"},"schema":{"@context":"https:\/\/schema.org","@graph":[{"@type":"WebPage","@id":"https:\/\/www.istegroup.com\/en\/produit\/les-intelligences-collectives-dans-lhorizon-du-trans-et-posthumanisme\/","url":"https:\/\/www.istegroup.com\/en\/produit\/les-intelligences-collectives-dans-lhorizon-du-trans-et-posthumanisme\/","name":"Les intelligences collectives dans l\u2019horizon du trans et posthumanisme - ISTE Group","isPartOf":{"@id":"https:\/\/www.istegroup.com\/#website"},"primaryImageOfPage":{"@id":"https:\/\/www.istegroup.com\/en\/produit\/les-intelligences-collectives-dans-lhorizon-du-trans-et-posthumanisme\/#primaryimage"},"image":{"@id":"https:\/\/www.istegroup.com\/en\/produit\/les-intelligences-collectives-dans-lhorizon-du-trans-et-posthumanisme\/#primaryimage"},"thumbnailUrl":"https:\/\/www.istegroup.com\/wp-content\/uploads\/2017\/07\/21646293457_9660864209-1.jpg","datePublished":"2017-06-28T11:55:06+00:00","dateModified":"2024-01-03T13:39:55+00:00","description":"L'ouvrage analyse la place des intelligences collectives dans l\u2019horizon du trans et posthumanisme et examine les probl\u00e8mes auxquels l\u2019encyclop\u00e9disme fait face.","breadcrumb":{"@id":"https:\/\/www.istegroup.com\/en\/produit\/les-intelligences-collectives-dans-lhorizon-du-trans-et-posthumanisme\/#breadcrumb"},"inLanguage":"en-US","potentialAction":[{"@type":"ReadAction","target":["https:\/\/www.istegroup.com\/en\/produit\/les-intelligences-collectives-dans-lhorizon-du-trans-et-posthumanisme\/"]}]},{"@type":"ImageObject","inLanguage":"en-US","@id":"https:\/\/www.istegroup.com\/en\/produit\/les-intelligences-collectives-dans-lhorizon-du-trans-et-posthumanisme\/#primaryimage","url":"https:\/\/www.istegroup.com\/wp-content\/uploads\/2017\/07\/21646293457_9660864209-1.jpg","contentUrl":"https:\/\/www.istegroup.com\/wp-content\/uploads\/2017\/07\/21646293457_9660864209-1.jpg","width":300,"height":451,"caption":"Les intelligences collectives dans l\u2019horizon du trans et posthumanisme"},{"@type":"BreadcrumbList","@id":"https:\/\/www.istegroup.com\/en\/produit\/les-intelligences-collectives-dans-lhorizon-du-trans-et-posthumanisme\/#breadcrumb","itemListElement":[{"@type":"ListItem","position":1,"name":"Home","item":"https:\/\/www.istegroup.com\/"},{"@type":"ListItem","position":2,"name":"Shop","item":"https:\/\/www.istegroup.com\/fr\/nouveautes\/"},{"@type":"ListItem","position":3,"name":"Les intelligences collectives dans l\u2019horizon du trans et posthumanisme"}]},{"@type":"WebSite","@id":"https:\/\/www.istegroup.com\/#website","url":"https:\/\/www.istegroup.com\/","name":"ISTE Group","description":"Publishing Knowledge","potentialAction":[{"@type":"SearchAction","target":{"@type":"EntryPoint","urlTemplate":"https:\/\/www.istegroup.com\/?s={search_term_string}"},"query-input":{"@type":"PropertyValueSpecification","valueRequired":true,"valueName":"search_term_string"}}],"inLanguage":"en-US"}]}},"_links":{"self":[{"href":"https:\/\/www.istegroup.com\/en\/wp-json\/wp\/v2\/product\/413","targetHints":{"allow":["GET"]}}],"collection":[{"href":"https:\/\/www.istegroup.com\/en\/wp-json\/wp\/v2\/product"}],"about":[{"href":"https:\/\/www.istegroup.com\/en\/wp-json\/wp\/v2\/types\/product"}],"wp:featuredmedia":[{"embeddable":true,"href":"https:\/\/www.istegroup.com\/en\/wp-json\/wp\/v2\/media\/414"}],"wp:attachment":[{"href":"https:\/\/www.istegroup.com\/en\/wp-json\/wp\/v2\/media?parent=413"}],"wp:term":[{"taxonomy":"product_brand","embeddable":true,"href":"https:\/\/www.istegroup.com\/en\/wp-json\/wp\/v2\/product_brand?post=413"},{"taxonomy":"product_cat","embeddable":true,"href":"https:\/\/www.istegroup.com\/en\/wp-json\/wp\/v2\/product_cat?post=413"},{"taxonomy":"product_tag","embeddable":true,"href":"https:\/\/www.istegroup.com\/en\/wp-json\/wp\/v2\/product_tag?post=413"}],"curies":[{"name":"wp","href":"https:\/\/api.w.org\/{rel}","templated":true}]}}