{"id":23816,"date":"2026-01-27T10:52:16","date_gmt":"2026-01-27T10:52:16","guid":{"rendered":"https:\/\/www.istegroup.com\/?post_type=product&#038;p=23816"},"modified":"2026-02-25T09:52:44","modified_gmt":"2026-02-25T09:52:44","slug":"centralites-et-hierarchies-des-reseaux-et-des-territoires","status":"publish","type":"product","link":"https:\/\/www.istegroup.com\/en\/produit\/centralites-et-hierarchies-des-reseaux-et-des-territoires\/","title":{"rendered":"Centralit\u00e9s et hi\u00e9rarchies des r\u00e9seaux et des territoires"},"content":{"rendered":"<p>Les donn\u00e9es num\u00e9riques, la th\u00e9orie des graphes et la mod\u00e9lisation spatiale ont profond\u00e9ment renouvel\u00e9 l\u2019analyse des notions de centralit\u00e9 et de hi\u00e9rarchie dans une grande diversit\u00e9 de contextes g\u00e9ographiques.<\/p>\n<p><em> Centralit\u00e9s et hi\u00e9rarchies des r\u00e9seaux et des territoires<\/em> met en lumi\u00e8re ces concepts au sein des r\u00e9seaux et des territoires, \u00e0 diff\u00e9rentes \u00e9chelles, dans des temporalit\u00e9s vari\u00e9es et \u00e0 travers de multiples ph\u00e9nom\u00e8nes sociospatiaux. \u00c0 l\u2019\u00e9chelle individuelle, l\u2019ouvrage montre comment la t\u00e9l\u00e9phonie mobile et les r\u00e9seaux sociaux offrent un regard in\u00e9dit sur les centralit\u00e9s et hi\u00e9rarchies de l\u2019espace urbain, dans une temporalit\u00e9 courte et circonscrite. L\u2019\u00e9tude de r\u00e9seaux mat\u00e9riels et immat\u00e9riels (\u00e9cologiques, m\u00e9diatiques, scientifiques) r\u00e9v\u00e8le leur r\u00f4le essentiel dans l\u2019organisation des syst\u00e8mes spatiaux. Des indicateurs adapt\u00e9s permettent de mettre en \u00e9vidence et de mesurer les centralit\u00e9s et hi\u00e9rarchies, qu\u2019il s\u2019agisse d\u2019\u00e9cosyst\u00e8mes locaux ou r\u00e9gionaux, de l\u2019espace m\u00e9diatique international ou encore de la production scientifique mondiale. Enfin, l\u2019ouvrage th\u00e9orise, dans le temps long, les processus territoriaux \u00e0 l\u2019origine de la construction de ces centralit\u00e9s et hi\u00e9rarchies.<\/p>\n","protected":false},"excerpt":{"rendered":"<p>Les donn\u00e9es num\u00e9riques, la th\u00e9orie des graphes et la mod\u00e9lisation spatiale ont profond\u00e9ment renouvel\u00e9 l\u2019analyse des notions de centralit\u00e9 et de hi\u00e9rarchie dans une grande diversit\u00e9 de contextes g\u00e9ographiques. Centralit\u00e9s et hi\u00e9rarchies des r\u00e9seaux et des territoires met en lumi\u00e8re ces concepts au sein des r\u00e9seaux et des territoires, \u00e0 diff\u00e9rentes \u00e9chelles, dans des temporalit\u00e9s [&hellip;]<\/p>\n","protected":false},"featured_media":62738,"template":"","meta":{"_acf_changed":false,"_links_to":"","_links_to_target":""},"product_brand":[],"product_cat":[4289],"product_tag":[],"class_list":{"0":"post-23816","1":"product","2":"type-product","3":"status-publish","4":"has-post-thumbnail","6":"product_cat-sciences","8":"first","9":"instock","10":"shipping-taxable","11":"purchasable","12":"product-type-variable"},"acf":[],"yoast_head":"<!-- This site is optimized with the Yoast SEO plugin v27.2 - https:\/\/yoast.com\/product\/yoast-seo-wordpress\/ -->\n<title>Centralit\u00e9s et hi\u00e9rarchies des r\u00e9seaux et des territoires - ISTE Group<\/title>\n<meta name=\"description\" content=\"Centralit\u00e9s et hi\u00e9rarchies des r\u00e9seaux et des territoires met en lumi\u00e8re ces concepts au sein des r\u00e9seaux et des territoires, \u00e0 diff\u00e9rentes \u00e9chelles, dans des temporalit\u00e9s vari\u00e9es et \u00e0 travers de multiples ph\u00e9nom\u00e8nes sociospatiaux.\" \/>\n<meta name=\"robots\" content=\"index, follow, max-snippet:-1, max-image-preview:large, max-video-preview:-1\" \/>\n<link rel=\"canonical\" href=\"https:\/\/www.istegroup.com\/produit\/centralites-et-hierarchies-des-reseaux-et-des-territoires\/\" \/>\n<meta property=\"og:locale\" content=\"en_US\" \/>\n<meta property=\"og:type\" content=\"article\" \/>\n<meta property=\"og:title\" content=\"Centralit\u00e9s et hi\u00e9rarchies des r\u00e9seaux et des territoires - ISTE Group\" \/>\n<meta property=\"og:description\" content=\"Centralit\u00e9s et hi\u00e9rarchies des r\u00e9seaux et des territoires met en lumi\u00e8re ces concepts au sein des r\u00e9seaux et des territoires, \u00e0 diff\u00e9rentes \u00e9chelles, dans des temporalit\u00e9s vari\u00e9es et \u00e0 travers de multiples ph\u00e9nom\u00e8nes sociospatiaux.\" \/>\n<meta property=\"og:url\" content=\"https:\/\/www.istegroup.com\/produit\/centralites-et-hierarchies-des-reseaux-et-des-territoires\/\" \/>\n<meta property=\"og:site_name\" content=\"ISTE Group\" \/>\n<meta property=\"article:modified_time\" content=\"2026-02-25T09:52:44+00:00\" \/>\n<meta property=\"og:image\" content=\"https:\/\/www.istegroup.com\/wp-content\/uploads\/2019\/11\/218_Centralites-et-hierarchies-des-reseaux-et-des-territoires.jpg\" \/>\n\t<meta property=\"og:image:width\" content=\"300\" \/>\n\t<meta property=\"og:image:height\" content=\"450\" \/>\n\t<meta property=\"og:image:type\" content=\"image\/jpeg\" \/>\n<meta name=\"twitter:card\" content=\"summary_large_image\" \/>\n<meta name=\"twitter:label1\" content=\"Est. reading time\" \/>\n\t<meta name=\"twitter:data1\" content=\"2 minutes\" \/>\n<script type=\"application\/ld+json\" class=\"yoast-schema-graph\">{\"@context\":\"https:\/\/schema.org\",\"@graph\":[{\"@type\":\"WebPage\",\"@id\":\"https:\/\/www.istegroup.com\/produit\/centralites-et-hierarchies-des-reseaux-et-des-territoires\/\",\"url\":\"https:\/\/www.istegroup.com\/produit\/centralites-et-hierarchies-des-reseaux-et-des-territoires\/\",\"name\":\"Centralit\u00e9s et hi\u00e9rarchies des r\u00e9seaux et des territoires - ISTE Group\",\"isPartOf\":{\"@id\":\"https:\/\/www.istegroup.com\/#website\"},\"primaryImageOfPage\":{\"@id\":\"https:\/\/www.istegroup.com\/produit\/centralites-et-hierarchies-des-reseaux-et-des-territoires\/#primaryimage\"},\"image\":{\"@id\":\"https:\/\/www.istegroup.com\/produit\/centralites-et-hierarchies-des-reseaux-et-des-territoires\/#primaryimage\"},\"thumbnailUrl\":\"https:\/\/www.istegroup.com\/wp-content\/uploads\/2019\/11\/218_Centralites-et-hierarchies-des-reseaux-et-des-territoires.jpg\",\"datePublished\":\"2026-01-27T10:52:16+00:00\",\"dateModified\":\"2026-02-25T09:52:44+00:00\",\"description\":\"Centralit\u00e9s et hi\u00e9rarchies des r\u00e9seaux et des territoires met en lumi\u00e8re ces concepts au sein des r\u00e9seaux et des territoires, \u00e0 diff\u00e9rentes \u00e9chelles, dans des temporalit\u00e9s vari\u00e9es et \u00e0 travers de multiples ph\u00e9nom\u00e8nes sociospatiaux.\",\"breadcrumb\":{\"@id\":\"https:\/\/www.istegroup.com\/produit\/centralites-et-hierarchies-des-reseaux-et-des-territoires\/#breadcrumb\"},\"inLanguage\":\"en-US\",\"potentialAction\":[{\"@type\":\"ReadAction\",\"target\":[\"https:\/\/www.istegroup.com\/produit\/centralites-et-hierarchies-des-reseaux-et-des-territoires\/\"]}]},{\"@type\":\"ImageObject\",\"inLanguage\":\"en-US\",\"@id\":\"https:\/\/www.istegroup.com\/produit\/centralites-et-hierarchies-des-reseaux-et-des-territoires\/#primaryimage\",\"url\":\"https:\/\/www.istegroup.com\/wp-content\/uploads\/2019\/11\/218_Centralites-et-hierarchies-des-reseaux-et-des-territoires.jpg\",\"contentUrl\":\"https:\/\/www.istegroup.com\/wp-content\/uploads\/2019\/11\/218_Centralites-et-hierarchies-des-reseaux-et-des-territoires.jpg\",\"width\":300,\"height\":450},{\"@type\":\"BreadcrumbList\",\"@id\":\"https:\/\/www.istegroup.com\/produit\/centralites-et-hierarchies-des-reseaux-et-des-territoires\/#breadcrumb\",\"itemListElement\":[{\"@type\":\"ListItem\",\"position\":1,\"name\":\"Home\",\"item\":\"https:\/\/www.istegroup.com\/\"},{\"@type\":\"ListItem\",\"position\":2,\"name\":\"Shop\",\"item\":\"https:\/\/www.istegroup.com\/fr\/nouveautes\/\"},{\"@type\":\"ListItem\",\"position\":3,\"name\":\"Centralit\u00e9s et hi\u00e9rarchies des r\u00e9seaux et des territoires\"}]},{\"@type\":\"WebSite\",\"@id\":\"https:\/\/www.istegroup.com\/#website\",\"url\":\"https:\/\/www.istegroup.com\/\",\"name\":\"ISTE Group\",\"description\":\"Publishing Knowledge\",\"potentialAction\":[{\"@type\":\"SearchAction\",\"target\":{\"@type\":\"EntryPoint\",\"urlTemplate\":\"https:\/\/www.istegroup.com\/?s={search_term_string}\"},\"query-input\":{\"@type\":\"PropertyValueSpecification\",\"valueRequired\":true,\"valueName\":\"search_term_string\"}}],\"inLanguage\":\"en-US\"}]}<\/script>\n<!-- \/ Yoast SEO plugin. -->","yoast_head_json":{"title":"Centralit\u00e9s et hi\u00e9rarchies des r\u00e9seaux et des territoires - ISTE Group","description":"Centralit\u00e9s et hi\u00e9rarchies des r\u00e9seaux et des territoires met en lumi\u00e8re ces concepts au sein des r\u00e9seaux et des territoires, \u00e0 diff\u00e9rentes \u00e9chelles, dans des temporalit\u00e9s vari\u00e9es et \u00e0 travers de multiples ph\u00e9nom\u00e8nes sociospatiaux.","robots":{"index":"index","follow":"follow","max-snippet":"max-snippet:-1","max-image-preview":"max-image-preview:large","max-video-preview":"max-video-preview:-1"},"canonical":"https:\/\/www.istegroup.com\/produit\/centralites-et-hierarchies-des-reseaux-et-des-territoires\/","og_locale":"en_US","og_type":"article","og_title":"Centralit\u00e9s et hi\u00e9rarchies des r\u00e9seaux et des territoires - ISTE Group","og_description":"Centralit\u00e9s et hi\u00e9rarchies des r\u00e9seaux et des territoires met en lumi\u00e8re ces concepts au sein des r\u00e9seaux et des territoires, \u00e0 diff\u00e9rentes \u00e9chelles, dans des temporalit\u00e9s vari\u00e9es et \u00e0 travers de multiples ph\u00e9nom\u00e8nes sociospatiaux.","og_url":"https:\/\/www.istegroup.com\/produit\/centralites-et-hierarchies-des-reseaux-et-des-territoires\/","og_site_name":"ISTE Group","article_modified_time":"2026-02-25T09:52:44+00:00","og_image":[{"width":300,"height":450,"url":"https:\/\/www.istegroup.com\/wp-content\/uploads\/2019\/11\/218_Centralites-et-hierarchies-des-reseaux-et-des-territoires.jpg","type":"image\/jpeg"}],"twitter_card":"summary_large_image","twitter_misc":{"Est. reading time":"2 minutes"},"schema":{"@context":"https:\/\/schema.org","@graph":[{"@type":"WebPage","@id":"https:\/\/www.istegroup.com\/produit\/centralites-et-hierarchies-des-reseaux-et-des-territoires\/","url":"https:\/\/www.istegroup.com\/produit\/centralites-et-hierarchies-des-reseaux-et-des-territoires\/","name":"Centralit\u00e9s et hi\u00e9rarchies des r\u00e9seaux et des territoires - ISTE Group","isPartOf":{"@id":"https:\/\/www.istegroup.com\/#website"},"primaryImageOfPage":{"@id":"https:\/\/www.istegroup.com\/produit\/centralites-et-hierarchies-des-reseaux-et-des-territoires\/#primaryimage"},"image":{"@id":"https:\/\/www.istegroup.com\/produit\/centralites-et-hierarchies-des-reseaux-et-des-territoires\/#primaryimage"},"thumbnailUrl":"https:\/\/www.istegroup.com\/wp-content\/uploads\/2019\/11\/218_Centralites-et-hierarchies-des-reseaux-et-des-territoires.jpg","datePublished":"2026-01-27T10:52:16+00:00","dateModified":"2026-02-25T09:52:44+00:00","description":"Centralit\u00e9s et hi\u00e9rarchies des r\u00e9seaux et des territoires met en lumi\u00e8re ces concepts au sein des r\u00e9seaux et des territoires, \u00e0 diff\u00e9rentes \u00e9chelles, dans des temporalit\u00e9s vari\u00e9es et \u00e0 travers de multiples ph\u00e9nom\u00e8nes sociospatiaux.","breadcrumb":{"@id":"https:\/\/www.istegroup.com\/produit\/centralites-et-hierarchies-des-reseaux-et-des-territoires\/#breadcrumb"},"inLanguage":"en-US","potentialAction":[{"@type":"ReadAction","target":["https:\/\/www.istegroup.com\/produit\/centralites-et-hierarchies-des-reseaux-et-des-territoires\/"]}]},{"@type":"ImageObject","inLanguage":"en-US","@id":"https:\/\/www.istegroup.com\/produit\/centralites-et-hierarchies-des-reseaux-et-des-territoires\/#primaryimage","url":"https:\/\/www.istegroup.com\/wp-content\/uploads\/2019\/11\/218_Centralites-et-hierarchies-des-reseaux-et-des-territoires.jpg","contentUrl":"https:\/\/www.istegroup.com\/wp-content\/uploads\/2019\/11\/218_Centralites-et-hierarchies-des-reseaux-et-des-territoires.jpg","width":300,"height":450},{"@type":"BreadcrumbList","@id":"https:\/\/www.istegroup.com\/produit\/centralites-et-hierarchies-des-reseaux-et-des-territoires\/#breadcrumb","itemListElement":[{"@type":"ListItem","position":1,"name":"Home","item":"https:\/\/www.istegroup.com\/"},{"@type":"ListItem","position":2,"name":"Shop","item":"https:\/\/www.istegroup.com\/fr\/nouveautes\/"},{"@type":"ListItem","position":3,"name":"Centralit\u00e9s et hi\u00e9rarchies des r\u00e9seaux et des territoires"}]},{"@type":"WebSite","@id":"https:\/\/www.istegroup.com\/#website","url":"https:\/\/www.istegroup.com\/","name":"ISTE Group","description":"Publishing Knowledge","potentialAction":[{"@type":"SearchAction","target":{"@type":"EntryPoint","urlTemplate":"https:\/\/www.istegroup.com\/?s={search_term_string}"},"query-input":{"@type":"PropertyValueSpecification","valueRequired":true,"valueName":"search_term_string"}}],"inLanguage":"en-US"}]}},"_links":{"self":[{"href":"https:\/\/www.istegroup.com\/en\/wp-json\/wp\/v2\/product\/23816","targetHints":{"allow":["GET"]}}],"collection":[{"href":"https:\/\/www.istegroup.com\/en\/wp-json\/wp\/v2\/product"}],"about":[{"href":"https:\/\/www.istegroup.com\/en\/wp-json\/wp\/v2\/types\/product"}],"wp:featuredmedia":[{"embeddable":true,"href":"https:\/\/www.istegroup.com\/en\/wp-json\/wp\/v2\/media\/62738"}],"wp:attachment":[{"href":"https:\/\/www.istegroup.com\/en\/wp-json\/wp\/v2\/media?parent=23816"}],"wp:term":[{"taxonomy":"product_brand","embeddable":true,"href":"https:\/\/www.istegroup.com\/en\/wp-json\/wp\/v2\/product_brand?post=23816"},{"taxonomy":"product_cat","embeddable":true,"href":"https:\/\/www.istegroup.com\/en\/wp-json\/wp\/v2\/product_cat?post=23816"},{"taxonomy":"product_tag","embeddable":true,"href":"https:\/\/www.istegroup.com\/en\/wp-json\/wp\/v2\/product_tag?post=23816"}],"curies":[{"name":"wp","href":"https:\/\/api.w.org\/{rel}","templated":true}]}}