{"id":193,"date":"2017-06-28T11:02:49","date_gmt":"2017-06-28T09:02:49","guid":{"rendered":"https:\/\/iste.yhello.co\/product\/developpement-economique-et-capacites-dinnovation-dans-la-mondialisation\/"},"modified":"2024-01-03T13:38:47","modified_gmt":"2024-01-03T13:38:47","slug":"developpement-economique-et-capacites-dinnovation-dans-la-mondialisation","status":"publish","type":"product","link":"https:\/\/www.istegroup.com\/en\/produit\/developpement-economique-et-capacites-dinnovation-dans-la-mondialisation\/","title":{"rendered":"D\u00e9veloppement \u00e9conomique et capacit\u00e9s d\u2019innovation dans la mondialisation"},"content":{"rendered":"<p>La s\u00e9rie\u00a0<em>Smart innovation<\/em>\u00a0pr\u00e9sente les th\u00e8mes li\u00e9s \u00e0 la dynamique technologique, entrepreneuriale, territoriale et \u00e9conomique de l&#8217;innovation. Elle privil\u00e9gie les approches novatrices des acteurs qui, par leurs comportements, strat\u00e9gies et politiques d&#8217;innovation intelligente, modifient les mod\u00e8les \u00e9conomiques dans une perspective de croissance durable.<\/p>\n<p>Outre la pauvret\u00e9 et les conflits, les cons\u00e9quences des avanc\u00e9es technologiques, de la globalisation des transitions sociotechniques (\u00e9nerg\u00e9tique, \u00e9cologique, d\u00e9mographique) et de l\u2019uniformisation de l\u2019\u00e9conomie mondiale, sont les questions auxquelles l\u2019analyse \u00e9conomique du d\u00e9veloppement doit trouver des r\u00e9ponses. Les connaissances scientifiques et techniques \u00e9tant des ressources in\u00e9puisables, il est n\u00e9cessaire de transformer ces connaissances en biens et services utiles.<\/p>\n<p>Cet ouvrage d\u00e9crit les lacunes de la gouvernance mondiale qui \u00e9loigne la perspective d\u2019un d\u00e9veloppement harmonis\u00e9, diversifi\u00e9 et acc\u00e9l\u00e9r\u00e9. Il montre la n\u00e9cessit\u00e9 du renforcement des capacit\u00e9s d\u2019innovation des pays en d\u00e9veloppement pour am\u00e9liorer leur comp\u00e9titivit\u00e9 face aux exigences de la mondialisation.<\/p>\n","protected":false},"excerpt":{"rendered":"<p>La s\u00e9rie\u00a0Smart innovation\u00a0pr\u00e9sente les th\u00e8mes li\u00e9s \u00e0 la dynamique technologique, entrepreneuriale, territoriale et \u00e9conomique de l&#8217;innovation. Elle privil\u00e9gie les approches novatrices des acteurs qui, par leurs comportements, strat\u00e9gies et politiques d&#8217;innovation intelligente, modifient les mod\u00e8les \u00e9conomiques dans une perspective de croissance durable. Outre la pauvret\u00e9 et les conflits, les cons\u00e9quences des avanc\u00e9es technologiques, de la [&hellip;]<\/p>\n","protected":false},"featured_media":194,"template":"","meta":{"_acf_changed":false,"_links_to":"","_links_to_target":""},"product_brand":[],"product_cat":[670,720],"product_tag":[1077,1005,1078,1079,134,31,1087,1080,289,197,198,199,21,22,63,25,172,1081,212,38,192,145,28,1082,1083,1084,1085,1086],"class_list":{"0":"post-193","1":"product","2":"type-product","3":"status-publish","4":"has-post-thumbnail","6":"product_cat-innovation-entrepreneuriat-et-gestion-11041751","7":"product_cat-srie-smart-innovation-58568196","8":"product_tag-avancees-technologiques","9":"product_tag-connaissances","10":"product_tag-developpement","11":"product_tag-developpement-economique-et-capacites-dinnovation-dans-la-mondialisation","12":"product_tag-dimitri-uzunidis","13":"product_tag-ebook","14":"product_tag-economique","15":"product_tag-globalisation","16":"product_tag-innovation","17":"product_tag-iste","18":"product_tag-iste-edition","19":"product_tag-iste-editions","20":"product_tag-iste-group","21":"product_tag-istegroup","22":"product_tag-livre-electronique","23":"product_tag-livre-numerique","24":"product_tag-livre-scientifique","25":"product_tag-mondialisation","26":"product_tag-ouvrage","27":"product_tag-ouvrage-numerique","28":"product_tag-ouvrage-science","29":"product_tag-ouvrage-scientifique","30":"product_tag-ouvrage-scientifique-francais","31":"product_tag-pays","32":"product_tag-scientifique","33":"product_tag-technique","34":"product_tag-vanessa-casadella","35":"product_tag-zeting-liu","37":"first","38":"instock","39":"shipping-taxable","40":"purchasable","41":"product-type-variable"},"acf":[],"yoast_head":"<!-- This site is optimized with the Yoast SEO plugin v27.2 - https:\/\/yoast.com\/product\/yoast-seo-wordpress\/ -->\n<title>D\u00e9veloppement \u00e9conomique et capacit\u00e9s d\u2019innovation dans la mondialisation - ISTE Group<\/title>\n<meta name=\"description\" content=\"L&#039;ouvrage montre la n\u00e9cessit\u00e9 du renforcement des capacit\u00e9s d\u2019innovation des pays en d\u00e9veloppement pour am\u00e9liorer leur comp\u00e9titivit\u00e9 face \u00e0 la mondialisation.\" \/>\n<meta name=\"robots\" content=\"index, follow, max-snippet:-1, max-image-preview:large, max-video-preview:-1\" \/>\n<link rel=\"canonical\" href=\"https:\/\/www.istegroup.com\/fr\/produit\/developpement-economique-et-capacites-dinnovation-dans-la-mondialisation\/\" \/>\n<meta property=\"og:locale\" content=\"en_US\" \/>\n<meta property=\"og:type\" content=\"article\" \/>\n<meta property=\"og:title\" content=\"D\u00e9veloppement \u00e9conomique et capacit\u00e9s d\u2019innovation dans la mondialisation - ISTE Group\" \/>\n<meta property=\"og:description\" content=\"L&#039;ouvrage montre la n\u00e9cessit\u00e9 du renforcement des capacit\u00e9s d\u2019innovation des pays en d\u00e9veloppement pour am\u00e9liorer leur comp\u00e9titivit\u00e9 face \u00e0 la mondialisation.\" \/>\n<meta property=\"og:url\" content=\"https:\/\/www.istegroup.com\/fr\/produit\/developpement-economique-et-capacites-dinnovation-dans-la-mondialisation\/\" \/>\n<meta property=\"og:site_name\" content=\"ISTE Group\" \/>\n<meta property=\"article:modified_time\" content=\"2024-01-03T13:38:47+00:00\" \/>\n<meta property=\"og:image\" content=\"https:\/\/www.istegroup.com\/wp-content\/uploads\/2017\/07\/2300301252_827838468-1.jpg\" \/>\n\t<meta property=\"og:image:width\" content=\"300\" \/>\n\t<meta property=\"og:image:height\" content=\"452\" \/>\n\t<meta property=\"og:image:type\" content=\"image\/jpeg\" \/>\n<meta name=\"twitter:card\" content=\"summary_large_image\" \/>\n<meta name=\"twitter:label1\" content=\"Est. reading time\" \/>\n\t<meta name=\"twitter:data1\" content=\"1 minute\" \/>\n<script type=\"application\/ld+json\" class=\"yoast-schema-graph\">{\"@context\":\"https:\/\/schema.org\",\"@graph\":[{\"@type\":\"WebPage\",\"@id\":\"https:\/\/www.istegroup.com\/fr\/produit\/developpement-economique-et-capacites-dinnovation-dans-la-mondialisation\/\",\"url\":\"https:\/\/www.istegroup.com\/fr\/produit\/developpement-economique-et-capacites-dinnovation-dans-la-mondialisation\/\",\"name\":\"D\u00e9veloppement \u00e9conomique et capacit\u00e9s d\u2019innovation dans la mondialisation - ISTE Group\",\"isPartOf\":{\"@id\":\"https:\/\/www.istegroup.com\/#website\"},\"primaryImageOfPage\":{\"@id\":\"https:\/\/www.istegroup.com\/fr\/produit\/developpement-economique-et-capacites-dinnovation-dans-la-mondialisation\/#primaryimage\"},\"image\":{\"@id\":\"https:\/\/www.istegroup.com\/fr\/produit\/developpement-economique-et-capacites-dinnovation-dans-la-mondialisation\/#primaryimage\"},\"thumbnailUrl\":\"https:\/\/www.istegroup.com\/wp-content\/uploads\/2017\/07\/2300301252_827838468-1.jpg\",\"datePublished\":\"2017-06-28T09:02:49+00:00\",\"dateModified\":\"2024-01-03T13:38:47+00:00\",\"description\":\"L'ouvrage montre la n\u00e9cessit\u00e9 du renforcement des capacit\u00e9s d\u2019innovation des pays en d\u00e9veloppement pour am\u00e9liorer leur comp\u00e9titivit\u00e9 face \u00e0 la mondialisation.\",\"breadcrumb\":{\"@id\":\"https:\/\/www.istegroup.com\/fr\/produit\/developpement-economique-et-capacites-dinnovation-dans-la-mondialisation\/#breadcrumb\"},\"inLanguage\":\"en-US\",\"potentialAction\":[{\"@type\":\"ReadAction\",\"target\":[\"https:\/\/www.istegroup.com\/fr\/produit\/developpement-economique-et-capacites-dinnovation-dans-la-mondialisation\/\"]}]},{\"@type\":\"ImageObject\",\"inLanguage\":\"en-US\",\"@id\":\"https:\/\/www.istegroup.com\/fr\/produit\/developpement-economique-et-capacites-dinnovation-dans-la-mondialisation\/#primaryimage\",\"url\":\"https:\/\/www.istegroup.com\/wp-content\/uploads\/2017\/07\/2300301252_827838468-1.jpg\",\"contentUrl\":\"https:\/\/www.istegroup.com\/wp-content\/uploads\/2017\/07\/2300301252_827838468-1.jpg\",\"width\":300,\"height\":452,\"caption\":\"D\u00e9veloppement \u00e9conomique et capacit\u00e9s d\u2019innovation dans la mondialisation\"},{\"@type\":\"BreadcrumbList\",\"@id\":\"https:\/\/www.istegroup.com\/fr\/produit\/developpement-economique-et-capacites-dinnovation-dans-la-mondialisation\/#breadcrumb\",\"itemListElement\":[{\"@type\":\"ListItem\",\"position\":1,\"name\":\"Home\",\"item\":\"https:\/\/www.istegroup.com\/\"},{\"@type\":\"ListItem\",\"position\":2,\"name\":\"Shop\",\"item\":\"https:\/\/www.istegroup.com\/fr\/nouveautes\/\"},{\"@type\":\"ListItem\",\"position\":3,\"name\":\"D\u00e9veloppement \u00e9conomique et capacit\u00e9s d\u2019innovation dans la mondialisation\"}]},{\"@type\":\"WebSite\",\"@id\":\"https:\/\/www.istegroup.com\/#website\",\"url\":\"https:\/\/www.istegroup.com\/\",\"name\":\"ISTE Group\",\"description\":\"Publishing Knowledge\",\"potentialAction\":[{\"@type\":\"SearchAction\",\"target\":{\"@type\":\"EntryPoint\",\"urlTemplate\":\"https:\/\/www.istegroup.com\/?s={search_term_string}\"},\"query-input\":{\"@type\":\"PropertyValueSpecification\",\"valueRequired\":true,\"valueName\":\"search_term_string\"}}],\"inLanguage\":\"en-US\"}]}<\/script>\n<!-- \/ Yoast SEO plugin. -->","yoast_head_json":{"title":"D\u00e9veloppement \u00e9conomique et capacit\u00e9s d\u2019innovation dans la mondialisation - ISTE Group","description":"L'ouvrage montre la n\u00e9cessit\u00e9 du renforcement des capacit\u00e9s d\u2019innovation des pays en d\u00e9veloppement pour am\u00e9liorer leur comp\u00e9titivit\u00e9 face \u00e0 la mondialisation.","robots":{"index":"index","follow":"follow","max-snippet":"max-snippet:-1","max-image-preview":"max-image-preview:large","max-video-preview":"max-video-preview:-1"},"canonical":"https:\/\/www.istegroup.com\/fr\/produit\/developpement-economique-et-capacites-dinnovation-dans-la-mondialisation\/","og_locale":"en_US","og_type":"article","og_title":"D\u00e9veloppement \u00e9conomique et capacit\u00e9s d\u2019innovation dans la mondialisation - ISTE Group","og_description":"L'ouvrage montre la n\u00e9cessit\u00e9 du renforcement des capacit\u00e9s d\u2019innovation des pays en d\u00e9veloppement pour am\u00e9liorer leur comp\u00e9titivit\u00e9 face \u00e0 la mondialisation.","og_url":"https:\/\/www.istegroup.com\/fr\/produit\/developpement-economique-et-capacites-dinnovation-dans-la-mondialisation\/","og_site_name":"ISTE Group","article_modified_time":"2024-01-03T13:38:47+00:00","og_image":[{"width":300,"height":452,"url":"https:\/\/www.istegroup.com\/wp-content\/uploads\/2017\/07\/2300301252_827838468-1.jpg","type":"image\/jpeg"}],"twitter_card":"summary_large_image","twitter_misc":{"Est. reading time":"1 minute"},"schema":{"@context":"https:\/\/schema.org","@graph":[{"@type":"WebPage","@id":"https:\/\/www.istegroup.com\/fr\/produit\/developpement-economique-et-capacites-dinnovation-dans-la-mondialisation\/","url":"https:\/\/www.istegroup.com\/fr\/produit\/developpement-economique-et-capacites-dinnovation-dans-la-mondialisation\/","name":"D\u00e9veloppement \u00e9conomique et capacit\u00e9s d\u2019innovation dans la mondialisation - ISTE Group","isPartOf":{"@id":"https:\/\/www.istegroup.com\/#website"},"primaryImageOfPage":{"@id":"https:\/\/www.istegroup.com\/fr\/produit\/developpement-economique-et-capacites-dinnovation-dans-la-mondialisation\/#primaryimage"},"image":{"@id":"https:\/\/www.istegroup.com\/fr\/produit\/developpement-economique-et-capacites-dinnovation-dans-la-mondialisation\/#primaryimage"},"thumbnailUrl":"https:\/\/www.istegroup.com\/wp-content\/uploads\/2017\/07\/2300301252_827838468-1.jpg","datePublished":"2017-06-28T09:02:49+00:00","dateModified":"2024-01-03T13:38:47+00:00","description":"L'ouvrage montre la n\u00e9cessit\u00e9 du renforcement des capacit\u00e9s d\u2019innovation des pays en d\u00e9veloppement pour am\u00e9liorer leur comp\u00e9titivit\u00e9 face \u00e0 la mondialisation.","breadcrumb":{"@id":"https:\/\/www.istegroup.com\/fr\/produit\/developpement-economique-et-capacites-dinnovation-dans-la-mondialisation\/#breadcrumb"},"inLanguage":"en-US","potentialAction":[{"@type":"ReadAction","target":["https:\/\/www.istegroup.com\/fr\/produit\/developpement-economique-et-capacites-dinnovation-dans-la-mondialisation\/"]}]},{"@type":"ImageObject","inLanguage":"en-US","@id":"https:\/\/www.istegroup.com\/fr\/produit\/developpement-economique-et-capacites-dinnovation-dans-la-mondialisation\/#primaryimage","url":"https:\/\/www.istegroup.com\/wp-content\/uploads\/2017\/07\/2300301252_827838468-1.jpg","contentUrl":"https:\/\/www.istegroup.com\/wp-content\/uploads\/2017\/07\/2300301252_827838468-1.jpg","width":300,"height":452,"caption":"D\u00e9veloppement \u00e9conomique et capacit\u00e9s d\u2019innovation dans la mondialisation"},{"@type":"BreadcrumbList","@id":"https:\/\/www.istegroup.com\/fr\/produit\/developpement-economique-et-capacites-dinnovation-dans-la-mondialisation\/#breadcrumb","itemListElement":[{"@type":"ListItem","position":1,"name":"Home","item":"https:\/\/www.istegroup.com\/"},{"@type":"ListItem","position":2,"name":"Shop","item":"https:\/\/www.istegroup.com\/fr\/nouveautes\/"},{"@type":"ListItem","position":3,"name":"D\u00e9veloppement \u00e9conomique et capacit\u00e9s d\u2019innovation dans la mondialisation"}]},{"@type":"WebSite","@id":"https:\/\/www.istegroup.com\/#website","url":"https:\/\/www.istegroup.com\/","name":"ISTE Group","description":"Publishing Knowledge","potentialAction":[{"@type":"SearchAction","target":{"@type":"EntryPoint","urlTemplate":"https:\/\/www.istegroup.com\/?s={search_term_string}"},"query-input":{"@type":"PropertyValueSpecification","valueRequired":true,"valueName":"search_term_string"}}],"inLanguage":"en-US"}]}},"_links":{"self":[{"href":"https:\/\/www.istegroup.com\/en\/wp-json\/wp\/v2\/product\/193","targetHints":{"allow":["GET"]}}],"collection":[{"href":"https:\/\/www.istegroup.com\/en\/wp-json\/wp\/v2\/product"}],"about":[{"href":"https:\/\/www.istegroup.com\/en\/wp-json\/wp\/v2\/types\/product"}],"wp:featuredmedia":[{"embeddable":true,"href":"https:\/\/www.istegroup.com\/en\/wp-json\/wp\/v2\/media\/194"}],"wp:attachment":[{"href":"https:\/\/www.istegroup.com\/en\/wp-json\/wp\/v2\/media?parent=193"}],"wp:term":[{"taxonomy":"product_brand","embeddable":true,"href":"https:\/\/www.istegroup.com\/en\/wp-json\/wp\/v2\/product_brand?post=193"},{"taxonomy":"product_cat","embeddable":true,"href":"https:\/\/www.istegroup.com\/en\/wp-json\/wp\/v2\/product_cat?post=193"},{"taxonomy":"product_tag","embeddable":true,"href":"https:\/\/www.istegroup.com\/en\/wp-json\/wp\/v2\/product_tag?post=193"}],"curies":[{"name":"wp","href":"https:\/\/api.w.org\/{rel}","templated":true}]}}