{"id":173,"date":"2017-07-28T10:42:55","date_gmt":"2017-07-28T08:42:55","guid":{"rendered":"https:\/\/iste.yhello.co\/product\/design-organisationnel-pour-le-management-des-connaissances\/"},"modified":"2024-01-03T13:38:44","modified_gmt":"2024-01-03T13:38:44","slug":"design-organisationnel-pour-le-management-des-connaissances","status":"publish","type":"product","link":"https:\/\/www.istegroup.com\/en\/produit\/design-organisationnel-pour-le-management-des-connaissances\/","title":{"rendered":"Design organisationnel pour le management des connaissances"},"content":{"rendered":"<p>La th\u00e9orie du design organisationnel ouvre de nouvelles perspectives pour un management efficace des connaissances.<\/p>\n<p>Cet ouvrage mobilise ce concept pour construire un instrument permettant aux organisations modernes d\u2019identifier et de d\u00e9crire les facteurs facilitant et\/ou inhibant le management des connaissances au sein de leurs \u00e9quipes.<\/p>\n<p>Une approche syst\u00e9mique a \u00e9t\u00e9 adopt\u00e9e pour b\u00e2tir un mod\u00e8le nomm\u00e9 \u00ab Design de l\u2019organisation apprenante \u00bb qui met l\u2019accent sur l\u2019incidence de la strat\u00e9gie, de la structure, des syst\u00e8mes d\u2019incitation, des caract\u00e9ristiques individuelles et de la technologie sur le management des connaissances.<\/p>\n<p>Une \u00e9tude de cas longitudinale au sein des \u00e9quipes de projet d\u2019un groupe international de t\u00e9l\u00e9communications a permis de valider ce mod\u00e8le et de l\u2019enrichir en mettant en \u00e9vidence l\u2019\u00e9mergence d\u2019un nouveau design organisationnel, prenant en compte le r\u00f4le de la culture et des objets-fronti\u00e8res dans la cr\u00e9ation et le partage des connaissances.<\/p>\n","protected":false},"excerpt":{"rendered":"<p>La th\u00e9orie du design organisationnel ouvre de nouvelles perspectives pour un management efficace des connaissances. Cet ouvrage mobilise ce concept pour construire un instrument permettant aux organisations modernes d\u2019identifier et de d\u00e9crire les facteurs facilitant et\/ou inhibant le management des connaissances au sein de leurs \u00e9quipes. Une approche syst\u00e9mique a \u00e9t\u00e9 adopt\u00e9e pour b\u00e2tir un [&hellip;]<\/p>\n","protected":false},"featured_media":174,"template":"","meta":{"_acf_changed":false,"_links_to":"","_links_to_target":""},"product_brand":[],"product_cat":[707],"product_tag":[1005,947,1006,1007,31,196,1015,832,197,198,199,21,200,22,201,203,204,63,25,172,209,1008,1009,1010,1011,1012,212,38,192,145,28,1013,1014,316],"class_list":{"0":"post-173","1":"product","2":"type-product","3":"status-publish","4":"has-post-thumbnail","6":"product_cat-systmes-dinformation-web-et-socit-12506570","7":"product_tag-connaissances","8":"product_tag-design","9":"product_tag-design-organisationnel","10":"product_tag-design-organisationnel-pour-le-management-des-connaissances","11":"product_tag-ebook","12":"product_tag-ebooks","13":"product_tag-etude-de-cas","14":"product_tag-gestion","15":"product_tag-iste","16":"product_tag-iste-edition","17":"product_tag-iste-editions","18":"product_tag-iste-group","19":"product_tag-isteedition","20":"product_tag-istegroup","21":"product_tag-kindle","22":"product_tag-liseuse","23":"product_tag-livre","24":"product_tag-livre-electronique","25":"product_tag-livre-numerique","26":"product_tag-livre-scientifique","27":"product_tag-livres-scientifiques","28":"product_tag-management","29":"product_tag-management-des-connaissances","30":"product_tag-mona-ben-chouikha","31":"product_tag-organisation","32":"product_tag-organisation-apprenante","33":"product_tag-ouvrage","34":"product_tag-ouvrage-numerique","35":"product_tag-ouvrage-science","36":"product_tag-ouvrage-scientifique","37":"product_tag-ouvrage-scientifique-francais","38":"product_tag-partage-des-connaissances","39":"product_tag-telecommunication","40":"product_tag-telecommunications","42":"first","43":"instock","44":"shipping-taxable","45":"purchasable","46":"product-type-variable"},"acf":[],"yoast_head":"<!-- This site is optimized with the Yoast SEO plugin v27.2 - https:\/\/yoast.com\/product\/yoast-seo-wordpress\/ -->\n<title>Design organisationnel pour le management des connaissances - ISTE Group<\/title>\n<meta name=\"description\" content=\"La th\u00e9orie du design organisationnel ouvre de nouvelles perspectives pour un management efficace des connaissances.\" \/>\n<meta name=\"robots\" content=\"index, follow, max-snippet:-1, max-image-preview:large, max-video-preview:-1\" \/>\n<link rel=\"canonical\" href=\"https:\/\/www.istegroup.com\/fr\/produit\/design-organisationnel-pour-le-management-des-connaissances\/\" \/>\n<meta property=\"og:locale\" content=\"en_US\" \/>\n<meta property=\"og:type\" content=\"article\" \/>\n<meta property=\"og:title\" content=\"Design organisationnel pour le management des connaissances - ISTE Group\" \/>\n<meta property=\"og:description\" content=\"La th\u00e9orie du design organisationnel ouvre de nouvelles perspectives pour un management efficace des connaissances.\" \/>\n<meta property=\"og:url\" content=\"https:\/\/www.istegroup.com\/fr\/produit\/design-organisationnel-pour-le-management-des-connaissances\/\" \/>\n<meta property=\"og:site_name\" content=\"ISTE Group\" \/>\n<meta property=\"article:modified_time\" content=\"2024-01-03T13:38:44+00:00\" \/>\n<meta property=\"og:image\" content=\"https:\/\/www.istegroup.com\/wp-content\/uploads\/2017\/07\/8770056452_4026044868-1.jpg\" \/>\n\t<meta property=\"og:image:width\" content=\"300\" \/>\n\t<meta property=\"og:image:height\" content=\"452\" \/>\n\t<meta property=\"og:image:type\" content=\"image\/jpeg\" \/>\n<meta name=\"twitter:card\" content=\"summary_large_image\" \/>\n<meta name=\"twitter:label1\" content=\"Est. reading time\" \/>\n\t<meta name=\"twitter:data1\" content=\"1 minute\" \/>\n<script type=\"application\/ld+json\" class=\"yoast-schema-graph\">{\"@context\":\"https:\/\/schema.org\",\"@graph\":[{\"@type\":\"WebPage\",\"@id\":\"https:\/\/www.istegroup.com\/fr\/produit\/design-organisationnel-pour-le-management-des-connaissances\/\",\"url\":\"https:\/\/www.istegroup.com\/fr\/produit\/design-organisationnel-pour-le-management-des-connaissances\/\",\"name\":\"Design organisationnel pour le management des connaissances - ISTE Group\",\"isPartOf\":{\"@id\":\"https:\/\/www.istegroup.com\/#website\"},\"primaryImageOfPage\":{\"@id\":\"https:\/\/www.istegroup.com\/fr\/produit\/design-organisationnel-pour-le-management-des-connaissances\/#primaryimage\"},\"image\":{\"@id\":\"https:\/\/www.istegroup.com\/fr\/produit\/design-organisationnel-pour-le-management-des-connaissances\/#primaryimage\"},\"thumbnailUrl\":\"https:\/\/www.istegroup.com\/wp-content\/uploads\/2017\/07\/8770056452_4026044868-1.jpg\",\"datePublished\":\"2017-07-28T08:42:55+00:00\",\"dateModified\":\"2024-01-03T13:38:44+00:00\",\"description\":\"La th\u00e9orie du design organisationnel ouvre de nouvelles perspectives pour un management efficace des connaissances.\",\"breadcrumb\":{\"@id\":\"https:\/\/www.istegroup.com\/fr\/produit\/design-organisationnel-pour-le-management-des-connaissances\/#breadcrumb\"},\"inLanguage\":\"en-US\",\"potentialAction\":[{\"@type\":\"ReadAction\",\"target\":[\"https:\/\/www.istegroup.com\/fr\/produit\/design-organisationnel-pour-le-management-des-connaissances\/\"]}]},{\"@type\":\"ImageObject\",\"inLanguage\":\"en-US\",\"@id\":\"https:\/\/www.istegroup.com\/fr\/produit\/design-organisationnel-pour-le-management-des-connaissances\/#primaryimage\",\"url\":\"https:\/\/www.istegroup.com\/wp-content\/uploads\/2017\/07\/8770056452_4026044868-1.jpg\",\"contentUrl\":\"https:\/\/www.istegroup.com\/wp-content\/uploads\/2017\/07\/8770056452_4026044868-1.jpg\",\"width\":300,\"height\":452,\"caption\":\"Design organisationnel pour le management des connaissances\"},{\"@type\":\"BreadcrumbList\",\"@id\":\"https:\/\/www.istegroup.com\/fr\/produit\/design-organisationnel-pour-le-management-des-connaissances\/#breadcrumb\",\"itemListElement\":[{\"@type\":\"ListItem\",\"position\":1,\"name\":\"Home\",\"item\":\"https:\/\/www.istegroup.com\/\"},{\"@type\":\"ListItem\",\"position\":2,\"name\":\"Shop\",\"item\":\"https:\/\/www.istegroup.com\/fr\/nouveautes\/\"},{\"@type\":\"ListItem\",\"position\":3,\"name\":\"Design organisationnel pour le management des connaissances\"}]},{\"@type\":\"WebSite\",\"@id\":\"https:\/\/www.istegroup.com\/#website\",\"url\":\"https:\/\/www.istegroup.com\/\",\"name\":\"ISTE Group\",\"description\":\"Publishing Knowledge\",\"potentialAction\":[{\"@type\":\"SearchAction\",\"target\":{\"@type\":\"EntryPoint\",\"urlTemplate\":\"https:\/\/www.istegroup.com\/?s={search_term_string}\"},\"query-input\":{\"@type\":\"PropertyValueSpecification\",\"valueRequired\":true,\"valueName\":\"search_term_string\"}}],\"inLanguage\":\"en-US\"}]}<\/script>\n<!-- \/ Yoast SEO plugin. -->","yoast_head_json":{"title":"Design organisationnel pour le management des connaissances - ISTE Group","description":"La th\u00e9orie du design organisationnel ouvre de nouvelles perspectives pour un management efficace des connaissances.","robots":{"index":"index","follow":"follow","max-snippet":"max-snippet:-1","max-image-preview":"max-image-preview:large","max-video-preview":"max-video-preview:-1"},"canonical":"https:\/\/www.istegroup.com\/fr\/produit\/design-organisationnel-pour-le-management-des-connaissances\/","og_locale":"en_US","og_type":"article","og_title":"Design organisationnel pour le management des connaissances - ISTE Group","og_description":"La th\u00e9orie du design organisationnel ouvre de nouvelles perspectives pour un management efficace des connaissances.","og_url":"https:\/\/www.istegroup.com\/fr\/produit\/design-organisationnel-pour-le-management-des-connaissances\/","og_site_name":"ISTE Group","article_modified_time":"2024-01-03T13:38:44+00:00","og_image":[{"width":300,"height":452,"url":"https:\/\/www.istegroup.com\/wp-content\/uploads\/2017\/07\/8770056452_4026044868-1.jpg","type":"image\/jpeg"}],"twitter_card":"summary_large_image","twitter_misc":{"Est. reading time":"1 minute"},"schema":{"@context":"https:\/\/schema.org","@graph":[{"@type":"WebPage","@id":"https:\/\/www.istegroup.com\/fr\/produit\/design-organisationnel-pour-le-management-des-connaissances\/","url":"https:\/\/www.istegroup.com\/fr\/produit\/design-organisationnel-pour-le-management-des-connaissances\/","name":"Design organisationnel pour le management des connaissances - ISTE Group","isPartOf":{"@id":"https:\/\/www.istegroup.com\/#website"},"primaryImageOfPage":{"@id":"https:\/\/www.istegroup.com\/fr\/produit\/design-organisationnel-pour-le-management-des-connaissances\/#primaryimage"},"image":{"@id":"https:\/\/www.istegroup.com\/fr\/produit\/design-organisationnel-pour-le-management-des-connaissances\/#primaryimage"},"thumbnailUrl":"https:\/\/www.istegroup.com\/wp-content\/uploads\/2017\/07\/8770056452_4026044868-1.jpg","datePublished":"2017-07-28T08:42:55+00:00","dateModified":"2024-01-03T13:38:44+00:00","description":"La th\u00e9orie du design organisationnel ouvre de nouvelles perspectives pour un management efficace des connaissances.","breadcrumb":{"@id":"https:\/\/www.istegroup.com\/fr\/produit\/design-organisationnel-pour-le-management-des-connaissances\/#breadcrumb"},"inLanguage":"en-US","potentialAction":[{"@type":"ReadAction","target":["https:\/\/www.istegroup.com\/fr\/produit\/design-organisationnel-pour-le-management-des-connaissances\/"]}]},{"@type":"ImageObject","inLanguage":"en-US","@id":"https:\/\/www.istegroup.com\/fr\/produit\/design-organisationnel-pour-le-management-des-connaissances\/#primaryimage","url":"https:\/\/www.istegroup.com\/wp-content\/uploads\/2017\/07\/8770056452_4026044868-1.jpg","contentUrl":"https:\/\/www.istegroup.com\/wp-content\/uploads\/2017\/07\/8770056452_4026044868-1.jpg","width":300,"height":452,"caption":"Design organisationnel pour le management des connaissances"},{"@type":"BreadcrumbList","@id":"https:\/\/www.istegroup.com\/fr\/produit\/design-organisationnel-pour-le-management-des-connaissances\/#breadcrumb","itemListElement":[{"@type":"ListItem","position":1,"name":"Home","item":"https:\/\/www.istegroup.com\/"},{"@type":"ListItem","position":2,"name":"Shop","item":"https:\/\/www.istegroup.com\/fr\/nouveautes\/"},{"@type":"ListItem","position":3,"name":"Design organisationnel pour le management des connaissances"}]},{"@type":"WebSite","@id":"https:\/\/www.istegroup.com\/#website","url":"https:\/\/www.istegroup.com\/","name":"ISTE Group","description":"Publishing Knowledge","potentialAction":[{"@type":"SearchAction","target":{"@type":"EntryPoint","urlTemplate":"https:\/\/www.istegroup.com\/?s={search_term_string}"},"query-input":{"@type":"PropertyValueSpecification","valueRequired":true,"valueName":"search_term_string"}}],"inLanguage":"en-US"}]}},"_links":{"self":[{"href":"https:\/\/www.istegroup.com\/en\/wp-json\/wp\/v2\/product\/173","targetHints":{"allow":["GET"]}}],"collection":[{"href":"https:\/\/www.istegroup.com\/en\/wp-json\/wp\/v2\/product"}],"about":[{"href":"https:\/\/www.istegroup.com\/en\/wp-json\/wp\/v2\/types\/product"}],"wp:featuredmedia":[{"embeddable":true,"href":"https:\/\/www.istegroup.com\/en\/wp-json\/wp\/v2\/media\/174"}],"wp:attachment":[{"href":"https:\/\/www.istegroup.com\/en\/wp-json\/wp\/v2\/media?parent=173"}],"wp:term":[{"taxonomy":"product_brand","embeddable":true,"href":"https:\/\/www.istegroup.com\/en\/wp-json\/wp\/v2\/product_brand?post=173"},{"taxonomy":"product_cat","embeddable":true,"href":"https:\/\/www.istegroup.com\/en\/wp-json\/wp\/v2\/product_cat?post=173"},{"taxonomy":"product_tag","embeddable":true,"href":"https:\/\/www.istegroup.com\/en\/wp-json\/wp\/v2\/product_tag?post=173"}],"curies":[{"name":"wp","href":"https:\/\/api.w.org\/{rel}","templated":true}]}}