{"id":15373,"date":"2018-11-02T15:28:02","date_gmt":"2018-11-02T14:28:02","guid":{"rendered":"https:\/\/www.istegroup.com\/?post_type=product&#038;p=15373"},"modified":"2024-01-03T13:42:44","modified_gmt":"2024-01-03T13:42:44","slug":"le-desordre-et-la-raison","status":"publish","type":"product","link":"https:\/\/www.istegroup.com\/en\/produit\/le-desordre-et-la-raison\/","title":{"rendered":"Le d\u00e9sordre et la raison"},"content":{"rendered":"<p><em>Le d\u00e9sordre et la raison<\/em>\u00a0examine le contraste entre une vision id\u00e9alis\u00e9e et une vision r\u00e9aliste de la mondialisation. L\u2019une et l\u2019autre sont inscrites dans le d\u00e9bat contemporain de th\u00e9orie et de politique \u00e9conomiques. Cette opposition met en lumi\u00e8re les conditions dans lesquelles la cr\u00e9ation de richesses et une r\u00e9partition \u00e9quitable peuvent l\u2019emporter sur le simple d\u00e9tournement de valeur et le creusement des in\u00e9galit\u00e9s.<\/p>\n<p>Cet ouvrage montre comment faits et id\u00e9es permettent d\u2019expliquer la forme prise actuellement par la mondialisation, derni\u00e8re innovation en date propre aux \u00e9conomies de march\u00e9. Reste que le sentier suivi, impr\u00e9visible, d\u00e9pend de l\u2019attitude des entrepreneurs et des d\u00e9tenteurs de capitaux qui ont \u00e0 arbitrer entre court et long termes, entre cr\u00e9ation de valeur et captation de rentes : une attitude que commandent organisations et institutions fa\u00e7onnant les march\u00e9s, structurant l\u2019ordre social et garantissant la viabilit\u00e9 de la transition en cours.<\/p>\n","protected":false},"excerpt":{"rendered":"<p>Le d\u00e9sordre et la raison\u00a0examine le contraste entre une vision id\u00e9alis\u00e9e et une vision r\u00e9aliste de la mondialisation. L\u2019une et l\u2019autre sont inscrites dans le d\u00e9bat contemporain de th\u00e9orie et de politique \u00e9conomiques. Cette opposition met en lumi\u00e8re les conditions dans lesquelles la cr\u00e9ation de richesses et une r\u00e9partition \u00e9quitable peuvent l\u2019emporter sur le simple [&hellip;]<\/p>\n","protected":false},"featured_media":15381,"template":"","meta":{"_acf_changed":false,"_links_to":"","_links_to_target":""},"product_brand":[],"product_cat":[3262],"product_tag":[],"class_list":{"0":"post-15373","1":"product","2":"type-product","3":"status-publish","4":"has-post-thumbnail","6":"product_cat-non-classe","8":"first","9":"instock","10":"shipping-taxable","11":"purchasable","12":"product-type-variable"},"acf":[],"yoast_head":"<!-- This site is optimized with the Yoast SEO plugin v27.2 - https:\/\/yoast.com\/product\/yoast-seo-wordpress\/ -->\n<title>Le d\u00e9sordre et la raison - ISTE Group<\/title>\n<meta name=\"description\" content=\"Le d\u00e9sordre et la raison\u00a0examine le contraste entre une vision id\u00e9alis\u00e9e et une vision r\u00e9aliste de la mondialisation.\" \/>\n<meta name=\"robots\" content=\"index, follow, max-snippet:-1, max-image-preview:large, max-video-preview:-1\" \/>\n<link rel=\"canonical\" href=\"https:\/\/www.istegroup.com\/fr\/produit\/le-desordre-et-la-raison\/\" \/>\n<meta property=\"og:locale\" content=\"en_US\" \/>\n<meta property=\"og:type\" content=\"article\" \/>\n<meta property=\"og:title\" content=\"Le d\u00e9sordre et la raison - ISTE Group\" \/>\n<meta property=\"og:description\" content=\"Le d\u00e9sordre et la raison\u00a0examine le contraste entre une vision id\u00e9alis\u00e9e et une vision r\u00e9aliste de la mondialisation.\" \/>\n<meta property=\"og:url\" content=\"https:\/\/www.istegroup.com\/fr\/produit\/le-desordre-et-la-raison\/\" \/>\n<meta property=\"og:site_name\" content=\"ISTE Group\" \/>\n<meta property=\"article:modified_time\" content=\"2024-01-03T13:42:44+00:00\" \/>\n<meta property=\"og:image\" content=\"https:\/\/www.istegroup.com\/wp-content\/uploads\/2018\/11\/Gaffard_Front-scaled.jpg\" \/>\n\t<meta property=\"og:image:width\" content=\"1615\" \/>\n\t<meta property=\"og:image:height\" content=\"2560\" \/>\n\t<meta property=\"og:image:type\" content=\"image\/jpeg\" \/>\n<meta name=\"twitter:card\" content=\"summary_large_image\" \/>\n<meta name=\"twitter:label1\" content=\"Est. reading time\" \/>\n\t<meta name=\"twitter:data1\" content=\"1 minute\" \/>\n<script type=\"application\/ld+json\" class=\"yoast-schema-graph\">{\"@context\":\"https:\/\/schema.org\",\"@graph\":[{\"@type\":\"WebPage\",\"@id\":\"https:\/\/www.istegroup.com\/fr\/produit\/le-desordre-et-la-raison\/\",\"url\":\"https:\/\/www.istegroup.com\/fr\/produit\/le-desordre-et-la-raison\/\",\"name\":\"Le d\u00e9sordre et la raison - ISTE Group\",\"isPartOf\":{\"@id\":\"https:\/\/www.istegroup.com\/#website\"},\"primaryImageOfPage\":{\"@id\":\"https:\/\/www.istegroup.com\/fr\/produit\/le-desordre-et-la-raison\/#primaryimage\"},\"image\":{\"@id\":\"https:\/\/www.istegroup.com\/fr\/produit\/le-desordre-et-la-raison\/#primaryimage\"},\"thumbnailUrl\":\"https:\/\/www.istegroup.com\/wp-content\/uploads\/2018\/11\/Gaffard_Front-scaled.jpg\",\"datePublished\":\"2018-11-02T14:28:02+00:00\",\"dateModified\":\"2024-01-03T13:42:44+00:00\",\"description\":\"Le d\u00e9sordre et la raison\u00a0examine le contraste entre une vision id\u00e9alis\u00e9e et une vision r\u00e9aliste de la mondialisation.\",\"breadcrumb\":{\"@id\":\"https:\/\/www.istegroup.com\/fr\/produit\/le-desordre-et-la-raison\/#breadcrumb\"},\"inLanguage\":\"en-US\",\"potentialAction\":[{\"@type\":\"ReadAction\",\"target\":[\"https:\/\/www.istegroup.com\/fr\/produit\/le-desordre-et-la-raison\/\"]}]},{\"@type\":\"ImageObject\",\"inLanguage\":\"en-US\",\"@id\":\"https:\/\/www.istegroup.com\/fr\/produit\/le-desordre-et-la-raison\/#primaryimage\",\"url\":\"https:\/\/www.istegroup.com\/wp-content\/uploads\/2018\/11\/Gaffard_Front-scaled.jpg\",\"contentUrl\":\"https:\/\/www.istegroup.com\/wp-content\/uploads\/2018\/11\/Gaffard_Front-scaled.jpg\",\"width\":1615,\"height\":2560,\"caption\":\"Une \u00e9conomie politique de la mondialisation\"},{\"@type\":\"BreadcrumbList\",\"@id\":\"https:\/\/www.istegroup.com\/fr\/produit\/le-desordre-et-la-raison\/#breadcrumb\",\"itemListElement\":[{\"@type\":\"ListItem\",\"position\":1,\"name\":\"Home\",\"item\":\"https:\/\/www.istegroup.com\/\"},{\"@type\":\"ListItem\",\"position\":2,\"name\":\"Shop\",\"item\":\"https:\/\/www.istegroup.com\/fr\/nouveautes\/\"},{\"@type\":\"ListItem\",\"position\":3,\"name\":\"Le d\u00e9sordre et la raison\"}]},{\"@type\":\"WebSite\",\"@id\":\"https:\/\/www.istegroup.com\/#website\",\"url\":\"https:\/\/www.istegroup.com\/\",\"name\":\"ISTE Group\",\"description\":\"Publishing Knowledge\",\"potentialAction\":[{\"@type\":\"SearchAction\",\"target\":{\"@type\":\"EntryPoint\",\"urlTemplate\":\"https:\/\/www.istegroup.com\/?s={search_term_string}\"},\"query-input\":{\"@type\":\"PropertyValueSpecification\",\"valueRequired\":true,\"valueName\":\"search_term_string\"}}],\"inLanguage\":\"en-US\"}]}<\/script>\n<!-- \/ Yoast SEO plugin. -->","yoast_head_json":{"title":"Le d\u00e9sordre et la raison - ISTE Group","description":"Le d\u00e9sordre et la raison\u00a0examine le contraste entre une vision id\u00e9alis\u00e9e et une vision r\u00e9aliste de la mondialisation.","robots":{"index":"index","follow":"follow","max-snippet":"max-snippet:-1","max-image-preview":"max-image-preview:large","max-video-preview":"max-video-preview:-1"},"canonical":"https:\/\/www.istegroup.com\/fr\/produit\/le-desordre-et-la-raison\/","og_locale":"en_US","og_type":"article","og_title":"Le d\u00e9sordre et la raison - ISTE Group","og_description":"Le d\u00e9sordre et la raison\u00a0examine le contraste entre une vision id\u00e9alis\u00e9e et une vision r\u00e9aliste de la mondialisation.","og_url":"https:\/\/www.istegroup.com\/fr\/produit\/le-desordre-et-la-raison\/","og_site_name":"ISTE Group","article_modified_time":"2024-01-03T13:42:44+00:00","og_image":[{"width":1615,"height":2560,"url":"https:\/\/www.istegroup.com\/wp-content\/uploads\/2018\/11\/Gaffard_Front-scaled.jpg","type":"image\/jpeg"}],"twitter_card":"summary_large_image","twitter_misc":{"Est. reading time":"1 minute"},"schema":{"@context":"https:\/\/schema.org","@graph":[{"@type":"WebPage","@id":"https:\/\/www.istegroup.com\/fr\/produit\/le-desordre-et-la-raison\/","url":"https:\/\/www.istegroup.com\/fr\/produit\/le-desordre-et-la-raison\/","name":"Le d\u00e9sordre et la raison - ISTE Group","isPartOf":{"@id":"https:\/\/www.istegroup.com\/#website"},"primaryImageOfPage":{"@id":"https:\/\/www.istegroup.com\/fr\/produit\/le-desordre-et-la-raison\/#primaryimage"},"image":{"@id":"https:\/\/www.istegroup.com\/fr\/produit\/le-desordre-et-la-raison\/#primaryimage"},"thumbnailUrl":"https:\/\/www.istegroup.com\/wp-content\/uploads\/2018\/11\/Gaffard_Front-scaled.jpg","datePublished":"2018-11-02T14:28:02+00:00","dateModified":"2024-01-03T13:42:44+00:00","description":"Le d\u00e9sordre et la raison\u00a0examine le contraste entre une vision id\u00e9alis\u00e9e et une vision r\u00e9aliste de la mondialisation.","breadcrumb":{"@id":"https:\/\/www.istegroup.com\/fr\/produit\/le-desordre-et-la-raison\/#breadcrumb"},"inLanguage":"en-US","potentialAction":[{"@type":"ReadAction","target":["https:\/\/www.istegroup.com\/fr\/produit\/le-desordre-et-la-raison\/"]}]},{"@type":"ImageObject","inLanguage":"en-US","@id":"https:\/\/www.istegroup.com\/fr\/produit\/le-desordre-et-la-raison\/#primaryimage","url":"https:\/\/www.istegroup.com\/wp-content\/uploads\/2018\/11\/Gaffard_Front-scaled.jpg","contentUrl":"https:\/\/www.istegroup.com\/wp-content\/uploads\/2018\/11\/Gaffard_Front-scaled.jpg","width":1615,"height":2560,"caption":"Une \u00e9conomie politique de la mondialisation"},{"@type":"BreadcrumbList","@id":"https:\/\/www.istegroup.com\/fr\/produit\/le-desordre-et-la-raison\/#breadcrumb","itemListElement":[{"@type":"ListItem","position":1,"name":"Home","item":"https:\/\/www.istegroup.com\/"},{"@type":"ListItem","position":2,"name":"Shop","item":"https:\/\/www.istegroup.com\/fr\/nouveautes\/"},{"@type":"ListItem","position":3,"name":"Le d\u00e9sordre et la raison"}]},{"@type":"WebSite","@id":"https:\/\/www.istegroup.com\/#website","url":"https:\/\/www.istegroup.com\/","name":"ISTE Group","description":"Publishing Knowledge","potentialAction":[{"@type":"SearchAction","target":{"@type":"EntryPoint","urlTemplate":"https:\/\/www.istegroup.com\/?s={search_term_string}"},"query-input":{"@type":"PropertyValueSpecification","valueRequired":true,"valueName":"search_term_string"}}],"inLanguage":"en-US"}]}},"_links":{"self":[{"href":"https:\/\/www.istegroup.com\/en\/wp-json\/wp\/v2\/product\/15373","targetHints":{"allow":["GET"]}}],"collection":[{"href":"https:\/\/www.istegroup.com\/en\/wp-json\/wp\/v2\/product"}],"about":[{"href":"https:\/\/www.istegroup.com\/en\/wp-json\/wp\/v2\/types\/product"}],"wp:featuredmedia":[{"embeddable":true,"href":"https:\/\/www.istegroup.com\/en\/wp-json\/wp\/v2\/media\/15381"}],"wp:attachment":[{"href":"https:\/\/www.istegroup.com\/en\/wp-json\/wp\/v2\/media?parent=15373"}],"wp:term":[{"taxonomy":"product_brand","embeddable":true,"href":"https:\/\/www.istegroup.com\/en\/wp-json\/wp\/v2\/product_brand?post=15373"},{"taxonomy":"product_cat","embeddable":true,"href":"https:\/\/www.istegroup.com\/en\/wp-json\/wp\/v2\/product_cat?post=15373"},{"taxonomy":"product_tag","embeddable":true,"href":"https:\/\/www.istegroup.com\/en\/wp-json\/wp\/v2\/product_tag?post=15373"}],"curies":[{"name":"wp","href":"https:\/\/api.w.org\/{rel}","templated":true}]}}