{"id":14736,"date":"2018-10-17T16:31:32","date_gmt":"2018-10-17T14:31:32","guid":{"rendered":"https:\/\/iste.yhello.co\/?post_type=product&#038;p=14736"},"modified":"2024-01-03T13:42:43","modified_gmt":"2024-01-03T13:42:43","slug":"lintelligence-economique-du-futur-1","status":"publish","type":"product","link":"https:\/\/www.istegroup.com\/en\/produit\/lintelligence-economique-du-futur-1\/","title":{"rendered":"L\u2019intelligence \u00e9conomique du futur 1"},"content":{"rendered":"<p><em>L\u2019intelligence \u00e9conomique du futur 1<\/em>\u00a0analyse la n\u00e9cessit\u00e9 pour l\u2019intelligence \u00e9conomique fran\u00e7aise d\u2019entreprendre une mutation afin d\u2019assurer les nouvelles missions que sont le d\u00e9veloppement de notre \u00e9conomie, le renforcement de la coh\u00e9sion sociale et la protection de nos int\u00e9r\u00eats vitaux.<\/p>\n<p>Cette mutation passe par un changement d\u2019attitude et une mani\u00e8re de penser diff\u00e9rente, largement ouverte aux mutations mondiales et aux nouvelles technologies. La concentration des finalit\u00e9s de l\u2019intelligence \u00e9conomique fran\u00e7aise sur des objectifs classiques (entreprise et \u00e9conomie) n\u2019a pas permis d\u2019int\u00e9grer ses multiples champs du possible et donc sa globalit\u00e9. La strat\u00e9gie, la prospective et la dynamique temporelle, n\u00e9cessaires \u00e0 la compr\u00e9hension du monde, des nouveaux rapports de force et \u00e0 la ma\u00eetrise des situations complexes, ont ainsi tard\u00e9 \u00e0 se mettre en place.<\/p>\n<p>\u00c0 la fois th\u00e9orique et pratique, cet ouvrage constitue une base \u00e0 partir de laquelle pourra se d\u00e9velopper une \u00ab intelligence \u00e9conomique augment\u00e9e \u00bb conduisant \u00e0 la mise en pratique d\u2019une s\u00e9curit\u00e9 globale.<\/p>\n","protected":false},"excerpt":{"rendered":"<p>L\u2019intelligence \u00e9conomique du futur 1\u00a0analyse la n\u00e9cessit\u00e9 pour l\u2019intelligence \u00e9conomique fran\u00e7aise d\u2019entreprendre une mutation afin d\u2019assurer les nouvelles missions que sont le d\u00e9veloppement de notre \u00e9conomie, le renforcement de la coh\u00e9sion sociale et la protection de nos int\u00e9r\u00eats vitaux. Cette mutation passe par un changement d\u2019attitude et une mani\u00e8re de penser diff\u00e9rente, largement ouverte aux [&hellip;]<\/p>\n","protected":false},"featured_media":14747,"template":"","meta":{"_acf_changed":false,"_links_to":"","_links_to_target":""},"product_brand":[],"product_cat":[3262],"product_tag":[],"class_list":{"0":"post-14736","1":"product","2":"type-product","3":"status-publish","4":"has-post-thumbnail","6":"product_cat-non-classe","8":"first","9":"instock","10":"shipping-taxable","11":"purchasable","12":"product-type-variable"},"acf":[],"yoast_head":"<!-- This site is optimized with the Yoast SEO plugin v27.2 - https:\/\/yoast.com\/product\/yoast-seo-wordpress\/ -->\n<title>L\u2019intelligence \u00e9conomique du futur 1 - ISTE Group<\/title>\n<meta name=\"description\" content=\"L\u2019intelligence \u00e9conomique du futur 1\u00a0analyse la n\u00e9cessit\u00e9 pour l\u2019intelligence \u00e9conomique fran\u00e7aise d\u2019entreprendre une mutation afin d\u2019assurer les nouvelles missions que sont le d\u00e9veloppement de notre \u00e9conomie, le renforcement de la coh\u00e9sion sociale et la protection de nos int\u00e9r\u00eats vitaux.\" \/>\n<meta name=\"robots\" content=\"index, follow, max-snippet:-1, max-image-preview:large, max-video-preview:-1\" \/>\n<link rel=\"canonical\" href=\"https:\/\/www.istegroup.com\/fr\/produit\/lintelligence-economique-du-futur-1\/\" \/>\n<meta property=\"og:locale\" content=\"en_US\" \/>\n<meta property=\"og:type\" content=\"article\" \/>\n<meta property=\"og:title\" content=\"L\u2019intelligence \u00e9conomique du futur 1 - ISTE Group\" \/>\n<meta property=\"og:description\" content=\"L\u2019intelligence \u00e9conomique du futur 1\u00a0analyse la n\u00e9cessit\u00e9 pour l\u2019intelligence \u00e9conomique fran\u00e7aise d\u2019entreprendre une mutation afin d\u2019assurer les nouvelles missions que sont le d\u00e9veloppement de notre \u00e9conomie, le renforcement de la coh\u00e9sion sociale et la protection de nos int\u00e9r\u00eats vitaux.\" \/>\n<meta property=\"og:url\" content=\"https:\/\/www.istegroup.com\/fr\/produit\/lintelligence-economique-du-futur-1\/\" \/>\n<meta property=\"og:site_name\" content=\"ISTE Group\" \/>\n<meta property=\"article:modified_time\" content=\"2024-01-03T13:42:43+00:00\" \/>\n<meta property=\"og:image\" content=\"https:\/\/www.istegroup.com\/wp-content\/uploads\/2018\/10\/Dou-1_Front.jpg\" \/>\n\t<meta property=\"og:image:width\" content=\"607\" \/>\n\t<meta property=\"og:image:height\" content=\"911\" \/>\n\t<meta property=\"og:image:type\" content=\"image\/jpeg\" \/>\n<meta name=\"twitter:card\" content=\"summary_large_image\" \/>\n<meta name=\"twitter:label1\" content=\"Est. reading time\" \/>\n\t<meta name=\"twitter:data1\" content=\"1 minute\" \/>\n<script type=\"application\/ld+json\" class=\"yoast-schema-graph\">{\"@context\":\"https:\/\/schema.org\",\"@graph\":[{\"@type\":\"WebPage\",\"@id\":\"https:\/\/www.istegroup.com\/fr\/produit\/lintelligence-economique-du-futur-1\/\",\"url\":\"https:\/\/www.istegroup.com\/fr\/produit\/lintelligence-economique-du-futur-1\/\",\"name\":\"L\u2019intelligence \u00e9conomique du futur 1 - ISTE Group\",\"isPartOf\":{\"@id\":\"https:\/\/www.istegroup.com\/#website\"},\"primaryImageOfPage\":{\"@id\":\"https:\/\/www.istegroup.com\/fr\/produit\/lintelligence-economique-du-futur-1\/#primaryimage\"},\"image\":{\"@id\":\"https:\/\/www.istegroup.com\/fr\/produit\/lintelligence-economique-du-futur-1\/#primaryimage\"},\"thumbnailUrl\":\"https:\/\/www.istegroup.com\/wp-content\/uploads\/2018\/10\/Dou-1_Front.jpg\",\"datePublished\":\"2018-10-17T14:31:32+00:00\",\"dateModified\":\"2024-01-03T13:42:43+00:00\",\"description\":\"L\u2019intelligence \u00e9conomique du futur 1\u00a0analyse la n\u00e9cessit\u00e9 pour l\u2019intelligence \u00e9conomique fran\u00e7aise d\u2019entreprendre une mutation afin d\u2019assurer les nouvelles missions que sont le d\u00e9veloppement de notre \u00e9conomie, le renforcement de la coh\u00e9sion sociale et la protection de nos int\u00e9r\u00eats vitaux.\",\"breadcrumb\":{\"@id\":\"https:\/\/www.istegroup.com\/fr\/produit\/lintelligence-economique-du-futur-1\/#breadcrumb\"},\"inLanguage\":\"en-US\",\"potentialAction\":[{\"@type\":\"ReadAction\",\"target\":[\"https:\/\/www.istegroup.com\/fr\/produit\/lintelligence-economique-du-futur-1\/\"]}]},{\"@type\":\"ImageObject\",\"inLanguage\":\"en-US\",\"@id\":\"https:\/\/www.istegroup.com\/fr\/produit\/lintelligence-economique-du-futur-1\/#primaryimage\",\"url\":\"https:\/\/www.istegroup.com\/wp-content\/uploads\/2018\/10\/Dou-1_Front.jpg\",\"contentUrl\":\"https:\/\/www.istegroup.com\/wp-content\/uploads\/2018\/10\/Dou-1_Front.jpg\",\"width\":607,\"height\":911,\"caption\":\"Une nouvelle approche strat\u00e9gique et op\u00e9rationnelle\"},{\"@type\":\"BreadcrumbList\",\"@id\":\"https:\/\/www.istegroup.com\/fr\/produit\/lintelligence-economique-du-futur-1\/#breadcrumb\",\"itemListElement\":[{\"@type\":\"ListItem\",\"position\":1,\"name\":\"Home\",\"item\":\"https:\/\/www.istegroup.com\/\"},{\"@type\":\"ListItem\",\"position\":2,\"name\":\"Shop\",\"item\":\"https:\/\/www.istegroup.com\/fr\/nouveautes\/\"},{\"@type\":\"ListItem\",\"position\":3,\"name\":\"L\u2019intelligence \u00e9conomique du futur 1\"}]},{\"@type\":\"WebSite\",\"@id\":\"https:\/\/www.istegroup.com\/#website\",\"url\":\"https:\/\/www.istegroup.com\/\",\"name\":\"ISTE Group\",\"description\":\"Publishing Knowledge\",\"potentialAction\":[{\"@type\":\"SearchAction\",\"target\":{\"@type\":\"EntryPoint\",\"urlTemplate\":\"https:\/\/www.istegroup.com\/?s={search_term_string}\"},\"query-input\":{\"@type\":\"PropertyValueSpecification\",\"valueRequired\":true,\"valueName\":\"search_term_string\"}}],\"inLanguage\":\"en-US\"}]}<\/script>\n<!-- \/ Yoast SEO plugin. -->","yoast_head_json":{"title":"L\u2019intelligence \u00e9conomique du futur 1 - ISTE Group","description":"L\u2019intelligence \u00e9conomique du futur 1\u00a0analyse la n\u00e9cessit\u00e9 pour l\u2019intelligence \u00e9conomique fran\u00e7aise d\u2019entreprendre une mutation afin d\u2019assurer les nouvelles missions que sont le d\u00e9veloppement de notre \u00e9conomie, le renforcement de la coh\u00e9sion sociale et la protection de nos int\u00e9r\u00eats vitaux.","robots":{"index":"index","follow":"follow","max-snippet":"max-snippet:-1","max-image-preview":"max-image-preview:large","max-video-preview":"max-video-preview:-1"},"canonical":"https:\/\/www.istegroup.com\/fr\/produit\/lintelligence-economique-du-futur-1\/","og_locale":"en_US","og_type":"article","og_title":"L\u2019intelligence \u00e9conomique du futur 1 - ISTE Group","og_description":"L\u2019intelligence \u00e9conomique du futur 1\u00a0analyse la n\u00e9cessit\u00e9 pour l\u2019intelligence \u00e9conomique fran\u00e7aise d\u2019entreprendre une mutation afin d\u2019assurer les nouvelles missions que sont le d\u00e9veloppement de notre \u00e9conomie, le renforcement de la coh\u00e9sion sociale et la protection de nos int\u00e9r\u00eats vitaux.","og_url":"https:\/\/www.istegroup.com\/fr\/produit\/lintelligence-economique-du-futur-1\/","og_site_name":"ISTE Group","article_modified_time":"2024-01-03T13:42:43+00:00","og_image":[{"width":607,"height":911,"url":"https:\/\/www.istegroup.com\/wp-content\/uploads\/2018\/10\/Dou-1_Front.jpg","type":"image\/jpeg"}],"twitter_card":"summary_large_image","twitter_misc":{"Est. reading time":"1 minute"},"schema":{"@context":"https:\/\/schema.org","@graph":[{"@type":"WebPage","@id":"https:\/\/www.istegroup.com\/fr\/produit\/lintelligence-economique-du-futur-1\/","url":"https:\/\/www.istegroup.com\/fr\/produit\/lintelligence-economique-du-futur-1\/","name":"L\u2019intelligence \u00e9conomique du futur 1 - ISTE Group","isPartOf":{"@id":"https:\/\/www.istegroup.com\/#website"},"primaryImageOfPage":{"@id":"https:\/\/www.istegroup.com\/fr\/produit\/lintelligence-economique-du-futur-1\/#primaryimage"},"image":{"@id":"https:\/\/www.istegroup.com\/fr\/produit\/lintelligence-economique-du-futur-1\/#primaryimage"},"thumbnailUrl":"https:\/\/www.istegroup.com\/wp-content\/uploads\/2018\/10\/Dou-1_Front.jpg","datePublished":"2018-10-17T14:31:32+00:00","dateModified":"2024-01-03T13:42:43+00:00","description":"L\u2019intelligence \u00e9conomique du futur 1\u00a0analyse la n\u00e9cessit\u00e9 pour l\u2019intelligence \u00e9conomique fran\u00e7aise d\u2019entreprendre une mutation afin d\u2019assurer les nouvelles missions que sont le d\u00e9veloppement de notre \u00e9conomie, le renforcement de la coh\u00e9sion sociale et la protection de nos int\u00e9r\u00eats vitaux.","breadcrumb":{"@id":"https:\/\/www.istegroup.com\/fr\/produit\/lintelligence-economique-du-futur-1\/#breadcrumb"},"inLanguage":"en-US","potentialAction":[{"@type":"ReadAction","target":["https:\/\/www.istegroup.com\/fr\/produit\/lintelligence-economique-du-futur-1\/"]}]},{"@type":"ImageObject","inLanguage":"en-US","@id":"https:\/\/www.istegroup.com\/fr\/produit\/lintelligence-economique-du-futur-1\/#primaryimage","url":"https:\/\/www.istegroup.com\/wp-content\/uploads\/2018\/10\/Dou-1_Front.jpg","contentUrl":"https:\/\/www.istegroup.com\/wp-content\/uploads\/2018\/10\/Dou-1_Front.jpg","width":607,"height":911,"caption":"Une nouvelle approche strat\u00e9gique et op\u00e9rationnelle"},{"@type":"BreadcrumbList","@id":"https:\/\/www.istegroup.com\/fr\/produit\/lintelligence-economique-du-futur-1\/#breadcrumb","itemListElement":[{"@type":"ListItem","position":1,"name":"Home","item":"https:\/\/www.istegroup.com\/"},{"@type":"ListItem","position":2,"name":"Shop","item":"https:\/\/www.istegroup.com\/fr\/nouveautes\/"},{"@type":"ListItem","position":3,"name":"L\u2019intelligence \u00e9conomique du futur 1"}]},{"@type":"WebSite","@id":"https:\/\/www.istegroup.com\/#website","url":"https:\/\/www.istegroup.com\/","name":"ISTE Group","description":"Publishing Knowledge","potentialAction":[{"@type":"SearchAction","target":{"@type":"EntryPoint","urlTemplate":"https:\/\/www.istegroup.com\/?s={search_term_string}"},"query-input":{"@type":"PropertyValueSpecification","valueRequired":true,"valueName":"search_term_string"}}],"inLanguage":"en-US"}]}},"_links":{"self":[{"href":"https:\/\/www.istegroup.com\/en\/wp-json\/wp\/v2\/product\/14736","targetHints":{"allow":["GET"]}}],"collection":[{"href":"https:\/\/www.istegroup.com\/en\/wp-json\/wp\/v2\/product"}],"about":[{"href":"https:\/\/www.istegroup.com\/en\/wp-json\/wp\/v2\/types\/product"}],"wp:featuredmedia":[{"embeddable":true,"href":"https:\/\/www.istegroup.com\/en\/wp-json\/wp\/v2\/media\/14747"}],"wp:attachment":[{"href":"https:\/\/www.istegroup.com\/en\/wp-json\/wp\/v2\/media?parent=14736"}],"wp:term":[{"taxonomy":"product_brand","embeddable":true,"href":"https:\/\/www.istegroup.com\/en\/wp-json\/wp\/v2\/product_brand?post=14736"},{"taxonomy":"product_cat","embeddable":true,"href":"https:\/\/www.istegroup.com\/en\/wp-json\/wp\/v2\/product_cat?post=14736"},{"taxonomy":"product_tag","embeddable":true,"href":"https:\/\/www.istegroup.com\/en\/wp-json\/wp\/v2\/product_tag?post=14736"}],"curies":[{"name":"wp","href":"https:\/\/api.w.org\/{rel}","templated":true}]}}