{"id":14626,"date":"2018-10-03T14:20:21","date_gmt":"2018-10-03T12:20:21","guid":{"rendered":"https:\/\/iste.yhello.co\/?post_type=product&#038;p=14626"},"modified":"2024-01-03T13:42:39","modified_gmt":"2024-01-03T13:42:39","slug":"lavenir-de-leuro","status":"publish","type":"product","link":"https:\/\/www.istegroup.com\/en\/produit\/lavenir-de-leuro\/","title":{"rendered":"L\u2019avenir de l\u2019euro"},"content":{"rendered":"<p>L\u2019av\u00e8nement de l\u2019euro a constitu\u00e9 une v\u00e9ritable r\u00e9volution pour les 340 millions d\u2019habitants qui ont \u00e9t\u00e9 amen\u00e9s \u00e0 abandonner leur monnaie \u2013 consid\u00e9r\u00e9e comme un \u00e9l\u00e9ment fondamental de la souverainet\u00e9 nationale \u2013 pour cette monnaie unique.<\/p>\n<p>Encens\u00e9 par certains qui estiment que son av\u00e8nement permet de donner davantage de coh\u00e9sion et de force \u00e0 l\u2019Europe dans une \u00e9conomie de plus en plus mondialis\u00e9e, l\u2019euro est d\u00e9cri\u00e9 par d\u2019autres qui consid\u00e8rent que les contraintes auxquelles il conduit sont source d\u2019aust\u00e9rit\u00e9 et favorisent les pays du Nord de l\u2019Europe au d\u00e9triment des pays du Sud.<\/p>\n<p><em>L\u2019avenir de l\u2019euro<\/em>\u00a0retrace l\u2019\u00e9volution de la politique mon\u00e9taire \u00e0 laquelle a d\u00fb se soumettre la Banque centrale europ\u00e9enne dans une p\u00e9riode o\u00f9 les crises \u00e9conomiques, mon\u00e9taires et financi\u00e8res ont \u00e9t\u00e9 l\u00e9gion. L\u2019ouvrage s\u2019efforce de pr\u00e9senter, de la mani\u00e8re la plus objective possible, les avantages et les inconv\u00e9nients de cette nouvelle monnaie, tout en envisageant les am\u00e9liorations qui peuvent favoriser sa p\u00e9rennit\u00e9.<\/p>\n","protected":false},"excerpt":{"rendered":"<p>L\u2019av\u00e8nement de l\u2019euro a constitu\u00e9 une v\u00e9ritable r\u00e9volution pour les 340 millions d\u2019habitants qui ont \u00e9t\u00e9 amen\u00e9s \u00e0 abandonner leur monnaie \u2013 consid\u00e9r\u00e9e comme un \u00e9l\u00e9ment fondamental de la souverainet\u00e9 nationale \u2013 pour cette monnaie unique. Encens\u00e9 par certains qui estiment que son av\u00e8nement permet de donner davantage de coh\u00e9sion et de force \u00e0 l\u2019Europe [&hellip;]<\/p>\n","protected":false},"featured_media":14630,"template":"","meta":{"_acf_changed":false,"_links_to":"","_links_to_target":""},"product_brand":[],"product_cat":[3262],"product_tag":[],"class_list":{"0":"post-14626","1":"product","2":"type-product","3":"status-publish","4":"has-post-thumbnail","6":"product_cat-non-classe","8":"first","9":"instock","10":"shipping-taxable","11":"purchasable","12":"product-type-variable"},"acf":[],"yoast_head":"<!-- This site is optimized with the Yoast SEO plugin v27.2 - https:\/\/yoast.com\/product\/yoast-seo-wordpress\/ -->\n<title>L\u2019avenir de l\u2019euro - ISTE Group<\/title>\n<meta name=\"description\" content=\"L\u2019avenir de l\u2019euro\u00a0retrace l\u2019\u00e9volution de la politique mon\u00e9taire \u00e0 laquelle a d\u00fb se soumettre la Banque centrale europ\u00e9enne dans une p\u00e9riode o\u00f9 les crises \u00e9conomiques, mon\u00e9taires et financi\u00e8res ont \u00e9t\u00e9 l\u00e9gion.\" \/>\n<meta name=\"robots\" content=\"index, follow, max-snippet:-1, max-image-preview:large, max-video-preview:-1\" \/>\n<link rel=\"canonical\" href=\"https:\/\/www.istegroup.com\/fr\/produit\/lavenir-de-leuro\/\" \/>\n<meta property=\"og:locale\" content=\"en_US\" \/>\n<meta property=\"og:type\" content=\"article\" \/>\n<meta property=\"og:title\" content=\"L\u2019avenir de l\u2019euro - ISTE Group\" \/>\n<meta property=\"og:description\" content=\"L\u2019avenir de l\u2019euro\u00a0retrace l\u2019\u00e9volution de la politique mon\u00e9taire \u00e0 laquelle a d\u00fb se soumettre la Banque centrale europ\u00e9enne dans une p\u00e9riode o\u00f9 les crises \u00e9conomiques, mon\u00e9taires et financi\u00e8res ont \u00e9t\u00e9 l\u00e9gion.\" \/>\n<meta property=\"og:url\" content=\"https:\/\/www.istegroup.com\/fr\/produit\/lavenir-de-leuro\/\" \/>\n<meta property=\"og:site_name\" content=\"ISTE Group\" \/>\n<meta property=\"article:modified_time\" content=\"2024-01-03T13:42:39+00:00\" \/>\n<meta property=\"og:image\" content=\"https:\/\/www.istegroup.com\/wp-content\/uploads\/2018\/10\/Lehmann_Front-scaled.jpg\" \/>\n\t<meta property=\"og:image:width\" content=\"1626\" \/>\n\t<meta property=\"og:image:height\" content=\"2560\" \/>\n\t<meta property=\"og:image:type\" content=\"image\/jpeg\" \/>\n<meta name=\"twitter:card\" content=\"summary_large_image\" \/>\n<meta name=\"twitter:label1\" content=\"Est. reading time\" \/>\n\t<meta name=\"twitter:data1\" content=\"1 minute\" \/>\n<script type=\"application\/ld+json\" class=\"yoast-schema-graph\">{\"@context\":\"https:\/\/schema.org\",\"@graph\":[{\"@type\":\"WebPage\",\"@id\":\"https:\/\/www.istegroup.com\/fr\/produit\/lavenir-de-leuro\/\",\"url\":\"https:\/\/www.istegroup.com\/fr\/produit\/lavenir-de-leuro\/\",\"name\":\"L\u2019avenir de l\u2019euro - ISTE Group\",\"isPartOf\":{\"@id\":\"https:\/\/www.istegroup.com\/#website\"},\"primaryImageOfPage\":{\"@id\":\"https:\/\/www.istegroup.com\/fr\/produit\/lavenir-de-leuro\/#primaryimage\"},\"image\":{\"@id\":\"https:\/\/www.istegroup.com\/fr\/produit\/lavenir-de-leuro\/#primaryimage\"},\"thumbnailUrl\":\"https:\/\/www.istegroup.com\/wp-content\/uploads\/2018\/10\/Lehmann_Front-scaled.jpg\",\"datePublished\":\"2018-10-03T12:20:21+00:00\",\"dateModified\":\"2024-01-03T13:42:39+00:00\",\"description\":\"L\u2019avenir de l\u2019euro\u00a0retrace l\u2019\u00e9volution de la politique mon\u00e9taire \u00e0 laquelle a d\u00fb se soumettre la Banque centrale europ\u00e9enne dans une p\u00e9riode o\u00f9 les crises \u00e9conomiques, mon\u00e9taires et financi\u00e8res ont \u00e9t\u00e9 l\u00e9gion.\",\"breadcrumb\":{\"@id\":\"https:\/\/www.istegroup.com\/fr\/produit\/lavenir-de-leuro\/#breadcrumb\"},\"inLanguage\":\"en-US\",\"potentialAction\":[{\"@type\":\"ReadAction\",\"target\":[\"https:\/\/www.istegroup.com\/fr\/produit\/lavenir-de-leuro\/\"]}]},{\"@type\":\"ImageObject\",\"inLanguage\":\"en-US\",\"@id\":\"https:\/\/www.istegroup.com\/fr\/produit\/lavenir-de-leuro\/#primaryimage\",\"url\":\"https:\/\/www.istegroup.com\/wp-content\/uploads\/2018\/10\/Lehmann_Front-scaled.jpg\",\"contentUrl\":\"https:\/\/www.istegroup.com\/wp-content\/uploads\/2018\/10\/Lehmann_Front-scaled.jpg\",\"width\":1626,\"height\":2560,\"caption\":\"L\u2019avenir de l\u2019euro\"},{\"@type\":\"BreadcrumbList\",\"@id\":\"https:\/\/www.istegroup.com\/fr\/produit\/lavenir-de-leuro\/#breadcrumb\",\"itemListElement\":[{\"@type\":\"ListItem\",\"position\":1,\"name\":\"Home\",\"item\":\"https:\/\/www.istegroup.com\/\"},{\"@type\":\"ListItem\",\"position\":2,\"name\":\"Shop\",\"item\":\"https:\/\/www.istegroup.com\/fr\/nouveautes\/\"},{\"@type\":\"ListItem\",\"position\":3,\"name\":\"L\u2019avenir de l\u2019euro\"}]},{\"@type\":\"WebSite\",\"@id\":\"https:\/\/www.istegroup.com\/#website\",\"url\":\"https:\/\/www.istegroup.com\/\",\"name\":\"ISTE Group\",\"description\":\"Publishing Knowledge\",\"potentialAction\":[{\"@type\":\"SearchAction\",\"target\":{\"@type\":\"EntryPoint\",\"urlTemplate\":\"https:\/\/www.istegroup.com\/?s={search_term_string}\"},\"query-input\":{\"@type\":\"PropertyValueSpecification\",\"valueRequired\":true,\"valueName\":\"search_term_string\"}}],\"inLanguage\":\"en-US\"}]}<\/script>\n<!-- \/ Yoast SEO plugin. -->","yoast_head_json":{"title":"L\u2019avenir de l\u2019euro - ISTE Group","description":"L\u2019avenir de l\u2019euro\u00a0retrace l\u2019\u00e9volution de la politique mon\u00e9taire \u00e0 laquelle a d\u00fb se soumettre la Banque centrale europ\u00e9enne dans une p\u00e9riode o\u00f9 les crises \u00e9conomiques, mon\u00e9taires et financi\u00e8res ont \u00e9t\u00e9 l\u00e9gion.","robots":{"index":"index","follow":"follow","max-snippet":"max-snippet:-1","max-image-preview":"max-image-preview:large","max-video-preview":"max-video-preview:-1"},"canonical":"https:\/\/www.istegroup.com\/fr\/produit\/lavenir-de-leuro\/","og_locale":"en_US","og_type":"article","og_title":"L\u2019avenir de l\u2019euro - ISTE Group","og_description":"L\u2019avenir de l\u2019euro\u00a0retrace l\u2019\u00e9volution de la politique mon\u00e9taire \u00e0 laquelle a d\u00fb se soumettre la Banque centrale europ\u00e9enne dans une p\u00e9riode o\u00f9 les crises \u00e9conomiques, mon\u00e9taires et financi\u00e8res ont \u00e9t\u00e9 l\u00e9gion.","og_url":"https:\/\/www.istegroup.com\/fr\/produit\/lavenir-de-leuro\/","og_site_name":"ISTE Group","article_modified_time":"2024-01-03T13:42:39+00:00","og_image":[{"width":1626,"height":2560,"url":"https:\/\/www.istegroup.com\/wp-content\/uploads\/2018\/10\/Lehmann_Front-scaled.jpg","type":"image\/jpeg"}],"twitter_card":"summary_large_image","twitter_misc":{"Est. reading time":"1 minute"},"schema":{"@context":"https:\/\/schema.org","@graph":[{"@type":"WebPage","@id":"https:\/\/www.istegroup.com\/fr\/produit\/lavenir-de-leuro\/","url":"https:\/\/www.istegroup.com\/fr\/produit\/lavenir-de-leuro\/","name":"L\u2019avenir de l\u2019euro - ISTE Group","isPartOf":{"@id":"https:\/\/www.istegroup.com\/#website"},"primaryImageOfPage":{"@id":"https:\/\/www.istegroup.com\/fr\/produit\/lavenir-de-leuro\/#primaryimage"},"image":{"@id":"https:\/\/www.istegroup.com\/fr\/produit\/lavenir-de-leuro\/#primaryimage"},"thumbnailUrl":"https:\/\/www.istegroup.com\/wp-content\/uploads\/2018\/10\/Lehmann_Front-scaled.jpg","datePublished":"2018-10-03T12:20:21+00:00","dateModified":"2024-01-03T13:42:39+00:00","description":"L\u2019avenir de l\u2019euro\u00a0retrace l\u2019\u00e9volution de la politique mon\u00e9taire \u00e0 laquelle a d\u00fb se soumettre la Banque centrale europ\u00e9enne dans une p\u00e9riode o\u00f9 les crises \u00e9conomiques, mon\u00e9taires et financi\u00e8res ont \u00e9t\u00e9 l\u00e9gion.","breadcrumb":{"@id":"https:\/\/www.istegroup.com\/fr\/produit\/lavenir-de-leuro\/#breadcrumb"},"inLanguage":"en-US","potentialAction":[{"@type":"ReadAction","target":["https:\/\/www.istegroup.com\/fr\/produit\/lavenir-de-leuro\/"]}]},{"@type":"ImageObject","inLanguage":"en-US","@id":"https:\/\/www.istegroup.com\/fr\/produit\/lavenir-de-leuro\/#primaryimage","url":"https:\/\/www.istegroup.com\/wp-content\/uploads\/2018\/10\/Lehmann_Front-scaled.jpg","contentUrl":"https:\/\/www.istegroup.com\/wp-content\/uploads\/2018\/10\/Lehmann_Front-scaled.jpg","width":1626,"height":2560,"caption":"L\u2019avenir de l\u2019euro"},{"@type":"BreadcrumbList","@id":"https:\/\/www.istegroup.com\/fr\/produit\/lavenir-de-leuro\/#breadcrumb","itemListElement":[{"@type":"ListItem","position":1,"name":"Home","item":"https:\/\/www.istegroup.com\/"},{"@type":"ListItem","position":2,"name":"Shop","item":"https:\/\/www.istegroup.com\/fr\/nouveautes\/"},{"@type":"ListItem","position":3,"name":"L\u2019avenir de l\u2019euro"}]},{"@type":"WebSite","@id":"https:\/\/www.istegroup.com\/#website","url":"https:\/\/www.istegroup.com\/","name":"ISTE Group","description":"Publishing Knowledge","potentialAction":[{"@type":"SearchAction","target":{"@type":"EntryPoint","urlTemplate":"https:\/\/www.istegroup.com\/?s={search_term_string}"},"query-input":{"@type":"PropertyValueSpecification","valueRequired":true,"valueName":"search_term_string"}}],"inLanguage":"en-US"}]}},"_links":{"self":[{"href":"https:\/\/www.istegroup.com\/en\/wp-json\/wp\/v2\/product\/14626","targetHints":{"allow":["GET"]}}],"collection":[{"href":"https:\/\/www.istegroup.com\/en\/wp-json\/wp\/v2\/product"}],"about":[{"href":"https:\/\/www.istegroup.com\/en\/wp-json\/wp\/v2\/types\/product"}],"wp:featuredmedia":[{"embeddable":true,"href":"https:\/\/www.istegroup.com\/en\/wp-json\/wp\/v2\/media\/14630"}],"wp:attachment":[{"href":"https:\/\/www.istegroup.com\/en\/wp-json\/wp\/v2\/media?parent=14626"}],"wp:term":[{"taxonomy":"product_brand","embeddable":true,"href":"https:\/\/www.istegroup.com\/en\/wp-json\/wp\/v2\/product_brand?post=14626"},{"taxonomy":"product_cat","embeddable":true,"href":"https:\/\/www.istegroup.com\/en\/wp-json\/wp\/v2\/product_cat?post=14626"},{"taxonomy":"product_tag","embeddable":true,"href":"https:\/\/www.istegroup.com\/en\/wp-json\/wp\/v2\/product_tag?post=14626"}],"curies":[{"name":"wp","href":"https:\/\/api.w.org\/{rel}","templated":true}]}}