{"id":11737,"date":"2018-03-28T17:57:47","date_gmt":"2018-03-28T15:57:47","guid":{"rendered":"https:\/\/iste.yhello.co\/?post_type=product&#038;p=11737"},"modified":"2024-01-03T13:41:50","modified_gmt":"2024-01-03T13:41:50","slug":"rationalites-en-debat","status":"publish","type":"product","link":"https:\/\/www.istegroup.com\/en\/produit\/rationalites-en-debat\/","title":{"rendered":"Rationalit\u00e9s en d\u00e9bat"},"content":{"rendered":"<p>Le d\u00e9bat est un incontournable de la d\u00e9mocratie. La confrontation d\u2019opinions met en jeu l\u2019intelligence de la personne, sa qualit\u00e9 de raisonnement et de perception de la situation, mais aussi son statut et sa place dans le syst\u00e8me relationnel dans lequel elle prend sa d\u00e9cision. Privil\u00e9gier un aspect ou l\u2019autre dans sa d\u00e9cision peut mener \u00e0 des prises de position politiques oppos\u00e9es.<\/p>\n<p>Mis en situation exp\u00e9rimentale, des citoyens ont d\u00e9battu sur un sujet identique \u00e0 celui de politiciens qui se sont longuement affront\u00e9s dans une assembl\u00e9e constituante. Le sujet abord\u00e9 concerne les droits politiques des \u00e9trangers, en l\u2019occurrence le fait d\u2019\u00e9tendre ou non le droit de vote et d\u2019\u00e9ligibilit\u00e9 aux r\u00e9sidents non nationaux de longue dur\u00e9e.<\/p>\n<p>Cet ouvrage interdisciplinaire a recours \u00e0 des m\u00e9thodes quantitatives informatis\u00e9es. Dans le cadre de la psychologie et des sciences sociales, il propose des visualisations originales comme supports \u00e0 la m\u00e9tacommunication au cours d\u2019un d\u00e9bat politique.<\/p>\n","protected":false},"excerpt":{"rendered":"<p>Le d\u00e9bat est un incontournable de la d\u00e9mocratie. La confrontation d\u2019opinions met en jeu l\u2019intelligence de la personne, sa qualit\u00e9 de raisonnement et de perception de la situation, mais aussi son statut et sa place dans le syst\u00e8me relationnel dans lequel elle prend sa d\u00e9cision. Privil\u00e9gier un aspect ou l\u2019autre dans sa d\u00e9cision peut mener [&hellip;]<\/p>\n","protected":false},"featured_media":11743,"template":"","meta":{"_acf_changed":false,"_links_to":"","_links_to_target":""},"product_brand":[],"product_cat":[3262],"product_tag":[18,19,20,3537,21,22,25,26,27,3536,28,3535,3534],"class_list":{"0":"post-11737","1":"product","2":"type-product","3":"status-publish","4":"has-post-thumbnail","6":"product_cat-non-classe","7":"product_tag-edition-scientifique","8":"product_tag-editions-francaise","9":"product_tag-editions-technique","10":"product_tag-interdisciplinarite","11":"product_tag-iste-group","12":"product_tag-istegroup","13":"product_tag-livre-numerique","14":"product_tag-livre-scientifique-francais","15":"product_tag-livre-technique-francais","16":"product_tag-marion-deville","17":"product_tag-ouvrage-scientifique-francais","18":"product_tag-rationalites-en-debat","19":"product_tag-sciences-et-humanites","21":"first","22":"instock","23":"shipping-taxable","24":"purchasable","25":"product-type-variable"},"acf":[],"yoast_head":"<!-- This site is optimized with the Yoast SEO plugin v27.2 - https:\/\/yoast.com\/product\/yoast-seo-wordpress\/ -->\n<title>Rationalit\u00e9s en d\u00e9bat - ISTE Group<\/title>\n<meta name=\"description\" content=\"Cet ouvrage interdisciplinaire a recours \u00e0 des m\u00e9thodes quantitatives informatis\u00e9es. Dans le cadre de la psychologie et des sciences sociales, il propose des visualisations originales comme supports \u00e0 la m\u00e9tacommunication au cours d\u2019un d\u00e9bat politique.\" \/>\n<meta name=\"robots\" content=\"index, follow, max-snippet:-1, max-image-preview:large, max-video-preview:-1\" \/>\n<link rel=\"canonical\" href=\"https:\/\/www.istegroup.com\/en\/produit\/rationalites-en-debat\/\" \/>\n<meta property=\"og:locale\" content=\"en_US\" \/>\n<meta property=\"og:type\" content=\"article\" \/>\n<meta property=\"og:title\" content=\"Rationalit\u00e9s en d\u00e9bat - ISTE Group\" \/>\n<meta property=\"og:description\" content=\"Cet ouvrage interdisciplinaire a recours \u00e0 des m\u00e9thodes quantitatives informatis\u00e9es. Dans le cadre de la psychologie et des sciences sociales, il propose des visualisations originales comme supports \u00e0 la m\u00e9tacommunication au cours d\u2019un d\u00e9bat politique.\" \/>\n<meta property=\"og:url\" content=\"https:\/\/www.istegroup.com\/en\/produit\/rationalites-en-debat\/\" \/>\n<meta property=\"og:site_name\" content=\"ISTE Group\" \/>\n<meta property=\"article:modified_time\" content=\"2024-01-03T13:41:50+00:00\" \/>\n<meta property=\"og:image\" content=\"https:\/\/www.istegroup.com\/wp-content\/uploads\/2018\/03\/Deville-Cove_Front-scaled.jpg\" \/>\n\t<meta property=\"og:image:width\" content=\"1675\" \/>\n\t<meta property=\"og:image:height\" content=\"2560\" \/>\n\t<meta property=\"og:image:type\" content=\"image\/jpeg\" \/>\n<meta name=\"twitter:card\" content=\"summary_large_image\" \/>\n<meta name=\"twitter:label1\" content=\"Est. reading time\" \/>\n\t<meta name=\"twitter:data1\" content=\"1 minute\" \/>\n<script type=\"application\/ld+json\" class=\"yoast-schema-graph\">{\"@context\":\"https:\/\/schema.org\",\"@graph\":[{\"@type\":\"WebPage\",\"@id\":\"https:\/\/www.istegroup.com\/en\/produit\/rationalites-en-debat\/\",\"url\":\"https:\/\/www.istegroup.com\/en\/produit\/rationalites-en-debat\/\",\"name\":\"Rationalit\u00e9s en d\u00e9bat - ISTE Group\",\"isPartOf\":{\"@id\":\"https:\/\/www.istegroup.com\/#website\"},\"primaryImageOfPage\":{\"@id\":\"https:\/\/www.istegroup.com\/en\/produit\/rationalites-en-debat\/#primaryimage\"},\"image\":{\"@id\":\"https:\/\/www.istegroup.com\/en\/produit\/rationalites-en-debat\/#primaryimage\"},\"thumbnailUrl\":\"https:\/\/www.istegroup.com\/wp-content\/uploads\/2018\/03\/Deville-Cove_Front-scaled.jpg\",\"datePublished\":\"2018-03-28T15:57:47+00:00\",\"dateModified\":\"2024-01-03T13:41:50+00:00\",\"description\":\"Cet ouvrage interdisciplinaire a recours \u00e0 des m\u00e9thodes quantitatives informatis\u00e9es. Dans le cadre de la psychologie et des sciences sociales, il propose des visualisations originales comme supports \u00e0 la m\u00e9tacommunication au cours d\u2019un d\u00e9bat politique.\",\"breadcrumb\":{\"@id\":\"https:\/\/www.istegroup.com\/en\/produit\/rationalites-en-debat\/#breadcrumb\"},\"inLanguage\":\"en-US\",\"potentialAction\":[{\"@type\":\"ReadAction\",\"target\":[\"https:\/\/www.istegroup.com\/en\/produit\/rationalites-en-debat\/\"]}]},{\"@type\":\"ImageObject\",\"inLanguage\":\"en-US\",\"@id\":\"https:\/\/www.istegroup.com\/en\/produit\/rationalites-en-debat\/#primaryimage\",\"url\":\"https:\/\/www.istegroup.com\/wp-content\/uploads\/2018\/03\/Deville-Cove_Front-scaled.jpg\",\"contentUrl\":\"https:\/\/www.istegroup.com\/wp-content\/uploads\/2018\/03\/Deville-Cove_Front-scaled.jpg\",\"width\":1675,\"height\":2560,\"caption\":\"Rationalit\u00e9s en d\u00e9bat iste group\"},{\"@type\":\"BreadcrumbList\",\"@id\":\"https:\/\/www.istegroup.com\/en\/produit\/rationalites-en-debat\/#breadcrumb\",\"itemListElement\":[{\"@type\":\"ListItem\",\"position\":1,\"name\":\"Home\",\"item\":\"https:\/\/www.istegroup.com\/\"},{\"@type\":\"ListItem\",\"position\":2,\"name\":\"Shop\",\"item\":\"https:\/\/www.istegroup.com\/fr\/nouveautes\/\"},{\"@type\":\"ListItem\",\"position\":3,\"name\":\"Rationalit\u00e9s en d\u00e9bat\"}]},{\"@type\":\"WebSite\",\"@id\":\"https:\/\/www.istegroup.com\/#website\",\"url\":\"https:\/\/www.istegroup.com\/\",\"name\":\"ISTE Group\",\"description\":\"Publishing Knowledge\",\"potentialAction\":[{\"@type\":\"SearchAction\",\"target\":{\"@type\":\"EntryPoint\",\"urlTemplate\":\"https:\/\/www.istegroup.com\/?s={search_term_string}\"},\"query-input\":{\"@type\":\"PropertyValueSpecification\",\"valueRequired\":true,\"valueName\":\"search_term_string\"}}],\"inLanguage\":\"en-US\"}]}<\/script>\n<!-- \/ Yoast SEO plugin. -->","yoast_head_json":{"title":"Rationalit\u00e9s en d\u00e9bat - ISTE Group","description":"Cet ouvrage interdisciplinaire a recours \u00e0 des m\u00e9thodes quantitatives informatis\u00e9es. Dans le cadre de la psychologie et des sciences sociales, il propose des visualisations originales comme supports \u00e0 la m\u00e9tacommunication au cours d\u2019un d\u00e9bat politique.","robots":{"index":"index","follow":"follow","max-snippet":"max-snippet:-1","max-image-preview":"max-image-preview:large","max-video-preview":"max-video-preview:-1"},"canonical":"https:\/\/www.istegroup.com\/en\/produit\/rationalites-en-debat\/","og_locale":"en_US","og_type":"article","og_title":"Rationalit\u00e9s en d\u00e9bat - ISTE Group","og_description":"Cet ouvrage interdisciplinaire a recours \u00e0 des m\u00e9thodes quantitatives informatis\u00e9es. Dans le cadre de la psychologie et des sciences sociales, il propose des visualisations originales comme supports \u00e0 la m\u00e9tacommunication au cours d\u2019un d\u00e9bat politique.","og_url":"https:\/\/www.istegroup.com\/en\/produit\/rationalites-en-debat\/","og_site_name":"ISTE Group","article_modified_time":"2024-01-03T13:41:50+00:00","og_image":[{"width":1675,"height":2560,"url":"https:\/\/www.istegroup.com\/wp-content\/uploads\/2018\/03\/Deville-Cove_Front-scaled.jpg","type":"image\/jpeg"}],"twitter_card":"summary_large_image","twitter_misc":{"Est. reading time":"1 minute"},"schema":{"@context":"https:\/\/schema.org","@graph":[{"@type":"WebPage","@id":"https:\/\/www.istegroup.com\/en\/produit\/rationalites-en-debat\/","url":"https:\/\/www.istegroup.com\/en\/produit\/rationalites-en-debat\/","name":"Rationalit\u00e9s en d\u00e9bat - ISTE Group","isPartOf":{"@id":"https:\/\/www.istegroup.com\/#website"},"primaryImageOfPage":{"@id":"https:\/\/www.istegroup.com\/en\/produit\/rationalites-en-debat\/#primaryimage"},"image":{"@id":"https:\/\/www.istegroup.com\/en\/produit\/rationalites-en-debat\/#primaryimage"},"thumbnailUrl":"https:\/\/www.istegroup.com\/wp-content\/uploads\/2018\/03\/Deville-Cove_Front-scaled.jpg","datePublished":"2018-03-28T15:57:47+00:00","dateModified":"2024-01-03T13:41:50+00:00","description":"Cet ouvrage interdisciplinaire a recours \u00e0 des m\u00e9thodes quantitatives informatis\u00e9es. Dans le cadre de la psychologie et des sciences sociales, il propose des visualisations originales comme supports \u00e0 la m\u00e9tacommunication au cours d\u2019un d\u00e9bat politique.","breadcrumb":{"@id":"https:\/\/www.istegroup.com\/en\/produit\/rationalites-en-debat\/#breadcrumb"},"inLanguage":"en-US","potentialAction":[{"@type":"ReadAction","target":["https:\/\/www.istegroup.com\/en\/produit\/rationalites-en-debat\/"]}]},{"@type":"ImageObject","inLanguage":"en-US","@id":"https:\/\/www.istegroup.com\/en\/produit\/rationalites-en-debat\/#primaryimage","url":"https:\/\/www.istegroup.com\/wp-content\/uploads\/2018\/03\/Deville-Cove_Front-scaled.jpg","contentUrl":"https:\/\/www.istegroup.com\/wp-content\/uploads\/2018\/03\/Deville-Cove_Front-scaled.jpg","width":1675,"height":2560,"caption":"Rationalit\u00e9s en d\u00e9bat iste group"},{"@type":"BreadcrumbList","@id":"https:\/\/www.istegroup.com\/en\/produit\/rationalites-en-debat\/#breadcrumb","itemListElement":[{"@type":"ListItem","position":1,"name":"Home","item":"https:\/\/www.istegroup.com\/"},{"@type":"ListItem","position":2,"name":"Shop","item":"https:\/\/www.istegroup.com\/fr\/nouveautes\/"},{"@type":"ListItem","position":3,"name":"Rationalit\u00e9s en d\u00e9bat"}]},{"@type":"WebSite","@id":"https:\/\/www.istegroup.com\/#website","url":"https:\/\/www.istegroup.com\/","name":"ISTE Group","description":"Publishing Knowledge","potentialAction":[{"@type":"SearchAction","target":{"@type":"EntryPoint","urlTemplate":"https:\/\/www.istegroup.com\/?s={search_term_string}"},"query-input":{"@type":"PropertyValueSpecification","valueRequired":true,"valueName":"search_term_string"}}],"inLanguage":"en-US"}]}},"_links":{"self":[{"href":"https:\/\/www.istegroup.com\/en\/wp-json\/wp\/v2\/product\/11737","targetHints":{"allow":["GET"]}}],"collection":[{"href":"https:\/\/www.istegroup.com\/en\/wp-json\/wp\/v2\/product"}],"about":[{"href":"https:\/\/www.istegroup.com\/en\/wp-json\/wp\/v2\/types\/product"}],"wp:featuredmedia":[{"embeddable":true,"href":"https:\/\/www.istegroup.com\/en\/wp-json\/wp\/v2\/media\/11743"}],"wp:attachment":[{"href":"https:\/\/www.istegroup.com\/en\/wp-json\/wp\/v2\/media?parent=11737"}],"wp:term":[{"taxonomy":"product_brand","embeddable":true,"href":"https:\/\/www.istegroup.com\/en\/wp-json\/wp\/v2\/product_brand?post=11737"},{"taxonomy":"product_cat","embeddable":true,"href":"https:\/\/www.istegroup.com\/en\/wp-json\/wp\/v2\/product_cat?post=11737"},{"taxonomy":"product_tag","embeddable":true,"href":"https:\/\/www.istegroup.com\/en\/wp-json\/wp\/v2\/product_tag?post=11737"}],"curies":[{"name":"wp","href":"https:\/\/api.w.org\/{rel}","templated":true}]}}