{"id":11407,"date":"2018-03-26T18:20:37","date_gmt":"2018-03-26T16:20:37","guid":{"rendered":"https:\/\/iste.yhello.co\/?post_type=product&#038;p=11407"},"modified":"2024-01-03T13:41:31","modified_gmt":"2024-01-03T13:41:31","slug":"lhistoire-et-leconomie-du-monde-accompagnees-par-les-tic","status":"publish","type":"product","link":"https:\/\/www.istegroup.com\/en\/produit\/lhistoire-et-leconomie-du-monde-accompagnees-par-les-tic\/","title":{"rendered":"L\u2019histoire et l\u2019\u00e9conomie du monde accompagn\u00e9es par les TIC"},"content":{"rendered":"<p>Consid\u00e9r\u00e9es sous l\u2019angle historique, les technologies de l\u2019information et de la communication (TIC) t\u00e9moignent d\u2019une coh\u00e9rence favorable \u00e0 l\u2019innovation et au progr\u00e8s technique, qui va dans le sens recherch\u00e9 par les \u00e9lites.<\/p>\n<p>Bien que pouss\u00e9e par des avanc\u00e9es spectaculaires dans le domaine scientifique et par une dynamique de march\u00e9 bien adapt\u00e9e au r\u00e9seau mondial Internet, \u00e0 la t\u00e9l\u00e9phonie mobile et \u00e0 la t\u00e9l\u00e9vision num\u00e9rique, la pratique des TIC pr\u00e9sente des failles importantes et des risques non n\u00e9gligeables, du fait de l\u2019absence de responsabilit\u00e9 dans le domaine de la gestion de r\u00e9seau et de la pluralit\u00e9 des r\u00e9alisations techniques.<\/p>\n<p>Sur la base du d\u00e9veloppement des TIC dans plusieurs pays, l\u2019ouvrage analyse les liens qui, dans l\u2019histoire humaine, associent ces techniques, la politique et l\u2019\u00e9conomie, et montre que l\u2019agitation incontr\u00f4lable de l\u2019innovation pouss\u00e9e par le souci du profit \u00e0 tout prix demande l\u2019intervention d\u2019une autorit\u00e9 de niveau moral ou politique.<\/p>\n","protected":false},"excerpt":{"rendered":"<p>Consid\u00e9r\u00e9es sous l\u2019angle historique, les technologies de l\u2019information et de la communication (TIC) t\u00e9moignent d\u2019une coh\u00e9rence favorable \u00e0 l\u2019innovation et au progr\u00e8s technique, qui va dans le sens recherch\u00e9 par les \u00e9lites. Bien que pouss\u00e9e par des avanc\u00e9es spectaculaires dans le domaine scientifique et par une dynamique de march\u00e9 bien adapt\u00e9e au r\u00e9seau mondial Internet, [&hellip;]<\/p>\n","protected":false},"featured_media":11411,"template":"","meta":{"_acf_changed":false,"_links_to":"","_links_to_target":""},"product_brand":[],"product_cat":[3262],"product_tag":[],"class_list":{"0":"post-11407","1":"product","2":"type-product","3":"status-publish","4":"has-post-thumbnail","6":"product_cat-non-classe","8":"first","9":"instock","10":"shipping-taxable","11":"purchasable","12":"product-type-variable"},"acf":[],"yoast_head":"<!-- This site is optimized with the Yoast SEO plugin v27.2 - https:\/\/yoast.com\/product\/yoast-seo-wordpress\/ -->\n<title>L\u2019histoire et l\u2019\u00e9conomie du monde accompagn\u00e9es par les TIC - ISTE Group<\/title>\n<meta name=\"description\" content=\"Sur la base du d\u00e9veloppement des TIC dans plusieurs pays, l\u2019ouvrage analyse les liens qui, dans l\u2019histoire humaine, associent ces techniques, la politique et l\u2019\u00e9conomie, et montre que l\u2019agitation incontr\u00f4lable de l\u2019innovation pouss\u00e9e par le souci du profit \u00e0 tout prix demande l\u2019intervention d\u2019une autorit\u00e9 de niveau moral ou politique.\" \/>\n<meta name=\"robots\" content=\"index, follow, max-snippet:-1, max-image-preview:large, max-video-preview:-1\" \/>\n<link rel=\"canonical\" href=\"https:\/\/www.istegroup.com\/en\/produit\/lhistoire-et-leconomie-du-monde-accompagnees-par-les-tic\/\" \/>\n<meta property=\"og:locale\" content=\"en_US\" \/>\n<meta property=\"og:type\" content=\"article\" \/>\n<meta property=\"og:title\" content=\"L\u2019histoire et l\u2019\u00e9conomie du monde accompagn\u00e9es par les TIC - ISTE Group\" \/>\n<meta property=\"og:description\" content=\"Sur la base du d\u00e9veloppement des TIC dans plusieurs pays, l\u2019ouvrage analyse les liens qui, dans l\u2019histoire humaine, associent ces techniques, la politique et l\u2019\u00e9conomie, et montre que l\u2019agitation incontr\u00f4lable de l\u2019innovation pouss\u00e9e par le souci du profit \u00e0 tout prix demande l\u2019intervention d\u2019une autorit\u00e9 de niveau moral ou politique.\" \/>\n<meta property=\"og:url\" content=\"https:\/\/www.istegroup.com\/en\/produit\/lhistoire-et-leconomie-du-monde-accompagnees-par-les-tic\/\" \/>\n<meta property=\"og:site_name\" content=\"ISTE Group\" \/>\n<meta property=\"article:modified_time\" content=\"2024-01-03T13:41:31+00:00\" \/>\n<meta property=\"og:image\" content=\"https:\/\/www.istegroup.com\/wp-content\/uploads\/2018\/03\/Battu_Front-scaled.jpg\" \/>\n\t<meta property=\"og:image:width\" content=\"1675\" \/>\n\t<meta property=\"og:image:height\" content=\"2560\" \/>\n\t<meta property=\"og:image:type\" content=\"image\/jpeg\" \/>\n<meta name=\"twitter:card\" content=\"summary_large_image\" \/>\n<meta name=\"twitter:label1\" content=\"Est. reading time\" \/>\n\t<meta name=\"twitter:data1\" content=\"1 minute\" \/>\n<script type=\"application\/ld+json\" class=\"yoast-schema-graph\">{\"@context\":\"https:\/\/schema.org\",\"@graph\":[{\"@type\":\"WebPage\",\"@id\":\"https:\/\/www.istegroup.com\/en\/produit\/lhistoire-et-leconomie-du-monde-accompagnees-par-les-tic\/\",\"url\":\"https:\/\/www.istegroup.com\/en\/produit\/lhistoire-et-leconomie-du-monde-accompagnees-par-les-tic\/\",\"name\":\"L\u2019histoire et l\u2019\u00e9conomie du monde accompagn\u00e9es par les TIC - ISTE Group\",\"isPartOf\":{\"@id\":\"https:\/\/www.istegroup.com\/#website\"},\"primaryImageOfPage\":{\"@id\":\"https:\/\/www.istegroup.com\/en\/produit\/lhistoire-et-leconomie-du-monde-accompagnees-par-les-tic\/#primaryimage\"},\"image\":{\"@id\":\"https:\/\/www.istegroup.com\/en\/produit\/lhistoire-et-leconomie-du-monde-accompagnees-par-les-tic\/#primaryimage\"},\"thumbnailUrl\":\"https:\/\/www.istegroup.com\/wp-content\/uploads\/2018\/03\/Battu_Front-scaled.jpg\",\"datePublished\":\"2018-03-26T16:20:37+00:00\",\"dateModified\":\"2024-01-03T13:41:31+00:00\",\"description\":\"Sur la base du d\u00e9veloppement des TIC dans plusieurs pays, l\u2019ouvrage analyse les liens qui, dans l\u2019histoire humaine, associent ces techniques, la politique et l\u2019\u00e9conomie, et montre que l\u2019agitation incontr\u00f4lable de l\u2019innovation pouss\u00e9e par le souci du profit \u00e0 tout prix demande l\u2019intervention d\u2019une autorit\u00e9 de niveau moral ou politique.\",\"breadcrumb\":{\"@id\":\"https:\/\/www.istegroup.com\/en\/produit\/lhistoire-et-leconomie-du-monde-accompagnees-par-les-tic\/#breadcrumb\"},\"inLanguage\":\"en-US\",\"potentialAction\":[{\"@type\":\"ReadAction\",\"target\":[\"https:\/\/www.istegroup.com\/en\/produit\/lhistoire-et-leconomie-du-monde-accompagnees-par-les-tic\/\"]}]},{\"@type\":\"ImageObject\",\"inLanguage\":\"en-US\",\"@id\":\"https:\/\/www.istegroup.com\/en\/produit\/lhistoire-et-leconomie-du-monde-accompagnees-par-les-tic\/#primaryimage\",\"url\":\"https:\/\/www.istegroup.com\/wp-content\/uploads\/2018\/03\/Battu_Front-scaled.jpg\",\"contentUrl\":\"https:\/\/www.istegroup.com\/wp-content\/uploads\/2018\/03\/Battu_Front-scaled.jpg\",\"width\":1675,\"height\":2560,\"caption\":\"L\u2019histoire et l\u2019\u00e9conomie du monde accompagn\u00e9es par les TIC\"},{\"@type\":\"BreadcrumbList\",\"@id\":\"https:\/\/www.istegroup.com\/en\/produit\/lhistoire-et-leconomie-du-monde-accompagnees-par-les-tic\/#breadcrumb\",\"itemListElement\":[{\"@type\":\"ListItem\",\"position\":1,\"name\":\"Home\",\"item\":\"https:\/\/www.istegroup.com\/\"},{\"@type\":\"ListItem\",\"position\":2,\"name\":\"Shop\",\"item\":\"https:\/\/www.istegroup.com\/fr\/nouveautes\/\"},{\"@type\":\"ListItem\",\"position\":3,\"name\":\"L\u2019histoire et l\u2019\u00e9conomie du monde accompagn\u00e9es par les TIC\"}]},{\"@type\":\"WebSite\",\"@id\":\"https:\/\/www.istegroup.com\/#website\",\"url\":\"https:\/\/www.istegroup.com\/\",\"name\":\"ISTE Group\",\"description\":\"Publishing Knowledge\",\"potentialAction\":[{\"@type\":\"SearchAction\",\"target\":{\"@type\":\"EntryPoint\",\"urlTemplate\":\"https:\/\/www.istegroup.com\/?s={search_term_string}\"},\"query-input\":{\"@type\":\"PropertyValueSpecification\",\"valueRequired\":true,\"valueName\":\"search_term_string\"}}],\"inLanguage\":\"en-US\"}]}<\/script>\n<!-- \/ Yoast SEO plugin. -->","yoast_head_json":{"title":"L\u2019histoire et l\u2019\u00e9conomie du monde accompagn\u00e9es par les TIC - ISTE Group","description":"Sur la base du d\u00e9veloppement des TIC dans plusieurs pays, l\u2019ouvrage analyse les liens qui, dans l\u2019histoire humaine, associent ces techniques, la politique et l\u2019\u00e9conomie, et montre que l\u2019agitation incontr\u00f4lable de l\u2019innovation pouss\u00e9e par le souci du profit \u00e0 tout prix demande l\u2019intervention d\u2019une autorit\u00e9 de niveau moral ou politique.","robots":{"index":"index","follow":"follow","max-snippet":"max-snippet:-1","max-image-preview":"max-image-preview:large","max-video-preview":"max-video-preview:-1"},"canonical":"https:\/\/www.istegroup.com\/en\/produit\/lhistoire-et-leconomie-du-monde-accompagnees-par-les-tic\/","og_locale":"en_US","og_type":"article","og_title":"L\u2019histoire et l\u2019\u00e9conomie du monde accompagn\u00e9es par les TIC - ISTE Group","og_description":"Sur la base du d\u00e9veloppement des TIC dans plusieurs pays, l\u2019ouvrage analyse les liens qui, dans l\u2019histoire humaine, associent ces techniques, la politique et l\u2019\u00e9conomie, et montre que l\u2019agitation incontr\u00f4lable de l\u2019innovation pouss\u00e9e par le souci du profit \u00e0 tout prix demande l\u2019intervention d\u2019une autorit\u00e9 de niveau moral ou politique.","og_url":"https:\/\/www.istegroup.com\/en\/produit\/lhistoire-et-leconomie-du-monde-accompagnees-par-les-tic\/","og_site_name":"ISTE Group","article_modified_time":"2024-01-03T13:41:31+00:00","og_image":[{"width":1675,"height":2560,"url":"https:\/\/www.istegroup.com\/wp-content\/uploads\/2018\/03\/Battu_Front-scaled.jpg","type":"image\/jpeg"}],"twitter_card":"summary_large_image","twitter_misc":{"Est. reading time":"1 minute"},"schema":{"@context":"https:\/\/schema.org","@graph":[{"@type":"WebPage","@id":"https:\/\/www.istegroup.com\/en\/produit\/lhistoire-et-leconomie-du-monde-accompagnees-par-les-tic\/","url":"https:\/\/www.istegroup.com\/en\/produit\/lhistoire-et-leconomie-du-monde-accompagnees-par-les-tic\/","name":"L\u2019histoire et l\u2019\u00e9conomie du monde accompagn\u00e9es par les TIC - ISTE Group","isPartOf":{"@id":"https:\/\/www.istegroup.com\/#website"},"primaryImageOfPage":{"@id":"https:\/\/www.istegroup.com\/en\/produit\/lhistoire-et-leconomie-du-monde-accompagnees-par-les-tic\/#primaryimage"},"image":{"@id":"https:\/\/www.istegroup.com\/en\/produit\/lhistoire-et-leconomie-du-monde-accompagnees-par-les-tic\/#primaryimage"},"thumbnailUrl":"https:\/\/www.istegroup.com\/wp-content\/uploads\/2018\/03\/Battu_Front-scaled.jpg","datePublished":"2018-03-26T16:20:37+00:00","dateModified":"2024-01-03T13:41:31+00:00","description":"Sur la base du d\u00e9veloppement des TIC dans plusieurs pays, l\u2019ouvrage analyse les liens qui, dans l\u2019histoire humaine, associent ces techniques, la politique et l\u2019\u00e9conomie, et montre que l\u2019agitation incontr\u00f4lable de l\u2019innovation pouss\u00e9e par le souci du profit \u00e0 tout prix demande l\u2019intervention d\u2019une autorit\u00e9 de niveau moral ou politique.","breadcrumb":{"@id":"https:\/\/www.istegroup.com\/en\/produit\/lhistoire-et-leconomie-du-monde-accompagnees-par-les-tic\/#breadcrumb"},"inLanguage":"en-US","potentialAction":[{"@type":"ReadAction","target":["https:\/\/www.istegroup.com\/en\/produit\/lhistoire-et-leconomie-du-monde-accompagnees-par-les-tic\/"]}]},{"@type":"ImageObject","inLanguage":"en-US","@id":"https:\/\/www.istegroup.com\/en\/produit\/lhistoire-et-leconomie-du-monde-accompagnees-par-les-tic\/#primaryimage","url":"https:\/\/www.istegroup.com\/wp-content\/uploads\/2018\/03\/Battu_Front-scaled.jpg","contentUrl":"https:\/\/www.istegroup.com\/wp-content\/uploads\/2018\/03\/Battu_Front-scaled.jpg","width":1675,"height":2560,"caption":"L\u2019histoire et l\u2019\u00e9conomie du monde accompagn\u00e9es par les TIC"},{"@type":"BreadcrumbList","@id":"https:\/\/www.istegroup.com\/en\/produit\/lhistoire-et-leconomie-du-monde-accompagnees-par-les-tic\/#breadcrumb","itemListElement":[{"@type":"ListItem","position":1,"name":"Home","item":"https:\/\/www.istegroup.com\/"},{"@type":"ListItem","position":2,"name":"Shop","item":"https:\/\/www.istegroup.com\/fr\/nouveautes\/"},{"@type":"ListItem","position":3,"name":"L\u2019histoire et l\u2019\u00e9conomie du monde accompagn\u00e9es par les TIC"}]},{"@type":"WebSite","@id":"https:\/\/www.istegroup.com\/#website","url":"https:\/\/www.istegroup.com\/","name":"ISTE Group","description":"Publishing Knowledge","potentialAction":[{"@type":"SearchAction","target":{"@type":"EntryPoint","urlTemplate":"https:\/\/www.istegroup.com\/?s={search_term_string}"},"query-input":{"@type":"PropertyValueSpecification","valueRequired":true,"valueName":"search_term_string"}}],"inLanguage":"en-US"}]}},"_links":{"self":[{"href":"https:\/\/www.istegroup.com\/en\/wp-json\/wp\/v2\/product\/11407","targetHints":{"allow":["GET"]}}],"collection":[{"href":"https:\/\/www.istegroup.com\/en\/wp-json\/wp\/v2\/product"}],"about":[{"href":"https:\/\/www.istegroup.com\/en\/wp-json\/wp\/v2\/types\/product"}],"wp:featuredmedia":[{"embeddable":true,"href":"https:\/\/www.istegroup.com\/en\/wp-json\/wp\/v2\/media\/11411"}],"wp:attachment":[{"href":"https:\/\/www.istegroup.com\/en\/wp-json\/wp\/v2\/media?parent=11407"}],"wp:term":[{"taxonomy":"product_brand","embeddable":true,"href":"https:\/\/www.istegroup.com\/en\/wp-json\/wp\/v2\/product_brand?post=11407"},{"taxonomy":"product_cat","embeddable":true,"href":"https:\/\/www.istegroup.com\/en\/wp-json\/wp\/v2\/product_cat?post=11407"},{"taxonomy":"product_tag","embeddable":true,"href":"https:\/\/www.istegroup.com\/en\/wp-json\/wp\/v2\/product_tag?post=11407"}],"curies":[{"name":"wp","href":"https:\/\/api.w.org\/{rel}","templated":true}]}}