{"id":47576,"date":"2022-08-09T10:30:18","date_gmt":"2022-08-09T09:30:18","guid":{"rendered":"https:\/\/www.istegroup.com\/?page_id=47576"},"modified":"2026-04-14T10:00:29","modified_gmt":"2026-04-14T09:00:29","slug":"prix-et-distinctions","status":"publish","type":"page","link":"https:\/\/www.istegroup.com\/en\/prix-et-distinctions\/","title":{"rendered":"Prix et distinctions"},"content":{"rendered":"<div style=\"overflow-x: auto;\">\n<table>\n<tbody>\n<tr>\n<td>\n<p><figure id=\"attachment_47570\" aria-describedby=\"caption-attachment-47570\" style=\"width: 180px\" class=\"wp-caption aligncenter\"><a href=\"https:\/\/www.istegroup.com\/fr\/produit\/limpact-social-dans-les-organisations-solidaires\"><img loading=\"lazy\" decoding=\"async\" class=\"wp-image-47570\" src=\"https:\/\/www.istegroup.com\/wp-content\/uploads\/2025\/01\/025_Limpact-social-dans-les-organisations-solidaires_fnege.jpg\" alt=\"L\u2019impact social dans les organisations solidaires\n\" width=\"180\" height=\"271\" \/><\/a><figcaption id=\"caption-attachment-47570\" class=\"wp-caption-text\"><center>Ouvrage labellis\u00e9<\/br>FNEGE<\/center><\/figcaption><\/figure><\/td>\n<td>\n<p><figure id=\"attachment_47570\" aria-describedby=\"caption-attachment-47570\" style=\"width: 180px\" class=\"wp-caption aligncenter\"><a href=\"https:\/\/www.istegroup.com\/fr\/produit\/les-facettes-cachees-de-linnovation\/\"><img loading=\"lazy\" decoding=\"async\" class=\"wp-image-47570\" src=\"https:\/\/www.istegroup.com\/wp-content\/uploads\/2025\/10\/Les-facettes-cachees-de-linnovation_fnege.jpg\" alt=\"Les facettes cach\u00e9es de l\u2019innovation\" width=\"180\" height=\"271\" \/><\/a><figcaption id=\"caption-attachment-47570\" class=\"wp-caption-text\"><center>Ouvrage labellis\u00e9<\/br>FNEGE<\/center><\/figcaption><\/figure><\/td>\n<td>\n<p><figure id=\"attachment_47570\" aria-describedby=\"caption-attachment-47570\" style=\"width: 180px\" class=\"wp-caption aligncenter\"><a href=\"https:\/\/www.istegroup.com\/fr\/produit\/tourisme-technologies-et-consommation-a-lere-du-5-0\/\"><img loading=\"lazy\" decoding=\"async\" class=\"wp-image-47570\" src=\"https:\/\/www.istegroup.com\/wp-content\/uploads\/2025\/01\/024_Tourisme-technologies-et-consommation-a-lere-du-5.0_fnege.jpg\" alt=\"Tourisme, technologies et consommation \u00e0 l\u2019\u00e8re du 5.0\n\" width=\"180\" height=\"271\" \/><\/a><figcaption id=\"caption-attachment-47570\" class=\"wp-caption-text\"><center>Ouvrage labellis\u00e9<\/br>FNEGE<\/center><\/figcaption><\/figure><\/td>\n<td>\n<p><figure id=\"attachment_47570\" aria-describedby=\"caption-attachment-47570\" style=\"width: 180px\" class=\"wp-caption aligncenter\"><a href=\"https:\/\/www.istegroup.com\/fr\/produit\/la-reinvention-des-territoires-par-la-solidarite\/\"><img loading=\"lazy\" decoding=\"async\" class=\"wp-image-47570\" src=\"https:\/\/www.istegroup.com\/wp-content\/uploads\/2024\/08\/La-reinvention-des-territoires-par-la-solidarite_fnege.jpg\" alt=\"La r\u00e9invention des territoires par la solidarit\u00e9\" width=\"180\" height=\"271\" \/><\/a><figcaption id=\"caption-attachment-47570\" class=\"wp-caption-text\"><center>Ouvrage labellis\u00e9<\/br>FNEGE<\/center><\/figcaption><\/figure><\/td>\n<\/tr>\n<\/tbody>\n<\/table>\n<\/div>\n<div style=\"overflow-x: auto;\">\n<table>\n<tbody>\n<tr>\n<td>\n<p><figure id=\"attachment_47570\" aria-describedby=\"caption-attachment-47570\" style=\"width: 180px\" class=\"wp-caption aligncenter\"><a href=\"https:\/\/www.istegroup.com\/fr\/produit\/materials-and-processes-for-nuclear-energy-today-and-in-the-future\/\"><img loading=\"lazy\" decoding=\"async\" class=\"wp-image-47570\" src=\"https:\/\/www.istegroup.com\/wp-content\/uploads\/2025\/06\/Materials-and-Processes-for-Nuclear-Energy-Today-and-in-the-Future.jpg\" alt=\"Materials and Processes for Nuclear Energy Today and in the Future\" width=\"180\" height=\"271\" \/><\/a><figcaption id=\"caption-attachment-47570\" class=\"wp-caption-text\"><center>Prix Enseignement et<\/br> Formation Sfen 2025<\/center><\/figcaption><\/figure><\/td>\n<td>\n<p><figure id=\"attachment_47570\" aria-describedby=\"caption-attachment-47570\" style=\"width: 180px\" class=\"wp-caption aligncenter\"><a href=\"https:\/\/www.istegroup.com\/fr\/produit\/ville-intelligente-ou-vies-intelligentes\/\"><img loading=\"lazy\" decoding=\"async\" class=\"wp-image-47570\" src=\"https:\/\/www.istegroup.com\/wp-content\/uploads\/2025\/01\/015_Ville-intelligente-ou-vies-intelligentes_fnege.jpg\" alt=\"Ville intelligente ou vies intelligentes\" width=\"180\" height=\"271\" \/><\/a><figcaption id=\"caption-attachment-47570\" class=\"wp-caption-text\"><center>Ouvrage labellis\u00e9<\/br>FNEGE<\/center><\/figcaption><\/figure><\/td>\n<td>\n<p><figure id=\"attachment_47570\" aria-describedby=\"caption-attachment-47570\" style=\"width: 180px\" class=\"wp-caption aligncenter\"><a href=\"https:\/\/www.istegroup.com\/fr\/produit\/les-pratiques-de-la-supply-chain-durable\/\"><img loading=\"lazy\" decoding=\"async\" class=\"wp-image-47570\" src=\"https:\/\/www.istegroup.com\/wp-content\/uploads\/2024\/01\/Les-pratiques-de-la-supply-chain-durable.png\" alt=\"Les pratiques de la supply chain durable\" width=\"180\" height=\"271\" \/><\/a><figcaption id=\"caption-attachment-47570\" class=\"wp-caption-text\"><center>Prix RSE &#8211; Plumes des<\/br>Achats et Supply Chain<\/center><\/figcaption><\/figure><\/td>\n<td>\n<p><figure id=\"attachment_47570\" aria-describedby=\"caption-attachment-47570\" style=\"width: 180px\" class=\"wp-caption aligncenter\"><a href=\"https:\/\/www.istegroup.com\/fr\/produit\/management-et-marketing-du-vin-2\/\"><img loading=\"lazy\" decoding=\"async\" class=\"wp-image-47570\" src=\"https:\/\/www.istegroup.com\/wp-content\/uploads\/2023\/10\/956_Management-et-marketing-du-vin-2_prix.jpg\" alt=\"Management et marketing du vin 2\" width=\"180\" height=\"271\" \/><\/a><figcaption id=\"caption-attachment-47570\" class=\"wp-caption-text\"><center>Prix de l\u2019OIV<\/br>2024<\/center><\/figcaption><\/figure><\/td>\n<\/tr>\n<\/tbody>\n<\/table>\n<\/div>\n<div style=\"overflow-x: auto;\">\n<table>\n<tbody>\n<tr>\n<td>\n<p><figure id=\"attachment_47570\" aria-describedby=\"caption-attachment-47570\" style=\"width: 180px\" class=\"wp-caption aligncenter\"><a href=\"https:\/\/www.istegroup.com\/fr\/produit\/dynamiques-collectives-et-territoires\/\"><img loading=\"lazy\" decoding=\"async\" class=\"wp-image-47570\" src=\"https:\/\/www.istegroup.com\/wp-content\/uploads\/2023\/11\/Dynamiques-collectives-et-territoires_FNEGE.png\" alt=\"Dynamiques collectives et territoires\" width=\"180\" height=\"271\" \/><\/a><figcaption id=\"caption-attachment-47570\" class=\"wp-caption-text\"><center>Ouvrage labellis\u00e9<\/br>FNEGE<\/center><\/figcaption><\/figure><\/td>\n<td>\n<p><figure id=\"attachment_47303\" aria-describedby=\"caption-attachment-47303\" style=\"width: 180px\" class=\"wp-caption aligncenter\"><a href=\"https:\/\/www.istegroup.com\/fr\/produit\/nouveaux-territoires-de-la-strategie-clients\/\"><img loading=\"lazy\" decoding=\"async\" class=\"wp-image-47303\" src=\"https:\/\/www.istegroup.com\/wp-content\/uploads\/2023\/11\/Nouveaux-territoires-de-la-strategie-clients_FNEGE.png\" alt=\"Livre scientifique - Nouveaux territoires de la strat\u00e9gie clients\" width=\"180\" height=\"272\" \/><\/a><figcaption id=\"caption-attachment-47303\" class=\"wp-caption-text\"><center>Ouvrage labellis\u00e9<\/br>FNEGE<\/center><\/figcaption><\/figure><\/td>\n<td>\n<p><figure id=\"attachment_47570\" aria-describedby=\"caption-attachment-47570\" style=\"width: 180px\" class=\"wp-caption aligncenter\"><a href=\"https:\/\/www.istegroup.com\/fr\/produit\/les-capacites-creatives-des-organisations-ouvertes\/\"><img loading=\"lazy\" decoding=\"async\" class=\"wp-image-47570\" src=\"https:\/\/www.istegroup.com\/wp-content\/uploads\/2023\/08\/Les-capacites-creatives-des-organisations-ouvertes_FNEGE.jpg\" alt=\"\" width=\"180\" height=\"271\" \/><\/a><figcaption id=\"caption-attachment-47570\" class=\"wp-caption-text\"><center>Ouvrage labellis\u00e9<\/br>FNEGE<\/center><\/figcaption><\/figure><\/td>\n<td>\n<p><figure id=\"attachment_46761\" aria-describedby=\"caption-attachment-46761\" style=\"width: 180px\" class=\"wp-caption aligncenter\"><a href=\"https:\/\/www.istegroup.com\/fr\/produit\/les-capacites-creatives-des-organisations\/\"><img loading=\"lazy\" decoding=\"async\" class=\"wp-image-46761\" src=\"https:\/\/www.istegroup.com\/wp-content\/uploads\/2023\/06\/Les-capacites-creatives-des-organisations_FNEGE.jpg\" alt=\"\" width=\"180\" height=\"271\" \/><\/a><figcaption id=\"caption-attachment-46761\" class=\"wp-caption-text\"><center>Ouvrage labellis\u00e9<\/br>FNEGE<\/center><\/figcaption><\/figure><\/td>\n<\/tr>\n<\/tbody>\n<\/table>\n<\/div>\n<div style=\"overflow-x: auto;\">\n<table>\n<tbody>\n<tr>\n<td>\n<p><figure id=\"attachment_46761\" aria-describedby=\"caption-attachment-46761\" style=\"width: 180px\" class=\"wp-caption aligncenter\"><a href=\"https:\/\/www.istegroup.com\/fr\/produit\/controle-de-gestion-et-creativite\/\"><img loading=\"lazy\" decoding=\"async\" class=\"wp-image-46761\" src=\"https:\/\/www.istegroup.com\/wp-content\/uploads\/2023\/05\/Controle-de-gestion-et-creativie_FNEGE_RRRI.jpg\" alt=\"\" width=\"180\" height=\"271\" \/><\/a><figcaption id=\"caption-attachment-46761\" class=\"wp-caption-text\"><center>Ouvrage labellis\u00e9<\/br>FNEGE<\/center><\/figcaption><\/figure><\/td>\n<td>\n<p><figure id=\"attachment_47570\" aria-describedby=\"caption-attachment-47570\" style=\"width: 180px\" class=\"wp-caption aligncenter\"><a href=\"https:\/\/www.istegroup.com\/fr\/produit\/la-transition-numerique-des-attributs-manageriaux\/\"><img loading=\"lazy\" decoding=\"async\" class=\"wp-image-47570\" src=\"https:\/\/www.istegroup.com\/wp-content\/uploads\/2023\/02\/La-transition-numerique-des-attributs-manageriaux_FNEGE.jpg\" alt=\"\" width=\"180\" height=\"271\" \/><\/a><figcaption id=\"caption-attachment-47570\" class=\"wp-caption-text\"><center>Ouvrage labellis\u00e9<\/br>FNEGE<\/center><\/figcaption><\/figure><\/td>\n<td>\n<p><figure id=\"attachment_46761\" aria-describedby=\"caption-attachment-46761\" style=\"width: 180px\" class=\"wp-caption aligncenter\"><a href=\"https:\/\/www.istegroup.com\/fr\/produit\/economie-de-lenergie-nucleaire-1\/\"><img loading=\"lazy\" decoding=\"async\" class=\"wp-image-46761\" src=\"https:\/\/www.istegroup.com\/wp-content\/uploads\/2022\/11\/Percebois-1-couv_SFEN.jpg\" alt=\"\" width=\"180\" height=\"271\" \/><\/a><figcaption id=\"caption-attachment-46761\" class=\"wp-caption-text\"><center>Prix de l\u2019Enseignement et<\/br>de la Formation Sfen 2023<\/center><\/figcaption><\/figure><\/td>\n<td>\n<p><figure id=\"attachment_47570\" aria-describedby=\"caption-attachment-47570\" style=\"width: 180px\" class=\"wp-caption aligncenter\"><a href=\"https:\/\/www.istegroup.com\/fr\/produit\/economie-de-lenergie-nucleaire-2\/\"><img loading=\"lazy\" decoding=\"async\" class=\"wp-image-47570\" src=\"https:\/\/www.istegroup.com\/wp-content\/uploads\/2022\/11\/Percebois-2-couv_SFEN.jpg\" alt=\"\" width=\"180\" height=\"271\" \/><\/a><figcaption id=\"caption-attachment-47570\" class=\"wp-caption-text\"><center>Prix de l\u2019Enseignement et<\/br>de la Formation Sfen 2023<\/center><\/figcaption><\/figure><\/td>\n<\/tr>\n<\/tbody>\n<\/table>\n<\/div>\n<div style=\"overflow-x: auto;\">\n<table>\n<tbody>\n<tr>\n<td>\n<p><figure id=\"attachment_25934\" aria-describedby=\"caption-attachment-25934\" style=\"width: 180px\" class=\"wp-caption aligncenter\"><a href=\"https:\/\/www.istegroup.com\/fr\/produit\/les-evolutions-des-liens-sociaux-autour-des-nouvelles-pratiques-alimentaires\/\"><img loading=\"lazy\" decoding=\"async\" class=\"wp-image-25934\" src=\"https:\/\/www.istegroup.com\/wp-content\/uploads\/2022\/07\/Les-evolutions-des-liens-sociaux_FNEGE.jpg\" alt=\"Les \u00e9volutions des liens sociaux autour des nouvelles pratiques alimentaires\" width=\"180\" height=\"269\" \/><\/a><figcaption id=\"caption-attachment-25934\" class=\"wp-caption-text\"><center>Ouvrage labellis\u00e9<\/br>FNEGE<\/center><\/figcaption><\/figure><\/td>\n<td>\n<p><figure id=\"attachment_44556\" aria-describedby=\"caption-attachment-44556\" style=\"width: 180px\" class=\"wp-caption aligncenter\"><a href=\"https:\/\/www.istegroup.com\/fr\/produit\/lecosysteme-dinnovation-source-de-creation-de-valeurs\/\"><img loading=\"lazy\" decoding=\"async\" class=\"wp-image-44556\" src=\"https:\/\/www.istegroup.com\/wp-content\/uploads\/2022\/02\/Lecosysteme-dinnovation-source-de-creation-de-valeur_FNEGE.jpg\" alt=\"Livre scientifique - L\u2019\u00e9cosyst\u00e8me d\u2019innovation source de cr\u00e9ation de valeurs\" width=\"180\" height=\"273\" \/><\/a><figcaption id=\"caption-attachment-44556\" class=\"wp-caption-text\"><center>Ouvrage labellis\u00e9<\/br>FNEGE<\/center><\/figcaption><\/figure><\/td>\n<td>\n<p><figure id=\"attachment_47581\" aria-describedby=\"caption-attachment-47581\" style=\"width: 180px\" class=\"wp-caption aligncenter\"><a href=\"https:\/\/www.istegroup.com\/fr\/produit\/employabilite-et-mutations-industrielles\/\"><img loading=\"lazy\" decoding=\"async\" class=\"wp-image-47581\" src=\"https:\/\/www.istegroup.com\/wp-content\/uploads\/2021\/10\/Employabilite-et-mutations-industrielles_FNEGE.jpg\" alt=\"\" width=\"180\" height=\"271\" \/><\/a><figcaption id=\"caption-attachment-47581\" class=\"wp-caption-text\"><center>Ouvrage labellis\u00e9<\/br>FNEGE<\/center><\/figcaption><\/figure><\/td>\n<td>\n<p><figure id=\"attachment_46761\" aria-describedby=\"caption-attachment-46761\" style=\"width: 180px\" class=\"wp-caption aligncenter\"><a href=\"https:\/\/www.istegroup.com\/fr\/produit\/conflits-crimes-et-regulations-dans-le-cyberespace\/\"><img loading=\"lazy\" decoding=\"async\" class=\"wp-image-46761\" src=\"https:\/\/www.istegroup.com\/wp-content\/uploads\/2022\/06\/Conflits-crimes-et-regulations-dans-le-cyberespace_FIC_cyberdefense.jpg\" alt=\"\" width=\"180\" height=\"271\" srcset=\"https:\/\/www.istegroup.com\/wp-content\/uploads\/2022\/06\/Conflits-crimes-et-regulations-dans-le-cyberespace_FIC_cyberdefense.jpg 318w, https:\/\/www.istegroup.com\/wp-content\/uploads\/2022\/06\/Conflits-crimes-et-regulations-dans-le-cyberespace_FIC_cyberdefense-300x453.jpg 300w, https:\/\/www.istegroup.com\/wp-content\/uploads\/2022\/06\/Conflits-crimes-et-regulations-dans-le-cyberespace_FIC_cyberdefense-200x300.jpg 200w\" sizes=\"auto, (max-width: 180px) 100vw, 180px\" \/><\/a><figcaption id=\"caption-attachment-46761\" class=\"wp-caption-text\"><center>Prix du livre<\/br>\u00ab Cyberd\u00e9fense \u00bb FIC 2022<\/center><\/figcaption><\/figure><\/td>\n<\/tr>\n<\/tbody>\n<\/table>\n<\/div>\n<div style=\"overflow-x: auto;\">\n<table>\n<tbody>\n<tr>\n<td>\n<p><figure id=\"attachment_44555\" aria-describedby=\"caption-attachment-44555\" style=\"width: 180px\" class=\"wp-caption aligncenter\"><a href=\"https:\/\/www.istegroup.com\/fr\/produit\/innovation-et-export\/\"><img loading=\"lazy\" decoding=\"async\" class=\"wp-image-44555\" src=\"https:\/\/www.istegroup.com\/wp-content\/uploads\/2021\/06\/Innovation-et-export_prix_RRI.jpg\" alt=\"Livre scientifique - Innovation et export\" width=\"180\" height=\"273\" \/><\/a><figcaption id=\"caption-attachment-44555\" class=\"wp-caption-text\"><center>Prix Honoris Causa<\/br>RRI<\/center><\/figcaption><\/figure><\/td>\n<td>\n<p><figure id=\"attachment_56533\" aria-describedby=\"caption-attachment-56533\" style=\"width: 180px\" class=\"wp-caption aligncenter\"><a href=\"https:\/\/www.istegroup.com\/fr\/produit\/innovation-en-cluster\/\"><img loading=\"lazy\" decoding=\"async\" class=\"wp-image-56533\" src=\"https:\/\/www.istegroup.com\/wp-content\/uploads\/2021\/06\/Innovation-en-cluster_prix_RRI.jpg\" alt=\"Livre scientifique - Innovation en cluster\" width=\"180\" height=\"273\" \/><\/a><figcaption id=\"caption-attachment-56533\" class=\"wp-caption-text\"><center>Prix Honoris Causa<\/br>RRI<\/center><\/figcaption><\/figure><\/td>\n<td>\n<p><figure id=\"attachment_44555\" aria-describedby=\"caption-attachment-44555\" style=\"width: 180px\" class=\"wp-caption aligncenter\"><a href=\"https:\/\/www.istegroup.com\/fr\/produit\/leconomie-des-ressources-minerales-et-le-defi-de-la-soutenabilite-1\/\"><img loading=\"lazy\" decoding=\"async\" class=\"wp-image-44555\" src=\"https:\/\/www.istegroup.com\/wp-content\/uploads\/2021\/11\/Leconomie-des-ressources-minerales-et-le-defi-de-la-soutenabilite_bandeau_2.jpg\" alt=\"Livre scientifique - L\u2019\u00e9conomie des ressources min\u00e9rales et le d\u00e9fi de la soutenabilit\u00e9 1 - Encyclop\u00e9die SCIENCES\" width=\"180\" height=\"273\" srcset=\"https:\/\/www.istegroup.com\/wp-content\/uploads\/2021\/11\/Leconomie-des-ressources-minerales-et-le-defi-de-la-soutenabilite_bandeau_2.jpg 300w, https:\/\/www.istegroup.com\/wp-content\/uploads\/2021\/11\/Leconomie-des-ressources-minerales-et-le-defi-de-la-soutenabilite_bandeau_2-198x300.jpg 198w\" sizes=\"auto, (max-width: 180px) 100vw, 180px\" \/><\/a><figcaption id=\"caption-attachment-44555\" class=\"wp-caption-text\"><center>Prix sp\u00e9cial AEE 2021<\/br>d\u2019\u00e9conomie de l\u2019\u00e9nergie<\/center><\/figcaption><\/figure><\/td>\n<td>\n<p><figure id=\"attachment_44556\" aria-describedby=\"caption-attachment-44556\" style=\"width: 180px\" class=\"wp-caption aligncenter\"><a href=\"https:\/\/www.istegroup.com\/fr\/produit\/leconomie-des-ressources-minerales-et-le-defi-de-la-soutenabilite-2\/\"><img loading=\"lazy\" decoding=\"async\" class=\"wp-image-44556\" src=\"https:\/\/www.istegroup.com\/wp-content\/uploads\/2021\/11\/Economie_ressources_minerales_defi_soutenabilite_2_bandeau_2.jpg\" alt=\"Livre scientifique - L\u2019\u00e9conomie des ressources min\u00e9rales et le d\u00e9fi de la soutenabilit\u00e9 2 - Encyclop\u00e9die SCIENCES\" width=\"180\" height=\"273\" srcset=\"https:\/\/www.istegroup.com\/wp-content\/uploads\/2021\/11\/Economie_ressources_minerales_defi_soutenabilite_2_bandeau_2.jpg 300w, https:\/\/www.istegroup.com\/wp-content\/uploads\/2021\/11\/Economie_ressources_minerales_defi_soutenabilite_2_bandeau_2-198x300.jpg 198w\" sizes=\"auto, (max-width: 180px) 100vw, 180px\" \/><\/a><figcaption id=\"caption-attachment-44556\" class=\"wp-caption-text\"><center>Prix sp\u00e9cial AEE 2021<\/br>d\u2019\u00e9conomie de l\u2019\u00e9nergie<\/center><\/figcaption><\/figure><\/td>\n<\/tr>\n<\/tbody>\n<\/table>\n<\/div>\n<div style=\"overflow-x: auto;\">\n<table>\n<tbody>\n<tr>\n<td>\n<p><figure id=\"attachment_46427\" aria-describedby=\"caption-attachment-46427\" style=\"width: 180px\" class=\"wp-caption aligncenter\"><a href=\"https:\/\/www.istegroup.com\/fr\/produit\/le-marketing-au-service-du-developpement-durable\/\"><img loading=\"lazy\" decoding=\"async\" class=\"wp-image-46427\" src=\"https:\/\/www.istegroup.com\/wp-content\/uploads\/2022\/04\/Le_marketing_au_service_du_developpement_durable-fnege.jpg\" alt=\"Livre scientifique - Le marketing au service du d\u00e9veloppement durable - Encyclop\u00e9die SCIENCES\" width=\"180\" height=\"273\" srcset=\"https:\/\/www.istegroup.com\/wp-content\/uploads\/2022\/04\/Le_marketing_au_service_du_developpement_durable-fnege.jpg 300w, https:\/\/www.istegroup.com\/wp-content\/uploads\/2022\/04\/Le_marketing_au_service_du_developpement_durable-fnege-198x300.jpg 198w\" sizes=\"auto, (max-width: 180px) 100vw, 180px\" \/><\/a><figcaption id=\"caption-attachment-46427\" class=\"wp-caption-text\"><center>Ouvrage labellis\u00e9<\/br>FNEGE<\/center><\/figcaption><\/figure><\/td>\n<td>\n<p><figure id=\"attachment_47303\" aria-describedby=\"caption-attachment-47303\" style=\"width: 180px\" class=\"wp-caption aligncenter\"><a href=\"https:\/\/www.istegroup.com\/fr\/produit\/management-et-marketing-du-vin\/\"><img loading=\"lazy\" decoding=\"async\" class=\"wp-image-47303\" src=\"https:\/\/www.istegroup.com\/wp-content\/uploads\/2022\/07\/Management-et-marketing_prix_OIV-2022.jpg\" alt=\"Livre scientifique - Management et marketing du vin - prix OIV 2022\" width=\"180\" height=\"272\" \/><\/a><figcaption id=\"caption-attachment-47303\" class=\"wp-caption-text\"><center>Prix de l\u2019OIV<\/br>2022<\/center><\/figcaption><\/figure><\/td>\n<td>\n<p><figure id=\"attachment_44555\" aria-describedby=\"caption-attachment-44555\" style=\"width: 180px\" class=\"wp-caption aligncenter\"><a href=\"https:\/\/www.istegroup.com\/fr\/produit\/systeme-productif-soutenable\/\"><img loading=\"lazy\" decoding=\"async\" class=\"wp-image-44555\" src=\"https:\/\/www.istegroup.com\/wp-content\/uploads\/2021\/02\/Systeme-productif-soutenable_prix_RRI.jpg\" alt=\"Livre scientifique - Syst\u00e8me productif soutenable\" width=\"180\" height=\"273\" \/><\/a><figcaption id=\"caption-attachment-44555\" class=\"wp-caption-text\"><center>Prix Honoris Causa<\/br>RRI<\/center><\/figcaption><\/figure><\/td>\n<td>\n<p><figure id=\"attachment_44555\" aria-describedby=\"caption-attachment-44555\" style=\"width: 180px\" class=\"wp-caption aligncenter\"><a href=\"https:\/\/www.istegroup.com\/fr\/produit\/systemes-duaux-dinnovation\/\"><img loading=\"lazy\" decoding=\"async\" class=\"wp-image-44555\" src=\"https:\/\/www.istegroup.com\/wp-content\/uploads\/2020\/08\/Systemes-duaux-dinnovation_prix_RRI.jpg\" alt=\"Livre scientifique - Syst\u00e8mes duaux d\u2019innovation\" width=\"180\" height=\"273\" \/><\/a><figcaption id=\"caption-attachment-44555\" class=\"wp-caption-text\"><center>Prix Honoris Causa<\/br>RRI<\/center><\/figcaption><\/figure><\/td>\n<\/tr>\n<\/tbody>\n<\/table>\n<\/div>\n<div style=\"overflow-x: auto;\">\n<table>\n<tbody>\n<tr>\n<td>\n<p><figure id=\"attachment_32899\" aria-describedby=\"caption-attachment-32899\" style=\"width: 180px\" class=\"wp-caption aligncenter\"><a href=\"https:\/\/www.istegroup.com\/fr\/produit\/quantification-en-ressources-humaines\/\"><img loading=\"lazy\" decoding=\"async\" class=\"wp-image-32899\" src=\"https:\/\/www.istegroup.com\/wp-content\/uploads\/2020\/07\/Quantification-en-ressources-humaines_prix_fnege.jpeg\" alt=\"Livre Quantification en ressources humaines - Clotilde Coron\" width=\"180\" height=\"270\" srcset=\"https:\/\/www.istegroup.com\/wp-content\/uploads\/2020\/07\/Quantification-en-ressources-humaines_prix_fnege.jpeg 300w, https:\/\/www.istegroup.com\/wp-content\/uploads\/2020\/07\/Quantification-en-ressources-humaines_prix_fnege-200x300.jpeg 200w\" sizes=\"auto, (max-width: 180px) 100vw, 180px\" \/><\/a><figcaption id=\"caption-attachment-32899\" class=\"wp-caption-text\"><center>Prix EFMD-FNEGE<\/br>2020<\/center><\/figcaption><\/figure><\/td>\n<td>\n<p><figure id=\"attachment_25934\" aria-describedby=\"caption-attachment-25934\" style=\"width: 180px\" class=\"wp-caption aligncenter\"><a href=\"https:\/\/www.istegroup.com\/fr\/produit\/le-restaurant-une-approche-geographique\/\"><img loading=\"lazy\" decoding=\"async\" class=\"wp-image-25934\" src=\"https:\/\/www.istegroup.com\/wp-content\/uploads\/2020\/04\/Le-restaurant-une-approche-g\u00e9ographique_bandeau.jpg\" alt=\"Livre scientifique - Le restaurant, une approche g\u00e9ographique - Olivier Etcheverria\" width=\"180\" height=\"269\" srcset=\"https:\/\/www.istegroup.com\/wp-content\/uploads\/2020\/04\/Le-restaurant-une-approche-g\u00e9ographique_bandeau.jpg 319w, https:\/\/www.istegroup.com\/wp-content\/uploads\/2020\/04\/Le-restaurant-une-approche-g\u00e9ographique_bandeau-201x300.jpg 201w\" sizes=\"auto, (max-width: 180px) 100vw, 180px\" \/><\/a><figcaption id=\"caption-attachment-25934\" class=\"wp-caption-text\"><center>Prix du livre<\/br>Gourmand Awards 2020<\/center><\/figcaption><\/figure><\/td>\n<td>\n<p><figure id=\"attachment_29157\" aria-describedby=\"caption-attachment-29157\" style=\"width: 180px\" class=\"wp-caption aligncenter\"><a href=\"https:\/\/www.istegroup.com\/fr\/produit\/le-changement-technologique\/\"><img loading=\"lazy\" decoding=\"async\" class=\"wp-image-29157\" src=\"https:\/\/www.istegroup.com\/wp-content\/uploads\/2020\/05\/Le-changement-technologique.png\" alt=\"Livre Le changement technologique - Clotilde Coron et Patrick Gilbert\" width=\"180\" height=\"271\" srcset=\"https:\/\/www.istegroup.com\/wp-content\/uploads\/2020\/05\/Le-changement-technologique.png 614w, https:\/\/www.istegroup.com\/wp-content\/uploads\/2020\/05\/Le-changement-technologique-300x453.png 300w, https:\/\/www.istegroup.com\/wp-content\/uploads\/2020\/05\/Le-changement-technologique-545x822.png 545w, https:\/\/www.istegroup.com\/wp-content\/uploads\/2020\/05\/Le-changement-technologique-199x300.png 199w\" sizes=\"auto, (max-width: 180px) 100vw, 180px\" \/><\/a><figcaption id=\"caption-attachment-29157\" class=\"wp-caption-text\"><center>Ouvrage labellis\u00e9<\/br>FNEGE<\/center><\/figcaption><\/figure><\/td>\n<td>\n<p><figure id=\"attachment_24512\" aria-describedby=\"caption-attachment-24512\" style=\"width: 180px\" class=\"wp-caption aligncenter\"><a href=\"https:\/\/www.istegroup.com\/fr\/produit\/la-cybersecurite-et-les-decideurs\/\"><img loading=\"lazy\" decoding=\"async\" class=\"wp-image-24512\" src=\"https:\/\/www.istegroup.com\/wp-content\/uploads\/2020\/01\/La-cybers\u00e9curit\u00e9-et-les-d\u00e9cideurs_de-Fr\u00e9minville_fic.jpg\" alt=\"Livre La cybers\u00e9curit\u00e9 et les d\u00e9cideurs - Marie de Fr\u00e9minville\" width=\"180\" height=\"271\" \/><\/a><figcaption id=\"caption-attachment-24512\" class=\"wp-caption-text\"><center>Prix du livre<\/br>\u00ab Cybers\u00e9curit\u00e9 \u00bb FIC 2020<\/center><\/figcaption><\/figure><\/td>\n<\/tr>\n<\/tbody>\n<\/table>\n<\/div>\n<div style=\"overflow-x: auto;\">\n<table>\n<tbody>\n<tr>\n<td>\n<p><figure id=\"attachment_47570\" aria-describedby=\"caption-attachment-47570\" style=\"width: 180px\" class=\"wp-caption aligncenter\"><a href=\"https:\/\/www.istegroup.com\/fr\/produit\/dynamiques-de-la-co-innovation\/\"><img loading=\"lazy\" decoding=\"async\" class=\"wp-image-47570\" src=\"https:\/\/www.istegroup.com\/wp-content\/uploads\/2019\/06\/Dynamiques-de-la-co-innovation_prix_RRRI.jpg\" alt=\"\" width=\"180\" height=\"271\" \/><\/a><figcaption id=\"caption-attachment-47570\" class=\"wp-caption-text\"><center>Prix sp\u00e9cial du jury des<\/br>Plumes des Achats 2021<\/center><\/figcaption><\/figure><\/td>\n<td>\n<p><figure id=\"attachment_25201\" aria-describedby=\"caption-attachment-25201\" style=\"width: 180px\" class=\"wp-caption aligncenter\"><a href=\"https:\/\/www.istegroup.com\/fr\/produit\/strategie-clients-augmentee\/\"><img loading=\"lazy\" decoding=\"async\" class=\"wp-image-25201\" src=\"https:\/\/www.istegroup.com\/wp-content\/uploads\/2020\/03\/Strat\u00e9gie-clients-augment\u00e9e_NGoala.jpg\" alt=\"Livre scientifique - Strat\u00e9gie clients augment\u00e9e - Gilles N\u2019Goala, Virginie Pez-P\u00e9rard et Isabelle Prim-Allaz\" width=\"180\" height=\"271\" srcset=\"https:\/\/www.istegroup.com\/wp-content\/uploads\/2020\/03\/Strat\u00e9gie-clients-augment\u00e9e_NGoala.jpg 300w, https:\/\/www.istegroup.com\/wp-content\/uploads\/2020\/03\/Strat\u00e9gie-clients-augment\u00e9e_NGoala-199x300.jpg 199w\" sizes=\"auto, (max-width: 180px) 100vw, 180px\" \/><\/a><figcaption id=\"caption-attachment-25201\" class=\"wp-caption-text\"><center>Ouvrage labellis\u00e9<\/br>FNEGE<\/center><\/figcaption><\/figure><\/td>\n<td>\n<p><figure id=\"attachment_18432\" aria-describedby=\"caption-attachment-18432\" style=\"width: 180px\" class=\"wp-caption aligncenter\"><a href=\"https:\/\/www.istegroup.com\/fr\/produit\/la-gestion-des-risques-dans-les-pme\/\"><img loading=\"lazy\" decoding=\"async\" class=\"wp-image-18432\" src=\"https:\/\/www.istegroup.com\/wp-content\/uploads\/2019\/03\/Berard_Front_Fnege.jpg\" alt=\"La gestion des risques dans les PME\" width=\"180\" height=\"270\" srcset=\"https:\/\/www.istegroup.com\/wp-content\/uploads\/2019\/03\/Berard_Front_Fnege.jpg 604w, https:\/\/www.istegroup.com\/wp-content\/uploads\/2019\/03\/Berard_Front_Fnege-545x818.jpg 545w, https:\/\/www.istegroup.com\/wp-content\/uploads\/2019\/03\/Berard_Front_Fnege-200x300.jpg 200w, https:\/\/www.istegroup.com\/wp-content\/uploads\/2019\/03\/Berard_Front_Fnege-40x60.jpg 40w\" sizes=\"auto, (max-width: 180px) 100vw, 180px\" \/><\/a><figcaption id=\"caption-attachment-18432\" class=\"wp-caption-text\"><center>Ouvrage labellis\u00e9<\/br>FNEGE<\/center><\/figcaption><\/figure><\/td>\n<td>\n<p><figure id=\"attachment_44555\" aria-describedby=\"caption-attachment-44555\" style=\"width: 180px\" class=\"wp-caption aligncenter\"><a href=\"https:\/\/www.istegroup.com\/fr\/produit\/innovation-environnementale-et-ecoconception\/\"><img loading=\"lazy\" decoding=\"async\" class=\"wp-image-44555\" src=\"https:\/\/www.istegroup.com\/wp-content\/uploads\/2017\/09\/Innovation-environnementale-et-ecoconception_prix_RRI.jpg\" alt=\"Livre scientifique - Innovation environnementale et \u00e9coconception\" width=\"180\" height=\"273\" \/><\/a><figcaption id=\"caption-attachment-44555\" class=\"wp-caption-text\"><center>Prix Honoris Causa<\/br>RRI<\/center><\/figcaption><\/figure><\/td>\n<\/tr>\n<\/tbody>\n<\/table>\n<\/div>\n<div style=\"overflow-x: auto;\">\n<table>\n<tbody>\n<tr>\n<td>\n<p><figure id=\"attachment_47581\" aria-describedby=\"caption-attachment-47581\" style=\"width: 180px\" class=\"wp-caption aligncenter\"><a href=\"https:\/\/www.istegroup.com\/fr\/produit\/ethique-de-la-recherche-et-innovation-responsable\/\"><img loading=\"lazy\" decoding=\"async\" class=\"wp-image-47581\" src=\"https:\/\/www.istegroup.com\/wp-content\/uploads\/2025\/09\/couv_Ethique-de-la-recherche-et-innovation-responsable.jpg\" alt=\"\" width=\"180\" height=\"271\" \/><\/a><figcaption id=\"caption-attachment-47581\" class=\"wp-caption-text\"><center>Troph\u00e9e de la recherche en<\/br> \u00e9thique<\/center><\/figcaption><\/figure><\/td>\n<td>\n<p><figure id=\"attachment_47581\" aria-describedby=\"caption-attachment-47581\" style=\"width: 180px\" class=\"wp-caption aligncenter\"><a href=\"https:\/\/www.istegroup.com\/fr\/produit\/histoire-de-lentomologie\/\"><img loading=\"lazy\" decoding=\"async\" class=\"wp-image-47581\" src=\"https:\/\/www.istegroup.com\/wp-content\/uploads\/2022\/08\/couv_bandeau_carton2.jpg\" alt=\"\" width=\"180\" height=\"271\" srcset=\"https:\/\/www.istegroup.com\/wp-content\/uploads\/2022\/08\/couv_bandeau_carton2.jpg 317w, https:\/\/www.istegroup.com\/wp-content\/uploads\/2022\/08\/couv_bandeau_carton2-300x453.jpg 300w, https:\/\/www.istegroup.com\/wp-content\/uploads\/2022\/08\/couv_bandeau_carton2-199x300.jpg 199w\" sizes=\"auto, (max-width: 180px) 100vw, 180px\" \/><\/a><figcaption id=\"caption-attachment-47581\" class=\"wp-caption-text\"><center>Prix du duc de Villars<\/br>2016<\/center><\/figcaption><\/figure><\/td>\n<\/tr>\n<\/tbody>\n<\/table>\n<\/div>\n<p><a href=\"https:\/\/www.istegroup.com\/wp-content\/uploads\/2022\/08\/FIC_trophee5.png\"><img loading=\"lazy\" decoding=\"async\" class=\"aligncenter size-full wp-image-47646\" src=\"https:\/\/www.istegroup.com\/wp-content\/uploads\/2022\/08\/FIC_trophee5.png\" alt=\"\" width=\"483\" height=\"304\" srcset=\"https:\/\/www.istegroup.com\/wp-content\/uploads\/2022\/08\/FIC_trophee5.png 483w, https:\/\/www.istegroup.com\/wp-content\/uploads\/2022\/08\/FIC_trophee5-300x189.png 300w\" sizes=\"auto, (max-width: 483px) 100vw, 483px\" \/><\/a><\/p>\n<p>&nbsp;<\/p>\n","protected":false},"excerpt":{"rendered":"<p>&nbsp;<\/p>\n","protected":false},"author":203,"featured_media":0,"parent":0,"menu_order":0,"comment_status":"closed","ping_status":"closed","template":"page-flexible.php","meta":{"_acf_changed":false,"footnotes":"","_links_to":"","_links_to_target":""},"class_list":["post-47576","page","type-page","status-publish","hentry"],"acf":[],"yoast_head":"<!-- This site is optimized with the Yoast SEO plugin v27.2 - https:\/\/yoast.com\/product\/yoast-seo-wordpress\/ -->\n<title>Prix et distinctions - ISTE Group<\/title>\n<meta name=\"robots\" content=\"index, follow, max-snippet:-1, max-image-preview:large, max-video-preview:-1\" \/>\n<link rel=\"canonical\" href=\"https:\/\/www.istegroup.com\/prix-et-distinctions\/\" \/>\n<meta property=\"og:locale\" content=\"en_US\" \/>\n<meta property=\"og:type\" content=\"article\" \/>\n<meta property=\"og:title\" content=\"Prix et distinctions - ISTE Group\" \/>\n<meta property=\"og:description\" content=\"&nbsp;\" \/>\n<meta property=\"og:url\" content=\"https:\/\/www.istegroup.com\/prix-et-distinctions\/\" \/>\n<meta property=\"og:site_name\" content=\"ISTE Group\" \/>\n<meta property=\"article:modified_time\" content=\"2026-04-14T09:00:29+00:00\" \/>\n<meta property=\"og:image\" content=\"https:\/\/www.istegroup.com\/wp-content\/uploads\/2022\/08\/couv_bandeau_Servajean.jpg\" \/>\n\t<meta property=\"og:image:width\" content=\"318\" \/>\n\t<meta property=\"og:image:height\" content=\"478\" \/>\n\t<meta property=\"og:image:type\" content=\"image\/jpeg\" \/>\n<meta name=\"twitter:card\" content=\"summary_large_image\" \/>\n<meta name=\"twitter:label1\" content=\"Est. reading time\" \/>\n\t<meta name=\"twitter:data1\" content=\"19 minutes\" \/>\n<script type=\"application\/ld+json\" class=\"yoast-schema-graph\">{\"@context\":\"https:\/\/schema.org\",\"@graph\":[{\"@type\":\"WebPage\",\"@id\":\"https:\/\/www.istegroup.com\/prix-et-distinctions\/\",\"url\":\"https:\/\/www.istegroup.com\/prix-et-distinctions\/\",\"name\":\"Prix et distinctions - ISTE Group\",\"isPartOf\":{\"@id\":\"https:\/\/www.istegroup.com\/#website\"},\"primaryImageOfPage\":{\"@id\":\"https:\/\/www.istegroup.com\/prix-et-distinctions\/#primaryimage\"},\"image\":{\"@id\":\"https:\/\/www.istegroup.com\/prix-et-distinctions\/#primaryimage\"},\"thumbnailUrl\":\"https:\/\/www.istegroup.com\/wp-content\/uploads\/2025\/01\/025_Limpact-social-dans-les-organisations-solidaires_fnege.jpg\",\"datePublished\":\"2022-08-09T09:30:18+00:00\",\"dateModified\":\"2026-04-14T09:00:29+00:00\",\"breadcrumb\":{\"@id\":\"https:\/\/www.istegroup.com\/prix-et-distinctions\/#breadcrumb\"},\"inLanguage\":\"en-US\",\"potentialAction\":[{\"@type\":\"ReadAction\",\"target\":[\"https:\/\/www.istegroup.com\/prix-et-distinctions\/\"]}]},{\"@type\":\"ImageObject\",\"inLanguage\":\"en-US\",\"@id\":\"https:\/\/www.istegroup.com\/prix-et-distinctions\/#primaryimage\",\"url\":\"https:\/\/www.istegroup.com\/wp-content\/uploads\/2025\/01\/025_Limpact-social-dans-les-organisations-solidaires_fnege.jpg\",\"contentUrl\":\"https:\/\/www.istegroup.com\/wp-content\/uploads\/2025\/01\/025_Limpact-social-dans-les-organisations-solidaires_fnege.jpg\"},{\"@type\":\"BreadcrumbList\",\"@id\":\"https:\/\/www.istegroup.com\/prix-et-distinctions\/#breadcrumb\",\"itemListElement\":[{\"@type\":\"ListItem\",\"position\":1,\"name\":\"Home\",\"item\":\"https:\/\/www.istegroup.com\/\"},{\"@type\":\"ListItem\",\"position\":2,\"name\":\"Prix et distinctions\"}]},{\"@type\":\"WebSite\",\"@id\":\"https:\/\/www.istegroup.com\/#website\",\"url\":\"https:\/\/www.istegroup.com\/\",\"name\":\"ISTE Group\",\"description\":\"Publishing Knowledge\",\"potentialAction\":[{\"@type\":\"SearchAction\",\"target\":{\"@type\":\"EntryPoint\",\"urlTemplate\":\"https:\/\/www.istegroup.com\/?s={search_term_string}\"},\"query-input\":{\"@type\":\"PropertyValueSpecification\",\"valueRequired\":true,\"valueName\":\"search_term_string\"}}],\"inLanguage\":\"en-US\"}]}<\/script>\n<!-- \/ Yoast SEO plugin. -->","yoast_head_json":{"title":"Prix et distinctions - ISTE Group","robots":{"index":"index","follow":"follow","max-snippet":"max-snippet:-1","max-image-preview":"max-image-preview:large","max-video-preview":"max-video-preview:-1"},"canonical":"https:\/\/www.istegroup.com\/prix-et-distinctions\/","og_locale":"en_US","og_type":"article","og_title":"Prix et distinctions - ISTE Group","og_description":"&nbsp;","og_url":"https:\/\/www.istegroup.com\/prix-et-distinctions\/","og_site_name":"ISTE Group","article_modified_time":"2026-04-14T09:00:29+00:00","og_image":[{"width":318,"height":478,"url":"https:\/\/www.istegroup.com\/wp-content\/uploads\/2022\/08\/couv_bandeau_Servajean.jpg","type":"image\/jpeg"}],"twitter_card":"summary_large_image","twitter_misc":{"Est. reading time":"19 minutes"},"schema":{"@context":"https:\/\/schema.org","@graph":[{"@type":"WebPage","@id":"https:\/\/www.istegroup.com\/prix-et-distinctions\/","url":"https:\/\/www.istegroup.com\/prix-et-distinctions\/","name":"Prix et distinctions - ISTE Group","isPartOf":{"@id":"https:\/\/www.istegroup.com\/#website"},"primaryImageOfPage":{"@id":"https:\/\/www.istegroup.com\/prix-et-distinctions\/#primaryimage"},"image":{"@id":"https:\/\/www.istegroup.com\/prix-et-distinctions\/#primaryimage"},"thumbnailUrl":"https:\/\/www.istegroup.com\/wp-content\/uploads\/2025\/01\/025_Limpact-social-dans-les-organisations-solidaires_fnege.jpg","datePublished":"2022-08-09T09:30:18+00:00","dateModified":"2026-04-14T09:00:29+00:00","breadcrumb":{"@id":"https:\/\/www.istegroup.com\/prix-et-distinctions\/#breadcrumb"},"inLanguage":"en-US","potentialAction":[{"@type":"ReadAction","target":["https:\/\/www.istegroup.com\/prix-et-distinctions\/"]}]},{"@type":"ImageObject","inLanguage":"en-US","@id":"https:\/\/www.istegroup.com\/prix-et-distinctions\/#primaryimage","url":"https:\/\/www.istegroup.com\/wp-content\/uploads\/2025\/01\/025_Limpact-social-dans-les-organisations-solidaires_fnege.jpg","contentUrl":"https:\/\/www.istegroup.com\/wp-content\/uploads\/2025\/01\/025_Limpact-social-dans-les-organisations-solidaires_fnege.jpg"},{"@type":"BreadcrumbList","@id":"https:\/\/www.istegroup.com\/prix-et-distinctions\/#breadcrumb","itemListElement":[{"@type":"ListItem","position":1,"name":"Home","item":"https:\/\/www.istegroup.com\/"},{"@type":"ListItem","position":2,"name":"Prix et distinctions"}]},{"@type":"WebSite","@id":"https:\/\/www.istegroup.com\/#website","url":"https:\/\/www.istegroup.com\/","name":"ISTE Group","description":"Publishing Knowledge","potentialAction":[{"@type":"SearchAction","target":{"@type":"EntryPoint","urlTemplate":"https:\/\/www.istegroup.com\/?s={search_term_string}"},"query-input":{"@type":"PropertyValueSpecification","valueRequired":true,"valueName":"search_term_string"}}],"inLanguage":"en-US"}]}},"_links":{"self":[{"href":"https:\/\/www.istegroup.com\/en\/wp-json\/wp\/v2\/pages\/47576","targetHints":{"allow":["GET"]}}],"collection":[{"href":"https:\/\/www.istegroup.com\/en\/wp-json\/wp\/v2\/pages"}],"about":[{"href":"https:\/\/www.istegroup.com\/en\/wp-json\/wp\/v2\/types\/page"}],"author":[{"embeddable":true,"href":"https:\/\/www.istegroup.com\/en\/wp-json\/wp\/v2\/users\/203"}],"replies":[{"embeddable":true,"href":"https:\/\/www.istegroup.com\/en\/wp-json\/wp\/v2\/comments?post=47576"}],"version-history":[{"count":3,"href":"https:\/\/www.istegroup.com\/en\/wp-json\/wp\/v2\/pages\/47576\/revisions"}],"predecessor-version":[{"id":63613,"href":"https:\/\/www.istegroup.com\/en\/wp-json\/wp\/v2\/pages\/47576\/revisions\/63613"}],"wp:attachment":[{"href":"https:\/\/www.istegroup.com\/en\/wp-json\/wp\/v2\/media?parent=47576"}],"curies":[{"name":"wp","href":"https:\/\/api.w.org\/{rel}","templated":true}]}}