{"version":"1.0","provider_name":"ISTE Group","provider_url":"https:\/\/www.istegroup.com\/en","author_name":"Marcio Marim","author_url":"https:\/\/www.istegroup.com\/en\/profile\/marcio-marim\/","title":"Vuln\u00e9rabilit\u00e9 du syst\u00e8me oc\u00e9anique - ISTE Group","type":"rich","width":600,"height":338,"html":"<blockquote class=\"wp-embedded-content\" data-secret=\"TMQ4k5L6QV\"><a href=\"https:\/\/www.istegroup.com\/en\/produit\/vulnerabilite-du-systeme-oceanique\/\">Vuln\u00e9rabilit\u00e9 du syst\u00e8me oc\u00e9anique<\/a><\/blockquote><iframe sandbox=\"allow-scripts\" security=\"restricted\" src=\"https:\/\/www.istegroup.com\/en\/produit\/vulnerabilite-du-systeme-oceanique\/embed\/#?secret=TMQ4k5L6QV\" width=\"600\" height=\"338\" title=\"&#8220;Vuln\u00e9rabilit\u00e9 du syst\u00e8me oc\u00e9anique&#8221; &#8212; ISTE Group\" data-secret=\"TMQ4k5L6QV\" frameborder=\"0\" marginwidth=\"0\" marginheight=\"0\" scrolling=\"no\" class=\"wp-embedded-content\"><\/iframe><script type=\"text\/javascript\">\n\/* <![CDATA[ *\/\n\/*! This file is auto-generated *\/\n!function(d,l){\"use strict\";l.querySelector&&d.addEventListener&&\"undefined\"!=typeof URL&&(d.wp=d.wp||{},d.wp.receiveEmbedMessage||(d.wp.receiveEmbedMessage=function(e){var t=e.data;if((t||t.secret||t.message||t.value)&&!\/[^a-zA-Z0-9]\/.test(t.secret)){for(var s,r,n,a=l.querySelectorAll('iframe[data-secret=\"'+t.secret+'\"]'),o=l.querySelectorAll('blockquote[data-secret=\"'+t.secret+'\"]'),c=new RegExp(\"^https?:$\",\"i\"),i=0;i<o.length;i++)o[i].style.display=\"none\";for(i=0;i<a.length;i++)s=a[i],e.source===s.contentWindow&&(s.removeAttribute(\"style\"),\"height\"===t.message?(1e3<(r=parseInt(t.value,10))?r=1e3:~~r<200&&(r=200),s.height=r):\"link\"===t.message&&(r=new URL(s.getAttribute(\"src\")),n=new URL(t.value),c.test(n.protocol))&&n.host===r.host&&l.activeElement===s&&(d.top.location.href=t.value))}},d.addEventListener(\"message\",d.wp.receiveEmbedMessage,!1),l.addEventListener(\"DOMContentLoaded\",function(){for(var e,t,s=l.querySelectorAll(\"iframe.wp-embedded-content\"),r=0;r<s.length;r++)(t=(e=s[r]).getAttribute(\"data-secret\"))||(t=Math.random().toString(36).substring(2,12),e.src+=\"#?secret=\"+t,e.setAttribute(\"data-secret\",t)),e.contentWindow.postMessage({message:\"ready\",secret:t},\"*\")},!1)))}(window,document);\n\/\/# sourceURL=https:\/\/www.istegroup.com\/wp-includes\/js\/wp-embed.min.js\n\/* ]]> *\/\n<\/script>\n","thumbnail_url":"https:\/\/www.istegroup.com\/wp-content\/uploads\/2017\/07\/414211169_201031593-1.jpg","thumbnail_width":300,"thumbnail_height":450,"description":"Cet ouvrage pr\u00e9sente une vision syst\u00e9mique de la diversit\u00e9 des pressions et impacts exerc\u00e9s par le changement climatique et les actions humaines. De l'\u00e9rosion de la biodiversit\u00e9 \u00e0 la modification de la chimie oc\u00e9anique, l\u2019intensification du changement global soul\u00e8ve le probl\u00e8me de l\u2019adaptation des ressources vivantes."}