{"version":"1.0","provider_name":"ISTE Group","provider_url":"https:\/\/www.istegroup.com\/en","author_name":"Vincent Cordonnier","author_url":"https:\/\/www.istegroup.com\/en\/profile\/v-cordonnier\/","title":"Tourisme, art et m\u00e9moire - ISTE Group","type":"rich","width":600,"height":338,"html":"<blockquote class=\"wp-embedded-content\" data-secret=\"xZG0PlYyxa\"><a href=\"https:\/\/www.istegroup.com\/en\/produit\/tourisme-art-et-memoire\/\">Tourisme, art et m\u00e9moire<\/a><\/blockquote><iframe sandbox=\"allow-scripts\" security=\"restricted\" src=\"https:\/\/www.istegroup.com\/en\/produit\/tourisme-art-et-memoire\/embed\/#?secret=xZG0PlYyxa\" width=\"600\" height=\"338\" title=\"&#8220;Tourisme, art et m\u00e9moire&#8221; &#8212; ISTE Group\" data-secret=\"xZG0PlYyxa\" frameborder=\"0\" marginwidth=\"0\" marginheight=\"0\" scrolling=\"no\" class=\"wp-embedded-content\"><\/iframe><script type=\"text\/javascript\">\n\/* <![CDATA[ *\/\n\/*! This file is auto-generated *\/\n!function(d,l){\"use strict\";l.querySelector&&d.addEventListener&&\"undefined\"!=typeof URL&&(d.wp=d.wp||{},d.wp.receiveEmbedMessage||(d.wp.receiveEmbedMessage=function(e){var t=e.data;if((t||t.secret||t.message||t.value)&&!\/[^a-zA-Z0-9]\/.test(t.secret)){for(var s,r,n,a=l.querySelectorAll('iframe[data-secret=\"'+t.secret+'\"]'),o=l.querySelectorAll('blockquote[data-secret=\"'+t.secret+'\"]'),c=new RegExp(\"^https?:$\",\"i\"),i=0;i<o.length;i++)o[i].style.display=\"none\";for(i=0;i<a.length;i++)s=a[i],e.source===s.contentWindow&&(s.removeAttribute(\"style\"),\"height\"===t.message?(1e3<(r=parseInt(t.value,10))?r=1e3:~~r<200&&(r=200),s.height=r):\"link\"===t.message&&(r=new URL(s.getAttribute(\"src\")),n=new URL(t.value),c.test(n.protocol))&&n.host===r.host&&l.activeElement===s&&(d.top.location.href=t.value))}},d.addEventListener(\"message\",d.wp.receiveEmbedMessage,!1),l.addEventListener(\"DOMContentLoaded\",function(){for(var e,t,s=l.querySelectorAll(\"iframe.wp-embedded-content\"),r=0;r<s.length;r++)(t=(e=s[r]).getAttribute(\"data-secret\"))||(t=Math.random().toString(36).substring(2,12),e.src+=\"#?secret=\"+t,e.setAttribute(\"data-secret\",t)),e.contentWindow.postMessage({message:\"ready\",secret:t},\"*\")},!1)))}(window,document);\n\/\/# sourceURL=https:\/\/www.istegroup.com\/wp-includes\/js\/wp-embed.min.js\n\/* ]]> *\/\n<\/script>\n","thumbnail_url":"https:\/\/www.istegroup.com\/wp-content\/uploads\/2026\/04\/Tourisme-art-et-memoire_front.jpg","thumbnail_width":662,"thumbnail_height":997,"description":"Cet ouvrage, issu du colloque international consacr\u00e9 au tourisme, aux arts et aux m\u00e9moires tenue \u00e0 l\u2019Universit\u00e9 de Lille en 2024 et r\u00e9alis\u00e9e en partenariat avec l\u2019 Universit\u00e9 du Littoral et de la C\u00f4te d\u2019Opale, examine les relations entre ces trois notions et la mani\u00e8re dont leurs interactions se sont transform\u00e9es et adapt\u00e9es au contexte contemporain."}