{"version":"1.0","provider_name":"ISTE Group","provider_url":"https:\/\/www.istegroup.com\/en","author_name":"Vincent Cordonnier","author_url":"https:\/\/www.istegroup.com\/en\/profile\/v-cordonnier\/","title":"Esth\u00e9tique de la photographie num\u00e9rique - ISTE Group","type":"rich","width":600,"height":338,"html":"<blockquote class=\"wp-embedded-content\" data-secret=\"riBmWTAKiS\"><a href=\"https:\/\/www.istegroup.com\/en\/produit\/esthetique-de-la-photographie-numerique\/\">Esth\u00e9tique de la photographie num\u00e9rique<\/a><\/blockquote><iframe sandbox=\"allow-scripts\" security=\"restricted\" src=\"https:\/\/www.istegroup.com\/en\/produit\/esthetique-de-la-photographie-numerique\/embed\/#?secret=riBmWTAKiS\" width=\"600\" height=\"338\" title=\"&#8220;Esth\u00e9tique de la photographie num\u00e9rique&#8221; &#8212; ISTE Group\" data-secret=\"riBmWTAKiS\" frameborder=\"0\" marginwidth=\"0\" marginheight=\"0\" scrolling=\"no\" class=\"wp-embedded-content\"><\/iframe><script type=\"text\/javascript\">\n\/* <![CDATA[ *\/\n\/*! This file is auto-generated *\/\n!function(d,l){\"use strict\";l.querySelector&&d.addEventListener&&\"undefined\"!=typeof URL&&(d.wp=d.wp||{},d.wp.receiveEmbedMessage||(d.wp.receiveEmbedMessage=function(e){var t=e.data;if((t||t.secret||t.message||t.value)&&!\/[^a-zA-Z0-9]\/.test(t.secret)){for(var s,r,n,a=l.querySelectorAll('iframe[data-secret=\"'+t.secret+'\"]'),o=l.querySelectorAll('blockquote[data-secret=\"'+t.secret+'\"]'),c=new RegExp(\"^https?:$\",\"i\"),i=0;i<o.length;i++)o[i].style.display=\"none\";for(i=0;i<a.length;i++)s=a[i],e.source===s.contentWindow&&(s.removeAttribute(\"style\"),\"height\"===t.message?(1e3<(r=parseInt(t.value,10))?r=1e3:~~r<200&&(r=200),s.height=r):\"link\"===t.message&&(r=new URL(s.getAttribute(\"src\")),n=new URL(t.value),c.test(n.protocol))&&n.host===r.host&&l.activeElement===s&&(d.top.location.href=t.value))}},d.addEventListener(\"message\",d.wp.receiveEmbedMessage,!1),l.addEventListener(\"DOMContentLoaded\",function(){for(var e,t,s=l.querySelectorAll(\"iframe.wp-embedded-content\"),r=0;r<s.length;r++)(t=(e=s[r]).getAttribute(\"data-secret\"))||(t=Math.random().toString(36).substring(2,12),e.src+=\"#?secret=\"+t,e.setAttribute(\"data-secret\",t)),e.contentWindow.postMessage({message:\"ready\",secret:t},\"*\")},!1)))}(window,document);\n\/\/# sourceURL=https:\/\/www.istegroup.com\/wp-includes\/js\/wp-embed.min.js\n\/* ]]> *\/\n<\/script>\n","thumbnail_url":"https:\/\/www.istegroup.com\/wp-content\/uploads\/2022\/02\/Esthetique-de-la-photographie-numerique.jpg","thumbnail_width":350,"thumbnail_height":524,"description":"Cet ouvrage pr\u00e9sente les th\u00e9ories \u00e9labor\u00e9es depuis 25 si\u00e8cles par les philosophes et les critiques d\u2019art, qui ont \u00e9t\u00e9 gouvern\u00e9s tant\u00f4t par l\u2019objectivit\u00e9 de la perception, tant\u00f4t par la subjectivit\u00e9 du jugement humain."}